{"version":"1.0","provider_name":"MAGAZINE LUXE - Immobilier | Design | Art de vivre","provider_url":"https:\/\/magazineluxe.com\/fr\/","title":"Centre de design Carr\u00e9 Union - MAGAZINE LUXE - Immobilier | Design | Art de vivre","type":"rich","width":600,"height":338,"html":"<blockquote class=\"wp-embedded-content\" data-secret=\"K2xt8xJZy8\"><a href=\"https:\/\/magazineluxe.com\/fr\/centre-de-design-carre-union\/\">Centre de design Carr\u00e9 Union<\/a><\/blockquote><iframe sandbox=\"allow-scripts\" security=\"restricted\" src=\"https:\/\/magazineluxe.com\/fr\/centre-de-design-carre-union\/embed\/#?secret=K2xt8xJZy8\" width=\"600\" height=\"338\" title=\"\u00ab\u00a0Centre de design Carr\u00e9 Union\u00a0\u00bb &#8212; MAGAZINE LUXE - Immobilier | Design | Art de vivre\" data-secret=\"K2xt8xJZy8\" frameborder=\"0\" marginwidth=\"0\" marginheight=\"0\" scrolling=\"no\" class=\"wp-embedded-content\"><\/iframe><script type=\"text\/javascript\">\n\/* <![CDATA[ *\/\n\/*! This file is auto-generated *\/\n!function(d,l){\"use strict\";l.querySelector&&d.addEventListener&&\"undefined\"!=typeof URL&&(d.wp=d.wp||{},d.wp.receiveEmbedMessage||(d.wp.receiveEmbedMessage=function(e){var t=e.data;if((t||t.secret||t.message||t.value)&&!\/[^a-zA-Z0-9]\/.test(t.secret)){for(var s,r,n,a=l.querySelectorAll('iframe[data-secret=\"'+t.secret+'\"]'),o=l.querySelectorAll('blockquote[data-secret=\"'+t.secret+'\"]'),c=new RegExp(\"^https?:$\",\"i\"),i=0;i<o.length;i++)o[i].style.display=\"none\";for(i=0;i<a.length;i++)s=a[i],e.source===s.contentWindow&&(s.removeAttribute(\"style\"),\"height\"===t.message?(1e3<(r=parseInt(t.value,10))?r=1e3:~~r<200&&(r=200),s.height=r):\"link\"===t.message&&(r=new URL(s.getAttribute(\"src\")),n=new URL(t.value),c.test(n.protocol))&&n.host===r.host&&l.activeElement===s&&(d.top.location.href=t.value))}},d.addEventListener(\"message\",d.wp.receiveEmbedMessage,!1),l.addEventListener(\"DOMContentLoaded\",function(){for(var e,t,s=l.querySelectorAll(\"iframe.wp-embedded-content\"),r=0;r<s.length;r++)(t=(e=s[r]).getAttribute(\"data-secret\"))||(t=Math.random().toString(36).substring(2,12),e.src+=\"#?secret=\"+t,e.setAttribute(\"data-secret\",t)),e.contentWindow.postMessage({message:\"ready\",secret:t},\"*\")},!1)))}(window,document);\n\/\/# sourceURL=https:\/\/magazineluxe.com\/wp-includes\/js\/wp-embed.min.js\n\/* ]]> *\/\n<\/script>\n","thumbnail_url":"https:\/\/magazineluxe.com\/wp-content\/uploads\/2013\/05\/jardin-de-ville-1-1024x683.png","thumbnail_width":1024,"thumbnail_height":683,"description":"R\u00e9parti sur deux \u00e9difices, le Centre de design Carr\u00e9 Union est un centre commercial de 150\u00a0000\u00a0pieds carr\u00e9s d\u00e9di\u00e9 au design. Il regroupe plus d\u2019une quinzaine de boutiques haut de gamme ind\u00e9pendantes. Luminaires, tapis, c\u00e9ramique, pierres naturelles, mobilier pour l\u2019int\u00e9rieur ou l\u2019ext\u00e9rieur, encadrement de tableaux, portes et fen\u00eatres, bois r\u00e9tro, produits de robinetterie et accessoires de plomberie\u2026: tous des produits disponibles au Centre de Design Carr\u00e9 Union. L\u00e0 o\u00f9, sous un m\u00eame toit, sont rassembl\u00e9s les meilleurs sp\u00e9cialistes. &nbsp; Situ\u00e9 sur le boulevard D\u00e9carie au coin de l&rsquo;avenue Royalmount \u00e0 Montr\u00e9al, le Centre de design Carr\u00e9 Union a adopt\u00e9 son orientation actuelle en 1990. \u00ab\u00a0Notre mission est de permettre \u00e0 quiconque souhaitant am\u00e9nager un int\u00e9rieur, qu\u2019il soit professionnel ou non, de trouver les meilleurs produits disponibles sur le march\u00e9, au m\u00eame endroit\u00a0\u00bb, explique Darren Naimer, l\u2019un des fondateurs et propri\u00e9taires du Carr\u00e9 Union. &nbsp; Plusieurs marques pr\u00e9sentes depuis de nombreuses ann\u00e9es au Centre de design Carr\u00e9 Union ont acquis une r\u00e9putation qui d\u00e9passe les fronti\u00e8res du Qu\u00e9bec, comme Marvin Portes et fen\u00eatres, Jardin de Ville ou encore Union Luminaires &amp; D\u00e9cor. \u00ab\u00a0Les gens viennent de partout au Qu\u00e9bec et m\u00eame des \u00c9tats-Unis pour nous rendre visite\u00a0\u00bb, ajoute Darren Naimer. &nbsp; De [&hellip;]"}