{"version":"1.0","provider_name":"MAGAZINE LUXE - Immobilier | Design | Art de vivre","provider_url":"https:\/\/magazineluxe.com\/fr\/","title":"Les r\u00e9sidences au Ritz-Carlton Montr\u00e9al, un style de vie unique - MAGAZINE LUXE - Immobilier | Design | Art de vivre","type":"rich","width":600,"height":338,"html":"<blockquote class=\"wp-embedded-content\" data-secret=\"uBVo1macnQ\"><a href=\"https:\/\/magazineluxe.com\/fr\/les-residences-au-ritz-carlton-montreal-2\/\">Les r\u00e9sidences au Ritz-Carlton Montr\u00e9al, un style de vie unique<\/a><\/blockquote><iframe sandbox=\"allow-scripts\" security=\"restricted\" src=\"https:\/\/magazineluxe.com\/fr\/les-residences-au-ritz-carlton-montreal-2\/embed\/#?secret=uBVo1macnQ\" width=\"600\" height=\"338\" title=\"\u00ab\u00a0Les r\u00e9sidences au Ritz-Carlton Montr\u00e9al, un style de vie unique\u00a0\u00bb &#8212; MAGAZINE LUXE - Immobilier | Design | Art de vivre\" data-secret=\"uBVo1macnQ\" frameborder=\"0\" marginwidth=\"0\" marginheight=\"0\" scrolling=\"no\" class=\"wp-embedded-content\"><\/iframe><script type=\"text\/javascript\">\n\/* <![CDATA[ *\/\n\/*! This file is auto-generated *\/\n!function(d,l){\"use strict\";l.querySelector&&d.addEventListener&&\"undefined\"!=typeof URL&&(d.wp=d.wp||{},d.wp.receiveEmbedMessage||(d.wp.receiveEmbedMessage=function(e){var t=e.data;if((t||t.secret||t.message||t.value)&&!\/[^a-zA-Z0-9]\/.test(t.secret)){for(var s,r,n,a=l.querySelectorAll('iframe[data-secret=\"'+t.secret+'\"]'),o=l.querySelectorAll('blockquote[data-secret=\"'+t.secret+'\"]'),c=new RegExp(\"^https?:$\",\"i\"),i=0;i<o.length;i++)o[i].style.display=\"none\";for(i=0;i<a.length;i++)s=a[i],e.source===s.contentWindow&&(s.removeAttribute(\"style\"),\"height\"===t.message?(1e3<(r=parseInt(t.value,10))?r=1e3:~~r<200&&(r=200),s.height=r):\"link\"===t.message&&(r=new URL(s.getAttribute(\"src\")),n=new URL(t.value),c.test(n.protocol))&&n.host===r.host&&l.activeElement===s&&(d.top.location.href=t.value))}},d.addEventListener(\"message\",d.wp.receiveEmbedMessage,!1),l.addEventListener(\"DOMContentLoaded\",function(){for(var e,t,s=l.querySelectorAll(\"iframe.wp-embedded-content\"),r=0;r<s.length;r++)(t=(e=s[r]).getAttribute(\"data-secret\"))||(t=Math.random().toString(36).substring(2,12),e.src+=\"#?secret=\"+t,e.setAttribute(\"data-secret\",t)),e.contentWindow.postMessage({message:\"ready\",secret:t},\"*\")},!1)))}(window,document);\n\/\/# sourceURL=https:\/\/magazineluxe.com\/wp-includes\/js\/wp-embed.min.js\n\/* ]]> *\/\n<\/script>\n","thumbnail_url":"https:\/\/magazineluxe.com\/wp-content\/uploads\/2013\/05\/Ritz19-Large-2.jpg","thumbnail_width":"1813","thumbnail_height":"1080","description":"Ritz-Carlton. Un nom qui \u00e0 lui seul \u00e9voque le luxe. D\u00e9sormais, ce n\u2019est pas seulement \u00e0 l\u2019h\u00f4tel mythique qu\u2019il sera associ\u00e9, mais \u00e9galement \u00e0 des r\u00e9sidences priv\u00e9es au style de vie unique. M\u00ealant \u00e9l\u00e9gance et raffinement, ces appartements en plein c\u0153ur du Mille carr\u00e9 dor\u00e9 donnent acc\u00e8s aux\u00a0 services incomparables d\u2019un h\u00f4tel Cinq Diamants. Un mariage r\u00e9ussi entre le pass\u00e9 et le pr\u00e9sent Le Louvre \u00e0 Paris, le Bundestag \u00e0 Berlin et, maintenant, les R\u00e9sidences au Ritz-Carlton \u00e0 Montr\u00e9al : jumeler un b\u00e2timent patrimonial \u00e0 un \u00e9difice en verre de facture contemporaine constitue un choix audacieux de plus en plus en plus pris\u00e9 et m\u00eame conseill\u00e9 aujourd\u2019hui. La l\u00e9g\u00e8ret\u00e9 du verre et sa transparence soulignent avec \u00e9l\u00e9gance le caract\u00e8re historique du\u00a0 b\u00e2timent original, ainsi que deux \u00e9poques\u00a0 diff\u00e9rentes sans \u00eatre incompatibles. Si vous observez la nouvelle fa\u00e7ade de la rue Sherbrooke, vous ressentirez ce dialogue heureux entre le pass\u00e9 et le pr\u00e9sent. \u00ab Il aurait \u00e9t\u00e9 tr\u00e8s difficile de r\u00e9aliser un travail contemporain seulement avec la pierre d\u2019origine et ses\u00a0 ornementations, commente Claude Provencher, associ\u00e9 fondateur de Provencher Roy + Associ\u00e9s Architectes. Nous ne voulions pas cr\u00e9er une p\u00e2le copie de ce qui existait d\u00e9j\u00e0. Nous avons donc propos\u00e9 le [&hellip;]"}