{"id":13743,"date":"2019-10-31T00:47:55","date_gmt":"2019-10-31T04:47:55","guid":{"rendered":"https:\/\/magazineluxe.com\/?page_id=13743"},"modified":"2020-09-15T18:07:42","modified_gmt":"2020-09-15T22:07:42","slug":"voyages","status":"publish","type":"page","link":"https:\/\/magazineluxe.com\/fr\/voyages\/","title":{"rendered":"Voyage"},"content":{"rendered":"<p>[vc_row][vc_column]<div class=\"edgtf-block-two-holder  edgtf-post-columns-2 edgtf-post-pag-edgtf-infinite-scroll\"  data-base=\"edgtf_block_two\" data-number_of_posts=\"1000\" data-column_number=\"2\" data-category_id=\"1031\"       data-thumb_image_size=\"custom_size\" data-thumb_image_width=\"410\" data-thumb_image_height=\"230\"  data-display_category=\"no\" data-display_date=\"no\"  data-display_author=\"no\" data-display_comments=\"yes\"     data-display_pagination=\"yes\" data-pagination_type=\"edgtf-infinite-scroll\"   data-paged=\"1\" data-max_pages=\"1\"  data-next_page=\"2\"><div class=\"edgtf-block-two-inner-holder\" ><div class=\"edgtf-post-example-item-three-item edgtf-post-item\">\n        <div class=\"edgtf-post-example-item-three-image-holder\">\n                <div class=\"edgtf-post-example-item-three-image-inner-holder\">\n            <img loading=\"lazy\" decoding=\"async\" src=\"https:\/\/magazineluxe.com\/wp-content\/uploads\/2026\/03\/club-med-voyage-haut-de-gamme-luxury-travel-luxe-magazine-8-410x230.jpg\" alt=\"\" width=\"410\" height=\"230\" \/>        <\/div>\n        <a itemprop=\"url\" class=\"edgtf-post-example-item-three-slide-link\" href=\"https:\/\/magazineluxe.com\/fr\/club-med-reference-voyage-haut-de-gamme\/\" target=\"_self\"><\/a>\n    <\/div>\n        <div class=\"edgtf-post-example-item-three-content-holder\">\n        <div class=\"edgtf-post-example-item-three-title-holder\">\n            <h3 class=\"edgtf-post-example-item-three-title\">\n                <a itemprop=\"url\" href=\"https:\/\/magazineluxe.com\/fr\/club-med-reference-voyage-haut-de-gamme\/\" target=\"_self\">\n                    Club Med &#8211; L\u2019\u00e9volution d\u2019une r\u00e9f\u00e9rence du voyage haut de gamme                <\/a>\n            <\/h3>\n        <\/div>\n                    <div class=\"edgtf-post-example-item-three-excerpt\">\n                <p class=\"edgtf-post-excerpt\">Longtemps associ\u00e9 \u00e0 l\u2019id\u00e9e de villages de vacances tout compris, Club Med s\u2019est impos\u00e9 au fil des d\u00e9cennies comme une marque haut de gamme reconnue et respect\u00e9e dans l\u2019univers du voyage. Sa long\u00e9vit\u00e9 tient \u00e0 une capacit\u00e9 rare : \u00e9voluer sans perdre son identit\u00e9. Aujourd\u2019hui, l\u2019enseigne poursuit cette transformation en<\/p>            <\/div>\n                <div class=\"edgtf-post-example-item-three-info-section\">\n                        <div class=\"edgtf-post-info-comments-holder\">\n    <a itemprop=\"url\" class=\"edgtf-post-info-comments edgtf-comments-with-icon\" href=\"https:\/\/magazineluxe.com\/fr\/club-med-reference-voyage-haut-de-gamme\/#respond\" target=\"_self\">\n        0     <\/a>\n<\/div>            <div class=\"edgtf-blog-like\">\n\t<a href=\"#\" class=\"edgtf-like\" id=\"edgtf-like-20259-525\" title=\"Like this\" data-post-id=\"20259\"><span>1<\/span><input type=\"hidden\" id=\"edgtf_like_nonce_20259\" name=\"edgtf_like_nonce_20259\" value=\"d7661707f0\" \/><input type=\"hidden\" name=\"_wp_http_referer\" value=\"\/fr\/wp-json\/wp\/v2\/pages\/13743\" \/><\/a><\/div>\n            <div class=\"edgtf-blog-share\">\n\t<div class=\"edgtf-social-share-holder edgtf-dropdown \">\n\t<a href=\"javascript:void(0)\" target=\"_self\" class=\"edgtf-social-share-dropdown-opener\">\n\t\t<span class=\"edgtf-social-share-title\">PARTAGER<\/span>\n\t<\/a>\n\t<div class=\"edgtf-social-share-dropdown\">\n\t\t<ul>\n\t\t\t<li class=\"edgtf-facebook-share\">\n\t<a class=\"edgtf-share-link\" href=\"#\" onclick=\"window.open('http:\/\/www.facebook.com\/sharer.php?s=100&amp;p[title]=Club+Med+%26%238211%3B+L%E2%80%99%C3%A9volution+d%E2%80%99une+r%C3%A9f%C3%A9rence+du+voyage+haut+de+gamme&amp;p[url]=https%3A%2F%2Fmagazineluxe.com%2Ffr%2Fclub-med-reference-voyage-haut-de-gamme%2F&amp;p[images][0]=https:\/\/magazineluxe.com\/wp-content\/uploads\/2026\/03\/club-med-voyage-haut-de-gamme-luxury-travel-luxe-magazine-8.jpg&amp;p[summary]=Longtemps+associ%C3%A9+%C3%A0+l%E2%80%99id%C3%A9e+de+villages+de+vacances+tout+compris%2C+Club+Med+s%E2%80%99est+impos%C3%A9+au+fil+des+d%C3%A9cennies+comme+une+marque+haut+de+gamme+reconnue+et+respect%C3%A9e+dans+l%E2%80%99univers+du+voyage.+Sa+long%C3%A9vit%C3%A9+tient+%C3%A0+une+capacit%C3%A9+rare+%3A+%C3%A9voluer+sans+perdre+son+identit%C3%A9.+Aujourd%E2%80%99hui%2C+l%E2%80%99enseigne+poursuit+cette+transformation+en+affinant+son+positionnement+premium%2C+avec+des+offres+plus+raffin%C3%A9es+pens%C3%A9es+pour+une+client%C3%A8le+aux+attentes+exigeantes%2C+tout+en+conservant+la+fluidit%C3%A9+et+la+g%C3%A9n%C3%A9rosit%C3%A9+qui+ont+fa%C3%A7onn%C3%A9+sa+r%C3%A9putation.+%26nbsp%3B+Derri%C3%A8re+chaque+village+se+r%C3%A9v%C3%A8le+d%C3%A9sormais+une+atmosph%C3%A8re+distincte%2C+un+%C3%A9quilibre+pr%C3%A9cis+entre+convivialit%C3%A9+et+intimit%C3%A9%2C+%C3%A9nergie+et+s%C3%A9r%C3%A9nit%C3%A9.+Encore+faut-il+savoir+lire+cette+diversit%C3%A9+et+choisir+la+destination+qui+correspond+r%C3%A9ellement+%C3%A0+une+fa%C3%A7on+de+voyager.+Au-del%C3%A0+des+id%C3%A9es+re%C3%A7ues+Fond%C3%A9+en+1950%2C+Club+Med+a+%C3%A9t%C3%A9+l%E2%80%99un+des+pionniers+du+concept+tout+compris.+Au+fil+des+d%C3%A9cennies%2C+la+marque+a+travers%C3%A9+plusieurs+phases%2C+passant+d%E2%80%99un+esprit+tr%C3%A8s+communautaire+%C3%A0+une+offre+progressivement+plus+structur%C3%A9e%2C+puis+%C3%A0+une+mont%C3%A9e+en+gamme+assum%C3%A9e+au+cours+des+derni%C3%A8res+ann%C3%A9es.+Cette+%C3%A9volution+s%E2%80%99est+traduite+par+des+r%C3%A9novations+majeures%2C+une+s%C3%A9lection+plus+pointue+de+destinations+et+la+cr%C3%A9ation+d%E2%80%99exp%C3%A9riences+adapt%C3%A9es+%C3%A0+des+profils+de+voyageurs+vari%C3%A9s+%3A+familles%2C+couples%2C+groupes+d%E2%80%99amis+ou+voyageurs+%5B%26hellip%3B%5D', 'sharer', 'toolbar=0,status=0,width=620,height=280');\">\n\t\t\t\t\t<span class=\"edgtf-social-network-icon social_facebook\"><\/span>\n\t\t\t<\/a>\n<\/li><li class=\"edgtf-twitter-share\">\n\t<a class=\"edgtf-share-link\" href=\"#\" onclick=\"window.open('http:\/\/twitter.com\/home?status=Longtemps+associ%C3%A9+%C3%A0+l%E2%80%99id%C3%A9e+de+villages+de+vacances+tout+compris%2C+Club+Med+s%E2%80%99est+impos%C3%A9+au+fil+des+d%C3%A9cennies+comme+une+https:\/\/magazineluxe.com\/fr\/club-med-reference-voyage-haut-de-gamme\/', 'popupwindow', 'scrollbars=yes,width=800,height=400');\">\n\t\t\t\t\t<span class=\"edgtf-social-network-icon social_twitter\"><\/span>\n\t\t\t<\/a>\n<\/li><li class=\"edgtf-linkedin-share\">\n\t<a class=\"edgtf-share-link\" href=\"#\" onclick=\"popUp=window.open('http:\/\/linkedin.com\/shareArticle?mini=true&amp;url=https%3A%2F%2Fmagazineluxe.com%2Ffr%2Fclub-med-reference-voyage-haut-de-gamme%2F&amp;title=Club+Med+%26%238211%3B+L%E2%80%99%C3%A9volution+d%E2%80%99une+r%C3%A9f%C3%A9rence+du+voyage+haut+de+gamme', 'popupwindow', 'scrollbars=yes,width=800,height=400');popUp.focus();return false;\">\n\t\t\t\t\t<span class=\"edgtf-social-network-icon social_linkedin\"><\/span>\n\t\t\t<\/a>\n<\/li><li class=\"edgtf-pinterest-share\">\n\t<a class=\"edgtf-share-link\" href=\"#\" onclick=\"popUp=window.open('http:\/\/pinterest.com\/pin\/create\/button\/?url=https%3A%2F%2Fmagazineluxe.com%2Ffr%2Fclub-med-reference-voyage-haut-de-gamme%2F&amp;description=Club Med &#8211; L\u2019\u00e9volution d\u2019une r\u00e9f\u00e9rence du voyage haut de gamme&amp;media=https%3A%2F%2Fmagazineluxe.com%2Fwp-content%2Fuploads%2F2026%2F03%2Fclub-med-voyage-haut-de-gamme-luxury-travel-luxe-magazine-8.jpg', 'popupwindow', 'scrollbars=yes,width=800,height=400');popUp.focus();return false;\">\n\t\t\t\t\t<span class=\"edgtf-social-network-icon social_pinterest\"><\/span>\n\t\t\t<\/a>\n<\/li>\t\t<\/ul>\n\t<\/div>\n<\/div><\/div>\n        <\/div>\n    <\/div>\n<\/div><div class=\"edgtf-post-example-item-three-item edgtf-post-item\">\n        <div class=\"edgtf-post-example-item-three-image-holder\">\n                <div class=\"edgtf-post-example-item-three-image-inner-holder\">\n            <img loading=\"lazy\" decoding=\"async\" src=\"https:\/\/magazineluxe.com\/wp-content\/uploads\/2026\/03\/luxury-hotel-quintessence-tremblant-luxe-magazine-2-410x230.jpg\" alt=\"\" width=\"410\" height=\"230\" \/>        <\/div>\n        <a itemprop=\"url\" class=\"edgtf-post-example-item-three-slide-link\" href=\"https:\/\/magazineluxe.com\/fr\/hotel-quintessence-tremblant-le-raffinement-entre-lac-et-montagne\/\" target=\"_self\"><\/a>\n    <\/div>\n        <div class=\"edgtf-post-example-item-three-content-holder\">\n        <div class=\"edgtf-post-example-item-three-title-holder\">\n            <h3 class=\"edgtf-post-example-item-three-title\">\n                <a itemprop=\"url\" href=\"https:\/\/magazineluxe.com\/fr\/hotel-quintessence-tremblant-le-raffinement-entre-lac-et-montagne\/\" target=\"_self\">\n                    H\u00f4tel Quintessence Tremblant : le raffinement entre lac et montagne                <\/a>\n            <\/h3>\n        <\/div>\n                    <div class=\"edgtf-post-example-item-three-excerpt\">\n                <p class=\"edgtf-post-excerpt\">\u00c0 Mont-Tremblant, au Qu\u00e9bec, surplombant les eaux du lac Tremblant, l\u2019H\u00f4tel Quintessence propose une interpr\u00e9tation raffin\u00e9e du luxe en montagne \u2014 intime, intentionnelle et con\u00e7ue pour \u00eatre aussi accueillante que sophistiqu\u00e9e. C\u2019est un sanctuaire o\u00f9 les invit\u00e9s peuvent se reconnecter \u00e0 eux-m\u00eames et \u00e0 la beaut\u00e9 sereine du lac. Chaque<\/p>            <\/div>\n                <div class=\"edgtf-post-example-item-three-info-section\">\n                        <div class=\"edgtf-post-info-comments-holder\">\n    <a itemprop=\"url\" class=\"edgtf-post-info-comments edgtf-comments-with-icon\" href=\"https:\/\/magazineluxe.com\/fr\/hotel-quintessence-tremblant-le-raffinement-entre-lac-et-montagne\/#respond\" target=\"_self\">\n        0     <\/a>\n<\/div>            <div class=\"edgtf-blog-like\">\n\t<a href=\"#\" class=\"edgtf-like\" id=\"edgtf-like-20204-942\" title=\"Like this\" data-post-id=\"20204\"><span>1<\/span><input type=\"hidden\" id=\"edgtf_like_nonce_20204\" name=\"edgtf_like_nonce_20204\" value=\"b466523c0b\" \/><input type=\"hidden\" name=\"_wp_http_referer\" value=\"\/fr\/wp-json\/wp\/v2\/pages\/13743\" \/><\/a><\/div>\n            <div class=\"edgtf-blog-share\">\n\t<div class=\"edgtf-social-share-holder edgtf-dropdown \">\n\t<a href=\"javascript:void(0)\" target=\"_self\" class=\"edgtf-social-share-dropdown-opener\">\n\t\t<span class=\"edgtf-social-share-title\">PARTAGER<\/span>\n\t<\/a>\n\t<div class=\"edgtf-social-share-dropdown\">\n\t\t<ul>\n\t\t\t<li class=\"edgtf-facebook-share\">\n\t<a class=\"edgtf-share-link\" href=\"#\" onclick=\"window.open('http:\/\/www.facebook.com\/sharer.php?s=100&amp;p[title]=H%C3%B4tel+Quintessence+Tremblant+%3A+le+raffinement+entre+lac+et+montagne&amp;p[url]=https%3A%2F%2Fmagazineluxe.com%2Ffr%2Fhotel-quintessence-tremblant-le-raffinement-entre-lac-et-montagne%2F&amp;p[images][0]=https:\/\/magazineluxe.com\/wp-content\/uploads\/2026\/03\/luxury-hotel-quintessence-tremblant-luxe-magazine-2.jpg&amp;p[summary]=%C3%80+Mont-Tremblant%2C+au+Qu%C3%A9bec%2C+surplombant+les+eaux+du+lac+Tremblant%2C+l%E2%80%99H%C3%B4tel+Quintessence+propose+une+interpr%C3%A9tation+raffin%C3%A9e+du+luxe+en+montagne+%E2%80%94+intime%2C+intentionnelle+et+con%C3%A7ue+pour+%C3%AAtre+aussi+accueillante+que+sophistiqu%C3%A9e.+C%E2%80%99est+un+sanctuaire+o%C3%B9+les+invit%C3%A9s+peuvent+se+reconnecter+%C3%A0+eux-m%C3%AAmes+et+%C3%A0+la+beaut%C3%A9+sereine+du+lac.+Chaque+d%C3%A9tail+est+soigneusement+pens%C3%A9+pour+cr%C3%A9er+un+sentiment+d%E2%80%99appartenance+et+de+raffinement+discret.+Une+vision+sur+les+rives+du+lac+Tremblant+Lorsque+l%E2%80%99H%C3%B4tel+Quintessence+a+ouvert+ses+portes+sur+les+rives+du+lac+Tremblant+en+2003%2C+Mont-Tremblant+%C3%A9tait+d%C3%A9j%C3%A0+une+destination+pris%C3%A9e+%E2%80%94+anim%C3%A9e%2C+%C3%A9nergique+et+vibrante.+Pourtant%2C+il+manquait+quelque+chose+au+paysage+de+la+montagne.+%26nbsp%3B+Ses+fondateurs%2C+Sean+O%E2%80%99Donnell+et+Steve+Courey%2C+croyaient+qu%E2%80%99il+y+avait+place+pour+une+exp%C3%A9rience+diff%C3%A9rente.+Non+pas+simplement+un+h%C3%A9bergement%2C+mais+un+ressenti.+Un+sentiment+d%E2%80%99appartenance.+Une+seconde+maison+loin+de+chez+soi.+Ils+imaginaient+un+sanctuaire+o%C3%B9+les+invit%C3%A9s+pourraient+se+reconnecter+%C3%A0+eux-m%C3%AAmes%2C+%C3%A0+la+nature+et+%C3%A0+la+beaut%C3%A9+tranquille+du+lac.+Un+lieu+o%C3%B9+le+luxe+n%E2%80%99est+pas+ostentatoire+%E2%80%94+il+est+r%C3%A9fl%C3%A9chi%2C+intime+et+profond%C3%A9ment+personnel.+Cette+intention+demeure+aujourd%E2%80%99hui+au+c%C5%93ur+m%C3%AAme+de+l%E2%80%99h%C3%B4tel.+%26nbsp%3B+La+propri%C3%A9t%C3%A9+occupe+un+domaine+historique+en+bord+de+l%E2%80%99eau%2C+%5B%26hellip%3B%5D', 'sharer', 'toolbar=0,status=0,width=620,height=280');\">\n\t\t\t\t\t<span class=\"edgtf-social-network-icon social_facebook\"><\/span>\n\t\t\t<\/a>\n<\/li><li class=\"edgtf-twitter-share\">\n\t<a class=\"edgtf-share-link\" href=\"#\" onclick=\"window.open('http:\/\/twitter.com\/home?status=%C3%80+Mont-Tremblant%2C+au+Qu%C3%A9bec%2C+surplombant+les+eaux+du+lac+Tremblant%2C+l%E2%80%99H%C3%B4tel+Quintessence+propose+une+interpr%C3%A9tation+https:\/\/magazineluxe.com\/fr\/hotel-quintessence-tremblant-le-raffinement-entre-lac-et-montagne\/', 'popupwindow', 'scrollbars=yes,width=800,height=400');\">\n\t\t\t\t\t<span class=\"edgtf-social-network-icon social_twitter\"><\/span>\n\t\t\t<\/a>\n<\/li><li class=\"edgtf-linkedin-share\">\n\t<a class=\"edgtf-share-link\" href=\"#\" onclick=\"popUp=window.open('http:\/\/linkedin.com\/shareArticle?mini=true&amp;url=https%3A%2F%2Fmagazineluxe.com%2Ffr%2Fhotel-quintessence-tremblant-le-raffinement-entre-lac-et-montagne%2F&amp;title=H%C3%B4tel+Quintessence+Tremblant+%3A+le+raffinement+entre+lac+et+montagne', 'popupwindow', 'scrollbars=yes,width=800,height=400');popUp.focus();return false;\">\n\t\t\t\t\t<span class=\"edgtf-social-network-icon social_linkedin\"><\/span>\n\t\t\t<\/a>\n<\/li><li class=\"edgtf-pinterest-share\">\n\t<a class=\"edgtf-share-link\" href=\"#\" onclick=\"popUp=window.open('http:\/\/pinterest.com\/pin\/create\/button\/?url=https%3A%2F%2Fmagazineluxe.com%2Ffr%2Fhotel-quintessence-tremblant-le-raffinement-entre-lac-et-montagne%2F&amp;description=H\u00f4tel Quintessence Tremblant : le raffinement entre lac et montagne&amp;media=https%3A%2F%2Fmagazineluxe.com%2Fwp-content%2Fuploads%2F2026%2F03%2Fluxury-hotel-quintessence-tremblant-luxe-magazine-2.jpg', 'popupwindow', 'scrollbars=yes,width=800,height=400');popUp.focus();return false;\">\n\t\t\t\t\t<span class=\"edgtf-social-network-icon social_pinterest\"><\/span>\n\t\t\t<\/a>\n<\/li>\t\t<\/ul>\n\t<\/div>\n<\/div><\/div>\n        <\/div>\n    <\/div>\n<\/div><div class=\"edgtf-post-example-item-three-item edgtf-post-item\">\n        <div class=\"edgtf-post-example-item-three-image-holder\">\n                <div class=\"edgtf-post-example-item-three-image-inner-holder\">\n            <img loading=\"lazy\" decoding=\"async\" src=\"https:\/\/magazineluxe.com\/wp-content\/uploads\/2026\/01\/5e-saison-agence-de-voyage-luxe-luxurious-travel-agency-5-410x230.png\" alt=\"\" width=\"410\" height=\"230\" \/>        <\/div>\n        <a itemprop=\"url\" class=\"edgtf-post-example-item-three-slide-link\" href=\"https:\/\/magazineluxe.com\/fr\/agence-5e-saison-agence-de-voyage-de-luxe\/\" target=\"_self\"><\/a>\n    <\/div>\n        <div class=\"edgtf-post-example-item-three-content-holder\">\n        <div class=\"edgtf-post-example-item-three-title-holder\">\n            <h3 class=\"edgtf-post-example-item-three-title\">\n                <a itemprop=\"url\" href=\"https:\/\/magazineluxe.com\/fr\/agence-5e-saison-agence-de-voyage-de-luxe\/\" target=\"_self\">\n                    Agence 5e Saison &#8211; L\u2019art de voyager accompagn\u00e9                <\/a>\n            <\/h3>\n        <\/div>\n                    <div class=\"edgtf-post-example-item-three-excerpt\">\n                <p class=\"edgtf-post-excerpt\">Pourquoi, \u00e0 l\u2019\u00e8re de l\u2019intelligence artificielle, l\u2019expertise humaine n\u2019a jamais \u00e9t\u00e9 aussi pr\u00e9cieuse\r\n&nbsp;\r\n\u00c0 l\u2019\u00e8re de l\u2019intelligence artificielle, voyager n\u2019a jamais sembl\u00e9 aussi simple. En quelques clics, itin\u00e9raires, h\u00f4tels et destinations s\u2019encha\u00eenent, comme si le voyage pouvait se construire seul. Pourtant, cette facilit\u00e9 apparente masque une r\u00e9alit\u00e9 bien plus nuanc\u00e9e :<\/p>            <\/div>\n                <div class=\"edgtf-post-example-item-three-info-section\">\n                        <div class=\"edgtf-post-info-comments-holder\">\n    <a itemprop=\"url\" class=\"edgtf-post-info-comments edgtf-comments-with-icon\" href=\"https:\/\/magazineluxe.com\/fr\/agence-5e-saison-agence-de-voyage-de-luxe\/#respond\" target=\"_self\">\n        0     <\/a>\n<\/div>            <div class=\"edgtf-blog-like\">\n\t<a href=\"#\" class=\"edgtf-like\" id=\"edgtf-like-20178-460\" title=\"Like this\" data-post-id=\"20178\"><span>1<\/span><input type=\"hidden\" id=\"edgtf_like_nonce_20178\" name=\"edgtf_like_nonce_20178\" value=\"06ba4c64c0\" \/><input type=\"hidden\" name=\"_wp_http_referer\" value=\"\/fr\/wp-json\/wp\/v2\/pages\/13743\" \/><\/a><\/div>\n            <div class=\"edgtf-blog-share\">\n\t<div class=\"edgtf-social-share-holder edgtf-dropdown \">\n\t<a href=\"javascript:void(0)\" target=\"_self\" class=\"edgtf-social-share-dropdown-opener\">\n\t\t<span class=\"edgtf-social-share-title\">PARTAGER<\/span>\n\t<\/a>\n\t<div class=\"edgtf-social-share-dropdown\">\n\t\t<ul>\n\t\t\t<li class=\"edgtf-facebook-share\">\n\t<a class=\"edgtf-share-link\" href=\"#\" onclick=\"window.open('http:\/\/www.facebook.com\/sharer.php?s=100&amp;p[title]=Agence+5e+Saison+%26%238211%3B+L%E2%80%99art+de+voyager+accompagn%C3%A9&amp;p[url]=https%3A%2F%2Fmagazineluxe.com%2Ffr%2Fagence-5e-saison-agence-de-voyage-de-luxe%2F&amp;p[images][0]=https:\/\/magazineluxe.com\/wp-content\/uploads\/2026\/01\/5e-saison-agence-de-voyage-luxe-luxurious-travel-agency-5.png&amp;p[summary]=Pourquoi%2C+%C3%A0+l%E2%80%99%C3%A8re+de+l%E2%80%99intelligence+artificielle%2C+l%E2%80%99expertise+humaine+n%E2%80%99a+jamais+%C3%A9t%C3%A9+aussi+pr%C3%A9cieuse+%26nbsp%3B+%C3%80+l%E2%80%99%C3%A8re+de+l%E2%80%99intelligence+artificielle%2C+voyager+n%E2%80%99a+jamais+sembl%C3%A9+aussi+simple.+En+quelques+clics%2C+itin%C3%A9raires%2C+h%C3%B4tels+et+destinations+s%E2%80%99encha%C3%AEnent%2C+comme+si+le+voyage+pouvait+se+construire+seul.+Pourtant%2C+cette+facilit%C3%A9+apparente+masque+une+r%C3%A9alit%C3%A9+bien+plus+nuanc%C3%A9e+%3A+nous+ne+voyageons+pas+tous+de+la+m%C3%AAme+fa%C3%A7on%2C+et+nos+attentes%2C+nos+go%C3%BBts+et+nos+exigences+diff%C3%A8rent+profond%C3%A9ment.+%26nbsp%3B+Lorsqu%E2%80%99il+s%E2%80%99agit+de+vacances%2C+la+personnalisation+devient+essentielle.+Un+voyage+r%C3%A9ussi+est+celui+qui+respecte+ce+que+l%E2%80%99on+aime%2C+ce+que+l%E2%80%99on+recherche+%E2%80%94+et+ce+que+l%E2%80%99on+pr%C3%A9f%C3%A8re+%C3%A9viter.+Pour+celles+et+ceux+qui+accordent+une+r%C3%A9elle+valeur+%C3%A0+leur+temps%2C+et+savent+qu%E2%80%99un+d%C3%A9tail+mal+ajust%C3%A9+peut+alt%C3%A9rer+un+moment%2C+une+journ%C3%A9e%2C+parfois+m%C3%AAme+des+vacances+enti%C3%A8res%2C+faire+affaire+avec+une%C2%A0agence+de+voyage+experte+comme+5e+Saison%C2%A0s%E2%80%99impose+comme+une+%C3%A9vidence.+%26nbsp%3B+Dans+cet+espace+entre+abondance+d%E2%80%99options+en+ligne+et+r%C3%A9alit%C3%A9+du+terrain%2C%C2%A05e+Saison%C2%A0se+distingue+comme+un%C2%A0alli%C3%A9+de+confiance%2C+capable+de+transformer+une+multitude+de+choix+en+une+exp%C3%A9rience+sur+mesure%2C+fluide+et+parfaitement+align%C3%A9e+avec+votre+fa%C3%A7on+de+voyager.+Quand+la+technologie+propose%2C+l%E2%80%99expertise+choisit+Depuis+plus+de+quarante+ans%2C+les+conseillers+de+5e+Saison+%5B%26hellip%3B%5D', 'sharer', 'toolbar=0,status=0,width=620,height=280');\">\n\t\t\t\t\t<span class=\"edgtf-social-network-icon social_facebook\"><\/span>\n\t\t\t<\/a>\n<\/li><li class=\"edgtf-twitter-share\">\n\t<a class=\"edgtf-share-link\" href=\"#\" onclick=\"window.open('http:\/\/twitter.com\/home?status=Pourquoi%2C+%C3%A0+l%E2%80%99%C3%A8re+de+l%E2%80%99intelligence+artificielle%2C+l%E2%80%99expertise+humaine+n%E2%80%99a+jamais+%C3%A9t%C3%A9+aussi+pr%C3%A9cieuse+%26nbsp%3B+%C3%80+l%E2%80%99%C3%A8re+https:\/\/magazineluxe.com\/fr\/agence-5e-saison-agence-de-voyage-de-luxe\/', 'popupwindow', 'scrollbars=yes,width=800,height=400');\">\n\t\t\t\t\t<span class=\"edgtf-social-network-icon social_twitter\"><\/span>\n\t\t\t<\/a>\n<\/li><li class=\"edgtf-linkedin-share\">\n\t<a class=\"edgtf-share-link\" href=\"#\" onclick=\"popUp=window.open('http:\/\/linkedin.com\/shareArticle?mini=true&amp;url=https%3A%2F%2Fmagazineluxe.com%2Ffr%2Fagence-5e-saison-agence-de-voyage-de-luxe%2F&amp;title=Agence+5e+Saison+%26%238211%3B+L%E2%80%99art+de+voyager+accompagn%C3%A9', 'popupwindow', 'scrollbars=yes,width=800,height=400');popUp.focus();return false;\">\n\t\t\t\t\t<span class=\"edgtf-social-network-icon social_linkedin\"><\/span>\n\t\t\t<\/a>\n<\/li><li class=\"edgtf-pinterest-share\">\n\t<a class=\"edgtf-share-link\" href=\"#\" onclick=\"popUp=window.open('http:\/\/pinterest.com\/pin\/create\/button\/?url=https%3A%2F%2Fmagazineluxe.com%2Ffr%2Fagence-5e-saison-agence-de-voyage-de-luxe%2F&amp;description=Agence 5e Saison &#8211; L\u2019art de voyager accompagn\u00e9&amp;media=https%3A%2F%2Fmagazineluxe.com%2Fwp-content%2Fuploads%2F2026%2F01%2F5e-saison-agence-de-voyage-luxe-luxurious-travel-agency-5.png', 'popupwindow', 'scrollbars=yes,width=800,height=400');popUp.focus();return false;\">\n\t\t\t\t\t<span class=\"edgtf-social-network-icon social_pinterest\"><\/span>\n\t\t\t<\/a>\n<\/li>\t\t<\/ul>\n\t<\/div>\n<\/div><\/div>\n        <\/div>\n    <\/div>\n<\/div><div class=\"edgtf-post-example-item-three-item edgtf-post-item\">\n        <div class=\"edgtf-post-example-item-three-image-holder\">\n                <div class=\"edgtf-post-example-item-three-image-inner-holder\">\n            <img loading=\"lazy\" decoding=\"async\" src=\"https:\/\/magazineluxe.com\/wp-content\/uploads\/2024\/05\/evok-hotel-paris-luxe-magazine-3-410x230.jpg\" alt=\"\" width=\"410\" height=\"230\" \/>        <\/div>\n        <a itemprop=\"url\" class=\"edgtf-post-example-item-three-slide-link\" href=\"https:\/\/magazineluxe.com\/fr\/hotels-evok-de-paris-hebergements-pour-clientele-dexception\/\" target=\"_self\"><\/a>\n    <\/div>\n        <div class=\"edgtf-post-example-item-three-content-holder\">\n        <div class=\"edgtf-post-example-item-three-title-holder\">\n            <h3 class=\"edgtf-post-example-item-three-title\">\n                <a itemprop=\"url\" href=\"https:\/\/magazineluxe.com\/fr\/hotels-evok-de-paris-hebergements-pour-clientele-dexception\/\" target=\"_self\">\n                    H\u00f4tels Evok de Paris : h\u00e9bergement pour une client\u00e8le d\u2019exception                <\/a>\n            <\/h3>\n        <\/div>\n                    <div class=\"edgtf-post-example-item-three-excerpt\">\n                <p class=\"edgtf-post-excerpt\">Paris rec\u00e8le d\u2019endroits magiques au charme ind\u00e9niable. Pour en embrasser la beaut\u00e9 et vivre une exp\u00e9rience sublim\u00e9e de l\u2019art de vivre \u00e0 la fran\u00e7aise, la Collection Evok proposent 4 h\u00f4tels d\u2019exception situ\u00e9s dans les endroits les plus pris\u00e9s de la M\u00e9tropole.\r\nCr\u00e9ateurs d\u2019ambiance\r\nL\u2019id\u00e9e de Pierre Bastid et de ses co-fondateurs, Romain<\/p>            <\/div>\n                <div class=\"edgtf-post-example-item-three-info-section\">\n                        <div class=\"edgtf-post-info-comments-holder\">\n    <a itemprop=\"url\" class=\"edgtf-post-info-comments edgtf-comments-with-icon\" href=\"https:\/\/magazineluxe.com\/fr\/hotels-evok-de-paris-hebergements-pour-clientele-dexception\/#respond\" target=\"_self\">\n        0     <\/a>\n<\/div>            <div class=\"edgtf-blog-like\">\n\t<a href=\"#\" class=\"edgtf-like\" id=\"edgtf-like-19492-901\" title=\"Like this\" data-post-id=\"19492\"><span>1<\/span><input type=\"hidden\" id=\"edgtf_like_nonce_19492\" name=\"edgtf_like_nonce_19492\" value=\"f08091fad3\" \/><input type=\"hidden\" name=\"_wp_http_referer\" value=\"\/fr\/wp-json\/wp\/v2\/pages\/13743\" \/><\/a><\/div>\n            <div class=\"edgtf-blog-share\">\n\t<div class=\"edgtf-social-share-holder edgtf-dropdown \">\n\t<a href=\"javascript:void(0)\" target=\"_self\" class=\"edgtf-social-share-dropdown-opener\">\n\t\t<span class=\"edgtf-social-share-title\">PARTAGER<\/span>\n\t<\/a>\n\t<div class=\"edgtf-social-share-dropdown\">\n\t\t<ul>\n\t\t\t<li class=\"edgtf-facebook-share\">\n\t<a class=\"edgtf-share-link\" href=\"#\" onclick=\"window.open('http:\/\/www.facebook.com\/sharer.php?s=100&amp;p[title]=H%C3%B4tels+Evok+de+Paris+%3A+h%C3%A9bergement+pour+une+client%C3%A8le+d%E2%80%99exception&amp;p[url]=https%3A%2F%2Fmagazineluxe.com%2Ffr%2Fhotels-evok-de-paris-hebergements-pour-clientele-dexception%2F&amp;p[images][0]=https:\/\/magazineluxe.com\/wp-content\/uploads\/2024\/05\/evok-hotel-paris-luxe-magazine-3.jpg&amp;p[summary]=Paris+rec%C3%A8le+d%E2%80%99endroits+magiques+au+charme+ind%C3%A9niable.+Pour+en+embrasser+la+beaut%C3%A9+et+vivre+une+exp%C3%A9rience+sublim%C3%A9e+de+l%E2%80%99art+de+vivre+%C3%A0+la+fran%C3%A7aise%2C+la+Collection+Evok+proposent+4+h%C3%B4tels+d%E2%80%99exception+situ%C3%A9s+dans+les+endroits+les+plus+pris%C3%A9s+de+la+M%C3%A9tropole.+Cr%C3%A9ateurs+d%E2%80%99ambiance+L%E2%80%99id%C3%A9e+de+Pierre+Bastid+et+de+ses+co-fondateurs%2C+Romain+Yzerman+et+Emmanuel+Sauvage%2C+%C3%A9tait+de+cr%C3%A9er+des+ambiances+qui+transporteraient+la+client%C3%A8le+au+c%C5%93ur+d%E2%80%99un+Paris+r%C3%AAv%C3%A9.+D%E2%80%99anciens+immeubles+historiques+de+la+Ville+Lumi%C3%A8re+se+sont+ainsi+illumin%C3%A9s+sous+leur+coup+de+baguette+magique%2C+d%C3%A9voilant+une+splendeur+renouvel%C3%A9e.+%C3%80+chaque+%C3%A9tablissement+du+Groupe+Evok%2C+une+identit%C3%A9+propre+qui+raisonne+avec+l%E2%80%99%C3%A2me+du+quartier+dans+lequel+il+est+situ%C3%A9.+Nolinski%C2%A0%3A+un+univers+onirique+Situ%C3%A9+%C3%A0+c%C3%B4t%C3%A9+du+Palais+Royal%2C+dans+un+b%C3%A2timent+haussmannien%2C+le+Nolinski+intrigue+avec+son+logo+myst%C3%A9rieux.+D%C3%A8s+l%E2%80%99entr%C3%A9e+dans+le+hall%2C+le+charme+op%C3%A8re.+Le+restaurant+d%C3%A9voile+une+partie+de+la+magie+des+espaces+magnifi%C3%A9s+par+la+cr%C3%A9ativit%C3%A9+de+John+Whelan.+D%E2%80%99inspiration+art+d%C3%A9co%2C+la+salle+%C3%A0+manger+est+%C3%A0+couper+le+souffle.+La+d%C3%A9licieuse+cuisine+du+chef+%C3%A9toil%C3%A9+Philip+Chronopoulos+ajoute+%C3%A0+l%E2%80%99exp%C3%A9rience.+Le+rez-de-chauss%C3%A9e+cache+aussi+de+belles+surprises%2C+comme+le+Grand+Salon+avec+son+bar+%C3%A0+cocktails+et+piano.+La+cage+%5B%26hellip%3B%5D', 'sharer', 'toolbar=0,status=0,width=620,height=280');\">\n\t\t\t\t\t<span class=\"edgtf-social-network-icon social_facebook\"><\/span>\n\t\t\t<\/a>\n<\/li><li class=\"edgtf-twitter-share\">\n\t<a class=\"edgtf-share-link\" href=\"#\" onclick=\"window.open('http:\/\/twitter.com\/home?status=Paris+rec%C3%A8le+d%E2%80%99endroits+magiques+au+charme+ind%C3%A9niable.+Pour+en+embrasser+la+beaut%C3%A9+et+vivre+une+exp%C3%A9rience+sublim%C3%A9e+https:\/\/magazineluxe.com\/fr\/hotels-evok-de-paris-hebergements-pour-clientele-dexception\/', 'popupwindow', 'scrollbars=yes,width=800,height=400');\">\n\t\t\t\t\t<span class=\"edgtf-social-network-icon social_twitter\"><\/span>\n\t\t\t<\/a>\n<\/li><li class=\"edgtf-linkedin-share\">\n\t<a class=\"edgtf-share-link\" href=\"#\" onclick=\"popUp=window.open('http:\/\/linkedin.com\/shareArticle?mini=true&amp;url=https%3A%2F%2Fmagazineluxe.com%2Ffr%2Fhotels-evok-de-paris-hebergements-pour-clientele-dexception%2F&amp;title=H%C3%B4tels+Evok+de+Paris+%3A+h%C3%A9bergement+pour+une+client%C3%A8le+d%E2%80%99exception', 'popupwindow', 'scrollbars=yes,width=800,height=400');popUp.focus();return false;\">\n\t\t\t\t\t<span class=\"edgtf-social-network-icon social_linkedin\"><\/span>\n\t\t\t<\/a>\n<\/li><li class=\"edgtf-pinterest-share\">\n\t<a class=\"edgtf-share-link\" href=\"#\" onclick=\"popUp=window.open('http:\/\/pinterest.com\/pin\/create\/button\/?url=https%3A%2F%2Fmagazineluxe.com%2Ffr%2Fhotels-evok-de-paris-hebergements-pour-clientele-dexception%2F&amp;description=H\u00f4tels Evok de Paris : h\u00e9bergement pour une client\u00e8le d\u2019exception&amp;media=https%3A%2F%2Fmagazineluxe.com%2Fwp-content%2Fuploads%2F2024%2F05%2Fevok-hotel-paris-luxe-magazine-3.jpg', 'popupwindow', 'scrollbars=yes,width=800,height=400');popUp.focus();return false;\">\n\t\t\t\t\t<span class=\"edgtf-social-network-icon social_pinterest\"><\/span>\n\t\t\t<\/a>\n<\/li>\t\t<\/ul>\n\t<\/div>\n<\/div><\/div>\n        <\/div>\n    <\/div>\n<\/div><div class=\"edgtf-post-example-item-three-item edgtf-post-item\">\n        <div class=\"edgtf-post-example-item-three-image-holder\">\n                <div class=\"edgtf-post-example-item-three-image-inner-holder\">\n            <img loading=\"lazy\" decoding=\"async\" src=\"https:\/\/magazineluxe.com\/wp-content\/uploads\/2023\/11\/british-virgin-islands-virgin-charter-yachts-luxe-magazine-4-410x230.jpg\" alt=\"\" width=\"410\" height=\"230\" \/>        <\/div>\n        <a itemprop=\"url\" class=\"edgtf-post-example-item-three-slide-link\" href=\"https:\/\/magazineluxe.com\/fr\/un-voyage-a-travers-les-iles-vierges-britanniques-avec-virgin-charter-yachts\/\" target=\"_self\"><\/a>\n    <\/div>\n        <div class=\"edgtf-post-example-item-three-content-holder\">\n        <div class=\"edgtf-post-example-item-three-title-holder\">\n            <h3 class=\"edgtf-post-example-item-three-title\">\n                <a itemprop=\"url\" href=\"https:\/\/magazineluxe.com\/fr\/un-voyage-a-travers-les-iles-vierges-britanniques-avec-virgin-charter-yachts\/\" target=\"_self\">\n                    Un voyage \u00e0 travers les \u00eeles Vierges britanniques avec Virgin Charter Yachts                <\/a>\n            <\/h3>\n        <\/div>\n                    <div class=\"edgtf-post-example-item-three-excerpt\">\n                <p class=\"edgtf-post-excerpt\">Virgin Charter Yachts is the epitome of luxury crewed charters, offering an unparalleled vacation experience. Imagine a five-star hotel where you unpack one time and the view out your window changes every day, combined with a full-time chef who crafts every meal to your liking, and an array of water<\/p>            <\/div>\n                <div class=\"edgtf-post-example-item-three-info-section\">\n                        <div class=\"edgtf-post-info-comments-holder\">\n    <a itemprop=\"url\" class=\"edgtf-post-info-comments edgtf-comments-with-icon\" href=\"https:\/\/magazineluxe.com\/fr\/un-voyage-a-travers-les-iles-vierges-britanniques-avec-virgin-charter-yachts\/#respond\" target=\"_self\">\n        0     <\/a>\n<\/div>            <div class=\"edgtf-blog-like\">\n\t<a href=\"#\" class=\"edgtf-like\" id=\"edgtf-like-19476-633\" title=\"Like this\" data-post-id=\"19476\"><span>2<\/span><input type=\"hidden\" id=\"edgtf_like_nonce_19476\" name=\"edgtf_like_nonce_19476\" value=\"a0e5ae47a9\" \/><input type=\"hidden\" name=\"_wp_http_referer\" value=\"\/fr\/wp-json\/wp\/v2\/pages\/13743\" \/><\/a><\/div>\n            <div class=\"edgtf-blog-share\">\n\t<div class=\"edgtf-social-share-holder edgtf-dropdown \">\n\t<a href=\"javascript:void(0)\" target=\"_self\" class=\"edgtf-social-share-dropdown-opener\">\n\t\t<span class=\"edgtf-social-share-title\">PARTAGER<\/span>\n\t<\/a>\n\t<div class=\"edgtf-social-share-dropdown\">\n\t\t<ul>\n\t\t\t<li class=\"edgtf-facebook-share\">\n\t<a class=\"edgtf-share-link\" href=\"#\" onclick=\"window.open('http:\/\/www.facebook.com\/sharer.php?s=100&amp;p[title]=Un+voyage+%C3%A0+travers+les+%C3%AEles+Vierges+britanniques+avec+Virgin+Charter+Yachts&amp;p[url]=https%3A%2F%2Fmagazineluxe.com%2Ffr%2Fun-voyage-a-travers-les-iles-vierges-britanniques-avec-virgin-charter-yachts%2F&amp;p[images][0]=https:\/\/magazineluxe.com\/wp-content\/uploads\/2023\/11\/british-virgin-islands-virgin-charter-yachts-luxe-magazine-4.jpg&amp;p[summary]=Virgin+Charter+Yachts+is+the+epitome+of+luxury+crewed+charters%2C+offering+an+unparalleled+vacation+experience.+Imagine+a+five-star+hotel+where+you+unpack+one+time+and+the+view+out+your+window+changes+every+day%2C+combined+with+a+full-time+chef+who+crafts+every+meal+to+your+liking%2C+and+an+array+of+water+toys+for+the+adventurous.+Steered+with+love+by+husband-and-wife+team+Gary+and+Alexia+Lucas%2C+who+are+equally+passionate+about+yachts+as+they+are+about+the+British+Virgin+Islands.+Your+dedicated+crew+navigates%2C+prepares+exceptional+meals%2C+and+caters+to+your+every+desire%2C+even+arranging+surprises+like+beachside+dinners+on+deserted+islands.+With+a+fleet+of+25%2B+yachts%2C+Virgin+Charter+Yachts+ensures+a+variety+of+options+for+exploring+the+British+Virgin+Islands+in+the+epitome+of+luxury.+%26nbsp%3B+Founded+in+1996%2C+the+company+has+since+become+a+beacon+of+exceptional+service%2C+with+a+remarkable+70%25+repeat+customer+rate.+As+they+approach+their+third+decade%2C+the+company+continues+to+grow%2C+expanding+their+fleet+while+maintaining+their+commitment+to+personalized+service.+With+a+devoted+team+of+nearly+twenty%2C+many+with+over+two+decades+of+tenure%2C+Virgin+Charter+Yachts+is+not+just+a+charter+company%3B+it%26rsquo%3Bs+a+legacy+of+passion+for+yachting+and+unparalleled+customer+%5B%26hellip%3B%5D', 'sharer', 'toolbar=0,status=0,width=620,height=280');\">\n\t\t\t\t\t<span class=\"edgtf-social-network-icon social_facebook\"><\/span>\n\t\t\t<\/a>\n<\/li><li class=\"edgtf-twitter-share\">\n\t<a class=\"edgtf-share-link\" href=\"#\" onclick=\"window.open('http:\/\/twitter.com\/home?status=Virgin+Charter+Yachts+is+the+epitome+of+luxury+crewed+charters%2C+offering+an+unparalleled+vacation+experience.+Imagine+https:\/\/magazineluxe.com\/fr\/un-voyage-a-travers-les-iles-vierges-britanniques-avec-virgin-charter-yachts\/', 'popupwindow', 'scrollbars=yes,width=800,height=400');\">\n\t\t\t\t\t<span class=\"edgtf-social-network-icon social_twitter\"><\/span>\n\t\t\t<\/a>\n<\/li><li class=\"edgtf-linkedin-share\">\n\t<a class=\"edgtf-share-link\" href=\"#\" onclick=\"popUp=window.open('http:\/\/linkedin.com\/shareArticle?mini=true&amp;url=https%3A%2F%2Fmagazineluxe.com%2Ffr%2Fun-voyage-a-travers-les-iles-vierges-britanniques-avec-virgin-charter-yachts%2F&amp;title=Un+voyage+%C3%A0+travers+les+%C3%AEles+Vierges+britanniques+avec+Virgin+Charter+Yachts', 'popupwindow', 'scrollbars=yes,width=800,height=400');popUp.focus();return false;\">\n\t\t\t\t\t<span class=\"edgtf-social-network-icon social_linkedin\"><\/span>\n\t\t\t<\/a>\n<\/li><li class=\"edgtf-pinterest-share\">\n\t<a class=\"edgtf-share-link\" href=\"#\" onclick=\"popUp=window.open('http:\/\/pinterest.com\/pin\/create\/button\/?url=https%3A%2F%2Fmagazineluxe.com%2Ffr%2Fun-voyage-a-travers-les-iles-vierges-britanniques-avec-virgin-charter-yachts%2F&amp;description=Un voyage \u00e0 travers les \u00eeles Vierges britanniques avec Virgin Charter Yachts&amp;media=https%3A%2F%2Fmagazineluxe.com%2Fwp-content%2Fuploads%2F2023%2F11%2Fbritish-virgin-islands-virgin-charter-yachts-luxe-magazine-4.jpg', 'popupwindow', 'scrollbars=yes,width=800,height=400');popUp.focus();return false;\">\n\t\t\t\t\t<span class=\"edgtf-social-network-icon social_pinterest\"><\/span>\n\t\t\t<\/a>\n<\/li>\t\t<\/ul>\n\t<\/div>\n<\/div><\/div>\n        <\/div>\n    <\/div>\n<\/div><div class=\"edgtf-post-example-item-three-item edgtf-post-item\">\n        <div class=\"edgtf-post-example-item-three-image-holder\">\n                <div class=\"edgtf-post-example-item-three-image-inner-holder\">\n            <img loading=\"lazy\" decoding=\"async\" src=\"https:\/\/magazineluxe.com\/wp-content\/uploads\/2023\/06\/luxe-magazine-luxe-nobu-residences-los-cabos-travel-voyage-6-410x230.jpg\" alt=\"\" width=\"410\" height=\"230\" \/>        <\/div>\n        <a itemprop=\"url\" class=\"edgtf-post-example-item-three-slide-link\" href=\"https:\/\/magazineluxe.com\/fr\/nobu-residences-los-cabos-une-destination-paisible-peninsule-basse-californie\/\" target=\"_self\"><\/a>\n    <\/div>\n        <div class=\"edgtf-post-example-item-three-content-holder\">\n        <div class=\"edgtf-post-example-item-three-title-holder\">\n            <h3 class=\"edgtf-post-example-item-three-title\">\n                <a itemprop=\"url\" href=\"https:\/\/magazineluxe.com\/fr\/nobu-residences-los-cabos-une-destination-paisible-peninsule-basse-californie\/\" target=\"_self\">\n                    Nobu Residences Los Cabos : une destination paisible sur la p\u00e9ninsule de Basse-Californie                <\/a>\n            <\/h3>\n        <\/div>\n                    <div class=\"edgtf-post-example-item-three-excerpt\">\n                <p class=\"edgtf-post-excerpt\">\r\nNich\u00e9e au c\u0153ur de Los Cabos, \u00e0 l\u2019extr\u00e9mit\u00e9 sud de la p\u00e9ninsule de Basse-Californie, Nobu Residences offre \u00e0 ses h\u00f4tes l\u2019exp\u00e9rience de d\u00e9tente et d\u2019indulgence par excellence. L\u2019incomparable paysage alliant d\u00e9sert, montagnes et oc\u00e9an est sublim\u00e9 par un \u00e9ventail d\u00e9cadent de commodit\u00e9s, d\u2019options gastronomiques, d\u2019exp\u00e9riences sur mesure et d\u2019activit\u00e9s \u00e0<\/p>            <\/div>\n                <div class=\"edgtf-post-example-item-three-info-section\">\n                        <div class=\"edgtf-post-info-comments-holder\">\n    <a itemprop=\"url\" class=\"edgtf-post-info-comments edgtf-comments-with-icon\" href=\"https:\/\/magazineluxe.com\/fr\/nobu-residences-los-cabos-une-destination-paisible-peninsule-basse-californie\/#respond\" target=\"_self\">\n        0     <\/a>\n<\/div>            <div class=\"edgtf-blog-like\">\n\t<a href=\"#\" class=\"edgtf-like\" id=\"edgtf-like-19188-918\" title=\"Like this\" data-post-id=\"19188\"><span>6<\/span><input type=\"hidden\" id=\"edgtf_like_nonce_19188\" name=\"edgtf_like_nonce_19188\" value=\"6b4a322cdb\" \/><input type=\"hidden\" name=\"_wp_http_referer\" value=\"\/fr\/wp-json\/wp\/v2\/pages\/13743\" \/><\/a><\/div>\n            <div class=\"edgtf-blog-share\">\n\t<div class=\"edgtf-social-share-holder edgtf-dropdown \">\n\t<a href=\"javascript:void(0)\" target=\"_self\" class=\"edgtf-social-share-dropdown-opener\">\n\t\t<span class=\"edgtf-social-share-title\">PARTAGER<\/span>\n\t<\/a>\n\t<div class=\"edgtf-social-share-dropdown\">\n\t\t<ul>\n\t\t\t<li class=\"edgtf-facebook-share\">\n\t<a class=\"edgtf-share-link\" href=\"#\" onclick=\"window.open('http:\/\/www.facebook.com\/sharer.php?s=100&amp;p[title]=Nobu+Residences+Los+Cabos+%3A+une+destination+paisible+sur+la+p%C3%A9ninsule+de+Basse-Californie&amp;p[url]=https%3A%2F%2Fmagazineluxe.com%2Ffr%2Fnobu-residences-los-cabos-une-destination-paisible-peninsule-basse-californie%2F&amp;p[images][0]=https:\/\/magazineluxe.com\/wp-content\/uploads\/2023\/06\/luxe-magazine-luxe-nobu-residences-los-cabos-travel-voyage-6.jpg&amp;p[summary]=Nich%C3%A9e+au+c%C5%93ur+de+Los+Cabos%2C+%C3%A0+l%E2%80%99extr%C3%A9mit%C3%A9+sud+de+la+p%C3%A9ninsule+de+Basse-Californie%2C+Nobu+Residences+offre+%C3%A0+ses+h%C3%B4tes+l%E2%80%99exp%C3%A9rience+de+d%C3%A9tente+et+d%E2%80%99indulgence+par+excellence.+L%E2%80%99incomparable+paysage+alliant+d%C3%A9sert%2C+montagnes+et+oc%C3%A9an+est+sublim%C3%A9+par+un+%C3%A9ventail+d%C3%A9cadent+de+commodit%C3%A9s%2C+d%E2%80%99options+gastronomiques%2C+d%E2%80%99exp%C3%A9riences+sur+mesure+et+d%E2%80%99activit%C3%A9s+%C3%A0+proximit%C3%A9+pour+toute+la+famille.+Une+destination+inoubliable+pour+toute+personne+%C3%A0+la+recherche+d%E2%80%99un+second+chez-soi.+La+fusion+de+l%E2%80%99%C3%A9l%C3%A9gance+japonaise+et+de+la+chaleur+mexicaine+La+fa%C3%A7ade+et+les+int%C3%A9rieurs+spectaculaires+des+r%C3%A9sidences+sont+le+fruit+de+la+collaboration+entre+le+c%C3%A9l%C3%A8bre+cabinet+d%E2%80%99architecture+WATG+et+le+Studio+PCH.+S%E2%80%99inspirant+du+design+japonais+et+mexicain%2C+le+projet+Nobu+Los+Cabos+pr%C3%A9sente+des+%C3%A9l%C3%A9ments+de+conception+%C3%A0+la+fois+minimalistes+et+%C3%A9l%C3%A9gants+qui+mettent+en+valeur+les+mati%C3%A8res+et+textures+naturelles.+Les+tons+chauds+et+terreux+des+r%C3%A9sidences+suscitent+d%C3%A9tente+et+tranquillit%C3%A9%2C+et+l%E2%80%99utilisation+du+bois%2C+de+la+pierre+et+du+bambou+dans+la+conception+ajoute+%C3%A0+l%E2%80%99atmosph%C3%A8re+de+luxe+raffin%C3%A9.+%26nbsp%3B+Une+escapade+de+r%C3%AAve+Les+invit%C3%A9s+sont+imm%C3%A9diatement+envelopp%C3%A9s+dans+le+confort+d%C3%A9contract%C3%A9+caract%C3%A9ristique+de+la+marque+Nobu.+Les+r%C3%A9sidences+de+style+appartement+sont+con%C3%A7ues+avec+le+m%C3%AAme+souci+du+d%C3%A9tail+que+les+chambres+de+l%E2%80%99h%C3%B4tel+avoisinant%2C+%5B%26hellip%3B%5D', 'sharer', 'toolbar=0,status=0,width=620,height=280');\">\n\t\t\t\t\t<span class=\"edgtf-social-network-icon social_facebook\"><\/span>\n\t\t\t<\/a>\n<\/li><li class=\"edgtf-twitter-share\">\n\t<a class=\"edgtf-share-link\" href=\"#\" onclick=\"window.open('http:\/\/twitter.com\/home?status=Nich%C3%A9e+au+c%C5%93ur+de+Los+Cabos%2C+%C3%A0+l%E2%80%99extr%C3%A9mit%C3%A9+sud+de+la+p%C3%A9ninsule+de+Basse-Californie%2C+Nobu+Residences+offre+%C3%A0+ses+h%C3%B4tes+https:\/\/magazineluxe.com\/fr\/nobu-residences-los-cabos-une-destination-paisible-peninsule-basse-californie\/', 'popupwindow', 'scrollbars=yes,width=800,height=400');\">\n\t\t\t\t\t<span class=\"edgtf-social-network-icon social_twitter\"><\/span>\n\t\t\t<\/a>\n<\/li><li class=\"edgtf-linkedin-share\">\n\t<a class=\"edgtf-share-link\" href=\"#\" onclick=\"popUp=window.open('http:\/\/linkedin.com\/shareArticle?mini=true&amp;url=https%3A%2F%2Fmagazineluxe.com%2Ffr%2Fnobu-residences-los-cabos-une-destination-paisible-peninsule-basse-californie%2F&amp;title=Nobu+Residences+Los+Cabos+%3A+une+destination+paisible+sur+la+p%C3%A9ninsule+de+Basse-Californie', 'popupwindow', 'scrollbars=yes,width=800,height=400');popUp.focus();return false;\">\n\t\t\t\t\t<span class=\"edgtf-social-network-icon social_linkedin\"><\/span>\n\t\t\t<\/a>\n<\/li><li class=\"edgtf-pinterest-share\">\n\t<a class=\"edgtf-share-link\" href=\"#\" onclick=\"popUp=window.open('http:\/\/pinterest.com\/pin\/create\/button\/?url=https%3A%2F%2Fmagazineluxe.com%2Ffr%2Fnobu-residences-los-cabos-une-destination-paisible-peninsule-basse-californie%2F&amp;description=Nobu Residences Los Cabos : une destination paisible sur la p\u00e9ninsule de Basse-Californie&amp;media=https%3A%2F%2Fmagazineluxe.com%2Fwp-content%2Fuploads%2F2023%2F06%2Fluxe-magazine-luxe-nobu-residences-los-cabos-travel-voyage-6.jpg', 'popupwindow', 'scrollbars=yes,width=800,height=400');popUp.focus();return false;\">\n\t\t\t\t\t<span class=\"edgtf-social-network-icon social_pinterest\"><\/span>\n\t\t\t<\/a>\n<\/li>\t\t<\/ul>\n\t<\/div>\n<\/div><\/div>\n        <\/div>\n    <\/div>\n<\/div><div class=\"edgtf-post-example-item-three-item edgtf-post-item\">\n        <div class=\"edgtf-post-example-item-three-image-holder\">\n                <div class=\"edgtf-post-example-item-three-image-inner-holder\">\n            <img loading=\"lazy\" decoding=\"async\" src=\"https:\/\/magazineluxe.com\/wp-content\/uploads\/2022\/11\/hotel-le-meurice-paris-magazine-luxe-2-410x230.jpg\" alt=\"\" width=\"410\" height=\"230\" \/>        <\/div>\n        <a itemprop=\"url\" class=\"edgtf-post-example-item-three-slide-link\" href=\"https:\/\/magazineluxe.com\/fr\/hotel-le-meurice-un-sejour-royal-au-coeur-de-paris\/\" target=\"_self\"><\/a>\n    <\/div>\n        <div class=\"edgtf-post-example-item-three-content-holder\">\n        <div class=\"edgtf-post-example-item-three-title-holder\">\n            <h3 class=\"edgtf-post-example-item-three-title\">\n                <a itemprop=\"url\" href=\"https:\/\/magazineluxe.com\/fr\/hotel-le-meurice-un-sejour-royal-au-coeur-de-paris\/\" target=\"_self\">\n                    H\u00f4tel Le Meurice : un s\u00e9jour royal au c\u0153ur de Paris                <\/a>\n            <\/h3>\n        <\/div>\n                    <div class=\"edgtf-post-example-item-three-excerpt\">\n                <p class=\"edgtf-post-excerpt\">En plein centre de l\u2019\u00e9l\u00e9gantissime 1er arrondissement, l\u2019H\u00f4tel Le Meurice magnifie la Ville Lumi\u00e8re de ses 5 \u00e9toiles depuis deux si\u00e8cles. Parfaitement situ\u00e9s face au jardin des Tuileries, le palace et ses arcades embl\u00e9matiques de la rue de Rivoli sont le lieu d\u2019exp\u00e9riences grandioses o\u00f9 l\u2019art de vivre atteint tous<\/p>            <\/div>\n                <div class=\"edgtf-post-example-item-three-info-section\">\n                        <div class=\"edgtf-post-info-comments-holder\">\n    <a itemprop=\"url\" class=\"edgtf-post-info-comments edgtf-comments-with-icon\" href=\"https:\/\/magazineluxe.com\/fr\/hotel-le-meurice-un-sejour-royal-au-coeur-de-paris\/#respond\" target=\"_self\">\n        0     <\/a>\n<\/div>            <div class=\"edgtf-blog-like\">\n\t<a href=\"#\" class=\"edgtf-like\" id=\"edgtf-like-18664-123\" title=\"Like this\" data-post-id=\"18664\"><span>3<\/span><input type=\"hidden\" id=\"edgtf_like_nonce_18664\" name=\"edgtf_like_nonce_18664\" value=\"2afcb7cb50\" \/><input type=\"hidden\" name=\"_wp_http_referer\" value=\"\/fr\/wp-json\/wp\/v2\/pages\/13743\" \/><\/a><\/div>\n            <div class=\"edgtf-blog-share\">\n\t<div class=\"edgtf-social-share-holder edgtf-dropdown \">\n\t<a href=\"javascript:void(0)\" target=\"_self\" class=\"edgtf-social-share-dropdown-opener\">\n\t\t<span class=\"edgtf-social-share-title\">PARTAGER<\/span>\n\t<\/a>\n\t<div class=\"edgtf-social-share-dropdown\">\n\t\t<ul>\n\t\t\t<li class=\"edgtf-facebook-share\">\n\t<a class=\"edgtf-share-link\" href=\"#\" onclick=\"window.open('http:\/\/www.facebook.com\/sharer.php?s=100&amp;p[title]=H%C3%B4tel+Le+Meurice+%3A+un+s%C3%A9jour+royal+au+c%C5%93ur+de+Paris&amp;p[url]=https%3A%2F%2Fmagazineluxe.com%2Ffr%2Fhotel-le-meurice-un-sejour-royal-au-coeur-de-paris%2F&amp;p[images][0]=https:\/\/magazineluxe.com\/wp-content\/uploads\/2022\/11\/hotel-le-meurice-paris-magazine-luxe-2.jpg&amp;p[summary]=En+plein+centre+de+l%E2%80%99%C3%A9l%C3%A9gantissime+1er+arrondissement%2C+l%E2%80%99H%C3%B4tel+Le+Meurice+magnifie+la+Ville+Lumi%C3%A8re+de+ses+5+%C3%A9toiles+depuis+deux+si%C3%A8cles.+Parfaitement+situ%C3%A9s+face+au+jardin+des+Tuileries%2C+le+palace+et+ses+arcades+embl%C3%A9matiques+de+la+rue+de+Rivoli+sont+le+lieu+d%E2%80%99exp%C3%A9riences+grandioses+o%C3%B9+l%E2%80%99art+de+vivre+atteint+tous+les+sommets+du+raffinement.+%C2%A0+V%C3%A9ritable+Versailles+de+la+sublime+collection+h%C3%B4teli%C3%A8re+Dorchester%2C+Le+Meurice+fait+partie+du+club+tr%C3%A8s+s%C3%A9lect+des+Entreprises+du+Patrimoine+Vivant+de+France.+Quiconque+vise+un+s%C3%A9jour+princier+dans+la+mecque+europ%C3%A9enne+du+luxe+doit+se+pr%C3%A9lasser+au+moins+une+fois+dans+ce+joyau+incarnant+%C3%A0+lui+seul+l%E2%80%99%C3%A9l%C3%A9gance+supr%C3%AAme.+Alliant+classicisme+somptueux+et+confort+ultramoderne%2C+l%E2%80%99h%C3%B4tel+promet+une+escapade+inoubliable+qui+n%E2%80%99a+d%E2%80%99%C3%A9gale+que+la+beaut%C3%A9+du+Louvre+et+de+la+place+de+la+Concorde%2C+tous+deux+%C3%A0+seulement+quelques+pas.+La+riche+histoire+de+l%E2%80%99h%C3%B4tel+s%E2%80%99anime+%C3%A0+travers+la+magie+des+%C5%93uvres+qui+ornent+ses+murs.+Entrez+dans+la+l%C3%A9gende+De+nuit+comme+de+jour%2C+la+splendeur+du+17e+sur+laquelle+a+%C3%A9t%C3%A9+b%C3%A2ti+Le+Meurice+est+%C3%A9clatante.+Son+faste+et+son+opulence+fascinent+bien+au-del%C3%A0+des+%C3%A9tablissements+somptueux.+C%E2%80%99est+toute+une+histoire+fa%C3%A7onn%C3%A9e+au+fil+des+si%C3%A8cles%2C+l%E2%80%99inspiration+des+plus+grands+et+%5B%26hellip%3B%5D', 'sharer', 'toolbar=0,status=0,width=620,height=280');\">\n\t\t\t\t\t<span class=\"edgtf-social-network-icon social_facebook\"><\/span>\n\t\t\t<\/a>\n<\/li><li class=\"edgtf-twitter-share\">\n\t<a class=\"edgtf-share-link\" href=\"#\" onclick=\"window.open('http:\/\/twitter.com\/home?status=En+plein+centre+de+l%E2%80%99%C3%A9l%C3%A9gantissime+1er+arrondissement%2C+l%E2%80%99H%C3%B4tel+Le+Meurice+magnifie+la+Ville+Lumi%C3%A8re+de+ses+5+%C3%A9toiles+https:\/\/magazineluxe.com\/fr\/hotel-le-meurice-un-sejour-royal-au-coeur-de-paris\/', 'popupwindow', 'scrollbars=yes,width=800,height=400');\">\n\t\t\t\t\t<span class=\"edgtf-social-network-icon social_twitter\"><\/span>\n\t\t\t<\/a>\n<\/li><li class=\"edgtf-linkedin-share\">\n\t<a class=\"edgtf-share-link\" href=\"#\" onclick=\"popUp=window.open('http:\/\/linkedin.com\/shareArticle?mini=true&amp;url=https%3A%2F%2Fmagazineluxe.com%2Ffr%2Fhotel-le-meurice-un-sejour-royal-au-coeur-de-paris%2F&amp;title=H%C3%B4tel+Le+Meurice+%3A+un+s%C3%A9jour+royal+au+c%C5%93ur+de+Paris', 'popupwindow', 'scrollbars=yes,width=800,height=400');popUp.focus();return false;\">\n\t\t\t\t\t<span class=\"edgtf-social-network-icon social_linkedin\"><\/span>\n\t\t\t<\/a>\n<\/li><li class=\"edgtf-pinterest-share\">\n\t<a class=\"edgtf-share-link\" href=\"#\" onclick=\"popUp=window.open('http:\/\/pinterest.com\/pin\/create\/button\/?url=https%3A%2F%2Fmagazineluxe.com%2Ffr%2Fhotel-le-meurice-un-sejour-royal-au-coeur-de-paris%2F&amp;description=H\u00f4tel Le Meurice : un s\u00e9jour royal au c\u0153ur de Paris&amp;media=https%3A%2F%2Fmagazineluxe.com%2Fwp-content%2Fuploads%2F2022%2F11%2Fhotel-le-meurice-paris-magazine-luxe-2.jpg', 'popupwindow', 'scrollbars=yes,width=800,height=400');popUp.focus();return false;\">\n\t\t\t\t\t<span class=\"edgtf-social-network-icon social_pinterest\"><\/span>\n\t\t\t<\/a>\n<\/li>\t\t<\/ul>\n\t<\/div>\n<\/div><\/div>\n        <\/div>\n    <\/div>\n<\/div><div class=\"edgtf-post-example-item-three-item edgtf-post-item\">\n        <div class=\"edgtf-post-example-item-three-image-holder\">\n                <div class=\"edgtf-post-example-item-three-image-inner-holder\">\n            <img loading=\"lazy\" decoding=\"async\" src=\"https:\/\/magazineluxe.com\/wp-content\/uploads\/2022\/10\/dubai-8-410x230.jpg\" alt=\"\" width=\"410\" height=\"230\" \/>        <\/div>\n        <a itemprop=\"url\" class=\"edgtf-post-example-item-three-slide-link\" href=\"https:\/\/magazineluxe.com\/fr\/dubai-en-images\/\" target=\"_self\"><\/a>\n    <\/div>\n        <div class=\"edgtf-post-example-item-three-content-holder\">\n        <div class=\"edgtf-post-example-item-three-title-holder\">\n            <h3 class=\"edgtf-post-example-item-three-title\">\n                <a itemprop=\"url\" href=\"https:\/\/magazineluxe.com\/fr\/dubai-en-images\/\" target=\"_self\">\n                    Duba\u00ef en images                <\/a>\n            <\/h3>\n        <\/div>\n                    <div class=\"edgtf-post-example-item-three-excerpt\">\n                <p class=\"edgtf-post-excerpt\">Passer la matin\u00e9e \u00e0 la plage, faire du ski en apr\u00e8s-midi, monter \u00e0 dos de chameau dans le d\u00e9sert\u00a0le soir. Plonger avec les requins dans un centre commercial, admirer des fontaines dansantes au pied de la plus grande tour du monde. Bienvenue \u00e0 Duba\u00ef! Cette ville scintillante o\u00f9 la tradition<\/p>            <\/div>\n                <div class=\"edgtf-post-example-item-three-info-section\">\n                        <div class=\"edgtf-post-info-comments-holder\">\n    <a itemprop=\"url\" class=\"edgtf-post-info-comments edgtf-comments-with-icon\" href=\"https:\/\/magazineluxe.com\/fr\/dubai-en-images\/#respond\" target=\"_self\">\n        0     <\/a>\n<\/div>            <div class=\"edgtf-blog-like\">\n\t<a href=\"#\" class=\"edgtf-like\" id=\"edgtf-like-18561-477\" title=\"Like this\" data-post-id=\"18561\"><span>2<\/span><input type=\"hidden\" id=\"edgtf_like_nonce_18561\" name=\"edgtf_like_nonce_18561\" value=\"a65cb80a6f\" \/><input type=\"hidden\" name=\"_wp_http_referer\" value=\"\/fr\/wp-json\/wp\/v2\/pages\/13743\" \/><\/a><\/div>\n            <div class=\"edgtf-blog-share\">\n\t<div class=\"edgtf-social-share-holder edgtf-dropdown \">\n\t<a href=\"javascript:void(0)\" target=\"_self\" class=\"edgtf-social-share-dropdown-opener\">\n\t\t<span class=\"edgtf-social-share-title\">PARTAGER<\/span>\n\t<\/a>\n\t<div class=\"edgtf-social-share-dropdown\">\n\t\t<ul>\n\t\t\t<li class=\"edgtf-facebook-share\">\n\t<a class=\"edgtf-share-link\" href=\"#\" onclick=\"window.open('http:\/\/www.facebook.com\/sharer.php?s=100&amp;p[title]=Duba%C3%AF+en+images&amp;p[url]=https%3A%2F%2Fmagazineluxe.com%2Ffr%2Fdubai-en-images%2F&amp;p[images][0]=https:\/\/magazineluxe.com\/wp-content\/uploads\/2022\/10\/dubai-8.jpg&amp;p[summary]=Passer+la+matin%C3%A9e+%C3%A0+la+plage%2C+faire+du+ski+en+apr%C3%A8s-midi%2C+monter+%C3%A0+dos+de+chameau+dans+le+d%C3%A9sert%C2%A0le+soir.+Plonger+avec+les+requins+dans+un+centre+commercial%2C+admirer+des+fontaines+dansantes+au+pied+de+la+plus+grande+tour+du+monde.+Bienvenue+%C3%A0+Duba%C3%AF%21+Cette+ville+scintillante+o%C3%B9+la+tradition+rencontre+l%E2%80%99ambition+pr%C3%A9sente+un+riche+patrimoine+et+une+culture+unique+en+plus+d%E2%80%99une+architecture+futuriste.+D%C3%A9couvrez-la+en+images%21+%26nbsp%3B+%26nbsp%3B+R%C3%A9dactrice%C2%A0%3A+Diane+Stehl%C3%A9+Couverture+%3A+Burj-Al-Arab+vu+de+la+plage+Photos+%3A+gracieuset%C3%A9+de+Tourisme+Dubai%CC%88', 'sharer', 'toolbar=0,status=0,width=620,height=280');\">\n\t\t\t\t\t<span class=\"edgtf-social-network-icon social_facebook\"><\/span>\n\t\t\t<\/a>\n<\/li><li class=\"edgtf-twitter-share\">\n\t<a class=\"edgtf-share-link\" href=\"#\" onclick=\"window.open('http:\/\/twitter.com\/home?status=Passer+la+matin%C3%A9e+%C3%A0+la+plage%2C+faire+du+ski+en+apr%C3%A8s-midi%2C+monter+%C3%A0+dos+de+chameau+dans+le+d%C3%A9sert%C2%A0le+soir.+Plonger+https:\/\/magazineluxe.com\/fr\/dubai-en-images\/', 'popupwindow', 'scrollbars=yes,width=800,height=400');\">\n\t\t\t\t\t<span class=\"edgtf-social-network-icon social_twitter\"><\/span>\n\t\t\t<\/a>\n<\/li><li class=\"edgtf-linkedin-share\">\n\t<a class=\"edgtf-share-link\" href=\"#\" onclick=\"popUp=window.open('http:\/\/linkedin.com\/shareArticle?mini=true&amp;url=https%3A%2F%2Fmagazineluxe.com%2Ffr%2Fdubai-en-images%2F&amp;title=Duba%C3%AF+en+images', 'popupwindow', 'scrollbars=yes,width=800,height=400');popUp.focus();return false;\">\n\t\t\t\t\t<span class=\"edgtf-social-network-icon social_linkedin\"><\/span>\n\t\t\t<\/a>\n<\/li><li class=\"edgtf-pinterest-share\">\n\t<a class=\"edgtf-share-link\" href=\"#\" onclick=\"popUp=window.open('http:\/\/pinterest.com\/pin\/create\/button\/?url=https%3A%2F%2Fmagazineluxe.com%2Ffr%2Fdubai-en-images%2F&amp;description=Duba\u00ef en images&amp;media=https%3A%2F%2Fmagazineluxe.com%2Fwp-content%2Fuploads%2F2022%2F10%2Fdubai-8.jpg', 'popupwindow', 'scrollbars=yes,width=800,height=400');popUp.focus();return false;\">\n\t\t\t\t\t<span class=\"edgtf-social-network-icon social_pinterest\"><\/span>\n\t\t\t<\/a>\n<\/li>\t\t<\/ul>\n\t<\/div>\n<\/div><\/div>\n        <\/div>\n    <\/div>\n<\/div><div class=\"edgtf-post-example-item-three-item edgtf-post-item\">\n        <div class=\"edgtf-post-example-item-three-image-holder\">\n                <div class=\"edgtf-post-example-item-three-image-inner-holder\">\n            <img loading=\"lazy\" decoding=\"async\" src=\"https:\/\/magazineluxe.com\/wp-content\/uploads\/2022\/07\/grand-harbor-vero-beach-florida-floride-3-410x230.jpg\" alt=\"\" width=\"410\" height=\"230\" \/>        <\/div>\n        <a itemprop=\"url\" class=\"edgtf-post-example-item-three-slide-link\" href=\"https:\/\/magazineluxe.com\/fr\/grand-harbor-la-belle-vie-au-meilleur-club-de-golf-prive-vero-beach\/\" target=\"_self\"><\/a>\n    <\/div>\n        <div class=\"edgtf-post-example-item-three-content-holder\">\n        <div class=\"edgtf-post-example-item-three-title-holder\">\n            <h3 class=\"edgtf-post-example-item-three-title\">\n                <a itemprop=\"url\" href=\"https:\/\/magazineluxe.com\/fr\/grand-harbor-la-belle-vie-au-meilleur-club-de-golf-prive-vero-beach\/\" target=\"_self\">\n                    Grand Harbor : la belle vie au meilleur club de golf priv\u00e9 de Vero Beach                <\/a>\n            <\/h3>\n        <\/div>\n                    <div class=\"edgtf-post-example-item-three-excerpt\">\n                <p class=\"edgtf-post-excerpt\">Une exp\u00e9rience exclusive de golf et de plage r\u00e9serv\u00e9e aux membres vous attend sous le soleil de la Floride : le Grand Harbor offre les meilleures installations de luxe en bord de mer et de golf haut de gamme, dans la magnifique ville de Vero Beach. Le club accueille les<\/p>            <\/div>\n                <div class=\"edgtf-post-example-item-three-info-section\">\n                        <div class=\"edgtf-post-info-comments-holder\">\n    <a itemprop=\"url\" class=\"edgtf-post-info-comments edgtf-comments-with-icon\" href=\"https:\/\/magazineluxe.com\/fr\/grand-harbor-la-belle-vie-au-meilleur-club-de-golf-prive-vero-beach\/#respond\" target=\"_self\">\n        0     <\/a>\n<\/div>            <div class=\"edgtf-blog-like\">\n\t<a href=\"#\" class=\"edgtf-like\" id=\"edgtf-like-18387-996\" title=\"Like this\" data-post-id=\"18387\"><span>2<\/span><input type=\"hidden\" id=\"edgtf_like_nonce_18387\" name=\"edgtf_like_nonce_18387\" value=\"4a6a68a864\" \/><input type=\"hidden\" name=\"_wp_http_referer\" value=\"\/fr\/wp-json\/wp\/v2\/pages\/13743\" \/><\/a><\/div>\n            <div class=\"edgtf-blog-share\">\n\t<div class=\"edgtf-social-share-holder edgtf-dropdown \">\n\t<a href=\"javascript:void(0)\" target=\"_self\" class=\"edgtf-social-share-dropdown-opener\">\n\t\t<span class=\"edgtf-social-share-title\">PARTAGER<\/span>\n\t<\/a>\n\t<div class=\"edgtf-social-share-dropdown\">\n\t\t<ul>\n\t\t\t<li class=\"edgtf-facebook-share\">\n\t<a class=\"edgtf-share-link\" href=\"#\" onclick=\"window.open('http:\/\/www.facebook.com\/sharer.php?s=100&amp;p[title]=Grand+Harbor+%3A+la+belle+vie+au+meilleur+club+de+golf+priv%C3%A9+de+Vero+Beach&amp;p[url]=https%3A%2F%2Fmagazineluxe.com%2Ffr%2Fgrand-harbor-la-belle-vie-au-meilleur-club-de-golf-prive-vero-beach%2F&amp;p[images][0]=https:\/\/magazineluxe.com\/wp-content\/uploads\/2022\/07\/grand-harbor-vero-beach-florida-floride-3.jpg&amp;p[summary]=Une+exp%C3%A9rience+exclusive+de+golf+et+de+plage+r%C3%A9serv%C3%A9e+aux+membres+vous+attend+sous+le+soleil+de+la+Floride+%3A+le+Grand+Harbor+offre+les+meilleures+installations+de+luxe+en+bord+de+mer+et+de+golf+haut+de+gamme%2C+dans+la+magnifique+ville+de+Vero+Beach.+Le+club+accueille+les+personnes+%C3%A0+la+recherche+d%E2%80%99une+foule+d%E2%80%99activit%C3%A9s+et+de+bons+repas+ainsi+que+d%E2%80%99une+sc%C3%A8ne+sociale+qui+suscite+l%E2%80%99envie.+Terre+et+mer+%3A+le+meilleur+de+Vero+Beach+Les+parcours+de+golf+River+et+Harbor+de+Grand%C2%A0Harbor%2C+con%C3%A7us+par+Joe%C2%A0Lee+et+Pete%C2%A0Dye%2C+respectivement%2C+sauront+mettre+au+d%C3%A9fi+m%C3%AAme+les+golfeurs+les+plus+chevronn%C3%A9s.+Les+deux+parcours+ont+obtenu+la+certification+Audubon%C2%A0Cooperative%C2%A0International%C2%A0Sanctuary+en%C2%A02001.+Les+terres+humides+avoisinantes+et+la+vue+sur+l%E2%80%99eau+offrent+un+arri%C3%A8re-plan+spectaculaire+tout+au+long+de+la+partie.+%26nbsp%3B+Le+parcours+River+qui+donne+sur+le+Indian+River+Lagoon+demande+aux+golfeurs+de+garder+la+t%C3%AAte+froide+puisque+les+obstacles+naturels+et+les+bassins+pr%C3%A9sentent+de+beaux+d%C3%A9fis+tout+au+long+des+splendides+all%C3%A9es.+Le+parcours+Harbor+poss%C3%A8de+le+charme+d%E2%80%99antan+des+verts+vallonn%C3%A9s+des+links+%C3%A9cossais%2C+des+monticules+%C3%A9pars+et+des+murets+en+bois.+Les+joueurs+de+tous+les+niveaux+seront+ravis+de+parcourir+ce+terrain+%5B%26hellip%3B%5D', 'sharer', 'toolbar=0,status=0,width=620,height=280');\">\n\t\t\t\t\t<span class=\"edgtf-social-network-icon social_facebook\"><\/span>\n\t\t\t<\/a>\n<\/li><li class=\"edgtf-twitter-share\">\n\t<a class=\"edgtf-share-link\" href=\"#\" onclick=\"window.open('http:\/\/twitter.com\/home?status=Une+exp%C3%A9rience+exclusive+de+golf+et+de+plage+r%C3%A9serv%C3%A9e+aux+membres+vous+attend+sous+le+soleil+de+la+Floride+%3A+le+Grand+https:\/\/magazineluxe.com\/fr\/grand-harbor-la-belle-vie-au-meilleur-club-de-golf-prive-vero-beach\/', 'popupwindow', 'scrollbars=yes,width=800,height=400');\">\n\t\t\t\t\t<span class=\"edgtf-social-network-icon social_twitter\"><\/span>\n\t\t\t<\/a>\n<\/li><li class=\"edgtf-linkedin-share\">\n\t<a class=\"edgtf-share-link\" href=\"#\" onclick=\"popUp=window.open('http:\/\/linkedin.com\/shareArticle?mini=true&amp;url=https%3A%2F%2Fmagazineluxe.com%2Ffr%2Fgrand-harbor-la-belle-vie-au-meilleur-club-de-golf-prive-vero-beach%2F&amp;title=Grand+Harbor+%3A+la+belle+vie+au+meilleur+club+de+golf+priv%C3%A9+de+Vero+Beach', 'popupwindow', 'scrollbars=yes,width=800,height=400');popUp.focus();return false;\">\n\t\t\t\t\t<span class=\"edgtf-social-network-icon social_linkedin\"><\/span>\n\t\t\t<\/a>\n<\/li><li class=\"edgtf-pinterest-share\">\n\t<a class=\"edgtf-share-link\" href=\"#\" onclick=\"popUp=window.open('http:\/\/pinterest.com\/pin\/create\/button\/?url=https%3A%2F%2Fmagazineluxe.com%2Ffr%2Fgrand-harbor-la-belle-vie-au-meilleur-club-de-golf-prive-vero-beach%2F&amp;description=Grand Harbor : la belle vie au meilleur club de golf priv\u00e9 de Vero Beach&amp;media=https%3A%2F%2Fmagazineluxe.com%2Fwp-content%2Fuploads%2F2022%2F07%2Fgrand-harbor-vero-beach-florida-floride-3.jpg', 'popupwindow', 'scrollbars=yes,width=800,height=400');popUp.focus();return false;\">\n\t\t\t\t\t<span class=\"edgtf-social-network-icon social_pinterest\"><\/span>\n\t\t\t<\/a>\n<\/li>\t\t<\/ul>\n\t<\/div>\n<\/div><\/div>\n        <\/div>\n    <\/div>\n<\/div><div class=\"edgtf-post-example-item-three-item edgtf-post-item\">\n        <div class=\"edgtf-post-example-item-three-image-holder\">\n                <div class=\"edgtf-post-example-item-three-image-inner-holder\">\n            <img loading=\"lazy\" decoding=\"async\" src=\"https:\/\/magazineluxe.com\/wp-content\/uploads\/2022\/06\/luxe-magazine-ritz-carlton-bal-harbour-miami-410x230.jpg\" alt=\"\" width=\"410\" height=\"230\" \/>        <\/div>\n        <a itemprop=\"url\" class=\"edgtf-post-example-item-three-slide-link\" href=\"https:\/\/magazineluxe.com\/fr\/ritz-carlton-bal-harbour-la-quintessence-du-luxe-a-miami\/\" target=\"_self\"><\/a>\n    <\/div>\n        <div class=\"edgtf-post-example-item-three-content-holder\">\n        <div class=\"edgtf-post-example-item-three-title-holder\">\n            <h3 class=\"edgtf-post-example-item-three-title\">\n                <a itemprop=\"url\" href=\"https:\/\/magazineluxe.com\/fr\/ritz-carlton-bal-harbour-la-quintessence-du-luxe-a-miami\/\" target=\"_self\">\n                    Ritz-Carlton Bal Harbour : la quintessence du luxe \u00e0 Miami                <\/a>\n            <\/h3>\n        <\/div>\n                    <div class=\"edgtf-post-example-item-three-excerpt\">\n                <p class=\"edgtf-post-excerpt\">Nich\u00e9 sur une p\u00e9ninsule priv\u00e9e bordant la mythique plage de Miami, le Ritz-Carlton Bal Harbour se dresse sur l\u2019Atlantique en v\u00e9ritable havre de gr\u00e2ce. Offrant tout le meilleur de l\u2019h\u00f4tellerie, cet h\u00f4tel cinq \u00e9toiles promet une exp\u00e9rience immersive hors du commun, empreinte de sophistication pour tous les sens.\r\n\r\n&nbsp;\r\n\r\n\r\nD\u00e9finir l\u2019exceptionnel, voici<\/p>            <\/div>\n                <div class=\"edgtf-post-example-item-three-info-section\">\n                        <div class=\"edgtf-post-info-comments-holder\">\n    <a itemprop=\"url\" class=\"edgtf-post-info-comments edgtf-comments-with-icon\" href=\"https:\/\/magazineluxe.com\/fr\/ritz-carlton-bal-harbour-la-quintessence-du-luxe-a-miami\/#respond\" target=\"_self\">\n        0     <\/a>\n<\/div>            <div class=\"edgtf-blog-like\">\n\t<a href=\"#\" class=\"edgtf-like\" id=\"edgtf-like-18297-278\" title=\"Like this\" data-post-id=\"18297\"><span>2<\/span><input type=\"hidden\" id=\"edgtf_like_nonce_18297\" name=\"edgtf_like_nonce_18297\" value=\"04260d4cf6\" \/><input type=\"hidden\" name=\"_wp_http_referer\" value=\"\/fr\/wp-json\/wp\/v2\/pages\/13743\" \/><\/a><\/div>\n            <div class=\"edgtf-blog-share\">\n\t<div class=\"edgtf-social-share-holder edgtf-dropdown \">\n\t<a href=\"javascript:void(0)\" target=\"_self\" class=\"edgtf-social-share-dropdown-opener\">\n\t\t<span class=\"edgtf-social-share-title\">PARTAGER<\/span>\n\t<\/a>\n\t<div class=\"edgtf-social-share-dropdown\">\n\t\t<ul>\n\t\t\t<li class=\"edgtf-facebook-share\">\n\t<a class=\"edgtf-share-link\" href=\"#\" onclick=\"window.open('http:\/\/www.facebook.com\/sharer.php?s=100&amp;p[title]=Ritz-Carlton+Bal+Harbour+%3A+la+quintessence+du+luxe+%C3%A0+Miami&amp;p[url]=https%3A%2F%2Fmagazineluxe.com%2Ffr%2Fritz-carlton-bal-harbour-la-quintessence-du-luxe-a-miami%2F&amp;p[images][0]=https:\/\/magazineluxe.com\/wp-content\/uploads\/2022\/06\/luxe-magazine-ritz-carlton-bal-harbour-miami.jpg&amp;p[summary]=Nich%C3%A9+sur+une+p%C3%A9ninsule+priv%C3%A9e+bordant+la+mythique+plage+de+Miami%2C+le+Ritz-Carlton+Bal+Harbour+se+dresse+sur+l%E2%80%99Atlantique+en+v%C3%A9ritable+havre+de+gr%C3%A2ce.+Offrant+tout+le+meilleur+de+l%E2%80%99h%C3%B4tellerie%2C+cet+h%C3%B4tel+cinq+%C3%A9toiles+promet+une+exp%C3%A9rience+immersive+hors+du+commun%2C+empreinte+de+sophistication+pour+tous+les+sens.+%26nbsp%3B+D%C3%A9finir+l%E2%80%99exceptionnel%2C+voici+ce+que+r%C3%A9serve+l%E2%80%99accueil+du+Bal+Harbour.+Id%C3%A9alement+situ%C3%A9+dans+le+quartier+s%C3%A9lect+du+m%C3%AAme+nom%2C+le+complexe+ouvre+ses+portes+sur+des+horizons+paradisiaques+et+des+s%C3%A9jours+m%C3%A9morables.+En+t%C3%AAte+des+complexes+les+plus+pris%C3%A9s+de+la+ville%2C+ses+installations+sont+un+%C3%A9den+qui+sublime+la+beaut%C3%A9+des+lieux+et+n%E2%80%99ont+d%E2%80%99%C3%A9gal+que+la+qualit%C3%A9+des+boutiques%2C+restaurants+et+galeries+d%E2%80%99art+qui+l%E2%80%99habitent+et+l%E2%80%99entourent.+%26nbsp%3B+%26nbsp%3B+Au+sommet+des+atouts+de+cet+h%C3%B4tel+extraordinaire+priment+les+soins+apport%C3%A9s+%C3%A0+tous+les+d%C3%A9tails.+Espaces+de+repos%2C+de+vie%2C+gastronomie%2C+spa+et+relaxation+%3A+tout+est+fait+dans+les+r%C3%A8gles+de+l%E2%80%99art%2C+avec+la+juste+dose+de+raffinement+et+de+convivialit%C3%A9.+Les+chambres+et+suites+am%C3%A9nag%C3%A9es+sur+des+%C3%A9tages+exclusifs+sont+%C3%A0+couper+le+souffle.+Leurs+terrasses+sur+l%E2%80%99Atlantique+ou+les+jardins+luxuriants+donnent+le+go%C3%BBt+de+plonger+dans+les+vacances.+Apr%C3%A8s+un+bain+de+soleil%2C+de+mer+%5B%26hellip%3B%5D', 'sharer', 'toolbar=0,status=0,width=620,height=280');\">\n\t\t\t\t\t<span class=\"edgtf-social-network-icon social_facebook\"><\/span>\n\t\t\t<\/a>\n<\/li><li class=\"edgtf-twitter-share\">\n\t<a class=\"edgtf-share-link\" href=\"#\" onclick=\"window.open('http:\/\/twitter.com\/home?status=Nich%C3%A9+sur+une+p%C3%A9ninsule+priv%C3%A9e+bordant+la+mythique+plage+de+Miami%2C+le+Ritz-Carlton+Bal+Harbour+se+dresse+sur+https:\/\/magazineluxe.com\/fr\/ritz-carlton-bal-harbour-la-quintessence-du-luxe-a-miami\/', 'popupwindow', 'scrollbars=yes,width=800,height=400');\">\n\t\t\t\t\t<span class=\"edgtf-social-network-icon social_twitter\"><\/span>\n\t\t\t<\/a>\n<\/li><li class=\"edgtf-linkedin-share\">\n\t<a class=\"edgtf-share-link\" href=\"#\" onclick=\"popUp=window.open('http:\/\/linkedin.com\/shareArticle?mini=true&amp;url=https%3A%2F%2Fmagazineluxe.com%2Ffr%2Fritz-carlton-bal-harbour-la-quintessence-du-luxe-a-miami%2F&amp;title=Ritz-Carlton+Bal+Harbour+%3A+la+quintessence+du+luxe+%C3%A0+Miami', 'popupwindow', 'scrollbars=yes,width=800,height=400');popUp.focus();return false;\">\n\t\t\t\t\t<span class=\"edgtf-social-network-icon social_linkedin\"><\/span>\n\t\t\t<\/a>\n<\/li><li class=\"edgtf-pinterest-share\">\n\t<a class=\"edgtf-share-link\" href=\"#\" onclick=\"popUp=window.open('http:\/\/pinterest.com\/pin\/create\/button\/?url=https%3A%2F%2Fmagazineluxe.com%2Ffr%2Fritz-carlton-bal-harbour-la-quintessence-du-luxe-a-miami%2F&amp;description=Ritz-Carlton Bal Harbour : la quintessence du luxe \u00e0 Miami&amp;media=https%3A%2F%2Fmagazineluxe.com%2Fwp-content%2Fuploads%2F2022%2F06%2Fluxe-magazine-ritz-carlton-bal-harbour-miami.jpg', 'popupwindow', 'scrollbars=yes,width=800,height=400');popUp.focus();return false;\">\n\t\t\t\t\t<span class=\"edgtf-social-network-icon social_pinterest\"><\/span>\n\t\t\t<\/a>\n<\/li>\t\t<\/ul>\n\t<\/div>\n<\/div><\/div>\n        <\/div>\n    <\/div>\n<\/div><div class=\"edgtf-post-example-item-three-item edgtf-post-item\">\n        <div class=\"edgtf-post-example-item-three-image-holder\">\n                <div class=\"edgtf-post-example-item-three-image-inner-holder\">\n            <img loading=\"lazy\" decoding=\"async\" src=\"https:\/\/magazineluxe.com\/wp-content\/uploads\/2022\/07\/muir-hotel-halifax-6-410x230.jpg\" alt=\"\" width=\"410\" height=\"230\" \/>        <\/div>\n        <a itemprop=\"url\" class=\"edgtf-post-example-item-three-slide-link\" href=\"https:\/\/magazineluxe.com\/fr\/hotel-muir-halifax-l-ocean-comme-trame-de-fond\/\" target=\"_self\"><\/a>\n    <\/div>\n        <div class=\"edgtf-post-example-item-three-content-holder\">\n        <div class=\"edgtf-post-example-item-three-title-holder\">\n            <h3 class=\"edgtf-post-example-item-three-title\">\n                <a itemprop=\"url\" href=\"https:\/\/magazineluxe.com\/fr\/hotel-muir-halifax-l-ocean-comme-trame-de-fond\/\" target=\"_self\">\n                    H\u00f4tel Muir Halifax : l\u2019oc\u00e9an comme trame de fond                <\/a>\n            <\/h3>\n        <\/div>\n                    <div class=\"edgtf-post-example-item-three-excerpt\">\n                <p class=\"edgtf-post-excerpt\">\u00c9l\u00e9gant et ind\u00e9niablement contemporain, l\u2019h\u00f4tel Muir s\u2019impose comme pi\u00e8ce ma\u00eetresse du tout nouveau quartier de Queen\u2019s Marque. Situ\u00e9 en front de mer en plein c\u0153ur d\u2019Halifax, cet \u00e9tablissement luxueux saura vous charmer par la qualit\u00e9 de son hospitalit\u00e9 haut de gamme.\r\n\r\n&nbsp;\r\n\r\n\r\nMuir est une destination unique, inspir\u00e9e par la beaut\u00e9 naturelle<\/p>            <\/div>\n                <div class=\"edgtf-post-example-item-three-info-section\">\n                        <div class=\"edgtf-post-info-comments-holder\">\n    <a itemprop=\"url\" class=\"edgtf-post-info-comments edgtf-comments-with-icon\" href=\"https:\/\/magazineluxe.com\/fr\/hotel-muir-halifax-l-ocean-comme-trame-de-fond\/#respond\" target=\"_self\">\n        0     <\/a>\n<\/div>            <div class=\"edgtf-blog-like\">\n\t<a href=\"#\" class=\"edgtf-like\" id=\"edgtf-like-18321-583\" title=\"Like this\" data-post-id=\"18321\"><span>3<\/span><input type=\"hidden\" id=\"edgtf_like_nonce_18321\" name=\"edgtf_like_nonce_18321\" value=\"61fcd5ff3a\" \/><input type=\"hidden\" name=\"_wp_http_referer\" value=\"\/fr\/wp-json\/wp\/v2\/pages\/13743\" \/><\/a><\/div>\n            <div class=\"edgtf-blog-share\">\n\t<div class=\"edgtf-social-share-holder edgtf-dropdown \">\n\t<a href=\"javascript:void(0)\" target=\"_self\" class=\"edgtf-social-share-dropdown-opener\">\n\t\t<span class=\"edgtf-social-share-title\">PARTAGER<\/span>\n\t<\/a>\n\t<div class=\"edgtf-social-share-dropdown\">\n\t\t<ul>\n\t\t\t<li class=\"edgtf-facebook-share\">\n\t<a class=\"edgtf-share-link\" href=\"#\" onclick=\"window.open('http:\/\/www.facebook.com\/sharer.php?s=100&amp;p[title]=H%C3%B4tel+Muir+Halifax+%3A+l%E2%80%99oc%C3%A9an+comme+trame+de+fond&amp;p[url]=https%3A%2F%2Fmagazineluxe.com%2Ffr%2Fhotel-muir-halifax-l-ocean-comme-trame-de-fond%2F&amp;p[images][0]=https:\/\/magazineluxe.com\/wp-content\/uploads\/2022\/07\/muir-hotel-halifax-6.jpg&amp;p[summary]=%C3%89l%C3%A9gant+et+ind%C3%A9niablement+contemporain%2C+l%E2%80%99h%C3%B4tel+Muir+s%E2%80%99impose+comme+pi%C3%A8ce+ma%C3%AEtresse+du+tout+nouveau+quartier+de+Queen%E2%80%99s+Marque.+Situ%C3%A9+en+front+de+mer+en+plein+c%C5%93ur+d%E2%80%99Halifax%2C+cet+%C3%A9tablissement+luxueux+saura+vous+charmer+par+la+qualit%C3%A9+de+son+hospitalit%C3%A9+haut+de+gamme.+%26nbsp%3B+Muir+est+une+destination+unique%2C+inspir%C3%A9e+par+la+beaut%C3%A9+naturelle+de+la+Nouvelle-%C3%89cosse.+Avec+son+emplacement+de+premier+ordre%2C+qui+attire+toutes+les+convoitises%2C+jouissez+d%E2%80%99un+acc%C3%A8s+direct+%C3%A0+l%E2%80%99oc%C3%A9an+et+%C3%A9merveillez-vous+devant+une+vue+imprenable.+Profitez+d%E2%80%99espaces+int%C3%A9rieurs+soign%C3%A9s%2C+d%E2%80%99un+centre+de+remise+en+forme+et+de+bien-%C3%AAtre+ultra-premium%2C+de+commodit%C3%A9s+et+d%E2%80%99avantages+exclusifs%2C+en+plus+d%E2%80%99exp%C3%A9riences+culinaires+de+prestige.+Un+design+minimaliste+et+raffin%C3%A9+Con%C3%A7ues+par+le+Studio+Munge%2C+les+chambres+et+les+suites+de+l%E2%80%99h%C3%B4tel+allient+esth%C3%A9tisme+et+fonctionnalit%C3%A9.+Avec+pour+canevas+le+style+mid-century+modern%2C+l%E2%80%99ameublement+de+qualit%C3%A9+sup%C3%A9rieure+s%E2%80%99harmonise+parfaitement+avec+les+singuli%C3%A8res+%C5%93uvres+d%E2%80%99art%2C+offrant+ainsi+un+cadre+serein+et+raffin%C3%A9.+L%E2%80%99utilisation+de+mat%C3%A9riaux+bruts+et+nobles+contribue+%C3%A9galement+%C3%A0+la+beaut%C3%A9+du+lieu.+%26nbsp%3B+%26nbsp%3B+Des+murs+incurv%C3%A9s+de+ch%C3%AAne+blanc+agissent+comme+fil+conducteur+%C3%A0+travers+tout+l%E2%80%99%C3%A9tablissement%3B+il+n%E2%80%99y+a+qu%E2%80%99%C3%A0+les+suivre+du+regard+pour+retrouver+l%E2%80%99oc%C3%A9an.+Les+vastes+fen%C3%AAtres%2C+pr%C3%A9sentes+dans+tout+l%E2%80%99h%C3%B4tel%2C+inondent+les+pi%C3%A8ces+de+%5B%26hellip%3B%5D', 'sharer', 'toolbar=0,status=0,width=620,height=280');\">\n\t\t\t\t\t<span class=\"edgtf-social-network-icon social_facebook\"><\/span>\n\t\t\t<\/a>\n<\/li><li class=\"edgtf-twitter-share\">\n\t<a class=\"edgtf-share-link\" href=\"#\" onclick=\"window.open('http:\/\/twitter.com\/home?status=%C3%89l%C3%A9gant+et+ind%C3%A9niablement+contemporain%2C+l%E2%80%99h%C3%B4tel+Muir+s%E2%80%99impose+comme+pi%C3%A8ce+ma%C3%AEtresse+du+tout+nouveau+quartier+de+https:\/\/magazineluxe.com\/fr\/hotel-muir-halifax-l-ocean-comme-trame-de-fond\/', 'popupwindow', 'scrollbars=yes,width=800,height=400');\">\n\t\t\t\t\t<span class=\"edgtf-social-network-icon social_twitter\"><\/span>\n\t\t\t<\/a>\n<\/li><li class=\"edgtf-linkedin-share\">\n\t<a class=\"edgtf-share-link\" href=\"#\" onclick=\"popUp=window.open('http:\/\/linkedin.com\/shareArticle?mini=true&amp;url=https%3A%2F%2Fmagazineluxe.com%2Ffr%2Fhotel-muir-halifax-l-ocean-comme-trame-de-fond%2F&amp;title=H%C3%B4tel+Muir+Halifax+%3A+l%E2%80%99oc%C3%A9an+comme+trame+de+fond', 'popupwindow', 'scrollbars=yes,width=800,height=400');popUp.focus();return false;\">\n\t\t\t\t\t<span class=\"edgtf-social-network-icon social_linkedin\"><\/span>\n\t\t\t<\/a>\n<\/li><li class=\"edgtf-pinterest-share\">\n\t<a class=\"edgtf-share-link\" href=\"#\" onclick=\"popUp=window.open('http:\/\/pinterest.com\/pin\/create\/button\/?url=https%3A%2F%2Fmagazineluxe.com%2Ffr%2Fhotel-muir-halifax-l-ocean-comme-trame-de-fond%2F&amp;description=H\u00f4tel Muir Halifax : l\u2019oc\u00e9an comme trame de fond&amp;media=https%3A%2F%2Fmagazineluxe.com%2Fwp-content%2Fuploads%2F2022%2F07%2Fmuir-hotel-halifax-6.jpg', 'popupwindow', 'scrollbars=yes,width=800,height=400');popUp.focus();return false;\">\n\t\t\t\t\t<span class=\"edgtf-social-network-icon social_pinterest\"><\/span>\n\t\t\t<\/a>\n<\/li>\t\t<\/ul>\n\t<\/div>\n<\/div><\/div>\n        <\/div>\n    <\/div>\n<\/div><div class=\"edgtf-post-example-item-three-item edgtf-post-item\">\n        <div class=\"edgtf-post-example-item-three-image-holder\">\n                <div class=\"edgtf-post-example-item-three-image-inner-holder\">\n            <img loading=\"lazy\" decoding=\"async\" src=\"https:\/\/magazineluxe.com\/wp-content\/uploads\/2020\/12\/hotel-amanera-diminican-republic-3-410x230.jpg\" alt=\"\" width=\"410\" height=\"230\" \/>        <\/div>\n        <a itemprop=\"url\" class=\"edgtf-post-example-item-three-slide-link\" href=\"https:\/\/magazineluxe.com\/fr\/hotel-amanera-un-ecrin-de-luxe-en-republique-dominicaine\/\" target=\"_self\"><\/a>\n    <\/div>\n        <div class=\"edgtf-post-example-item-three-content-holder\">\n        <div class=\"edgtf-post-example-item-three-title-holder\">\n            <h3 class=\"edgtf-post-example-item-three-title\">\n                <a itemprop=\"url\" href=\"https:\/\/magazineluxe.com\/fr\/hotel-amanera-un-ecrin-de-luxe-en-republique-dominicaine\/\" target=\"_self\">\n                    H\u00f4tel Amanera : Un \u00e9crin de luxe en R\u00e9publique dominicaine                <\/a>\n            <\/h3>\n        <\/div>\n                    <div class=\"edgtf-post-example-item-three-excerpt\">\n                <p class=\"edgtf-post-excerpt\">Situ\u00e9e sur la c\u00f4te nord de l\u2019\u00eele et bord\u00e9e d\u2019une dense for\u00eat de palmiers et de falaises blanches, Playa Grande, l\u2019une des plus belles plages du pays, pr\u00e9sente une nature sauvage et encore peu accessible. C\u2019est au c\u0153ur de ce paradis tropical que le groupe Aman, sp\u00e9cialiste des voyages d\u2019exception,<\/p>            <\/div>\n                <div class=\"edgtf-post-example-item-three-info-section\">\n                        <div class=\"edgtf-post-info-comments-holder\">\n    <a itemprop=\"url\" class=\"edgtf-post-info-comments edgtf-comments-with-icon\" href=\"https:\/\/magazineluxe.com\/fr\/hotel-amanera-un-ecrin-de-luxe-en-republique-dominicaine\/#respond\" target=\"_self\">\n        0     <\/a>\n<\/div>            <div class=\"edgtf-blog-like\">\n\t<a href=\"#\" class=\"edgtf-like\" id=\"edgtf-like-16999-988\" title=\"Like this\" data-post-id=\"16999\"><span>2<\/span><input type=\"hidden\" id=\"edgtf_like_nonce_16999\" name=\"edgtf_like_nonce_16999\" value=\"1d84856594\" \/><input type=\"hidden\" name=\"_wp_http_referer\" value=\"\/fr\/wp-json\/wp\/v2\/pages\/13743\" \/><\/a><\/div>\n            <div class=\"edgtf-blog-share\">\n\t<div class=\"edgtf-social-share-holder edgtf-dropdown \">\n\t<a href=\"javascript:void(0)\" target=\"_self\" class=\"edgtf-social-share-dropdown-opener\">\n\t\t<span class=\"edgtf-social-share-title\">PARTAGER<\/span>\n\t<\/a>\n\t<div class=\"edgtf-social-share-dropdown\">\n\t\t<ul>\n\t\t\t<li class=\"edgtf-facebook-share\">\n\t<a class=\"edgtf-share-link\" href=\"#\" onclick=\"window.open('http:\/\/www.facebook.com\/sharer.php?s=100&amp;p[title]=H%C3%B4tel+Amanera+%3A+Un+%C3%A9crin+de+luxe+en+R%C3%A9publique+dominicaine&amp;p[url]=https%3A%2F%2Fmagazineluxe.com%2Ffr%2Fhotel-amanera-un-ecrin-de-luxe-en-republique-dominicaine%2F&amp;p[images][0]=https:\/\/magazineluxe.com\/wp-content\/uploads\/2020\/12\/hotel-amanera-diminican-republic-3.jpg&amp;p[summary]=Situ%C3%A9e+sur+la+c%C3%B4te+nord+de+l%E2%80%99%C3%AEle+et+bord%C3%A9e+d%E2%80%99une+dense+for%C3%AAt+de+palmiers+et+de+falaises+blanches%2C+Playa+Grande%2C+l%E2%80%99une+des+plus+belles+plages+du+pays%2C+pr%C3%A9sente+une+nature+sauvage+et+encore+peu+accessible.+C%E2%80%99est+au+c%C5%93ur+de+ce+paradis+tropical+que+le+groupe+Aman%2C+sp%C3%A9cialiste+des+voyages+d%E2%80%99exception%2C+a+choisi+d%E2%80%99installer+l%E2%80%99h%C3%B4tel+Amanera+et+ses+25%C2%A0luxueuses+casitas.+Pr%C3%A9parez-vous+%C3%A0+vivre+une+exp%C3%A9rience+unique%21+%26nbsp%3B+Bien+loin+du+tourisme+de+masse+et+de+ses+formules+tout+inclus%2C+l%E2%80%99Amanera+surplombe+l%E2%80%99oc%C3%A9an+du+haut+d%E2%80%99une+falaise.+%C3%80+deux+heures+trente+de+route+de+l%E2%80%99a%C3%A9roport+international+de+Santo%C2%A0Domingo%2C+le+complexe%C2%A0s%E2%80%99%C3%A9tend+sur+un+domaine+de+plus+de+800%C2%A0hectares+r%C3%A9serv%C3%A9+%C3%A0+une+poign%C3%A9e+de+privil%C3%A9gi%C3%A9s.+Seulement+25%C2%A0casitas%C2%A0ont+en+effet+%C3%A9t%C3%A9+construites+pour+accueillir+les+visiteurs.+Con%C3%A7ues+par+l%E2%80%99architecte+John%C2%A0Heah%2C+ces+villas+de%C2%A0style+contemporain+et+minimaliste+disposent+de+terrasses+avec+vue+imprenable+sur+l%E2%80%99oc%C3%A9an.+La+majorit%C3%A9+d%E2%80%99entre+elles+sont+%C3%A9galement+dot%C3%A9es+d%E2%80%99une+piscine+priv%C3%A9e.+Pourvus+de+plafonds+hauts+et+d%E2%80%99un+concept+%C3%A0+aire+ouverte+avec+grandes+baies+vitr%C3%A9es%2C+ces+joyaux+architecturaux+sont+de+v%C3%A9ritables+havres+de+paix%2C+parfaitement+int%C3%A9gr%C3%A9s+%C3%A0+la+nature+environnante.+%C2%AB%C2%A0Nos+salles+de+bain+sont+munies+de+vitres+au+plafond.+Lorsqu%E2%80%99on+prend+une+douche%2C+on+a+vraiment+l%E2%80%99impression+d%E2%80%99%C3%AAtre+%C3%A0+l%E2%80%99ext%C3%A9rieur%C2%A0%C2%BB%2C+explique+%5B%26hellip%3B%5D', 'sharer', 'toolbar=0,status=0,width=620,height=280');\">\n\t\t\t\t\t<span class=\"edgtf-social-network-icon social_facebook\"><\/span>\n\t\t\t<\/a>\n<\/li><li class=\"edgtf-twitter-share\">\n\t<a class=\"edgtf-share-link\" href=\"#\" onclick=\"window.open('http:\/\/twitter.com\/home?status=Situ%C3%A9e+sur+la+c%C3%B4te+nord+de+l%E2%80%99%C3%AEle+et+bord%C3%A9e+d%E2%80%99une+dense+for%C3%AAt+de+palmiers+et+de+falaises+blanches%2C+Playa+Grande%2C+l%E2%80%99une+https:\/\/magazineluxe.com\/fr\/hotel-amanera-un-ecrin-de-luxe-en-republique-dominicaine\/', 'popupwindow', 'scrollbars=yes,width=800,height=400');\">\n\t\t\t\t\t<span class=\"edgtf-social-network-icon social_twitter\"><\/span>\n\t\t\t<\/a>\n<\/li><li class=\"edgtf-linkedin-share\">\n\t<a class=\"edgtf-share-link\" href=\"#\" onclick=\"popUp=window.open('http:\/\/linkedin.com\/shareArticle?mini=true&amp;url=https%3A%2F%2Fmagazineluxe.com%2Ffr%2Fhotel-amanera-un-ecrin-de-luxe-en-republique-dominicaine%2F&amp;title=H%C3%B4tel+Amanera+%3A+Un+%C3%A9crin+de+luxe+en+R%C3%A9publique+dominicaine', 'popupwindow', 'scrollbars=yes,width=800,height=400');popUp.focus();return false;\">\n\t\t\t\t\t<span class=\"edgtf-social-network-icon social_linkedin\"><\/span>\n\t\t\t<\/a>\n<\/li><li class=\"edgtf-pinterest-share\">\n\t<a class=\"edgtf-share-link\" href=\"#\" onclick=\"popUp=window.open('http:\/\/pinterest.com\/pin\/create\/button\/?url=https%3A%2F%2Fmagazineluxe.com%2Ffr%2Fhotel-amanera-un-ecrin-de-luxe-en-republique-dominicaine%2F&amp;description=H\u00f4tel Amanera : Un \u00e9crin de luxe en R\u00e9publique dominicaine&amp;media=https%3A%2F%2Fmagazineluxe.com%2Fwp-content%2Fuploads%2F2020%2F12%2Fhotel-amanera-diminican-republic-3.jpg', 'popupwindow', 'scrollbars=yes,width=800,height=400');popUp.focus();return false;\">\n\t\t\t\t\t<span class=\"edgtf-social-network-icon social_pinterest\"><\/span>\n\t\t\t<\/a>\n<\/li>\t\t<\/ul>\n\t<\/div>\n<\/div><\/div>\n        <\/div>\n    <\/div>\n<\/div><div class=\"edgtf-post-example-item-three-item edgtf-post-item\">\n        <div class=\"edgtf-post-example-item-three-image-holder\">\n                <div class=\"edgtf-post-example-item-three-image-inner-holder\">\n            <img loading=\"lazy\" decoding=\"async\" src=\"https:\/\/magazineluxe.com\/wp-content\/uploads\/2020\/12\/Paradise-exists-Thai-island-of-Koh-Rang-Noi-410x230.jpg\" alt=\"\" width=\"410\" height=\"230\" \/>        <\/div>\n        <a itemprop=\"url\" class=\"edgtf-post-example-item-three-slide-link\" href=\"https:\/\/magazineluxe.com\/fr\/le-paradis-existe-lile-thailandaise-de-koh-rang-noi\/\" target=\"_self\"><\/a>\n    <\/div>\n        <div class=\"edgtf-post-example-item-three-content-holder\">\n        <div class=\"edgtf-post-example-item-three-title-holder\">\n            <h3 class=\"edgtf-post-example-item-three-title\">\n                <a itemprop=\"url\" href=\"https:\/\/magazineluxe.com\/fr\/le-paradis-existe-lile-thailandaise-de-koh-rang-noi\/\" target=\"_self\">\n                    Le paradis existe : l\u2019\u00eele tha\u00eflandaise de Koh Rang Noi                <\/a>\n            <\/h3>\n        <\/div>\n                    <div class=\"edgtf-post-example-item-three-excerpt\">\n                <p class=\"edgtf-post-excerpt\">Ce n\u2019est pas un fantasme. C\u2019est bien la r\u00e9alit\u00e9. Une \u00eele priv\u00e9e, au milieu d\u2019eaux paradisiaques. Trois merveilleuses maisons dissimul\u00e9es au milieu d\u2019une v\u00e9g\u00e9tation luxuriante et parfaitement entretenue. La discr\u00e8te pr\u00e9sence d\u2019un personnel qui prend soin de tout. Cela existe. Et pas seulement dans vos r\u00eaves les plus fous. Koh<\/p>            <\/div>\n                <div class=\"edgtf-post-example-item-three-info-section\">\n                        <div class=\"edgtf-post-info-comments-holder\">\n    <a itemprop=\"url\" class=\"edgtf-post-info-comments edgtf-comments-with-icon\" href=\"https:\/\/magazineluxe.com\/fr\/le-paradis-existe-lile-thailandaise-de-koh-rang-noi\/#respond\" target=\"_self\">\n        0     <\/a>\n<\/div>            <div class=\"edgtf-blog-like\">\n\t<a href=\"#\" class=\"edgtf-like\" id=\"edgtf-like-10263-525\" title=\"Like this\" data-post-id=\"10263\"><span>2<\/span><input type=\"hidden\" id=\"edgtf_like_nonce_10263\" name=\"edgtf_like_nonce_10263\" value=\"8d46b93038\" \/><input type=\"hidden\" name=\"_wp_http_referer\" value=\"\/fr\/wp-json\/wp\/v2\/pages\/13743\" \/><\/a><\/div>\n            <div class=\"edgtf-blog-share\">\n\t<div class=\"edgtf-social-share-holder edgtf-dropdown \">\n\t<a href=\"javascript:void(0)\" target=\"_self\" class=\"edgtf-social-share-dropdown-opener\">\n\t\t<span class=\"edgtf-social-share-title\">PARTAGER<\/span>\n\t<\/a>\n\t<div class=\"edgtf-social-share-dropdown\">\n\t\t<ul>\n\t\t\t<li class=\"edgtf-facebook-share\">\n\t<a class=\"edgtf-share-link\" href=\"#\" onclick=\"window.open('http:\/\/www.facebook.com\/sharer.php?s=100&amp;p[title]=Le+paradis+existe+%3A+l%E2%80%99%C3%AEle+tha%C3%AFlandaise+de+Koh+Rang+Noi&amp;p[url]=https%3A%2F%2Fmagazineluxe.com%2Ffr%2Fle-paradis-existe-lile-thailandaise-de-koh-rang-noi%2F&amp;p[images][0]=https:\/\/magazineluxe.com\/wp-content\/uploads\/2020\/12\/Paradise-exists-Thai-island-of-Koh-Rang-Noi.jpg&amp;p[summary]=Ce+n%E2%80%99est+pas+un+fantasme.+C%E2%80%99est+bien+la+r%C3%A9alit%C3%A9.+Une+%C3%AEle+priv%C3%A9e%2C+au+milieu+d%E2%80%99eaux+paradisiaques.+Trois+merveilleuses+maisons+dissimul%C3%A9es+au+milieu+d%E2%80%99une+v%C3%A9g%C3%A9tation+luxuriante+et+parfaitement+entretenue.+La+discr%C3%A8te+pr%C3%A9sence+d%E2%80%99un+personnel+qui+prend+soin+de+tout.+Cela+existe.+Et+pas+seulement+dans+vos+r%C3%AAves+les+plus+fous.+Koh+Rang+Noi+est+une+oasis+de+luxe+et+de+plaisir.+Soyez+pr%C3%AAt%E2%80%A6+le+bateau+quitte+Phuket.+Koh+Rang+Noi%2C+le+paradis+incarn%C3%A9+Situ%C3%A9e+dans+les+eaux+chaudes+et+d%E2%80%99un+bleu+turquoise+de+la+mer+d%E2%80%99Andaman%2C+la+magnifique+%C3%AEle+de+Koh+Rang+Noi+appartient+%C3%A0+un+particulier+qui+a+cr%C3%A9%C3%A9+un+paradis+parfait.+Seulement+trois+villas+ont+%C3%A9t%C3%A9+construites+sur+l%E2%80%99%C3%AEle+%3A+offrant+19+chambres+au+total%2C+elles+peuvent+accueillir+38+personnes.+On+y+retrouve+du+personnel+pour+r%C3%A9pondre+%C3%A0+tout%2C+de+superbes+piscines+et+des+plages+magiques.+Il+est+possible+de+r%C3%A9server+l%E2%80%99%C3%AEle+au+complet%2C+ou+l%E2%80%99une+de+ses+merveilleuses+villas.+Koh+Rang+Noi+red%C3%A9finit+le+concept+m%C3%AAme+d%E2%80%99exclusivit%C3%A9.+%26nbsp%3B+On+pourrait+penser+qu%E2%80%99une+%C3%AEle+paradisiaque+telle+que+Koh+Rang+Noi+est+inaccessible.+Que+pour+jouir+d%E2%80%99une+telle+discr%C3%A9tion%2C+il+faut+faire+un+interminable+voyage.+Mais+en+fait%2C+cette+%C3%AEle+hautement+s%C3%A9curitaire+est+situ%C3%A9e+dans+la+baie+tha%C3%AFlandaise+de+Phang+%5B%26hellip%3B%5D', 'sharer', 'toolbar=0,status=0,width=620,height=280');\">\n\t\t\t\t\t<span class=\"edgtf-social-network-icon social_facebook\"><\/span>\n\t\t\t<\/a>\n<\/li><li class=\"edgtf-twitter-share\">\n\t<a class=\"edgtf-share-link\" href=\"#\" onclick=\"window.open('http:\/\/twitter.com\/home?status=Ce+n%E2%80%99est+pas+un+fantasme.+C%E2%80%99est+bien+la+r%C3%A9alit%C3%A9.+Une+%C3%AEle+priv%C3%A9e%2C+au+milieu+d%E2%80%99eaux+paradisiaques.+Trois+merveilleuses+https:\/\/magazineluxe.com\/fr\/le-paradis-existe-lile-thailandaise-de-koh-rang-noi\/', 'popupwindow', 'scrollbars=yes,width=800,height=400');\">\n\t\t\t\t\t<span class=\"edgtf-social-network-icon social_twitter\"><\/span>\n\t\t\t<\/a>\n<\/li><li class=\"edgtf-linkedin-share\">\n\t<a class=\"edgtf-share-link\" href=\"#\" onclick=\"popUp=window.open('http:\/\/linkedin.com\/shareArticle?mini=true&amp;url=https%3A%2F%2Fmagazineluxe.com%2Ffr%2Fle-paradis-existe-lile-thailandaise-de-koh-rang-noi%2F&amp;title=Le+paradis+existe+%3A+l%E2%80%99%C3%AEle+tha%C3%AFlandaise+de+Koh+Rang+Noi', 'popupwindow', 'scrollbars=yes,width=800,height=400');popUp.focus();return false;\">\n\t\t\t\t\t<span class=\"edgtf-social-network-icon social_linkedin\"><\/span>\n\t\t\t<\/a>\n<\/li><li class=\"edgtf-pinterest-share\">\n\t<a class=\"edgtf-share-link\" href=\"#\" onclick=\"popUp=window.open('http:\/\/pinterest.com\/pin\/create\/button\/?url=https%3A%2F%2Fmagazineluxe.com%2Ffr%2Fle-paradis-existe-lile-thailandaise-de-koh-rang-noi%2F&amp;description=Le paradis existe : l\u2019\u00eele tha\u00eflandaise de Koh Rang Noi&amp;media=https%3A%2F%2Fmagazineluxe.com%2Fwp-content%2Fuploads%2F2020%2F12%2FParadise-exists-Thai-island-of-Koh-Rang-Noi.jpg', 'popupwindow', 'scrollbars=yes,width=800,height=400');popUp.focus();return false;\">\n\t\t\t\t\t<span class=\"edgtf-social-network-icon social_pinterest\"><\/span>\n\t\t\t<\/a>\n<\/li>\t\t<\/ul>\n\t<\/div>\n<\/div><\/div>\n        <\/div>\n    <\/div>\n<\/div><div class=\"edgtf-post-example-item-three-item edgtf-post-item\">\n        <div class=\"edgtf-post-example-item-three-image-holder\">\n                <div class=\"edgtf-post-example-item-three-image-inner-holder\">\n            <img loading=\"lazy\" decoding=\"async\" src=\"https:\/\/magazineluxe.com\/wp-content\/uploads\/2020\/02\/Marival-Armony-Luxury-Resort-3-410x230.jpg\" alt=\"\" width=\"410\" height=\"230\" \/>        <\/div>\n        <a itemprop=\"url\" class=\"edgtf-post-example-item-three-slide-link\" href=\"https:\/\/magazineluxe.com\/fr\/marival-armony-luxury-resort-lhotellerie-a-son-meilleur-a-punta-de-mita\/\" target=\"_self\"><\/a>\n    <\/div>\n        <div class=\"edgtf-post-example-item-three-content-holder\">\n        <div class=\"edgtf-post-example-item-three-title-holder\">\n            <h3 class=\"edgtf-post-example-item-three-title\">\n                <a itemprop=\"url\" href=\"https:\/\/magazineluxe.com\/fr\/marival-armony-luxury-resort-lhotellerie-a-son-meilleur-a-punta-de-mita\/\" target=\"_self\">\n                    Marival Armony Luxury Resort : l\u2019h\u00f4tellerie \u00e0 son meilleur \u00e0 Punta de Mita                <\/a>\n            <\/h3>\n        <\/div>\n                    <div class=\"edgtf-post-example-item-three-excerpt\">\n                <p class=\"edgtf-post-excerpt\">Marival Resorts, une entreprise familiale fond\u00e9e il y a plus de 30\u00a0ans, monte la barre de l\u2019industrie h\u00f4teli\u00e8re avec la cr\u00e9ation du complexe Marival Armony Luxury Resort, un tout nouvel h\u00f4tel de type tout-inclus offrant des services incomparables et des paysages \u00e0 couper le souffle. Situ\u00e9 \u00e0 Punta de Mita<\/p>            <\/div>\n                <div class=\"edgtf-post-example-item-three-info-section\">\n                        <div class=\"edgtf-post-info-comments-holder\">\n    <a itemprop=\"url\" class=\"edgtf-post-info-comments edgtf-comments-with-icon\" href=\"https:\/\/magazineluxe.com\/fr\/marival-armony-luxury-resort-lhotellerie-a-son-meilleur-a-punta-de-mita\/#respond\" target=\"_self\">\n        0     <\/a>\n<\/div>            <div class=\"edgtf-blog-like\">\n\t<a href=\"#\" class=\"edgtf-like\" id=\"edgtf-like-14770-975\" title=\"Like this\" data-post-id=\"14770\"><span>2<\/span><input type=\"hidden\" id=\"edgtf_like_nonce_14770\" name=\"edgtf_like_nonce_14770\" value=\"ede2ae7228\" \/><input type=\"hidden\" name=\"_wp_http_referer\" value=\"\/fr\/wp-json\/wp\/v2\/pages\/13743\" \/><\/a><\/div>\n            <div class=\"edgtf-blog-share\">\n\t<div class=\"edgtf-social-share-holder edgtf-dropdown \">\n\t<a href=\"javascript:void(0)\" target=\"_self\" class=\"edgtf-social-share-dropdown-opener\">\n\t\t<span class=\"edgtf-social-share-title\">PARTAGER<\/span>\n\t<\/a>\n\t<div class=\"edgtf-social-share-dropdown\">\n\t\t<ul>\n\t\t\t<li class=\"edgtf-facebook-share\">\n\t<a class=\"edgtf-share-link\" href=\"#\" onclick=\"window.open('http:\/\/www.facebook.com\/sharer.php?s=100&amp;p[title]=Marival+Armony+Luxury+Resort+%3A+l%E2%80%99h%C3%B4tellerie+%C3%A0+son+meilleur+%C3%A0+Punta+de+Mita&amp;p[url]=https%3A%2F%2Fmagazineluxe.com%2Ffr%2Fmarival-armony-luxury-resort-lhotellerie-a-son-meilleur-a-punta-de-mita%2F&amp;p[images][0]=https:\/\/magazineluxe.com\/wp-content\/uploads\/2020\/02\/Marival-Armony-Luxury-Resort-3.jpg&amp;p[summary]=Marival+Resorts%2C+une+entreprise+familiale+fond%C3%A9e+il+y+a+plus+de+30%C2%A0ans%2C+monte+la+barre+de+l%E2%80%99industrie+h%C3%B4teli%C3%A8re+avec+la+cr%C3%A9ation+du+complexe+Marival+Armony+Luxury+Resort%2C+un+tout+nouvel+h%C3%B4tel+de+type+tout-inclus+offrant+des+services+incomparables+et+des+paysages+%C3%A0+couper+le+souffle.+Situ%C3%A9+%C3%A0+Punta+de+Mita+au+Mexique%2C+le+Marival+Armony+se+targue+d%E2%80%99offrir+des+services+et+des+installations+haut+de+gamme+au+c%C5%93ur+d%E2%80%99un+milieu+naturel+des+plus+enchanteurs.+Un+paysage+%C3%A0+faire+r%C3%AAver+Le+Marival+Armony+Luxury+Resort+ouvre+officiellement+ses+portes+aux+voyageurs+du+monde+entier+dans+un+cadre+naturel+des+plus+enchanteurs%2C+voire+le+plus+spectaculaire+de+la+r%C3%A9gion.+%C2%AB%C2%A0Ce+qui+rend+le+Marival+Armony+unique%2C+c%E2%80%99est+qu%E2%80%99il+est+nich%C3%A9+pr%C3%A8s+d%E2%80%99une+crique%2C+le+long+de+la+plus+belle+plage+de+la+baie.+Vous+pouvez+vous+promener+le+long+de+la+plage+de+sable+blanc+ou+encore+vous+avancer+quelques+m%C3%A8tres+dans+l%E2%80%99oc%C3%A9an+pour+admirer+le+paysage+magique+et+%C3%A9poustouflant+de+Punta+de+Mita%C2%A0%C2%BB%2C+affirme+Nuit+Hern%C3%A1ndez%2C+directrice+des+ventes+pour+le+march%C3%A9+du+luxe.+La+vue+qu%E2%80%99offrent+les+chambres+est+sublime%C2%A0%3A+la+v%C3%A9g%C3%A9tation+luxuriante+des+montagnes+est+d%E2%80%99un+magnifique+contraste+avec+les+rochers%2C+l%E2%80%99oc%C3%A9an+et+la+verdure+qui+entourent+l%E2%80%99h%C3%B4tel.+Ce+%5B%26hellip%3B%5D', 'sharer', 'toolbar=0,status=0,width=620,height=280');\">\n\t\t\t\t\t<span class=\"edgtf-social-network-icon social_facebook\"><\/span>\n\t\t\t<\/a>\n<\/li><li class=\"edgtf-twitter-share\">\n\t<a class=\"edgtf-share-link\" href=\"#\" onclick=\"window.open('http:\/\/twitter.com\/home?status=Marival+Resorts%2C+une+entreprise+familiale+fond%C3%A9e+il+y+a+plus+de+30%C2%A0ans%2C+monte+la+barre+de+l%E2%80%99industrie+h%C3%B4teli%C3%A8re+avec+https:\/\/magazineluxe.com\/fr\/marival-armony-luxury-resort-lhotellerie-a-son-meilleur-a-punta-de-mita\/', 'popupwindow', 'scrollbars=yes,width=800,height=400');\">\n\t\t\t\t\t<span class=\"edgtf-social-network-icon social_twitter\"><\/span>\n\t\t\t<\/a>\n<\/li><li class=\"edgtf-linkedin-share\">\n\t<a class=\"edgtf-share-link\" href=\"#\" onclick=\"popUp=window.open('http:\/\/linkedin.com\/shareArticle?mini=true&amp;url=https%3A%2F%2Fmagazineluxe.com%2Ffr%2Fmarival-armony-luxury-resort-lhotellerie-a-son-meilleur-a-punta-de-mita%2F&amp;title=Marival+Armony+Luxury+Resort+%3A+l%E2%80%99h%C3%B4tellerie+%C3%A0+son+meilleur+%C3%A0+Punta+de+Mita', 'popupwindow', 'scrollbars=yes,width=800,height=400');popUp.focus();return false;\">\n\t\t\t\t\t<span class=\"edgtf-social-network-icon social_linkedin\"><\/span>\n\t\t\t<\/a>\n<\/li><li class=\"edgtf-pinterest-share\">\n\t<a class=\"edgtf-share-link\" href=\"#\" onclick=\"popUp=window.open('http:\/\/pinterest.com\/pin\/create\/button\/?url=https%3A%2F%2Fmagazineluxe.com%2Ffr%2Fmarival-armony-luxury-resort-lhotellerie-a-son-meilleur-a-punta-de-mita%2F&amp;description=Marival Armony Luxury Resort : l\u2019h\u00f4tellerie \u00e0 son meilleur \u00e0 Punta de Mita&amp;media=https%3A%2F%2Fmagazineluxe.com%2Fwp-content%2Fuploads%2F2020%2F02%2FMarival-Armony-Luxury-Resort-3.jpg', 'popupwindow', 'scrollbars=yes,width=800,height=400');popUp.focus();return false;\">\n\t\t\t\t\t<span class=\"edgtf-social-network-icon social_pinterest\"><\/span>\n\t\t\t<\/a>\n<\/li>\t\t<\/ul>\n\t<\/div>\n<\/div><\/div>\n        <\/div>\n    <\/div>\n<\/div><div class=\"edgtf-post-example-item-three-item edgtf-post-item\">\n        <div class=\"edgtf-post-example-item-three-image-holder\">\n                <div class=\"edgtf-post-example-item-three-image-inner-holder\">\n            <img loading=\"lazy\" decoding=\"async\" src=\"https:\/\/magazineluxe.com\/wp-content\/uploads\/2019\/05\/qatar-airways-2-410x230.jpg\" alt=\"\" width=\"410\" height=\"230\" \/>        <\/div>\n        <a itemprop=\"url\" class=\"edgtf-post-example-item-three-slide-link\" href=\"https:\/\/magazineluxe.com\/fr\/qatar-airways\/\" target=\"_self\"><\/a>\n    <\/div>\n        <div class=\"edgtf-post-example-item-three-content-holder\">\n        <div class=\"edgtf-post-example-item-three-title-holder\">\n            <h3 class=\"edgtf-post-example-item-three-title\">\n                <a itemprop=\"url\" href=\"https:\/\/magazineluxe.com\/fr\/qatar-airways\/\" target=\"_self\">\n                    Qatar Airways : voyager comme un roi                <\/a>\n            <\/h3>\n        <\/div>\n                    <div class=\"edgtf-post-example-item-three-excerpt\">\n                <p class=\"edgtf-post-excerpt\">D\u00e9j\u00e0 r\u00e9put\u00e9e pour ses vols en classe affaires luxueux ainsi que son personnel hors pair, Qatar Airways met la barre encore plus haut avec une premi\u00e8re dans l\u2019industrie\u00a0: la Qsuite, un espace priv\u00e9 dot\u00e9 de cloisons amovibles qui se transforme en grand lit. Cette cabine luxueuse est disponible sur les<\/p>            <\/div>\n                <div class=\"edgtf-post-example-item-three-info-section\">\n                        <div class=\"edgtf-post-info-comments-holder\">\n    <a itemprop=\"url\" class=\"edgtf-post-info-comments edgtf-comments-with-icon\" href=\"https:\/\/magazineluxe.com\/fr\/qatar-airways\/#respond\" target=\"_self\">\n        0     <\/a>\n<\/div>            <div class=\"edgtf-blog-like\">\n\t<a href=\"#\" class=\"edgtf-like\" id=\"edgtf-like-12531-890\" title=\"Like this\" data-post-id=\"12531\"><span>1<\/span><input type=\"hidden\" id=\"edgtf_like_nonce_12531\" name=\"edgtf_like_nonce_12531\" value=\"9d76e419bb\" \/><input type=\"hidden\" name=\"_wp_http_referer\" value=\"\/fr\/wp-json\/wp\/v2\/pages\/13743\" \/><\/a><\/div>\n            <div class=\"edgtf-blog-share\">\n\t<div class=\"edgtf-social-share-holder edgtf-dropdown \">\n\t<a href=\"javascript:void(0)\" target=\"_self\" class=\"edgtf-social-share-dropdown-opener\">\n\t\t<span class=\"edgtf-social-share-title\">PARTAGER<\/span>\n\t<\/a>\n\t<div class=\"edgtf-social-share-dropdown\">\n\t\t<ul>\n\t\t\t<li class=\"edgtf-facebook-share\">\n\t<a class=\"edgtf-share-link\" href=\"#\" onclick=\"window.open('http:\/\/www.facebook.com\/sharer.php?s=100&amp;p[title]=Qatar+Airways+%3A+voyager+comme+un+roi&amp;p[url]=https%3A%2F%2Fmagazineluxe.com%2Ffr%2Fqatar-airways%2F&amp;p[images][0]=https:\/\/magazineluxe.com\/wp-content\/uploads\/2019\/05\/qatar-airways-2.jpg&amp;p[summary]=D%C3%A9j%C3%A0+r%C3%A9put%C3%A9e+pour+ses+vols+en+classe+affaires+luxueux+ainsi+que+son+personnel+hors+pair%2C+Qatar+Airways+met+la+barre+encore+plus+haut+avec+une+premi%C3%A8re+dans+l%E2%80%99industrie%C2%A0%3A+la+Qsuite%2C+un+espace+priv%C3%A9+dot%C3%A9+de+cloisons+amovibles+qui+se+transforme+en+grand+lit.+Cette+cabine+luxueuse+est+disponible+sur+les+vols+Montr%C3%A9al-Doha%2C+offerts+quatre+fois+par+semaine.+%26nbsp%3B+Apr%C3%A8s+avoir+suivi+le+parcours+classique+d%E2%80%99un+passager+en+classe+affaires%2C+soit+un%C2%A0embarquement+dans+l%E2%80%99appareil+s%C3%A9par%C3%A9+du+reste+des+passagers%2C+chaque+voyageur+est+accueilli+par+le+personnel+courtois+de+Qatar+Airways+%C3%A0+bord+d%E2%80%99un+Boeing%C2%A0777-300ER.+Gr%C3%A2ce+%C3%A0+son+niveau+de+bruit+bimoteur+le+moins+%C3%A9lev%C3%A9+au+monde%2C+%C3%A0+une+technologie+de+climatisation+avanc%C3%A9e+et+%C3%A0+un+%C3%A9clairage+ambiant+compl%C3%A8tement+DEL%2C+cet+appareil+offre+un+niveau+de+confort+extr%C3%AAmement+%C3%A9lev%C3%A9.+%26nbsp%3B+%26nbsp%3B+Une+fois+%C3%A0+l%E2%80%99int%C3%A9rieur%2C+chacune+des+42%C2%A0Qsuite+de+l%E2%80%99appareil+a+de+quoi+s%C3%A9duire.+Chaque+d%C3%A9tail+a+%C3%A9t%C3%A9+pens%C3%A9+pour+que+le+voyage+soit+des+plus+agr%C3%A9ables.+Les+si%C3%A8ges+en+cuir+cousu+main+poss%C3%A8dent+un+fini+or+rose+satin%C3%A9%2C+l%E2%80%99%C3%A9clairage+est+tamis%C3%A9+et+chaque+si%C3%A8ge+dispose+d%E2%80%99un+tableau+multim%C3%A9dia+comportant+tous+les+types+de+prise+%C3%A9lectrique.+Avec+plus+de+4%E2%80%89000%C2%A0titres%2C+le+choix+de+films+est+%C3%A9galement+impressionnant.+%C3%80+l%E2%80%99heure+des+repas%2C+une+%5B%26hellip%3B%5D', 'sharer', 'toolbar=0,status=0,width=620,height=280');\">\n\t\t\t\t\t<span class=\"edgtf-social-network-icon social_facebook\"><\/span>\n\t\t\t<\/a>\n<\/li><li class=\"edgtf-twitter-share\">\n\t<a class=\"edgtf-share-link\" href=\"#\" onclick=\"window.open('http:\/\/twitter.com\/home?status=D%C3%A9j%C3%A0+r%C3%A9put%C3%A9e+pour+ses+vols+en+classe+affaires+luxueux+ainsi+que+son+personnel+hors+pair%2C+Qatar+Airways+met+la+barre+https:\/\/magazineluxe.com\/fr\/qatar-airways\/', 'popupwindow', 'scrollbars=yes,width=800,height=400');\">\n\t\t\t\t\t<span class=\"edgtf-social-network-icon social_twitter\"><\/span>\n\t\t\t<\/a>\n<\/li><li class=\"edgtf-linkedin-share\">\n\t<a class=\"edgtf-share-link\" href=\"#\" onclick=\"popUp=window.open('http:\/\/linkedin.com\/shareArticle?mini=true&amp;url=https%3A%2F%2Fmagazineluxe.com%2Ffr%2Fqatar-airways%2F&amp;title=Qatar+Airways+%3A+voyager+comme+un+roi', 'popupwindow', 'scrollbars=yes,width=800,height=400');popUp.focus();return false;\">\n\t\t\t\t\t<span class=\"edgtf-social-network-icon social_linkedin\"><\/span>\n\t\t\t<\/a>\n<\/li><li class=\"edgtf-pinterest-share\">\n\t<a class=\"edgtf-share-link\" href=\"#\" onclick=\"popUp=window.open('http:\/\/pinterest.com\/pin\/create\/button\/?url=https%3A%2F%2Fmagazineluxe.com%2Ffr%2Fqatar-airways%2F&amp;description=Qatar Airways : voyager comme un roi&amp;media=https%3A%2F%2Fmagazineluxe.com%2Fwp-content%2Fuploads%2F2019%2F05%2Fqatar-airways-2.jpg', 'popupwindow', 'scrollbars=yes,width=800,height=400');popUp.focus();return false;\">\n\t\t\t\t\t<span class=\"edgtf-social-network-icon social_pinterest\"><\/span>\n\t\t\t<\/a>\n<\/li>\t\t<\/ul>\n\t<\/div>\n<\/div><\/div>\n        <\/div>\n    <\/div>\n<\/div><div class=\"edgtf-post-example-item-three-item edgtf-post-item\">\n        <div class=\"edgtf-post-example-item-three-image-holder\">\n                <div class=\"edgtf-post-example-item-three-image-inner-holder\">\n            <img loading=\"lazy\" decoding=\"async\" src=\"https:\/\/magazineluxe.com\/wp-content\/uploads\/2019\/05\/Le-Vieux_port_Montreal-\u00a9-Eva-Blue-410x230.jpg\" alt=\"\" width=\"410\" height=\"230\" \/>        <\/div>\n        <a itemprop=\"url\" class=\"edgtf-post-example-item-three-slide-link\" href=\"https:\/\/magazineluxe.com\/fr\/montreal\/\" target=\"_self\"><\/a>\n    <\/div>\n        <div class=\"edgtf-post-example-item-three-content-holder\">\n        <div class=\"edgtf-post-example-item-three-title-holder\">\n            <h3 class=\"edgtf-post-example-item-three-title\">\n                <a itemprop=\"url\" href=\"https:\/\/magazineluxe.com\/fr\/montreal\/\" target=\"_self\">\n                    Montr\u00e9al &#8211; Plus belle que jamais                <\/a>\n            <\/h3>\n        <\/div>\n                    <div class=\"edgtf-post-example-item-three-excerpt\">\n                <p class=\"edgtf-post-excerpt\">Cosmopolite, chaleureuse, r\u00e9solument ouverte sur le monde\u00a0: Montr\u00e9al est un lieu o\u00f9 il fait bon vivre. Elle a d\u2019ailleurs \u00e9t\u00e9 \u00e9lue \u00e0 plusieurs reprises comme l\u2019une des villes offrant la meilleure qualit\u00e9 de vie au monde.\r\n\r\n&nbsp;\r\n\r\nEn plus d\u2019\u00eatre reconnue internationalement pour ses festivals d\u2019envergure, ses \u00e9v\u00e9nements artistiques et sportifs de<\/p>            <\/div>\n                <div class=\"edgtf-post-example-item-three-info-section\">\n                        <div class=\"edgtf-post-info-comments-holder\">\n    <a itemprop=\"url\" class=\"edgtf-post-info-comments edgtf-comments-with-icon\" href=\"https:\/\/magazineluxe.com\/fr\/montreal\/#respond\" target=\"_self\">\n        0     <\/a>\n<\/div>            <div class=\"edgtf-blog-like\">\n\t<a href=\"#\" class=\"edgtf-like\" id=\"edgtf-like-12230-770\" title=\"Like this\" data-post-id=\"12230\"><span>1<\/span><input type=\"hidden\" id=\"edgtf_like_nonce_12230\" name=\"edgtf_like_nonce_12230\" value=\"50f24ca9a4\" \/><input type=\"hidden\" name=\"_wp_http_referer\" value=\"\/fr\/wp-json\/wp\/v2\/pages\/13743\" \/><\/a><\/div>\n            <div class=\"edgtf-blog-share\">\n\t<div class=\"edgtf-social-share-holder edgtf-dropdown \">\n\t<a href=\"javascript:void(0)\" target=\"_self\" class=\"edgtf-social-share-dropdown-opener\">\n\t\t<span class=\"edgtf-social-share-title\">PARTAGER<\/span>\n\t<\/a>\n\t<div class=\"edgtf-social-share-dropdown\">\n\t\t<ul>\n\t\t\t<li class=\"edgtf-facebook-share\">\n\t<a class=\"edgtf-share-link\" href=\"#\" onclick=\"window.open('http:\/\/www.facebook.com\/sharer.php?s=100&amp;p[title]=Montr%C3%A9al+%26%238211%3B+Plus+belle+que+jamais&amp;p[url]=https%3A%2F%2Fmagazineluxe.com%2Ffr%2Fmontreal%2F&amp;p[images][0]=https:\/\/magazineluxe.com\/wp-content\/uploads\/2019\/05\/Le-Vieux_port_Montreal-\u00a9-Eva-Blue.jpg&amp;p[summary]=Cosmopolite%2C+chaleureuse%2C+r%C3%A9solument+ouverte+sur+le+monde%C2%A0%3A+Montr%C3%A9al+est+un+lieu+o%C3%B9+il+fait+bon+vivre.+Elle+a+d%E2%80%99ailleurs+%C3%A9t%C3%A9+%C3%A9lue+%C3%A0+plusieurs+reprises+comme+l%E2%80%99une+des+villes+offrant+la+meilleure+qualit%C3%A9+de+vie+au+monde.+%26nbsp%3B+En+plus+d%E2%80%99%C3%AAtre+reconnue+internationalement+pour+ses+festivals+d%E2%80%99envergure%2C+ses+%C3%A9v%C3%A9nements+artistiques+et+sportifs+de+haut+calibre%2C+sa+vie+nocturne+%C3%A9clatante+et+ses+nombreuses+activit%C3%A9s+touristiques%2C+Montr%C3%A9al+est+devenue+une+plaque+tournante+dans+plusieurs+secteurs+tels+que%C2%A0l%E2%80%99intelligence+artificielle+et+les+nouvelles+technologies.+Du+c%C3%B4t%C3%A9+de+l%E2%80%99immobilier%2C+la+m%C3%A9tropole+a+aussi+connu+une+forte+croissance+en+mati%C3%A8re+de+projets+d%E2%80%99envergure+et+de+r%C3%A9alisations+haut+de+gamme%2C+notamment+au+centre-ville.+Plus+que+jamais%2C+elle+a+tous+les+atouts+pour+attirer+les+visiteurs+du+monde+entier+et+les+recevoir+en+grand.+%26nbsp%3B+Palais+des+congr%C3%A8s+%C2%A9+Eva+Blue+%26nbsp%3B+Montr%C3%A9al+Compl%C3%A8tement+Cirque+%C2%A9+Eva+Blue+%26nbsp%3B+Le+Biod%C3%B4me+%C2%A9+Daphn%C3%A9+Caron+%26nbsp%3B+Patinage+au+parc+La+Fontaine+%C2%A9+Freddy+Arciniegas+%26nbsp%3B+Orchestre+symphonique+de+Montr%C3%A9al+%C2%A9+Antoine+Saito+%26nbsp%3B+Visite+au+Mus%C3%A9e+des+Beaux-arts+de+Montr%C3%A9al+%C2%A9+Eva+Blue+%26nbsp%3B+Restaurant+Les+Enfants+Terribles%2C+au+sommet+de+la+Place+Ville+Marie+%C2%A9+Eva+Blue+%26nbsp%3B+Le+pont+Jacques-Cartier+%C2%A9+Eva+Blue+%26nbsp%3B+Les+Francos+de+Montr%C3%A9al+%5B%26hellip%3B%5D', 'sharer', 'toolbar=0,status=0,width=620,height=280');\">\n\t\t\t\t\t<span class=\"edgtf-social-network-icon social_facebook\"><\/span>\n\t\t\t<\/a>\n<\/li><li class=\"edgtf-twitter-share\">\n\t<a class=\"edgtf-share-link\" href=\"#\" onclick=\"window.open('http:\/\/twitter.com\/home?status=Cosmopolite%2C+chaleureuse%2C+r%C3%A9solument+ouverte+sur+le+monde%C2%A0%3A+Montr%C3%A9al+est+un+lieu+o%C3%B9+il+fait+bon+vivre.+Elle+a+https:\/\/magazineluxe.com\/fr\/montreal\/', 'popupwindow', 'scrollbars=yes,width=800,height=400');\">\n\t\t\t\t\t<span class=\"edgtf-social-network-icon social_twitter\"><\/span>\n\t\t\t<\/a>\n<\/li><li class=\"edgtf-linkedin-share\">\n\t<a class=\"edgtf-share-link\" href=\"#\" onclick=\"popUp=window.open('http:\/\/linkedin.com\/shareArticle?mini=true&amp;url=https%3A%2F%2Fmagazineluxe.com%2Ffr%2Fmontreal%2F&amp;title=Montr%C3%A9al+%26%238211%3B+Plus+belle+que+jamais', 'popupwindow', 'scrollbars=yes,width=800,height=400');popUp.focus();return false;\">\n\t\t\t\t\t<span class=\"edgtf-social-network-icon social_linkedin\"><\/span>\n\t\t\t<\/a>\n<\/li><li class=\"edgtf-pinterest-share\">\n\t<a class=\"edgtf-share-link\" href=\"#\" onclick=\"popUp=window.open('http:\/\/pinterest.com\/pin\/create\/button\/?url=https%3A%2F%2Fmagazineluxe.com%2Ffr%2Fmontreal%2F&amp;description=Montr\u00e9al &#8211; Plus belle que jamais&amp;media=https%3A%2F%2Fmagazineluxe.com%2Fwp-content%2Fuploads%2F2019%2F05%2FLe-Vieux_port_Montreal-%C2%A9-Eva-Blue.jpg', 'popupwindow', 'scrollbars=yes,width=800,height=400');popUp.focus();return false;\">\n\t\t\t\t\t<span class=\"edgtf-social-network-icon social_pinterest\"><\/span>\n\t\t\t<\/a>\n<\/li>\t\t<\/ul>\n\t<\/div>\n<\/div><\/div>\n        <\/div>\n    <\/div>\n<\/div><div class=\"edgtf-post-example-item-three-item edgtf-post-item\">\n        <div class=\"edgtf-post-example-item-three-image-holder\">\n                <div class=\"edgtf-post-example-item-three-image-inner-holder\">\n            <img loading=\"lazy\" decoding=\"async\" src=\"https:\/\/magazineluxe.com\/wp-content\/uploads\/2019\/05\/Four-Seasons-Marrakech-410x230.jpg\" alt=\"\" width=\"410\" height=\"230\" \/>        <\/div>\n        <a itemprop=\"url\" class=\"edgtf-post-example-item-three-slide-link\" href=\"https:\/\/magazineluxe.com\/fr\/marrakech\/\" target=\"_self\"><\/a>\n    <\/div>\n        <div class=\"edgtf-post-example-item-three-content-holder\">\n        <div class=\"edgtf-post-example-item-three-title-holder\">\n            <h3 class=\"edgtf-post-example-item-three-title\">\n                <a itemprop=\"url\" href=\"https:\/\/magazineluxe.com\/fr\/marrakech\/\" target=\"_self\">\n                    Marrakech &#8211; Au c\u0153ur de l\u2019\u00e9den ocre                <\/a>\n            <\/h3>\n        <\/div>\n                    <div class=\"edgtf-post-example-item-three-excerpt\">\n                <p class=\"edgtf-post-excerpt\">Marrakech est une ville aussi effervescente qu\u2019\u00e9blouissante o\u00f9 se c\u00f4toient en parfaite harmonie le tumulte de la M\u00e9dina et le faste des palaces. Des h\u00f4tels aussi intimistes que luxueux attirent les voyageurs \u00e9lites du monde entier en qu\u00eate de raffinement, de haute gastronomique et de d\u00e9paysement.\r\n\r\n&nbsp;\r\n\r\nMarrakech est un v\u00e9ritable mus\u00e9e<\/p>            <\/div>\n                <div class=\"edgtf-post-example-item-three-info-section\">\n                        <div class=\"edgtf-post-info-comments-holder\">\n    <a itemprop=\"url\" class=\"edgtf-post-info-comments edgtf-comments-with-icon\" href=\"https:\/\/magazineluxe.com\/fr\/marrakech\/#respond\" target=\"_self\">\n        0     <\/a>\n<\/div>            <div class=\"edgtf-blog-like\">\n\t<a href=\"#\" class=\"edgtf-like\" id=\"edgtf-like-12033-637\" title=\"Like this\" data-post-id=\"12033\"><span>0<\/span><input type=\"hidden\" id=\"edgtf_like_nonce_12033\" name=\"edgtf_like_nonce_12033\" value=\"694c4d1db9\" \/><input type=\"hidden\" name=\"_wp_http_referer\" value=\"\/fr\/wp-json\/wp\/v2\/pages\/13743\" \/><\/a><\/div>\n            <div class=\"edgtf-blog-share\">\n\t<div class=\"edgtf-social-share-holder edgtf-dropdown \">\n\t<a href=\"javascript:void(0)\" target=\"_self\" class=\"edgtf-social-share-dropdown-opener\">\n\t\t<span class=\"edgtf-social-share-title\">PARTAGER<\/span>\n\t<\/a>\n\t<div class=\"edgtf-social-share-dropdown\">\n\t\t<ul>\n\t\t\t<li class=\"edgtf-facebook-share\">\n\t<a class=\"edgtf-share-link\" href=\"#\" onclick=\"window.open('http:\/\/www.facebook.com\/sharer.php?s=100&amp;p[title]=Marrakech+%26%238211%3B+Au+c%C5%93ur+de+l%E2%80%99%C3%A9den+ocre&amp;p[url]=https%3A%2F%2Fmagazineluxe.com%2Ffr%2Fmarrakech%2F&amp;p[images][0]=https:\/\/magazineluxe.com\/wp-content\/uploads\/2019\/05\/Four-Seasons-Marrakech.jpg&amp;p[summary]=Marrakech+est+une+ville+aussi+effervescente+qu%E2%80%99%C3%A9blouissante+o%C3%B9+se+c%C3%B4toient+en+parfaite+harmonie+le+tumulte+de+la+M%C3%A9dina+et+le+faste+des+palaces.+Des+h%C3%B4tels+aussi+intimistes+que+luxueux+attirent+les+voyageurs+%C3%A9lites+du+monde+entier+en+qu%C3%AAte+de+raffinement%2C+de+haute+gastronomique+et+de+d%C3%A9paysement.+%26nbsp%3B+Marrakech+est+un+v%C3%A9ritable+mus%C3%A9e+%C3%A0+ciel+ouvert.+Les+remparts+qui+entourent+la+vieille+ville+t%C3%A9moignent+de+son+pass%C3%A9+d%E2%80%99immense+forteresse.+C%E2%80%99est+au+c%C5%93ur+de+ceux-ci+que+se+d%C3%A9voile+le+charme+incontestable+de+la+Koutoubia%2C+de+la+place+Jemaa+el-Fnaa+et+des+souks+anim%C3%A9s+o%C3%B9+il+fait+bon+s%E2%80%99aventurer+pour+chiner+quelques+p%C3%A9pites+artisanales+ou+encore+admirer+la+c%C3%A9l%C3%A8bre+place+des+%C3%A9pices.+Depuis+quelques+ann%C3%A9es%2C+les+quartiers+de+Gu%C3%A9liz+et+de+l%E2%80%99Hivernage+%C3%A0+l%E2%80%99architecture+plus+moderne+accueillent+les+enseignes+de+luxe+pour+les+amoureux+de+shopping+griff%C3%A9.+L%E2%80%99h%C3%A9bergement+haut+de+gamme+et+l%E2%80%99hospitalit%C3%A9+%C3%A0+la+marocaine+unique+au+monde+s%C3%A9duisent+une+client%C3%A8le+internationale+des+plus+exigeantes.+%26nbsp%3B+C%E2%80%99est+aussi%C2%A0un+des+meilleurs+endroits+pour+faire+la+f%C3%AAte.+Le+jour+donne+rendez-vous+%C3%A0+la+nuit+avec+des+ambiances+voluptueuses+dignes+des+Mille+et+Une+nuits+et+des+terrasses+o%C3%B9+miroitent+les+zelliges+%C3%A0%C2%A0la+lueur+des+bougies.+Admirer+les+cimes+enneig%C3%A9es+de+l%E2%80%99Atlas%2C+humer+les+parfums+%5B%26hellip%3B%5D', 'sharer', 'toolbar=0,status=0,width=620,height=280');\">\n\t\t\t\t\t<span class=\"edgtf-social-network-icon social_facebook\"><\/span>\n\t\t\t<\/a>\n<\/li><li class=\"edgtf-twitter-share\">\n\t<a class=\"edgtf-share-link\" href=\"#\" onclick=\"window.open('http:\/\/twitter.com\/home?status=Marrakech+est+une+ville+aussi+effervescente+qu%E2%80%99%C3%A9blouissante+o%C3%B9+se+c%C3%B4toient+en+parfaite+harmonie+le+tumulte+de+la+https:\/\/magazineluxe.com\/fr\/marrakech\/', 'popupwindow', 'scrollbars=yes,width=800,height=400');\">\n\t\t\t\t\t<span class=\"edgtf-social-network-icon social_twitter\"><\/span>\n\t\t\t<\/a>\n<\/li><li class=\"edgtf-linkedin-share\">\n\t<a class=\"edgtf-share-link\" href=\"#\" onclick=\"popUp=window.open('http:\/\/linkedin.com\/shareArticle?mini=true&amp;url=https%3A%2F%2Fmagazineluxe.com%2Ffr%2Fmarrakech%2F&amp;title=Marrakech+%26%238211%3B+Au+c%C5%93ur+de+l%E2%80%99%C3%A9den+ocre', 'popupwindow', 'scrollbars=yes,width=800,height=400');popUp.focus();return false;\">\n\t\t\t\t\t<span class=\"edgtf-social-network-icon social_linkedin\"><\/span>\n\t\t\t<\/a>\n<\/li><li class=\"edgtf-pinterest-share\">\n\t<a class=\"edgtf-share-link\" href=\"#\" onclick=\"popUp=window.open('http:\/\/pinterest.com\/pin\/create\/button\/?url=https%3A%2F%2Fmagazineluxe.com%2Ffr%2Fmarrakech%2F&amp;description=Marrakech &#8211; Au c\u0153ur de l\u2019\u00e9den ocre&amp;media=https%3A%2F%2Fmagazineluxe.com%2Fwp-content%2Fuploads%2F2019%2F05%2FFour-Seasons-Marrakech.jpg', 'popupwindow', 'scrollbars=yes,width=800,height=400');popUp.focus();return false;\">\n\t\t\t\t\t<span class=\"edgtf-social-network-icon social_pinterest\"><\/span>\n\t\t\t<\/a>\n<\/li>\t\t<\/ul>\n\t<\/div>\n<\/div><\/div>\n        <\/div>\n    <\/div>\n<\/div><div class=\"edgtf-post-example-item-three-item edgtf-post-item\">\n        <div class=\"edgtf-post-example-item-three-image-holder\">\n                <div class=\"edgtf-post-example-item-three-image-inner-holder\">\n            <img loading=\"lazy\" decoding=\"async\" src=\"https:\/\/magazineluxe.com\/wp-content\/uploads\/2019\/03\/Koh-Rang-Noi-1-410x230.png\" alt=\"\" width=\"410\" height=\"230\" \/>        <\/div>\n        <a itemprop=\"url\" class=\"edgtf-post-example-item-three-slide-link\" href=\"https:\/\/magazineluxe.com\/fr\/le-paradis-existe\/\" target=\"_self\"><\/a>\n    <\/div>\n        <div class=\"edgtf-post-example-item-three-content-holder\">\n        <div class=\"edgtf-post-example-item-three-title-holder\">\n            <h3 class=\"edgtf-post-example-item-three-title\">\n                <a itemprop=\"url\" href=\"https:\/\/magazineluxe.com\/fr\/le-paradis-existe\/\" target=\"_self\">\n                    L\u2019\u00eele tha\u00eflandaise de Koh Rang Noi &#8211; Le\u00a0paradis\u00a0existe                <\/a>\n            <\/h3>\n        <\/div>\n                    <div class=\"edgtf-post-example-item-three-excerpt\">\n                <p class=\"edgtf-post-excerpt\">Ce n\u2019est pas un fantasme. C\u2019est bien la r\u00e9alit\u00e9. Une \u00eele priv\u00e9e, au milieu d\u2019eaux paradisiaques. Trois merveilleuses maisons dissimul\u00e9es au milieu d\u2019une v\u00e9g\u00e9tation luxuriante et parfaitement entretenue. La discr\u00e8te pr\u00e9sence d\u2019un personnel qui prend soin de tout. Cela existe. Et pas seulement dans vos r\u00eaves les plus fous. Koh<\/p>            <\/div>\n                <div class=\"edgtf-post-example-item-three-info-section\">\n                        <div class=\"edgtf-post-info-comments-holder\">\n    <a itemprop=\"url\" class=\"edgtf-post-info-comments edgtf-comments-with-icon\" href=\"https:\/\/magazineluxe.com\/fr\/le-paradis-existe\/#respond\" target=\"_self\">\n        0     <\/a>\n<\/div>            <div class=\"edgtf-blog-like\">\n\t<a href=\"#\" class=\"edgtf-like\" id=\"edgtf-like-10804-346\" title=\"Like this\" data-post-id=\"10804\"><span>1<\/span><input type=\"hidden\" id=\"edgtf_like_nonce_10804\" name=\"edgtf_like_nonce_10804\" value=\"cf766beea5\" \/><input type=\"hidden\" name=\"_wp_http_referer\" value=\"\/fr\/wp-json\/wp\/v2\/pages\/13743\" \/><\/a><\/div>\n            <div class=\"edgtf-blog-share\">\n\t<div class=\"edgtf-social-share-holder edgtf-dropdown \">\n\t<a href=\"javascript:void(0)\" target=\"_self\" class=\"edgtf-social-share-dropdown-opener\">\n\t\t<span class=\"edgtf-social-share-title\">PARTAGER<\/span>\n\t<\/a>\n\t<div class=\"edgtf-social-share-dropdown\">\n\t\t<ul>\n\t\t\t<li class=\"edgtf-facebook-share\">\n\t<a class=\"edgtf-share-link\" href=\"#\" onclick=\"window.open('http:\/\/www.facebook.com\/sharer.php?s=100&amp;p[title]=L%E2%80%99%C3%AEle+tha%C3%AFlandaise+de+Koh+Rang+Noi+%26%238211%3B+Le%C2%A0paradis%C2%A0existe&amp;p[url]=https%3A%2F%2Fmagazineluxe.com%2Ffr%2Fle-paradis-existe%2F&amp;p[images][0]=https:\/\/magazineluxe.com\/wp-content\/uploads\/2019\/03\/Koh-Rang-Noi-1.png&amp;p[summary]=Ce+n%E2%80%99est+pas+un+fantasme.+C%E2%80%99est+bien+la+r%C3%A9alit%C3%A9.+Une+%C3%AEle+priv%C3%A9e%2C+au+milieu+d%E2%80%99eaux+paradisiaques.+Trois+merveilleuses+maisons+dissimul%C3%A9es+au+milieu+d%E2%80%99une+v%C3%A9g%C3%A9tation+luxuriante+et+parfaitement+entretenue.+La+discr%C3%A8te+pr%C3%A9sence+d%E2%80%99un+personnel+qui+prend+soin+de+tout.+Cela+existe.+Et+pas+seulement+dans+vos+r%C3%AAves+les+plus+fous.+Koh+Rang+Noi+est+une+oasis+de+luxe+et+de+plaisir.+Soyez+pr%C3%AAt%E2%80%A6+le+bateau+quitte+Phuket.+Koh+Rang+Noi%2C+le+paradis+incarn%C3%A9+Situ%C3%A9e+dans+les+eaux+chaudes+et+d%E2%80%99un+bleu+turquoise+de+la+mer+d%E2%80%99Andaman%2C+la+magnifique+%C3%AEle+de+Koh+Rang+Noi+appartient+%C3%A0+un+particulier+qui+a+cr%C3%A9%C3%A9+un+paradis+parfait.+Seulement+trois%C2%A0villas+ont+%C3%A9t%C3%A9+construites+sur+l%E2%80%99%C3%AEle+%3A+offrant+19%C2%A0chambres+au+total%2C+elles+peuvent+accueillir+38+personnes.+On+y+retrouve+du+personnel+pour+r%C3%A9pondre+%C3%A0+tout%2C+de+superbes+piscines+et+des+plages+magiques.+Il+est+possible+de+r%C3%A9server+l%E2%80%99%C3%AEle+au+complet%2C+ou+l%E2%80%99une+de+ses+merveilleuses+villas.+Koh+Rang+Noi+red%C3%A9finit+le+concept+m%C3%AAme+d%E2%80%99exclusivit%C3%A9.+%26nbsp%3B+On+pourrait+penser+qu%E2%80%99une+%C3%AEle+paradisiaque+telle+que+Koh+Rang+Noi+est+inaccessible.+Que+pour+jouir+d%E2%80%99une+telle+discr%C3%A9tion%2C+il+faut+faire+un+interminable+voyage.+Mais+en+fait%2C+cette+%C3%AEle+hautement+s%C3%A9curitaire+est+situ%C3%A9e+dans+la+baie+tha%C3%AFlandaise+de+Phang+Nga.+Le+%5B%26hellip%3B%5D', 'sharer', 'toolbar=0,status=0,width=620,height=280');\">\n\t\t\t\t\t<span class=\"edgtf-social-network-icon social_facebook\"><\/span>\n\t\t\t<\/a>\n<\/li><li class=\"edgtf-twitter-share\">\n\t<a class=\"edgtf-share-link\" href=\"#\" onclick=\"window.open('http:\/\/twitter.com\/home?status=Ce+n%E2%80%99est+pas+un+fantasme.+C%E2%80%99est+bien+la+r%C3%A9alit%C3%A9.+Une+%C3%AEle+priv%C3%A9e%2C+au+milieu+d%E2%80%99eaux+paradisiaques.+Trois+merveilleuses+https:\/\/magazineluxe.com\/fr\/le-paradis-existe\/', 'popupwindow', 'scrollbars=yes,width=800,height=400');\">\n\t\t\t\t\t<span class=\"edgtf-social-network-icon social_twitter\"><\/span>\n\t\t\t<\/a>\n<\/li><li class=\"edgtf-linkedin-share\">\n\t<a class=\"edgtf-share-link\" href=\"#\" onclick=\"popUp=window.open('http:\/\/linkedin.com\/shareArticle?mini=true&amp;url=https%3A%2F%2Fmagazineluxe.com%2Ffr%2Fle-paradis-existe%2F&amp;title=L%E2%80%99%C3%AEle+tha%C3%AFlandaise+de+Koh+Rang+Noi+%26%238211%3B+Le%C2%A0paradis%C2%A0existe', 'popupwindow', 'scrollbars=yes,width=800,height=400');popUp.focus();return false;\">\n\t\t\t\t\t<span class=\"edgtf-social-network-icon social_linkedin\"><\/span>\n\t\t\t<\/a>\n<\/li><li class=\"edgtf-pinterest-share\">\n\t<a class=\"edgtf-share-link\" href=\"#\" onclick=\"popUp=window.open('http:\/\/pinterest.com\/pin\/create\/button\/?url=https%3A%2F%2Fmagazineluxe.com%2Ffr%2Fle-paradis-existe%2F&amp;description=L\u2019\u00eele tha\u00eflandaise de Koh Rang Noi &#8211; Le\u00a0paradis\u00a0existe&amp;media=https%3A%2F%2Fmagazineluxe.com%2Fwp-content%2Fuploads%2F2019%2F03%2FKoh-Rang-Noi-1.png', 'popupwindow', 'scrollbars=yes,width=800,height=400');popUp.focus();return false;\">\n\t\t\t\t\t<span class=\"edgtf-social-network-icon social_pinterest\"><\/span>\n\t\t\t<\/a>\n<\/li>\t\t<\/ul>\n\t<\/div>\n<\/div><\/div>\n        <\/div>\n    <\/div>\n<\/div><div class=\"edgtf-post-example-item-three-item edgtf-post-item\">\n        <div class=\"edgtf-post-example-item-three-image-holder\">\n                <div class=\"edgtf-post-example-item-three-image-inner-holder\">\n            <img loading=\"lazy\" decoding=\"async\" src=\"https:\/\/magazineluxe.com\/wp-content\/uploads\/2019\/03\/Banff_Winter_Snowshoeing-410x230.jpg\" alt=\"\" width=\"410\" height=\"230\" \/>        <\/div>\n        <a itemprop=\"url\" class=\"edgtf-post-example-item-three-slide-link\" href=\"https:\/\/magazineluxe.com\/fr\/banff\/\" target=\"_self\"><\/a>\n    <\/div>\n        <div class=\"edgtf-post-example-item-three-content-holder\">\n        <div class=\"edgtf-post-example-item-three-title-holder\">\n            <h3 class=\"edgtf-post-example-item-three-title\">\n                <a itemprop=\"url\" href=\"https:\/\/magazineluxe.com\/fr\/banff\/\" target=\"_self\">\n                    Banff &#8211; Pour un hiver splendide                <\/a>\n            <\/h3>\n        <\/div>\n                    <div class=\"edgtf-post-example-item-three-excerpt\">\n                <p class=\"edgtf-post-excerpt\">Avec ses paysages magnifiques, ses sentiers de randonn\u00e9e, ses parois d\u2019escalade uniques et ses pistes de ski et de planche \u00e0 neige incomparables, le parc national Banff offre une exp\u00e9rience extraordinaire en hiver. La ville de Banff est aussi reconnue pour sa vie nocturne anim\u00e9e, ses boutiques haut de gamme,<\/p>            <\/div>\n                <div class=\"edgtf-post-example-item-three-info-section\">\n                        <div class=\"edgtf-post-info-comments-holder\">\n    <a itemprop=\"url\" class=\"edgtf-post-info-comments edgtf-comments-with-icon\" href=\"https:\/\/magazineluxe.com\/fr\/banff\/#respond\" target=\"_self\">\n        0     <\/a>\n<\/div>            <div class=\"edgtf-blog-like\">\n\t<a href=\"#\" class=\"edgtf-like\" id=\"edgtf-like-10832-601\" title=\"Like this\" data-post-id=\"10832\"><span>0<\/span><input type=\"hidden\" id=\"edgtf_like_nonce_10832\" name=\"edgtf_like_nonce_10832\" value=\"3c0259d293\" \/><input type=\"hidden\" name=\"_wp_http_referer\" value=\"\/fr\/wp-json\/wp\/v2\/pages\/13743\" \/><\/a><\/div>\n            <div class=\"edgtf-blog-share\">\n\t<div class=\"edgtf-social-share-holder edgtf-dropdown \">\n\t<a href=\"javascript:void(0)\" target=\"_self\" class=\"edgtf-social-share-dropdown-opener\">\n\t\t<span class=\"edgtf-social-share-title\">PARTAGER<\/span>\n\t<\/a>\n\t<div class=\"edgtf-social-share-dropdown\">\n\t\t<ul>\n\t\t\t<li class=\"edgtf-facebook-share\">\n\t<a class=\"edgtf-share-link\" href=\"#\" onclick=\"window.open('http:\/\/www.facebook.com\/sharer.php?s=100&amp;p[title]=Banff+%26%238211%3B+Pour+un+hiver+splendide&amp;p[url]=https%3A%2F%2Fmagazineluxe.com%2Ffr%2Fbanff%2F&amp;p[images][0]=https:\/\/magazineluxe.com\/wp-content\/uploads\/2019\/03\/Banff_Winter_Snowshoeing.jpg&amp;p[summary]=Avec+ses+paysages+magnifiques%2C+ses+sentiers+de+randonn%C3%A9e%2C+ses+parois+d%E2%80%99escalade+uniques+et+ses+pistes+de+ski+et+de+planche+%C3%A0+neige+incomparables%2C+le+parc+national+Banff+offre+une+exp%C3%A9rience+extraordinaire+en+hiver.+La+ville+de+Banff+est+aussi+reconnue+pour+sa+vie+nocturne+anim%C3%A9e%2C+ses+boutiques+haut+de+gamme%2C+ses+spas+et+ses+restaurants.+Voici+quelques+suggestions+d%E2%80%99activit%C3%A9s+et+quelques+bonnes+adresses+pour+vous+donner+envie+d%E2%80%99aller+y+faire+un+tour.+Ski+alpin+Le+parc+national+Banff+abrite+%C3%A0+lui+seul+trois+stations+de+ski+alpin+%3A+lac+Louise%2C+Sunshine+Village+et+Norquay.+Celles-ci+se+sont+associ%C3%A9es+sous+le+nom+de+SkiBig3+pour+offrir+des+forfaits+int%C3%A9ressants+comprenant+transport%2C+h%C3%A9bergement+et+location.+Fid%C3%A8le+%C3%A0+sa+r%C3%A9putation%2C+la+r%C3%A9gion+est+l%E2%80%99endroit+r%C3%AAv%C3%A9+pour+les+amateurs+de+ski.+www.skibig3.com+%26nbsp%3B+Ski+de+fond%2C+raquette%2C+v%C3%A9lo+De+nombreux+sentiers+de+randonn%C3%A9e+adapt%C3%A9s+au+ski+de+fond%2C+%C3%A0+la+raquette+ou+au+v%C3%A9lo+%C3%A0+pneus+surdimensionn%C3%A9s+%28fat+bike%29+sont+offerts.+Il+suffit+de+consulter+le+site+Web+ou+les+brochures+de+Parcs+Canada%2C+et+surtout%2C+de+v%C3%A9rifier+la+m%C3%A9t%C3%A9o+et+les+conditions+de+pratique+avant+de+partir.+Quelques+suggestions+%3A+La+route+du+lac+Moraine+%2815%2C6+km+aller-retour%29+accessible+aussi+aux+patineurs+Les+%5B%26hellip%3B%5D', 'sharer', 'toolbar=0,status=0,width=620,height=280');\">\n\t\t\t\t\t<span class=\"edgtf-social-network-icon social_facebook\"><\/span>\n\t\t\t<\/a>\n<\/li><li class=\"edgtf-twitter-share\">\n\t<a class=\"edgtf-share-link\" href=\"#\" onclick=\"window.open('http:\/\/twitter.com\/home?status=Avec+ses+paysages+magnifiques%2C+ses+sentiers+de+randonn%C3%A9e%2C+ses+parois+d%E2%80%99escalade+uniques+et+ses+pistes+de+ski+et+de+https:\/\/magazineluxe.com\/fr\/banff\/', 'popupwindow', 'scrollbars=yes,width=800,height=400');\">\n\t\t\t\t\t<span class=\"edgtf-social-network-icon social_twitter\"><\/span>\n\t\t\t<\/a>\n<\/li><li class=\"edgtf-linkedin-share\">\n\t<a class=\"edgtf-share-link\" href=\"#\" onclick=\"popUp=window.open('http:\/\/linkedin.com\/shareArticle?mini=true&amp;url=https%3A%2F%2Fmagazineluxe.com%2Ffr%2Fbanff%2F&amp;title=Banff+%26%238211%3B+Pour+un+hiver+splendide', 'popupwindow', 'scrollbars=yes,width=800,height=400');popUp.focus();return false;\">\n\t\t\t\t\t<span class=\"edgtf-social-network-icon social_linkedin\"><\/span>\n\t\t\t<\/a>\n<\/li><li class=\"edgtf-pinterest-share\">\n\t<a class=\"edgtf-share-link\" href=\"#\" onclick=\"popUp=window.open('http:\/\/pinterest.com\/pin\/create\/button\/?url=https%3A%2F%2Fmagazineluxe.com%2Ffr%2Fbanff%2F&amp;description=Banff &#8211; Pour un hiver splendide&amp;media=https%3A%2F%2Fmagazineluxe.com%2Fwp-content%2Fuploads%2F2019%2F03%2FBanff_Winter_Snowshoeing.jpg', 'popupwindow', 'scrollbars=yes,width=800,height=400');popUp.focus();return false;\">\n\t\t\t\t\t<span class=\"edgtf-social-network-icon social_pinterest\"><\/span>\n\t\t\t<\/a>\n<\/li>\t\t<\/ul>\n\t<\/div>\n<\/div><\/div>\n        <\/div>\n    <\/div>\n<\/div><div class=\"edgtf-post-example-item-three-item edgtf-post-item\">\n        <div class=\"edgtf-post-example-item-three-image-holder\">\n                <div class=\"edgtf-post-example-item-three-image-inner-holder\">\n            <img loading=\"lazy\" decoding=\"async\" src=\"https:\/\/magazineluxe.com\/wp-content\/uploads\/2019\/03\/Gstaad-Palace-Summer-1-410x230.jpg\" alt=\"\" width=\"410\" height=\"230\" \/>        <\/div>\n        <a itemprop=\"url\" class=\"edgtf-post-example-item-three-slide-link\" href=\"https:\/\/magazineluxe.com\/fr\/des-hotels-spas-en-suisse\/\" target=\"_self\"><\/a>\n    <\/div>\n        <div class=\"edgtf-post-example-item-three-content-holder\">\n        <div class=\"edgtf-post-example-item-three-title-holder\">\n            <h3 class=\"edgtf-post-example-item-three-title\">\n                <a itemprop=\"url\" href=\"https:\/\/magazineluxe.com\/fr\/des-hotels-spas-en-suisse\/\" target=\"_self\">\n                    Des h\u00f4tels-spas en Suisse &#8211; Voyager et se faire dorloter                <\/a>\n            <\/h3>\n        <\/div>\n                    <div class=\"edgtf-post-example-item-three-excerpt\">\n                <p class=\"edgtf-post-excerpt\">D\u00e9couvrir une nouvelle destination tout en s\u2019accordant du temps pour soi, voil\u00e0 un r\u00eave d\u00e9sormais accessible\u00a0: il ne suffit que de se rendre en Suisse! Regorgeant de paysages \u00e0 couper le souffle, cette terre de montagnes est la destination id\u00e9ale pour se ressourcer tout en s\u2019ouvrant de nouveaux horizons. LUXE<\/p>            <\/div>\n                <div class=\"edgtf-post-example-item-three-info-section\">\n                        <div class=\"edgtf-post-info-comments-holder\">\n    <a itemprop=\"url\" class=\"edgtf-post-info-comments edgtf-comments-with-icon\" href=\"https:\/\/magazineluxe.com\/fr\/des-hotels-spas-en-suisse\/#respond\" target=\"_self\">\n        0     <\/a>\n<\/div>            <div class=\"edgtf-blog-like\">\n\t<a href=\"#\" class=\"edgtf-like\" id=\"edgtf-like-10863-477\" title=\"Like this\" data-post-id=\"10863\"><span>0<\/span><input type=\"hidden\" id=\"edgtf_like_nonce_10863\" name=\"edgtf_like_nonce_10863\" value=\"3b2634d76d\" \/><input type=\"hidden\" name=\"_wp_http_referer\" value=\"\/fr\/wp-json\/wp\/v2\/pages\/13743\" \/><\/a><\/div>\n            <div class=\"edgtf-blog-share\">\n\t<div class=\"edgtf-social-share-holder edgtf-dropdown \">\n\t<a href=\"javascript:void(0)\" target=\"_self\" class=\"edgtf-social-share-dropdown-opener\">\n\t\t<span class=\"edgtf-social-share-title\">PARTAGER<\/span>\n\t<\/a>\n\t<div class=\"edgtf-social-share-dropdown\">\n\t\t<ul>\n\t\t\t<li class=\"edgtf-facebook-share\">\n\t<a class=\"edgtf-share-link\" href=\"#\" onclick=\"window.open('http:\/\/www.facebook.com\/sharer.php?s=100&amp;p[title]=Des+h%C3%B4tels-spas+en+Suisse+%26%238211%3B+Voyager+et+se+faire+dorloter&amp;p[url]=https%3A%2F%2Fmagazineluxe.com%2Ffr%2Fdes-hotels-spas-en-suisse%2F&amp;p[images][0]=https:\/\/magazineluxe.com\/wp-content\/uploads\/2019\/03\/Gstaad-Palace-Summer-1.jpg&amp;p[summary]=D%C3%A9couvrir+une+nouvelle+destination+tout+en+s%E2%80%99accordant+du+temps+pour+soi%2C+voil%C3%A0+un+r%C3%AAve+d%C3%A9sormais+accessible%C2%A0%3A+il+ne+suffit+que+de+se+rendre+en+Suisse%21+Regorgeant+de+paysages+%C3%A0+couper+le+souffle%2C+cette+terre+de+montagnes+est+la+destination+id%C3%A9ale+pour+se+ressourcer+tout+en+s%E2%80%99ouvrant+de+nouveaux+horizons.+LUXE+a+s%C3%A9lectionn%C3%A9+pour+vous+trois+de+ses+plus+beaux+h%C3%B4tels-spas.+%26nbsp%3B+Gstaad+Palace+%28Gstaad%29+Situ%C3%A9+sur+une+colline+surplombant+le+centre+du+village%2C+le+Gstaad+Palace+b%C3%A9n%C3%A9ficie+d%E2%80%99un+emplacement+privil%C3%A9gi%C3%A9+avec+une+vue+%C3%A0+couper+le+souffle+sur+les+Alpes+bernoises+et+valaisannes.+Cet+%C3%A9tablissement+de+luxe+fond%C3%A9+en+1913%2C+dont+la+r%C3%A9putation+n%E2%80%99est+plus+%C3%A0+faire%2C+accueille+chaque+ann%C3%A9e+les+t%C3%AAtes+couronn%C3%A9es+et+la+jet+set+du+monde+entier.+Il+est+d%E2%80%99ailleurs+consid%C3%A9r%C3%A9+comme+l%E2%80%99un+des+plus+beaux+%C3%A9tablissements+de+Suisse%2C+gr%C3%A2ce+%C3%A0+son+cadre+enchanteur+et+son+atmosph%C3%A8re+unique+combinant+habilement+glamour+et+bien-%C3%AAtre+alpin.+Son+magnifique+spa+de+1+800+m2+offre+des+soins+divins+%C3%A0+ne+pas+manquer.%C2%A0+www.palace.ch+%26nbsp%3B+En+bref+90+chambres+et+suites%2C+dont+deux+suites+Tower+%28deux+chambres+%C3%A0+coucher+et+un+salon%29+et+une+suite+Penthouse+%28trois+chambres+%C3%A0+coucher+et+salon%29+sur+le+toit+de+l%E2%80%99h%C3%B4tel+Un+chalet+de+luxe%2C+%5B%26hellip%3B%5D', 'sharer', 'toolbar=0,status=0,width=620,height=280');\">\n\t\t\t\t\t<span class=\"edgtf-social-network-icon social_facebook\"><\/span>\n\t\t\t<\/a>\n<\/li><li class=\"edgtf-twitter-share\">\n\t<a class=\"edgtf-share-link\" href=\"#\" onclick=\"window.open('http:\/\/twitter.com\/home?status=D%C3%A9couvrir+une+nouvelle+destination+tout+en+s%E2%80%99accordant+du+temps+pour+soi%2C+voil%C3%A0+un+r%C3%AAve+d%C3%A9sormais+accessible%C2%A0%3A+il+ne+https:\/\/magazineluxe.com\/fr\/des-hotels-spas-en-suisse\/', 'popupwindow', 'scrollbars=yes,width=800,height=400');\">\n\t\t\t\t\t<span class=\"edgtf-social-network-icon social_twitter\"><\/span>\n\t\t\t<\/a>\n<\/li><li class=\"edgtf-linkedin-share\">\n\t<a class=\"edgtf-share-link\" href=\"#\" onclick=\"popUp=window.open('http:\/\/linkedin.com\/shareArticle?mini=true&amp;url=https%3A%2F%2Fmagazineluxe.com%2Ffr%2Fdes-hotels-spas-en-suisse%2F&amp;title=Des+h%C3%B4tels-spas+en+Suisse+%26%238211%3B+Voyager+et+se+faire+dorloter', 'popupwindow', 'scrollbars=yes,width=800,height=400');popUp.focus();return false;\">\n\t\t\t\t\t<span class=\"edgtf-social-network-icon social_linkedin\"><\/span>\n\t\t\t<\/a>\n<\/li><li class=\"edgtf-pinterest-share\">\n\t<a class=\"edgtf-share-link\" href=\"#\" onclick=\"popUp=window.open('http:\/\/pinterest.com\/pin\/create\/button\/?url=https%3A%2F%2Fmagazineluxe.com%2Ffr%2Fdes-hotels-spas-en-suisse%2F&amp;description=Des h\u00f4tels-spas en Suisse &#8211; Voyager et se faire dorloter&amp;media=https%3A%2F%2Fmagazineluxe.com%2Fwp-content%2Fuploads%2F2019%2F03%2FGstaad-Palace-Summer-1.jpg', 'popupwindow', 'scrollbars=yes,width=800,height=400');popUp.focus();return false;\">\n\t\t\t\t\t<span class=\"edgtf-social-network-icon social_pinterest\"><\/span>\n\t\t\t<\/a>\n<\/li>\t\t<\/ul>\n\t<\/div>\n<\/div><\/div>\n        <\/div>\n    <\/div>\n<\/div><div class=\"edgtf-post-example-item-three-item edgtf-post-item\">\n        <div class=\"edgtf-post-example-item-three-image-holder\">\n                <div class=\"edgtf-post-example-item-three-image-inner-holder\">\n            <img loading=\"lazy\" decoding=\"async\" src=\"https:\/\/magazineluxe.com\/wp-content\/uploads\/2019\/11\/pousada-de-viseu-410x230.jpg\" alt=\"\" width=\"410\" height=\"230\" \/>        <\/div>\n        <a itemprop=\"url\" class=\"edgtf-post-example-item-three-slide-link\" href=\"https:\/\/magazineluxe.com\/fr\/bairrada-un-puzzle-de-petites-proprietes-vinicoles\/\" target=\"_self\"><\/a>\n    <\/div>\n        <div class=\"edgtf-post-example-item-three-content-holder\">\n        <div class=\"edgtf-post-example-item-three-title-holder\">\n            <h3 class=\"edgtf-post-example-item-three-title\">\n                <a itemprop=\"url\" href=\"https:\/\/magazineluxe.com\/fr\/bairrada-un-puzzle-de-petites-proprietes-vinicoles\/\" target=\"_self\">\n                    Bairrada : un puzzle de petites propri\u00e9t\u00e9s vinicoles                <\/a>\n            <\/h3>\n        <\/div>\n                    <div class=\"edgtf-post-example-item-three-excerpt\">\n                <p class=\"edgtf-post-excerpt\">Un puzzle de petites propri\u00e9t\u00e9s vinicoles appartenant \u00e0 de nombreux producteurs. Entre les sols argileux de la r\u00e9gion de la Bairrada et les terrains granitiques et schisteux de celle du D\u00e3o, sont produits des vins singuliers. Sur la c\u00f4te, r\u00e9sistent encore les traditions ancestrales de la p\u00eache artisanale, l\u2019arte-x\u00e1vega. \u00c0<\/p>            <\/div>\n                <div class=\"edgtf-post-example-item-three-info-section\">\n                        <div class=\"edgtf-post-info-comments-holder\">\n    <a itemprop=\"url\" class=\"edgtf-post-info-comments edgtf-comments-with-icon\" href=\"https:\/\/magazineluxe.com\/fr\/bairrada-un-puzzle-de-petites-proprietes-vinicoles\/#respond\" target=\"_self\">\n        0     <\/a>\n<\/div>            <div class=\"edgtf-blog-like\">\n\t<a href=\"#\" class=\"edgtf-like\" id=\"edgtf-like-14341-352\" title=\"Like this\" data-post-id=\"14341\"><span>0<\/span><input type=\"hidden\" id=\"edgtf_like_nonce_14341\" name=\"edgtf_like_nonce_14341\" value=\"67440102ca\" \/><input type=\"hidden\" name=\"_wp_http_referer\" value=\"\/fr\/wp-json\/wp\/v2\/pages\/13743\" \/><\/a><\/div>\n            <div class=\"edgtf-blog-share\">\n\t<div class=\"edgtf-social-share-holder edgtf-dropdown \">\n\t<a href=\"javascript:void(0)\" target=\"_self\" class=\"edgtf-social-share-dropdown-opener\">\n\t\t<span class=\"edgtf-social-share-title\">PARTAGER<\/span>\n\t<\/a>\n\t<div class=\"edgtf-social-share-dropdown\">\n\t\t<ul>\n\t\t\t<li class=\"edgtf-facebook-share\">\n\t<a class=\"edgtf-share-link\" href=\"#\" onclick=\"window.open('http:\/\/www.facebook.com\/sharer.php?s=100&amp;p[title]=Bairrada+%3A+un+puzzle+de+petites+propri%C3%A9t%C3%A9s+vinicoles&amp;p[url]=https%3A%2F%2Fmagazineluxe.com%2Ffr%2Fbairrada-un-puzzle-de-petites-proprietes-vinicoles%2F&amp;p[images][0]=https:\/\/magazineluxe.com\/wp-content\/uploads\/2019\/11\/pousada-de-viseu.jpg&amp;p[summary]=Un+puzzle+de+petites+propri%C3%A9t%C3%A9s+vinicoles+appartenant+%C3%A0+de+nombreux+producteurs.+Entre+les+sols+argileux+de+la+r%C3%A9gion+de+la+Bairrada+et+les+terrains+granitiques+et+schisteux+de+celle+du+D%C3%A3o%2C+sont+produits+des+vins+singuliers.+Sur+la+c%C3%B4te%2C+r%C3%A9sistent+encore+les+traditions+ancestrales+de+la+p%C3%AAche+artisanale%2C+l%E2%80%99arte-x%C3%A1vega.+%C3%80+mesure+que+l%E2%80%99on+p%C3%A9n%C3%A8tre+vers+l%E2%80%99int%C3%A9rieur+se+dressent+les+montagnes+du+Caramulo%2C+de+Montemuro%2C+du+Bu%C3%A7aco+et+de+l%E2%80%99Estrela.+En+attendant+le+repas%2C+d%C3%A9gustez+le+fromage+de+la+r%C3%A9gion+et+le+vin+qui+l%E2%80%99accompagne%26%238230%3B+O%C3%99+DORMIR+CASA+DA+%C3%8DNSUA+HOTEL+Maison+seigneuriale+au+style+baroque.+On+y+respire+l%E2%80%99Histoire.+Magnifiques+jardins.+%26nbsp%3B+Penalva+do+Castelo+Tel.+%28%2B351%29+232+420+000+%26nbsp%3B+www.casadainsua.pt+HOTEL+PAL%C3%81CIO+DOS+MELOS+Un+ancien+palais+au+coeur+de+Viseu.+Entre+classique+et+moderne%2C+selon+l%E2%80%99aile+que+vous+choisirez.+%26nbsp%3B+Tel.+%28%2B351%29+232+439+290+%26nbsp%3B+www.hotelpalaciodosmelos.pt+CASAS+DO+LUPO+Les+maisons+de+granite+de+ce+village+typique+ont+fait+l%E2%80%99objet+d%E2%80%99une+campagne+de+restauration+fort+r%C3%A9ussie.+Modernit%C3%A9+aux+saveurs+champ%C3%AAtres.+%26nbsp%3B+Terreiro+do+Antunes%2C+Lapa+do+Lobo%2C+Nelas%2C+Viseu+Tel.+%28%2B351%29+232+673+441+%26nbsp%3B+www.casasdolupo.com+POUSADA+DE+VISEU+Charme+e+conforto%2C+entre+o+claustroque+se+imp%C3%B5e.+Cet+%C3%A9difice+du+XIXe+si%C3%A8cle+fut+autrefois+un+h%C3%B4pital.+%5B%26hellip%3B%5D', 'sharer', 'toolbar=0,status=0,width=620,height=280');\">\n\t\t\t\t\t<span class=\"edgtf-social-network-icon social_facebook\"><\/span>\n\t\t\t<\/a>\n<\/li><li class=\"edgtf-twitter-share\">\n\t<a class=\"edgtf-share-link\" href=\"#\" onclick=\"window.open('http:\/\/twitter.com\/home?status=Un+puzzle+de+petites+propri%C3%A9t%C3%A9s+vinicoles+appartenant+%C3%A0+de+nombreux+producteurs.+Entre+les+sols+argileux+de+la+r%C3%A9gion+https:\/\/magazineluxe.com\/fr\/bairrada-un-puzzle-de-petites-proprietes-vinicoles\/', 'popupwindow', 'scrollbars=yes,width=800,height=400');\">\n\t\t\t\t\t<span class=\"edgtf-social-network-icon social_twitter\"><\/span>\n\t\t\t<\/a>\n<\/li><li class=\"edgtf-linkedin-share\">\n\t<a class=\"edgtf-share-link\" href=\"#\" onclick=\"popUp=window.open('http:\/\/linkedin.com\/shareArticle?mini=true&amp;url=https%3A%2F%2Fmagazineluxe.com%2Ffr%2Fbairrada-un-puzzle-de-petites-proprietes-vinicoles%2F&amp;title=Bairrada+%3A+un+puzzle+de+petites+propri%C3%A9t%C3%A9s+vinicoles', 'popupwindow', 'scrollbars=yes,width=800,height=400');popUp.focus();return false;\">\n\t\t\t\t\t<span class=\"edgtf-social-network-icon social_linkedin\"><\/span>\n\t\t\t<\/a>\n<\/li><li class=\"edgtf-pinterest-share\">\n\t<a class=\"edgtf-share-link\" href=\"#\" onclick=\"popUp=window.open('http:\/\/pinterest.com\/pin\/create\/button\/?url=https%3A%2F%2Fmagazineluxe.com%2Ffr%2Fbairrada-un-puzzle-de-petites-proprietes-vinicoles%2F&amp;description=Bairrada : un puzzle de petites propri\u00e9t\u00e9s vinicoles&amp;media=https%3A%2F%2Fmagazineluxe.com%2Fwp-content%2Fuploads%2F2019%2F11%2Fpousada-de-viseu.jpg', 'popupwindow', 'scrollbars=yes,width=800,height=400');popUp.focus();return false;\">\n\t\t\t\t\t<span class=\"edgtf-social-network-icon social_pinterest\"><\/span>\n\t\t\t<\/a>\n<\/li>\t\t<\/ul>\n\t<\/div>\n<\/div><\/div>\n        <\/div>\n    <\/div>\n<\/div><div class=\"edgtf-post-example-item-three-item edgtf-post-item\">\n        <div class=\"edgtf-post-example-item-three-image-holder\">\n                <div class=\"edgtf-post-example-item-three-image-inner-holder\">\n            <img loading=\"lazy\" decoding=\"async\" src=\"https:\/\/magazineluxe.com\/wp-content\/uploads\/2018\/10\/Rio-de-Janeiro-410x230.jpg\" alt=\"\" width=\"410\" height=\"230\" \/>        <\/div>\n        <a itemprop=\"url\" class=\"edgtf-post-example-item-three-slide-link\" href=\"https:\/\/magazineluxe.com\/fr\/rio-de-janeiro\/\" target=\"_self\"><\/a>\n    <\/div>\n        <div class=\"edgtf-post-example-item-three-content-holder\">\n        <div class=\"edgtf-post-example-item-three-title-holder\">\n            <h3 class=\"edgtf-post-example-item-three-title\">\n                <a itemprop=\"url\" href=\"https:\/\/magazineluxe.com\/fr\/rio-de-janeiro\/\" target=\"_self\">\n                    Rio de Janeiro &#8211; La ville merveilleuse                <\/a>\n            <\/h3>\n        <\/div>\n                    <div class=\"edgtf-post-example-item-three-excerpt\">\n                <p class=\"edgtf-post-excerpt\">Deuxi\u00e8me ville du\u00a0Br\u00e9sil\u00a0apr\u00e8s\u00a0Sao Paulo en termes de population, Rio de Janeiro est bien connue pour ses plages magnifiques. Mais la m\u00e9tropole est loin de n\u2019\u00eatre qu\u2019une destination soleil. Du\u00a0Christ\u00a0R\u00e9dempteur\u00a0au fameux\u00a0carnaval, Rio de Janeiro regorge de tr\u00e9sors \u00e0 d\u00e9couvrir. Voici quelques incontournables.\r\nLe Corcovado (statue du Christ\u00a0R\u00e9dempteur)\r\nSymbole de la ville et class\u00e9e<\/p>            <\/div>\n                <div class=\"edgtf-post-example-item-three-info-section\">\n                        <div class=\"edgtf-post-info-comments-holder\">\n    <a itemprop=\"url\" class=\"edgtf-post-info-comments edgtf-comments-with-icon\" href=\"https:\/\/magazineluxe.com\/fr\/rio-de-janeiro\/#respond\" target=\"_self\">\n        0     <\/a>\n<\/div>            <div class=\"edgtf-blog-like\">\n\t<a href=\"#\" class=\"edgtf-like\" id=\"edgtf-like-10454-648\" title=\"Like this\" data-post-id=\"10454\"><span>0<\/span><input type=\"hidden\" id=\"edgtf_like_nonce_10454\" name=\"edgtf_like_nonce_10454\" value=\"7a6a4330f3\" \/><input type=\"hidden\" name=\"_wp_http_referer\" value=\"\/fr\/wp-json\/wp\/v2\/pages\/13743\" \/><\/a><\/div>\n            <div class=\"edgtf-blog-share\">\n\t<div class=\"edgtf-social-share-holder edgtf-dropdown \">\n\t<a href=\"javascript:void(0)\" target=\"_self\" class=\"edgtf-social-share-dropdown-opener\">\n\t\t<span class=\"edgtf-social-share-title\">PARTAGER<\/span>\n\t<\/a>\n\t<div class=\"edgtf-social-share-dropdown\">\n\t\t<ul>\n\t\t\t<li class=\"edgtf-facebook-share\">\n\t<a class=\"edgtf-share-link\" href=\"#\" onclick=\"window.open('http:\/\/www.facebook.com\/sharer.php?s=100&amp;p[title]=Rio+de+Janeiro+%26%238211%3B+La+ville+merveilleuse&amp;p[url]=https%3A%2F%2Fmagazineluxe.com%2Ffr%2Frio-de-janeiro%2F&amp;p[images][0]=https:\/\/magazineluxe.com\/wp-content\/uploads\/2018\/10\/Rio-de-Janeiro.jpg&amp;p[summary]=Deuxi%C3%A8me+ville+du%C2%A0Br%C3%A9sil%C2%A0apr%C3%A8s%C2%A0Sao+Paulo+en+termes+de+population%2C+Rio+de+Janeiro+est+bien+connue+pour+ses+plages+magnifiques.+Mais+la+m%C3%A9tropole+est+loin+de+n%E2%80%99%C3%AAtre+qu%E2%80%99une+destination+soleil.+Du%C2%A0Christ%C2%A0R%C3%A9dempteur%C2%A0au+fameux%C2%A0carnaval%2C+Rio+de+Janeiro+regorge+de+tr%C3%A9sors+%C3%A0+d%C3%A9couvrir.+Voici+quelques+incontournables.+Le+Corcovado+%28statue+du+Christ%C2%A0R%C3%A9dempteur%29+Symbole+de+la+ville+et+class%C3%A9e+monument+historique%2C+la+statue+du%C2%A0Christ%C2%A0R%C3%A9dempteur%2C+r%C3%A9alis%C3%A9e+par+un+sculpteur+fran%C3%A7ais%2C+Paul+Landowski%2C+est+un+incontournable.+Situ%C3%A9e+sur+le+mont%C2%A0Corcovado%2C+elle+offre+une+vue+%C3%A0+couper+le+souffle+de+Rio+et+de+ses+plages.+Allez-y+par+une+journ%C3%A9e+au+ciel+d%C3%A9gag%C3%A9.+Apr%C3%A8s+avoir+grimp%C3%A9+les%C2%A0222%C2%A0marches+qui+conduisent+%C3%A0+la+statue%2C+vous+serez+r%C3%A9compens%C3%A9%21+%26nbsp%3B+Les+plages+de+Copacabana+et+d%E2%80%99Ipanema+Ipanema+est+un+formidable+terrain+de+jeu+accueillant+sur+son+sable+dor%C3%A9+la+jeunesse+sportive+et+les+amateurs+de+farniente.+C%E2%80%99est+aussi+le+berceau+de+la+bossa%C2%A0nova.+Elle+est+long%C3%A9e+par+des+boutiques+de+luxe+d%E2%80%99un+c%C3%B4t%C3%A9+et+des+kiosques+proposant+eaux+de+coco%2C+ca%C3%AFpirinhas+et+cr%C3%A8mes+glac%C3%A9es.+Quant+%C3%A0+Copacabana%2C+l%E2%80%99une+des+plages+les+plus+c%C3%A9l%C3%A8bres+du+monde%2C+elle+dessine+une+courbe+de+4%2C5%C2%A0km%2C+gard%C3%A9e+par+deux+forts+historiques+%C3%A0+ses+extr%C3%A9mit%C3%A9s.+De+l%E2%80%99aube+au+cr%C3%A9puscule%2C+l%E2%80%99endroit+bouillonne+d%E2%80%99activit%C3%A9s.+M%C3%AAme+si+elle+a+perdu+de+son+prestige+au+%5B%26hellip%3B%5D', 'sharer', 'toolbar=0,status=0,width=620,height=280');\">\n\t\t\t\t\t<span class=\"edgtf-social-network-icon social_facebook\"><\/span>\n\t\t\t<\/a>\n<\/li><li class=\"edgtf-twitter-share\">\n\t<a class=\"edgtf-share-link\" href=\"#\" onclick=\"window.open('http:\/\/twitter.com\/home?status=Deuxi%C3%A8me+ville+du%C2%A0Br%C3%A9sil%C2%A0apr%C3%A8s%C2%A0Sao+Paulo+en+termes+de+population%2C+Rio+de+Janeiro+est+bien+connue+pour+ses+plages+https:\/\/magazineluxe.com\/fr\/rio-de-janeiro\/', 'popupwindow', 'scrollbars=yes,width=800,height=400');\">\n\t\t\t\t\t<span class=\"edgtf-social-network-icon social_twitter\"><\/span>\n\t\t\t<\/a>\n<\/li><li class=\"edgtf-linkedin-share\">\n\t<a class=\"edgtf-share-link\" href=\"#\" onclick=\"popUp=window.open('http:\/\/linkedin.com\/shareArticle?mini=true&amp;url=https%3A%2F%2Fmagazineluxe.com%2Ffr%2Frio-de-janeiro%2F&amp;title=Rio+de+Janeiro+%26%238211%3B+La+ville+merveilleuse', 'popupwindow', 'scrollbars=yes,width=800,height=400');popUp.focus();return false;\">\n\t\t\t\t\t<span class=\"edgtf-social-network-icon social_linkedin\"><\/span>\n\t\t\t<\/a>\n<\/li><li class=\"edgtf-pinterest-share\">\n\t<a class=\"edgtf-share-link\" href=\"#\" onclick=\"popUp=window.open('http:\/\/pinterest.com\/pin\/create\/button\/?url=https%3A%2F%2Fmagazineluxe.com%2Ffr%2Frio-de-janeiro%2F&amp;description=Rio de Janeiro &#8211; La ville merveilleuse&amp;media=https%3A%2F%2Fmagazineluxe.com%2Fwp-content%2Fuploads%2F2018%2F10%2FRio-de-Janeiro.jpg', 'popupwindow', 'scrollbars=yes,width=800,height=400');popUp.focus();return false;\">\n\t\t\t\t\t<span class=\"edgtf-social-network-icon social_pinterest\"><\/span>\n\t\t\t<\/a>\n<\/li>\t\t<\/ul>\n\t<\/div>\n<\/div><\/div>\n        <\/div>\n    <\/div>\n<\/div><div class=\"edgtf-post-example-item-three-item edgtf-post-item\">\n        <div class=\"edgtf-post-example-item-three-image-holder\">\n                <div class=\"edgtf-post-example-item-three-image-inner-holder\">\n            <img loading=\"lazy\" decoding=\"async\" src=\"https:\/\/magazineluxe.com\/wp-content\/uploads\/2018\/10\/Crosby-Street-Hotel-410x230.jpg\" alt=\"\" width=\"410\" height=\"230\" \/>        <\/div>\n        <a itemprop=\"url\" class=\"edgtf-post-example-item-three-slide-link\" href=\"https:\/\/magazineluxe.com\/fr\/le-crosby\/\" target=\"_self\"><\/a>\n    <\/div>\n        <div class=\"edgtf-post-example-item-three-content-holder\">\n        <div class=\"edgtf-post-example-item-three-title-holder\">\n            <h3 class=\"edgtf-post-example-item-three-title\">\n                <a itemprop=\"url\" href=\"https:\/\/magazineluxe.com\/fr\/le-crosby\/\" target=\"_self\">\n                    Le Crosby &#8211; V\u00e9ritable repaire de designer                <\/a>\n            <\/h3>\n        <\/div>\n                    <div class=\"edgtf-post-example-item-three-excerpt\">\n                <p class=\"edgtf-post-excerpt\">Impossible de manquer le Crosby Street Hotel, situ\u00e9 entre les rues Spring et Prince en plein c\u0153ur de SoHo\u00a0: une imposante sculpture d\u2019un chat, r\u00e9alis\u00e9e par Botero, garde l\u2019entr\u00e9e principale. Une \u0153uvre audacieuse qui donne certes le ton. Le Crosby a un petit c\u00f4t\u00e9 artistique sans trop se prendre au<\/p>            <\/div>\n                <div class=\"edgtf-post-example-item-three-info-section\">\n                        <div class=\"edgtf-post-info-comments-holder\">\n    <a itemprop=\"url\" class=\"edgtf-post-info-comments edgtf-comments-with-icon\" href=\"https:\/\/magazineluxe.com\/fr\/le-crosby\/#respond\" target=\"_self\">\n        0     <\/a>\n<\/div>            <div class=\"edgtf-blog-like\">\n\t<a href=\"#\" class=\"edgtf-like\" id=\"edgtf-like-10446-631\" title=\"Like this\" data-post-id=\"10446\"><span>0<\/span><input type=\"hidden\" id=\"edgtf_like_nonce_10446\" name=\"edgtf_like_nonce_10446\" value=\"58c4ac4060\" \/><input type=\"hidden\" name=\"_wp_http_referer\" value=\"\/fr\/wp-json\/wp\/v2\/pages\/13743\" \/><\/a><\/div>\n            <div class=\"edgtf-blog-share\">\n\t<div class=\"edgtf-social-share-holder edgtf-dropdown \">\n\t<a href=\"javascript:void(0)\" target=\"_self\" class=\"edgtf-social-share-dropdown-opener\">\n\t\t<span class=\"edgtf-social-share-title\">PARTAGER<\/span>\n\t<\/a>\n\t<div class=\"edgtf-social-share-dropdown\">\n\t\t<ul>\n\t\t\t<li class=\"edgtf-facebook-share\">\n\t<a class=\"edgtf-share-link\" href=\"#\" onclick=\"window.open('http:\/\/www.facebook.com\/sharer.php?s=100&amp;p[title]=Le+Crosby+%26%238211%3B+V%C3%A9ritable+repaire+de+designer&amp;p[url]=https%3A%2F%2Fmagazineluxe.com%2Ffr%2Fle-crosby%2F&amp;p[images][0]=https:\/\/magazineluxe.com\/wp-content\/uploads\/2018\/10\/Crosby-Street-Hotel.jpg&amp;p[summary]=Impossible+de+manquer+le+Crosby+Street+Hotel%2C+situ%C3%A9+entre+les+rues+Spring+et+Prince+en+plein+c%C5%93ur+de+SoHo%C2%A0%3A+une+imposante+sculpture+d%E2%80%99un+chat%2C+r%C3%A9alis%C3%A9e+par+Botero%2C+garde+l%E2%80%99entr%C3%A9e+principale.+Une+%C5%93uvre+audacieuse+qui+donne+certes+le+ton.+Le+Crosby+a+un+petit+c%C3%B4t%C3%A9+artistique+sans+trop+se+prendre+au+s%C3%A9rieux.+Et+c%E2%80%99est+ce+qui+fait+son+charme.+Film+et+cocktails+Les+initi%C3%A9s+se+rendent+souvent+au+Crosby+Hotel+le+dimanche+pour+y+regarder+un+film+tout+en+sirotant+quelques+cocktails.+Ce+luxueux+h%C3%B4tel+poss%C3%A8de+l%E2%80%99une+des+plus+belles+salles+de+cin%C3%A9ma+priv%C3%A9es+de+la+ville%2C+avec+des+si%C3%A8ges+en+cuir+Poltrona+Frau+de+vive+couleur+orang%C3%A9e+et+des+murs+aux+tons+pourpres+profonds.+Une+%C3%A9l%C3%A9gance+hors+du+commun.%C2%A0+%26nbsp%3B+Avant+de+commencer+le+visionnement+du+film%2C+les+amis+se+donnent+rendez-vous+au+bar%2C+un+endroit+magnifique%2C+color%C3%A9+et+tendance%2C+ponctu%C3%A9+d%E2%80%99%C5%93uvres+d%E2%80%99art%2C+tout+comme+le+reste+de+l%E2%80%99h%C3%B4tel.+Les+cocktails+sont+excellents%2C+les+bouch%C3%A9es+savoureuses+et+l%E2%80%99atmosph%C3%A8re+l%C3%A9g%C3%A8re.+Les+clients+de+l%E2%80%99h%C3%B4tel+et+les+New-Yorkais+s%E2%80%99y+m%C3%AAlent+dans+une+ambiance+%C3%A0+la+fois+branch%C3%A9e+et+relaxante.+%26nbsp%3B+Le+jour%2C+on+peut+y+croiser+des+personnalit%C3%A9s+de+l%E2%80%99industrie+cin%C3%A9matographique%2C+comme+Todd%C2%A0Haynes%2C+en+pleine+r%C3%A9union.+Le+Crosby+attire+une+client%C3%A8le+de+%5B%26hellip%3B%5D', 'sharer', 'toolbar=0,status=0,width=620,height=280');\">\n\t\t\t\t\t<span class=\"edgtf-social-network-icon social_facebook\"><\/span>\n\t\t\t<\/a>\n<\/li><li class=\"edgtf-twitter-share\">\n\t<a class=\"edgtf-share-link\" href=\"#\" onclick=\"window.open('http:\/\/twitter.com\/home?status=Impossible+de+manquer+le+Crosby+Street+Hotel%2C+situ%C3%A9+entre+les+rues+Spring+et+Prince+en+plein+c%C5%93ur+de+SoHo%C2%A0%3A+une+https:\/\/magazineluxe.com\/fr\/le-crosby\/', 'popupwindow', 'scrollbars=yes,width=800,height=400');\">\n\t\t\t\t\t<span class=\"edgtf-social-network-icon social_twitter\"><\/span>\n\t\t\t<\/a>\n<\/li><li class=\"edgtf-linkedin-share\">\n\t<a class=\"edgtf-share-link\" href=\"#\" onclick=\"popUp=window.open('http:\/\/linkedin.com\/shareArticle?mini=true&amp;url=https%3A%2F%2Fmagazineluxe.com%2Ffr%2Fle-crosby%2F&amp;title=Le+Crosby+%26%238211%3B+V%C3%A9ritable+repaire+de+designer', 'popupwindow', 'scrollbars=yes,width=800,height=400');popUp.focus();return false;\">\n\t\t\t\t\t<span class=\"edgtf-social-network-icon social_linkedin\"><\/span>\n\t\t\t<\/a>\n<\/li><li class=\"edgtf-pinterest-share\">\n\t<a class=\"edgtf-share-link\" href=\"#\" onclick=\"popUp=window.open('http:\/\/pinterest.com\/pin\/create\/button\/?url=https%3A%2F%2Fmagazineluxe.com%2Ffr%2Fle-crosby%2F&amp;description=Le Crosby &#8211; V\u00e9ritable repaire de designer&amp;media=https%3A%2F%2Fmagazineluxe.com%2Fwp-content%2Fuploads%2F2018%2F10%2FCrosby-Street-Hotel.jpg', 'popupwindow', 'scrollbars=yes,width=800,height=400');popUp.focus();return false;\">\n\t\t\t\t\t<span class=\"edgtf-social-network-icon social_pinterest\"><\/span>\n\t\t\t<\/a>\n<\/li>\t\t<\/ul>\n\t<\/div>\n<\/div><\/div>\n        <\/div>\n    <\/div>\n<\/div><div class=\"edgtf-post-example-item-three-item edgtf-post-item\">\n        <div class=\"edgtf-post-example-item-three-image-holder\">\n                <div class=\"edgtf-post-example-item-three-image-inner-holder\">\n            <img loading=\"lazy\" decoding=\"async\" src=\"https:\/\/magazineluxe.com\/wp-content\/uploads\/2018\/10\/Santa-Teresa-Hotel-MGallery-by-Sofitel-410x230.jpg\" alt=\"\" width=\"410\" height=\"230\" \/>        <\/div>\n        <a itemprop=\"url\" class=\"edgtf-post-example-item-three-slide-link\" href=\"https:\/\/magazineluxe.com\/fr\/hotel-santa-teresa-rio-mgallery-by-sofitel\/\" target=\"_self\"><\/a>\n    <\/div>\n        <div class=\"edgtf-post-example-item-three-content-holder\">\n        <div class=\"edgtf-post-example-item-three-title-holder\">\n            <h3 class=\"edgtf-post-example-item-three-title\">\n                <a itemprop=\"url\" href=\"https:\/\/magazineluxe.com\/fr\/hotel-santa-teresa-rio-mgallery-by-sofitel\/\" target=\"_self\">\n                    Hotel Santa Teresa Rio MGallery by Sofitel                <\/a>\n            <\/h3>\n        <\/div>\n                    <div class=\"edgtf-post-example-item-three-excerpt\">\n                <p class=\"edgtf-post-excerpt\">Situ\u00e9 dans le quartier pittoresque de Santa Teresa \u00e0 Rio de Janeiro et surplombant la baie de Guanabara, l\u2019Hotel Santa Teresa Rio MGallery by Sofitel respire la fra\u00eecheur et la tranquillit\u00e9. Son jardin luxuriant, sa majestueuse piscine, ses chambres romantiques\u00a0: tout contribue \u00e0 en faire un v\u00e9ritable havre de paix,<\/p>            <\/div>\n                <div class=\"edgtf-post-example-item-three-info-section\">\n                        <div class=\"edgtf-post-info-comments-holder\">\n    <a itemprop=\"url\" class=\"edgtf-post-info-comments edgtf-comments-with-icon\" href=\"https:\/\/magazineluxe.com\/fr\/hotel-santa-teresa-rio-mgallery-by-sofitel\/#respond\" target=\"_self\">\n        0     <\/a>\n<\/div>            <div class=\"edgtf-blog-like\">\n\t<a href=\"#\" class=\"edgtf-like\" id=\"edgtf-like-12493-646\" title=\"Like this\" data-post-id=\"12493\"><span>1<\/span><input type=\"hidden\" id=\"edgtf_like_nonce_12493\" name=\"edgtf_like_nonce_12493\" value=\"719812aff4\" \/><input type=\"hidden\" name=\"_wp_http_referer\" value=\"\/fr\/wp-json\/wp\/v2\/pages\/13743\" \/><\/a><\/div>\n            <div class=\"edgtf-blog-share\">\n\t<div class=\"edgtf-social-share-holder edgtf-dropdown \">\n\t<a href=\"javascript:void(0)\" target=\"_self\" class=\"edgtf-social-share-dropdown-opener\">\n\t\t<span class=\"edgtf-social-share-title\">PARTAGER<\/span>\n\t<\/a>\n\t<div class=\"edgtf-social-share-dropdown\">\n\t\t<ul>\n\t\t\t<li class=\"edgtf-facebook-share\">\n\t<a class=\"edgtf-share-link\" href=\"#\" onclick=\"window.open('http:\/\/www.facebook.com\/sharer.php?s=100&amp;p[title]=Hotel+Santa+Teresa+Rio+MGallery+by+Sofitel&amp;p[url]=https%3A%2F%2Fmagazineluxe.com%2Ffr%2Fhotel-santa-teresa-rio-mgallery-by-sofitel%2F&amp;p[images][0]=https:\/\/magazineluxe.com\/wp-content\/uploads\/2018\/10\/Santa-Teresa-Hotel-MGallery-by-Sofitel.jpg&amp;p[summary]=Situ%C3%A9+dans+le+quartier+pittoresque+de+Santa+Teresa+%C3%A0+Rio+de+Janeiro+et+surplombant+la+baie+de+Guanabara%2C+l%E2%80%99Hotel+Santa+Teresa+Rio+MGallery+by+Sofitel+respire+la+fra%C3%AEcheur+et+la+tranquillit%C3%A9.+Son+jardin+luxuriant%2C+sa+majestueuse+piscine%2C+ses+chambres+romantiques%C2%A0%3A+tout+contribue+%C3%A0+en+faire+un+v%C3%A9ritable+havre+de+paix%2C+%C3%A0+quelques+pas+seulement+des+activit%C3%A9s+tr%C3%A9pidantes+de+la+ville.+%26nbsp%3B+Ancienne+plantation+vou%C3%A9e+%C3%A0+la+fabrication+du+caf%C3%A9%2C+l%E2%80%99Hotel+Santa+Teresa+Rio+MGallery+by+Sofitel+en+a+pr%C3%A9serv%C3%A9+son+charme+authentique%2C+avec+son+architecture+mettant+en+avant+les+mat%C3%A9riaux+nobles+et+%C3%A9cologiques+du+pays+tels+que+les+bois+tropicaux%2C+le+ciment+br%C3%BBl%C3%A9%2C+ou+encore+les+fibres+de+banane%2C+de+buriti+et+de+bacaba.+Les+designers+br%C3%A9siliens+comme+Sergio%C2%A0Rodrigues+y+ont+toutefois+appos%C3%A9+une+touche+ultra-contemporaine+au+luxe+raffin%C3%A9.+R%C3%A9sultat%C2%A0%3A+le+lieu+d%C3%A9gage+une+%C3%A9l%C3%A9gance+chaleureuse+et+plonge+tout+visiteur+dans+une+atmosph%C3%A8re+de+qui%C3%A9tude+et+de+bien-%C3%AAtre.+%26nbsp%3B+Cette+s%C3%A9r%C3%A9nit%C3%A9+se+retrouve+dans+les+44+chambres+et+suites%2C+qui+donnent+toutes+sur+la+montagne+ou+le+jardin.+Parfaitement+%C3%A9quip%C3%A9es+et+ultra-confortables+%28tr%C3%A8s+grand+lit%2C+machine+%C3%A0+caf%C3%A9+Nespresso%2C+minibar%2C+wifi%2C+etc.%29%2C+elles+sont+l%E2%80%99endroit+id%C3%A9al+pour+se+ressourcer+apr%C3%A8s+une+journ%C3%A9e+bien+remplie%E2%80%A6+ou+pour+passer+une+nuit+de+%5B%26hellip%3B%5D', 'sharer', 'toolbar=0,status=0,width=620,height=280');\">\n\t\t\t\t\t<span class=\"edgtf-social-network-icon social_facebook\"><\/span>\n\t\t\t<\/a>\n<\/li><li class=\"edgtf-twitter-share\">\n\t<a class=\"edgtf-share-link\" href=\"#\" onclick=\"window.open('http:\/\/twitter.com\/home?status=Situ%C3%A9+dans+le+quartier+pittoresque+de+Santa+Teresa+%C3%A0+Rio+de+Janeiro+et+surplombant+la+baie+de+Guanabara%2C+l%E2%80%99Hotel+https:\/\/magazineluxe.com\/fr\/hotel-santa-teresa-rio-mgallery-by-sofitel\/', 'popupwindow', 'scrollbars=yes,width=800,height=400');\">\n\t\t\t\t\t<span class=\"edgtf-social-network-icon social_twitter\"><\/span>\n\t\t\t<\/a>\n<\/li><li class=\"edgtf-linkedin-share\">\n\t<a class=\"edgtf-share-link\" href=\"#\" onclick=\"popUp=window.open('http:\/\/linkedin.com\/shareArticle?mini=true&amp;url=https%3A%2F%2Fmagazineluxe.com%2Ffr%2Fhotel-santa-teresa-rio-mgallery-by-sofitel%2F&amp;title=Hotel+Santa+Teresa+Rio+MGallery+by+Sofitel', 'popupwindow', 'scrollbars=yes,width=800,height=400');popUp.focus();return false;\">\n\t\t\t\t\t<span class=\"edgtf-social-network-icon social_linkedin\"><\/span>\n\t\t\t<\/a>\n<\/li><li class=\"edgtf-pinterest-share\">\n\t<a class=\"edgtf-share-link\" href=\"#\" onclick=\"popUp=window.open('http:\/\/pinterest.com\/pin\/create\/button\/?url=https%3A%2F%2Fmagazineluxe.com%2Ffr%2Fhotel-santa-teresa-rio-mgallery-by-sofitel%2F&amp;description=Hotel Santa Teresa Rio MGallery by Sofitel&amp;media=https%3A%2F%2Fmagazineluxe.com%2Fwp-content%2Fuploads%2F2018%2F10%2FSanta-Teresa-Hotel-MGallery-by-Sofitel.jpg', 'popupwindow', 'scrollbars=yes,width=800,height=400');popUp.focus();return false;\">\n\t\t\t\t\t<span class=\"edgtf-social-network-icon social_pinterest\"><\/span>\n\t\t\t<\/a>\n<\/li>\t\t<\/ul>\n\t<\/div>\n<\/div><\/div>\n        <\/div>\n    <\/div>\n<\/div><div class=\"edgtf-post-example-item-three-item edgtf-post-item\">\n        <div class=\"edgtf-post-example-item-three-image-holder\">\n                <div class=\"edgtf-post-example-item-three-image-inner-holder\">\n            <img loading=\"lazy\" decoding=\"async\" src=\"https:\/\/magazineluxe.com\/wp-content\/uploads\/2018\/10\/St-Tropez-410x230.jpg\" alt=\"\" width=\"410\" height=\"230\" \/>        <\/div>\n        <a itemprop=\"url\" class=\"edgtf-post-example-item-three-slide-link\" href=\"https:\/\/magazineluxe.com\/fr\/sous-le-soleil-de-saint-tropez\/\" target=\"_self\"><\/a>\n    <\/div>\n        <div class=\"edgtf-post-example-item-three-content-holder\">\n        <div class=\"edgtf-post-example-item-three-title-holder\">\n            <h3 class=\"edgtf-post-example-item-three-title\">\n                <a itemprop=\"url\" href=\"https:\/\/magazineluxe.com\/fr\/sous-le-soleil-de-saint-tropez\/\" target=\"_self\">\n                    Sous le soleil de Saint-Tropez                <\/a>\n            <\/h3>\n        <\/div>\n                    <div class=\"edgtf-post-example-item-three-excerpt\">\n                <p class=\"edgtf-post-excerpt\">Nich\u00e9 tout au bout d\u2019une presqu\u2019\u00eele, ce petit village de 4\u00a0500\u00a0habitants accueille chaque ann\u00e9e des millions de visiteurs. Saint-Tropez poss\u00e8de en effet une magie unique, toute en paradoxes\u00a0: le luxe y rime avec la simplicit\u00e9, la tradition avec la modernit\u00e9, et la culture avec le glamour.\r\nQUOI FAIRE?\r\nUne balade dans le<\/p>            <\/div>\n                <div class=\"edgtf-post-example-item-three-info-section\">\n                        <div class=\"edgtf-post-info-comments-holder\">\n    <a itemprop=\"url\" class=\"edgtf-post-info-comments edgtf-comments-with-icon\" href=\"https:\/\/magazineluxe.com\/fr\/sous-le-soleil-de-saint-tropez\/#respond\" target=\"_self\">\n        0     <\/a>\n<\/div>            <div class=\"edgtf-blog-like\">\n\t<a href=\"#\" class=\"edgtf-like\" id=\"edgtf-like-11818-177\" title=\"Like this\" data-post-id=\"11818\"><span>0<\/span><input type=\"hidden\" id=\"edgtf_like_nonce_11818\" name=\"edgtf_like_nonce_11818\" value=\"0ca82e1395\" \/><input type=\"hidden\" name=\"_wp_http_referer\" value=\"\/fr\/wp-json\/wp\/v2\/pages\/13743\" \/><\/a><\/div>\n            <div class=\"edgtf-blog-share\">\n\t<div class=\"edgtf-social-share-holder edgtf-dropdown \">\n\t<a href=\"javascript:void(0)\" target=\"_self\" class=\"edgtf-social-share-dropdown-opener\">\n\t\t<span class=\"edgtf-social-share-title\">PARTAGER<\/span>\n\t<\/a>\n\t<div class=\"edgtf-social-share-dropdown\">\n\t\t<ul>\n\t\t\t<li class=\"edgtf-facebook-share\">\n\t<a class=\"edgtf-share-link\" href=\"#\" onclick=\"window.open('http:\/\/www.facebook.com\/sharer.php?s=100&amp;p[title]=Sous+le+soleil+de+Saint-Tropez&amp;p[url]=https%3A%2F%2Fmagazineluxe.com%2Ffr%2Fsous-le-soleil-de-saint-tropez%2F&amp;p[images][0]=https:\/\/magazineluxe.com\/wp-content\/uploads\/2018\/10\/St-Tropez.jpg&amp;p[summary]=Nich%C3%A9+tout+au+bout+d%E2%80%99une+presqu%E2%80%99%C3%AEle%2C+ce+petit+village+de+4%C2%A0500%C2%A0habitants+accueille+chaque+ann%C3%A9e+des+millions+de+visiteurs.+Saint-Tropez+poss%C3%A8de+en+effet+une+magie+unique%2C+toute+en+paradoxes%C2%A0%3A+le+luxe+y+rime+avec+la+simplicit%C3%A9%2C+la+tradition+avec+la+modernit%C3%A9%2C+et+la+culture+avec+le+glamour.+QUOI+FAIRE%3F+Une+balade+dans+le+vieux+port+et+le+vieux+village+Apr%C3%A8s+avoir+admir%C3%A9+les+yachts+et+les+voiliers%2C+marchez+dans+les+ruelles+pittoresques+de+la+vieille+ville.+Vous+tomberez+sous+leur+charme.+Arr%C3%AAtez-vous+ensuite+pour+prendre+un+verre+sur+la+terrasse+du+fameux+caf%C3%A9+S%C3%A9n%C3%A9quier.+Le+mus%C3%A9e+de+l%E2%80%99Annonciade+D%C3%A9couvrez+les+%C5%93uvres+d%E2%80%99artistes+des+mouvements%C2%A0fauve%2C+nabi+et+pointilliste%2C+tels+que+Signac%2C+Matisse%2C+Derain+et+bien+d%E2%80%99autres.+%26nbsp%3B+La+citadelle+et+son+mus%C3%A9e+La+citadelle+offre+le+plus+beau+panorama+du+golfe+de+Saint-Tropez.+Elle+abrite+aussi+le+Mus%C3%A9e+d%E2%80%99histoire+maritime+de+Saint-Tropez.+Les+plages+En+empruntant+le+sentier+du+littoral%2C+rendez-vous+jusqu%E2%80%99%C3%A0+la+mythique+plage+de+Pampelonne%2C+en+passant+par+la+baie+des+Canebiers+et+la+Madrague%2C+la+c%C3%A9l%C3%A8bre+propri%C3%A9t%C3%A9+de+Brigitte%C2%A0Bardot.+Le+magasinage+Les+plus+prestigieuses+boutiques+et+marques+de+luxe+%28Dior%2C+Gucci%2C+Vuitton%E2%80%A6%29+c%C3%B4toient+les+non+moins+raffin%C3%A9es+sandales+trop%C3%A9ziennes+fabriqu%C3%A9es+sur+mesure.+Les+sp%C3%A9cialit%C3%A9s+Pas+de+Saint-Tropez+sans+tarte+%5B%26hellip%3B%5D', 'sharer', 'toolbar=0,status=0,width=620,height=280');\">\n\t\t\t\t\t<span class=\"edgtf-social-network-icon social_facebook\"><\/span>\n\t\t\t<\/a>\n<\/li><li class=\"edgtf-twitter-share\">\n\t<a class=\"edgtf-share-link\" href=\"#\" onclick=\"window.open('http:\/\/twitter.com\/home?status=Nich%C3%A9+tout+au+bout+d%E2%80%99une+presqu%E2%80%99%C3%AEle%2C+ce+petit+village+de+4%C2%A0500%C2%A0habitants+accueille+chaque+ann%C3%A9e+des+millions+de+https:\/\/magazineluxe.com\/fr\/sous-le-soleil-de-saint-tropez\/', 'popupwindow', 'scrollbars=yes,width=800,height=400');\">\n\t\t\t\t\t<span class=\"edgtf-social-network-icon social_twitter\"><\/span>\n\t\t\t<\/a>\n<\/li><li class=\"edgtf-linkedin-share\">\n\t<a class=\"edgtf-share-link\" href=\"#\" onclick=\"popUp=window.open('http:\/\/linkedin.com\/shareArticle?mini=true&amp;url=https%3A%2F%2Fmagazineluxe.com%2Ffr%2Fsous-le-soleil-de-saint-tropez%2F&amp;title=Sous+le+soleil+de+Saint-Tropez', 'popupwindow', 'scrollbars=yes,width=800,height=400');popUp.focus();return false;\">\n\t\t\t\t\t<span class=\"edgtf-social-network-icon social_linkedin\"><\/span>\n\t\t\t<\/a>\n<\/li><li class=\"edgtf-pinterest-share\">\n\t<a class=\"edgtf-share-link\" href=\"#\" onclick=\"popUp=window.open('http:\/\/pinterest.com\/pin\/create\/button\/?url=https%3A%2F%2Fmagazineluxe.com%2Ffr%2Fsous-le-soleil-de-saint-tropez%2F&amp;description=Sous le soleil de Saint-Tropez&amp;media=https%3A%2F%2Fmagazineluxe.com%2Fwp-content%2Fuploads%2F2018%2F10%2FSt-Tropez.jpg', 'popupwindow', 'scrollbars=yes,width=800,height=400');popUp.focus();return false;\">\n\t\t\t\t\t<span class=\"edgtf-social-network-icon social_pinterest\"><\/span>\n\t\t\t<\/a>\n<\/li>\t\t<\/ul>\n\t<\/div>\n<\/div><\/div>\n        <\/div>\n    <\/div>\n<\/div><div class=\"edgtf-post-example-item-three-item edgtf-post-item\">\n        <div class=\"edgtf-post-example-item-three-image-holder\">\n                <div class=\"edgtf-post-example-item-three-image-inner-holder\">\n            <img loading=\"lazy\" decoding=\"async\" src=\"https:\/\/magazineluxe.com\/wp-content\/uploads\/2018\/06\/Miami-The-Magic-City-1-410x230.jpg\" alt=\"\" width=\"410\" height=\"230\" \/>        <\/div>\n        <a itemprop=\"url\" class=\"edgtf-post-example-item-three-slide-link\" href=\"https:\/\/magazineluxe.com\/fr\/miami-la-magic-city\/\" target=\"_self\"><\/a>\n    <\/div>\n        <div class=\"edgtf-post-example-item-three-content-holder\">\n        <div class=\"edgtf-post-example-item-three-title-holder\">\n            <h3 class=\"edgtf-post-example-item-three-title\">\n                <a itemprop=\"url\" href=\"https:\/\/magazineluxe.com\/fr\/miami-la-magic-city\/\" target=\"_self\">\n                    Miami: la magic city                <\/a>\n            <\/h3>\n        <\/div>\n                    <div class=\"edgtf-post-example-item-three-excerpt\">\n                <p class=\"edgtf-post-excerpt\">Avec ses plages, ses quartiers Art d\u00e9co et sa vie nocturne tr\u00e8s anim\u00e9e, Miami est, \u00e0 bien des \u00e9gards, l\u2019une des villes les plus attirantes des \u00c9tats-Unis. Cit\u00e9 aux mille visages, elle poss\u00e8de tous les attraits pour plaire aux plus exigeants: d\u2019excellentes adresses pour manger, boire un verre ou magasiner,<\/p>            <\/div>\n                <div class=\"edgtf-post-example-item-three-info-section\">\n                        <div class=\"edgtf-post-info-comments-holder\">\n    <a itemprop=\"url\" class=\"edgtf-post-info-comments edgtf-comments-with-icon\" href=\"https:\/\/magazineluxe.com\/fr\/miami-la-magic-city\/#respond\" target=\"_self\">\n        0     <\/a>\n<\/div>            <div class=\"edgtf-blog-like\">\n\t<a href=\"#\" class=\"edgtf-like\" id=\"edgtf-like-10299-271\" title=\"Like this\" data-post-id=\"10299\"><span>0<\/span><input type=\"hidden\" id=\"edgtf_like_nonce_10299\" name=\"edgtf_like_nonce_10299\" value=\"f8f99ff9aa\" \/><input type=\"hidden\" name=\"_wp_http_referer\" value=\"\/fr\/wp-json\/wp\/v2\/pages\/13743\" \/><\/a><\/div>\n            <div class=\"edgtf-blog-share\">\n\t<div class=\"edgtf-social-share-holder edgtf-dropdown \">\n\t<a href=\"javascript:void(0)\" target=\"_self\" class=\"edgtf-social-share-dropdown-opener\">\n\t\t<span class=\"edgtf-social-share-title\">PARTAGER<\/span>\n\t<\/a>\n\t<div class=\"edgtf-social-share-dropdown\">\n\t\t<ul>\n\t\t\t<li class=\"edgtf-facebook-share\">\n\t<a class=\"edgtf-share-link\" href=\"#\" onclick=\"window.open('http:\/\/www.facebook.com\/sharer.php?s=100&amp;p[title]=Miami%3A+la+magic+city&amp;p[url]=https%3A%2F%2Fmagazineluxe.com%2Ffr%2Fmiami-la-magic-city%2F&amp;p[images][0]=https:\/\/magazineluxe.com\/wp-content\/uploads\/2018\/06\/Miami-The-Magic-City-1.jpg&amp;p[summary]=Avec+ses+plages%2C+ses+quartiers+Art+d%C3%A9co+et+sa+vie+nocturne+tr%C3%A8s+anim%C3%A9e%2C+Miami+est%2C+%C3%A0+bien+des+%C3%A9gards%2C+l%E2%80%99une+des+villes+les+plus+attirantes+des+%C3%89tats-Unis.+Cit%C3%A9+aux+mille+visages%2C+elle+poss%C3%A8de+tous+les+attraits+pour+plaire+aux+plus+exigeants%3A+d%E2%80%99excellentes+adresses+pour+manger%2C+boire+un+verre+ou+magasiner%2C+mais+aussi+de+magnifiques+endroits+pour+se+promener.+Visite+guid%C3%A9e.+O%C3%99+S%C3%89JOURNER%3F+LE+BILTMORE+Datant+de+1926%2C+cet+%C3%A9tablissement+est+inscrit+au+Registre+national+des+lieux+historiques.+De+nombreuses+personnalit%C3%A9s+y+ont+s%C3%A9journ%C3%A9.+Il+dispose+d%E2%80%99une+immense+piscine%2C+d%E2%80%99un+parcours+de+golf%2C+de+terrains+de+tennis+et+d%E2%80%99un+restaurant+fran%C3%A7ais%2C+le+Palme+d%E2%80%99Or%2C+%C3%A9toil%C3%A9+au+guide+Michelin.+%26nbsp%3B+LE+EAST+Situ%C3%A9+au+c%C5%93ur+de+Brickell+City+Centre+et+d%C3%A9cor%C3%A9+avec+%C3%A9l%C3%A9gance%2C+cet+h%C3%B4tel+de+352+chambres+poss%C3%A8de+quatre+piscines%2C+plusieurs+salles+de+r%C3%A9union%2C+des+spas%2C+des+boutiques+de+luxe+et+un+cin%C3%A9ma.+Sa+terrasse+sur+le+toit+offre+une+vue+incroyable+sur+la+ville.+Quant+%C3%A0+son+restaurant+uruguayen%2C+il+est%2C+en+peu+de+temps%2C+devenu+le+chouchou+des+gourmets.+LE+DELANO+Mariant+patrimoine+Art+d%C3%A9co+et+design+contemporain%2C+l%E2%80%99h%C3%B4tel+Delano%2C+imagin%C3%A9+par+Philippe+Starck%2C+est+l%E2%80%99un+des+plus+en+vogue+de+Miami+Beach.+Il+offre+deux+restaurants%2C+une+piscine+%5B%26hellip%3B%5D', 'sharer', 'toolbar=0,status=0,width=620,height=280');\">\n\t\t\t\t\t<span class=\"edgtf-social-network-icon social_facebook\"><\/span>\n\t\t\t<\/a>\n<\/li><li class=\"edgtf-twitter-share\">\n\t<a class=\"edgtf-share-link\" href=\"#\" onclick=\"window.open('http:\/\/twitter.com\/home?status=Avec+ses+plages%2C+ses+quartiers+Art+d%C3%A9co+et+sa+vie+nocturne+tr%C3%A8s+anim%C3%A9e%2C+Miami+est%2C+%C3%A0+bien+des+%C3%A9gards%2C+l%E2%80%99une+des+https:\/\/magazineluxe.com\/fr\/miami-la-magic-city\/', 'popupwindow', 'scrollbars=yes,width=800,height=400');\">\n\t\t\t\t\t<span class=\"edgtf-social-network-icon social_twitter\"><\/span>\n\t\t\t<\/a>\n<\/li><li class=\"edgtf-linkedin-share\">\n\t<a class=\"edgtf-share-link\" href=\"#\" onclick=\"popUp=window.open('http:\/\/linkedin.com\/shareArticle?mini=true&amp;url=https%3A%2F%2Fmagazineluxe.com%2Ffr%2Fmiami-la-magic-city%2F&amp;title=Miami%3A+la+magic+city', 'popupwindow', 'scrollbars=yes,width=800,height=400');popUp.focus();return false;\">\n\t\t\t\t\t<span class=\"edgtf-social-network-icon social_linkedin\"><\/span>\n\t\t\t<\/a>\n<\/li><li class=\"edgtf-pinterest-share\">\n\t<a class=\"edgtf-share-link\" href=\"#\" onclick=\"popUp=window.open('http:\/\/pinterest.com\/pin\/create\/button\/?url=https%3A%2F%2Fmagazineluxe.com%2Ffr%2Fmiami-la-magic-city%2F&amp;description=Miami: la magic city&amp;media=https%3A%2F%2Fmagazineluxe.com%2Fwp-content%2Fuploads%2F2018%2F06%2FMiami-The-Magic-City-1.jpg', 'popupwindow', 'scrollbars=yes,width=800,height=400');popUp.focus();return false;\">\n\t\t\t\t\t<span class=\"edgtf-social-network-icon social_pinterest\"><\/span>\n\t\t\t<\/a>\n<\/li>\t\t<\/ul>\n\t<\/div>\n<\/div><\/div>\n        <\/div>\n    <\/div>\n<\/div><div class=\"edgtf-post-example-item-three-item edgtf-post-item\">\n        <div class=\"edgtf-post-example-item-three-image-holder\">\n                <div class=\"edgtf-post-example-item-three-image-inner-holder\">\n            <img loading=\"lazy\" decoding=\"async\" src=\"https:\/\/magazineluxe.com\/wp-content\/uploads\/2018\/06\/Los-Cabos-4-410x230.jpg\" alt=\"\" width=\"410\" height=\"230\" \/>        <\/div>\n        <a itemprop=\"url\" class=\"edgtf-post-example-item-three-slide-link\" href=\"https:\/\/magazineluxe.com\/fr\/los-cabos\/\" target=\"_self\"><\/a>\n    <\/div>\n        <div class=\"edgtf-post-example-item-three-content-holder\">\n        <div class=\"edgtf-post-example-item-three-title-holder\">\n            <h3 class=\"edgtf-post-example-item-three-title\">\n                <a itemprop=\"url\" href=\"https:\/\/magazineluxe.com\/fr\/los-cabos\/\" target=\"_self\">\n                    Los Cabos &#8211; Entre mer et d\u00e9sert                <\/a>\n            <\/h3>\n        <\/div>\n                    <div class=\"edgtf-post-example-item-three-excerpt\">\n                <p class=\"edgtf-post-excerpt\">Situ\u00e9e \u00e0 la pointe sud de la p\u00e9ninsule de Basse-Californie, Los Cabos est l\u2019une des destinations touristiques les plus pris\u00e9es du Mexique avec son climat d\u00e9sertique, ses paysages \u00e0 couper le souffle et une mer id\u00e9ale pour la plong\u00e9e. De nombreuses vedettes de cin\u00e9ma comme George Clooney et Cindy Crawford<\/p>            <\/div>\n                <div class=\"edgtf-post-example-item-three-info-section\">\n                        <div class=\"edgtf-post-info-comments-holder\">\n    <a itemprop=\"url\" class=\"edgtf-post-info-comments edgtf-comments-with-icon\" href=\"https:\/\/magazineluxe.com\/fr\/los-cabos\/#respond\" target=\"_self\">\n        0     <\/a>\n<\/div>            <div class=\"edgtf-blog-like\">\n\t<a href=\"#\" class=\"edgtf-like\" id=\"edgtf-like-10255-451\" title=\"Like this\" data-post-id=\"10255\"><span>0<\/span><input type=\"hidden\" id=\"edgtf_like_nonce_10255\" name=\"edgtf_like_nonce_10255\" value=\"bfcc4a1fcb\" \/><input type=\"hidden\" name=\"_wp_http_referer\" value=\"\/fr\/wp-json\/wp\/v2\/pages\/13743\" \/><\/a><\/div>\n            <div class=\"edgtf-blog-share\">\n\t<div class=\"edgtf-social-share-holder edgtf-dropdown \">\n\t<a href=\"javascript:void(0)\" target=\"_self\" class=\"edgtf-social-share-dropdown-opener\">\n\t\t<span class=\"edgtf-social-share-title\">PARTAGER<\/span>\n\t<\/a>\n\t<div class=\"edgtf-social-share-dropdown\">\n\t\t<ul>\n\t\t\t<li class=\"edgtf-facebook-share\">\n\t<a class=\"edgtf-share-link\" href=\"#\" onclick=\"window.open('http:\/\/www.facebook.com\/sharer.php?s=100&amp;p[title]=Los+Cabos+%26%238211%3B+Entre+mer+et+d%C3%A9sert&amp;p[url]=https%3A%2F%2Fmagazineluxe.com%2Ffr%2Flos-cabos%2F&amp;p[images][0]=https:\/\/magazineluxe.com\/wp-content\/uploads\/2018\/06\/Los-Cabos-4.jpg&amp;p[summary]=Situ%C3%A9e+%C3%A0+la+pointe+sud+de+la+p%C3%A9ninsule+de+Basse-Californie%2C+Los+Cabos+est+l%E2%80%99une+des+destinations+touristiques+les+plus+pris%C3%A9es+du+Mexique+avec+son+climat+d%C3%A9sertique%2C+ses+paysages+%C3%A0+couper+le+souffle+et+une+mer+id%C3%A9ale+pour+la+plong%C3%A9e.+De+nombreuses+vedettes+de+cin%C3%A9ma+comme+George+Clooney+et+Cindy+Crawford+y+ont+%C3%A9lu+domicile%2C+tandis+que+d%E2%80%99autres+y+viennent+r%C3%A9guli%C3%A8rement+en+vacances.+Voici+quelques+bonnes+adresses+et+activit%C3%A9s+%C3%A0+faire+pour+vous+donner+envie+de+visiter+%C3%A0+votre+tour+ce+petit+coin+de+paradis.+%26nbsp%3B+Los+Cabos+comprend+deux+villes%3A+San+Jos%C3%A9+del+Cabo%2C+un+village+mexicain+traditionnel%2C+et+Cabo+San+Lucas%2C+beaucoup+plus+touristique.+Environ+35+kilom%C3%A8tres+d%E2%80%99un+magnifique+littoral+sur+la+mer+de+Cort%C3%A9s+les+s%C3%A9parent.+On+y+trouve+entre+autres+villas%2C+h%C3%B4tels+de+luxe+et+terrains+de+golf.+%26nbsp%3B+Cabo+San+Lucas+poss%C3%A8de+une+tr%C3%A8s+belle+marina+o%C3%B9+sont+ancr%C3%A9s+des+voiliers%2C+des+bateaux+de+p%C3%AAche%2C+des+bateauxtaxis+et+de+somptueux+yachts.+Tout+autour%2C+caf%C3%A9s%2C+restaurants%2C+centres+commerciaux+et+promenades+sont+le+point+de+rencontre+des+visiteurs+de+tous+horizons.+Le+soir+venu%2C+la+ville+est+tr%C3%A8s+anim%C3%A9e%2C+et+ses+bo%C3%AEtes+de+nuit%2C+dont+la+Cabo+Wabo+Cantina+fond%C3%A9e+par+la+l%C3%A9gende+du+rock+Sammy+Hagar%2C+sont+%5B%26hellip%3B%5D', 'sharer', 'toolbar=0,status=0,width=620,height=280');\">\n\t\t\t\t\t<span class=\"edgtf-social-network-icon social_facebook\"><\/span>\n\t\t\t<\/a>\n<\/li><li class=\"edgtf-twitter-share\">\n\t<a class=\"edgtf-share-link\" href=\"#\" onclick=\"window.open('http:\/\/twitter.com\/home?status=Situ%C3%A9e+%C3%A0+la+pointe+sud+de+la+p%C3%A9ninsule+de+Basse-Californie%2C+Los+Cabos+est+l%E2%80%99une+des+destinations+touristiques+les+https:\/\/magazineluxe.com\/fr\/los-cabos\/', 'popupwindow', 'scrollbars=yes,width=800,height=400');\">\n\t\t\t\t\t<span class=\"edgtf-social-network-icon social_twitter\"><\/span>\n\t\t\t<\/a>\n<\/li><li class=\"edgtf-linkedin-share\">\n\t<a class=\"edgtf-share-link\" href=\"#\" onclick=\"popUp=window.open('http:\/\/linkedin.com\/shareArticle?mini=true&amp;url=https%3A%2F%2Fmagazineluxe.com%2Ffr%2Flos-cabos%2F&amp;title=Los+Cabos+%26%238211%3B+Entre+mer+et+d%C3%A9sert', 'popupwindow', 'scrollbars=yes,width=800,height=400');popUp.focus();return false;\">\n\t\t\t\t\t<span class=\"edgtf-social-network-icon social_linkedin\"><\/span>\n\t\t\t<\/a>\n<\/li><li class=\"edgtf-pinterest-share\">\n\t<a class=\"edgtf-share-link\" href=\"#\" onclick=\"popUp=window.open('http:\/\/pinterest.com\/pin\/create\/button\/?url=https%3A%2F%2Fmagazineluxe.com%2Ffr%2Flos-cabos%2F&amp;description=Los Cabos &#8211; Entre mer et d\u00e9sert&amp;media=https%3A%2F%2Fmagazineluxe.com%2Fwp-content%2Fuploads%2F2018%2F06%2FLos-Cabos-4.jpg', 'popupwindow', 'scrollbars=yes,width=800,height=400');popUp.focus();return false;\">\n\t\t\t\t\t<span class=\"edgtf-social-network-icon social_pinterest\"><\/span>\n\t\t\t<\/a>\n<\/li>\t\t<\/ul>\n\t<\/div>\n<\/div><\/div>\n        <\/div>\n    <\/div>\n<\/div><div class=\"edgtf-post-example-item-three-item edgtf-post-item\">\n        <div class=\"edgtf-post-example-item-three-image-holder\">\n                <div class=\"edgtf-post-example-item-three-image-inner-holder\">\n            <img loading=\"lazy\" decoding=\"async\" src=\"https:\/\/magazineluxe.com\/wp-content\/uploads\/2018\/06\/Ruby-Residence-New-York-1-410x230.jpg\" alt=\"\" width=\"410\" height=\"230\" \/>        <\/div>\n        <a itemprop=\"url\" class=\"edgtf-post-example-item-three-slide-link\" href=\"https:\/\/magazineluxe.com\/fr\/perche-dans-les-airs\/\" target=\"_self\"><\/a>\n    <\/div>\n        <div class=\"edgtf-post-example-item-three-content-holder\">\n        <div class=\"edgtf-post-example-item-three-title-holder\">\n            <h3 class=\"edgtf-post-example-item-three-title\">\n                <a itemprop=\"url\" href=\"https:\/\/magazineluxe.com\/fr\/perche-dans-les-airs\/\" target=\"_self\">\n                    Perch\u00e9 dans les airs &#8211; Entour\u00e9 du silence et du ciel                <\/a>\n            <\/h3>\n        <\/div>\n                    <div class=\"edgtf-post-example-item-three-excerpt\">\n                <p class=\"edgtf-post-excerpt\">Gratte-ciel\r\nLe mot \u00abgratte-ciel\u00bb est pour toujours associ\u00e9 aux villes utopiques et \u00e0 leurs efforts pour conqu\u00e9rir l\u2019espace. L\u2019architecture de New York inspire cette vision futuriste. Elle \u00e9voque les r\u00e9cits de science-fiction, les images d\u2019hommes voyageant dans des engins volants en louvoyant entre les tours, se frayant des passages dans le<\/p>            <\/div>\n                <div class=\"edgtf-post-example-item-three-info-section\">\n                        <div class=\"edgtf-post-info-comments-holder\">\n    <a itemprop=\"url\" class=\"edgtf-post-info-comments edgtf-comments-with-icon\" href=\"https:\/\/magazineluxe.com\/fr\/perche-dans-les-airs\/#respond\" target=\"_self\">\n        0     <\/a>\n<\/div>            <div class=\"edgtf-blog-like\">\n\t<a href=\"#\" class=\"edgtf-like\" id=\"edgtf-like-10291-260\" title=\"Like this\" data-post-id=\"10291\"><span>0<\/span><input type=\"hidden\" id=\"edgtf_like_nonce_10291\" name=\"edgtf_like_nonce_10291\" value=\"6551d37f0f\" \/><input type=\"hidden\" name=\"_wp_http_referer\" value=\"\/fr\/wp-json\/wp\/v2\/pages\/13743\" \/><\/a><\/div>\n            <div class=\"edgtf-blog-share\">\n\t<div class=\"edgtf-social-share-holder edgtf-dropdown \">\n\t<a href=\"javascript:void(0)\" target=\"_self\" class=\"edgtf-social-share-dropdown-opener\">\n\t\t<span class=\"edgtf-social-share-title\">PARTAGER<\/span>\n\t<\/a>\n\t<div class=\"edgtf-social-share-dropdown\">\n\t\t<ul>\n\t\t\t<li class=\"edgtf-facebook-share\">\n\t<a class=\"edgtf-share-link\" href=\"#\" onclick=\"window.open('http:\/\/www.facebook.com\/sharer.php?s=100&amp;p[title]=Perch%C3%A9+dans+les+airs+%26%238211%3B+Entour%C3%A9+du+silence+et+du+ciel&amp;p[url]=https%3A%2F%2Fmagazineluxe.com%2Ffr%2Fperche-dans-les-airs%2F&amp;p[images][0]=https:\/\/magazineluxe.com\/wp-content\/uploads\/2018\/06\/Ruby-Residence-New-York-1.jpg&amp;p[summary]=Gratte-ciel+Le+mot+%C2%ABgratte-ciel%C2%BB+est+pour+toujours+associ%C3%A9+aux+villes+utopiques+et+%C3%A0+leurs+efforts+pour+conqu%C3%A9rir+l%E2%80%99espace.+L%E2%80%99architecture+de+New+York+inspire+cette+vision+futuriste.+Elle+%C3%A9voque+les+r%C3%A9cits+de+science-fiction%2C+les+images+d%E2%80%99hommes+voyageant+dans+des+engins+volants+en+louvoyant+entre+les+tours%2C+se+frayant+des+passages+dans+le+ciel.+Ce+panorama+futuriste+imagin%C3%A9+par+les+pionniers+de+l%E2%80%99%C3%A2ge+moderne+fait+maintenant+partie+de+notre+r%C3%A9alit%C3%A9+contemporaine.+Manhattan+incarne+la+ville+moderne+compos%C3%A9e+de+tours+d%E2%80%99habitation+et+de+rues+%C3%A0+la+circulation+rapide.+%26nbsp%3B+La+Collection+Lauren+Berger+a+choisi+la+r%C3%A9sidence+parfaite+pour+une+exp%C3%A9rience+new-yorkaise+sans+%C3%A9gale.+Cet+appartement+est+situ%C3%A9+%C3%A0+l%E2%80%99un+des+%C3%A9tages+sup%C3%A9rieurs+d%E2%80%99une+superbe+tour+d%E2%80%99habitation.+Situ%C3%A9e+dans+un+endroit+recherch%C3%A9%2C+la+tour+offre+des+services+exclusifs%2C+notamment+un+salon+de+relaxation+priv%C3%A9+avec+un+magnifique+patio+sur+le+toit+et+un+centre+de+conditionnement+physique.+%26nbsp%3B+Au+c%C5%93ur+de+Midtown%2C+ce+bel+appartement+de+deux+chambres+%C3%A0+coucher+est+perch%C3%A9+dans+les+airs%2C+dominant+la+ville.+Cet+espace+spectaculaire+s%E2%80%99%C3%A9tend+sur+116+m%C3%A8tres+carr%C3%A9s+d%E2%80%99un+luxe+in%C3%A9gal%C3%A9.+Si+vous+avez+toujours+r%C3%AAv%C3%A9+de+vivre+dans+un+%C3%A9difice+futuriste+et+de+vous+%C3%A9veiller+avec+une+vue+imprenable+sur+Times+Square%2C+c%E2%80%99est+l%E2%80%99endroit+%5B%26hellip%3B%5D', 'sharer', 'toolbar=0,status=0,width=620,height=280');\">\n\t\t\t\t\t<span class=\"edgtf-social-network-icon social_facebook\"><\/span>\n\t\t\t<\/a>\n<\/li><li class=\"edgtf-twitter-share\">\n\t<a class=\"edgtf-share-link\" href=\"#\" onclick=\"window.open('http:\/\/twitter.com\/home?status=Gratte-ciel+Le+mot+%C2%ABgratte-ciel%C2%BB+est+pour+toujours+associ%C3%A9+aux+villes+utopiques+et+%C3%A0+leurs+efforts+pour+conqu%C3%A9rir+https:\/\/magazineluxe.com\/fr\/perche-dans-les-airs\/', 'popupwindow', 'scrollbars=yes,width=800,height=400');\">\n\t\t\t\t\t<span class=\"edgtf-social-network-icon social_twitter\"><\/span>\n\t\t\t<\/a>\n<\/li><li class=\"edgtf-linkedin-share\">\n\t<a class=\"edgtf-share-link\" href=\"#\" onclick=\"popUp=window.open('http:\/\/linkedin.com\/shareArticle?mini=true&amp;url=https%3A%2F%2Fmagazineluxe.com%2Ffr%2Fperche-dans-les-airs%2F&amp;title=Perch%C3%A9+dans+les+airs+%26%238211%3B+Entour%C3%A9+du+silence+et+du+ciel', 'popupwindow', 'scrollbars=yes,width=800,height=400');popUp.focus();return false;\">\n\t\t\t\t\t<span class=\"edgtf-social-network-icon social_linkedin\"><\/span>\n\t\t\t<\/a>\n<\/li><li class=\"edgtf-pinterest-share\">\n\t<a class=\"edgtf-share-link\" href=\"#\" onclick=\"popUp=window.open('http:\/\/pinterest.com\/pin\/create\/button\/?url=https%3A%2F%2Fmagazineluxe.com%2Ffr%2Fperche-dans-les-airs%2F&amp;description=Perch\u00e9 dans les airs &#8211; Entour\u00e9 du silence et du ciel&amp;media=https%3A%2F%2Fmagazineluxe.com%2Fwp-content%2Fuploads%2F2018%2F06%2FRuby-Residence-New-York-1.jpg', 'popupwindow', 'scrollbars=yes,width=800,height=400');popUp.focus();return false;\">\n\t\t\t\t\t<span class=\"edgtf-social-network-icon social_pinterest\"><\/span>\n\t\t\t<\/a>\n<\/li>\t\t<\/ul>\n\t<\/div>\n<\/div><\/div>\n        <\/div>\n    <\/div>\n<\/div><div class=\"edgtf-post-example-item-three-item edgtf-post-item\">\n        <div class=\"edgtf-post-example-item-three-image-holder\">\n                <div class=\"edgtf-post-example-item-three-image-inner-holder\">\n            <img loading=\"lazy\" decoding=\"async\" src=\"https:\/\/magazineluxe.com\/wp-content\/uploads\/2018\/06\/Baccarat-New-York-410x230.jpg\" alt=\"\" width=\"410\" height=\"230\" \/>        <\/div>\n        <a itemprop=\"url\" class=\"edgtf-post-example-item-three-slide-link\" href=\"https:\/\/magazineluxe.com\/fr\/hotel-baccarat\/\" target=\"_self\"><\/a>\n    <\/div>\n        <div class=\"edgtf-post-example-item-three-content-holder\">\n        <div class=\"edgtf-post-example-item-three-title-holder\">\n            <h3 class=\"edgtf-post-example-item-three-title\">\n                <a itemprop=\"url\" href=\"https:\/\/magazineluxe.com\/fr\/hotel-baccarat\/\" target=\"_self\">\n                    H\u00f4tel Baccarat \u00e0 New York : l\u2019incarnation m\u00eame de l\u2019excellence l\u00e9gendaire                <\/a>\n            <\/h3>\n        <\/div>\n                    <div class=\"edgtf-post-example-item-three-excerpt\">\n                <p class=\"edgtf-post-excerpt\">Passez devant Van Cleef &amp; Arpels et Mikimoto, tournez sur la 53e rue puis, juste en face de l\u2019embl\u00e9matique Museum of Modern Art, vous trouverez l\u2019h\u00f4tel Baccarat. L\u2019entr\u00e9e, orn\u00e9e de verre prismatique et d\u2019une marquise sombre de style moderniste, s\u2019ouvre sur un tapis rouge \u00e9clair\u00e9 par des chandeliers en cristal.<\/p>            <\/div>\n                <div class=\"edgtf-post-example-item-three-info-section\">\n                        <div class=\"edgtf-post-info-comments-holder\">\n    <a itemprop=\"url\" class=\"edgtf-post-info-comments edgtf-comments-with-icon\" href=\"https:\/\/magazineluxe.com\/fr\/hotel-baccarat\/#respond\" target=\"_self\">\n        0     <\/a>\n<\/div>            <div class=\"edgtf-blog-like\">\n\t<a href=\"#\" class=\"edgtf-like\" id=\"edgtf-like-10242-338\" title=\"Like this\" data-post-id=\"10242\"><span>0<\/span><input type=\"hidden\" id=\"edgtf_like_nonce_10242\" name=\"edgtf_like_nonce_10242\" value=\"500c3b4296\" \/><input type=\"hidden\" name=\"_wp_http_referer\" value=\"\/fr\/wp-json\/wp\/v2\/pages\/13743\" \/><\/a><\/div>\n            <div class=\"edgtf-blog-share\">\n\t<div class=\"edgtf-social-share-holder edgtf-dropdown \">\n\t<a href=\"javascript:void(0)\" target=\"_self\" class=\"edgtf-social-share-dropdown-opener\">\n\t\t<span class=\"edgtf-social-share-title\">PARTAGER<\/span>\n\t<\/a>\n\t<div class=\"edgtf-social-share-dropdown\">\n\t\t<ul>\n\t\t\t<li class=\"edgtf-facebook-share\">\n\t<a class=\"edgtf-share-link\" href=\"#\" onclick=\"window.open('http:\/\/www.facebook.com\/sharer.php?s=100&amp;p[title]=H%C3%B4tel+Baccarat+%C3%A0+New+York+%3A+l%E2%80%99incarnation+m%C3%AAme+de+l%E2%80%99excellence+l%C3%A9gendaire&amp;p[url]=https%3A%2F%2Fmagazineluxe.com%2Ffr%2Fhotel-baccarat%2F&amp;p[images][0]=https:\/\/magazineluxe.com\/wp-content\/uploads\/2018\/06\/Baccarat-New-York.jpg&amp;p[summary]=Passez+devant+Van+Cleef+%26amp%3B+Arpels+et+Mikimoto%2C+tournez+sur+la+53e+rue+puis%2C+juste+en+face+de+l%E2%80%99embl%C3%A9matique+Museum+of+Modern+Art%2C+vous+trouverez+l%E2%80%99h%C3%B4tel+Baccarat.+L%E2%80%99entr%C3%A9e%2C+orn%C3%A9e+de+verre+prismatique+et+d%E2%80%99une+marquise+sombre+de+style+moderniste%2C+s%E2%80%99ouvre+sur+un+tapis+rouge+%C3%A9clair%C3%A9+par+des+chandeliers+en+cristal.+Un+portier+vous+y+attendra+pour+vous+escorter+vers+un+ascenseur+priv%C3%A9.+Vous+voici+immerg%C3%A9+dans+un+monde+de+luxe+grandiose%2C+r%C3%A9serv%C3%A9+%C3%A0+un+club+s%C3%A9lect.+Vivez+l%E2%80%99exp%C3%A9rience+Baccarat%2C+o%C3%B9+chaque+moment+est+magique+et+o%C3%B9+vous+vous+d%C3%A9lecterez+de+tout+ce+qui+est+%C3%A0+voir.+Baccarat+repousse+les+limites+Fond%C3%A9+par+la+c%C3%A9l%C3%A8bre+maison+fran%C3%A7aise+reconnue+pour+son+cristal%2C+le+tout+premier+h%C3%B4tel+Baccarat+s%E2%80%99%C3%A9l%C3%A8ve+en+plein+c%C5%93ur+de+Manhattan%2C+%C3%A9picentre+de+la+culture+et+du+luxe+de+New+York.+Des+espaces+contemporains+de+l%E2%80%99h%C3%B4tel+se+d%C3%A9gagent+un+go%C3%BBt+et+une+%C3%A9l%C3%A9gance+impeccables.+Fruit+du+labeur+des+designers+parisiens+Gilles+%26amp%3B+Boissier%2C+les+espaces+d%E2%80%99inspirations+multiples+%C3%A9voquent+autant+le+raffinement+d%E2%80%99un+grand+h%C3%B4tel+parisien+que+l%E2%80%99audace+de+la+sc%C3%A8ne+new-yorkaise.+%26nbsp%3B+Baccarat+doit+sa+r%C3%A9putation+exemplaire+aux+artisans+qui+ont+sans+cesse+cherch%C3%A9+%C3%A0+red%C3%A9finir+la+perfection.+Baccarat+est+devenu+ce+qu%E2%80%99il+est+gr%C3%A2ce+%C3%A0+la+magnificence+de+ses+%5B%26hellip%3B%5D', 'sharer', 'toolbar=0,status=0,width=620,height=280');\">\n\t\t\t\t\t<span class=\"edgtf-social-network-icon social_facebook\"><\/span>\n\t\t\t<\/a>\n<\/li><li class=\"edgtf-twitter-share\">\n\t<a class=\"edgtf-share-link\" href=\"#\" onclick=\"window.open('http:\/\/twitter.com\/home?status=Passez+devant+Van+Cleef+%26amp%3B+Arpels+et+Mikimoto%2C+tournez+sur+la+53e+rue+puis%2C+juste+en+face+de+l%E2%80%99embl%C3%A9matique+Museum+https:\/\/magazineluxe.com\/fr\/hotel-baccarat\/', 'popupwindow', 'scrollbars=yes,width=800,height=400');\">\n\t\t\t\t\t<span class=\"edgtf-social-network-icon social_twitter\"><\/span>\n\t\t\t<\/a>\n<\/li><li class=\"edgtf-linkedin-share\">\n\t<a class=\"edgtf-share-link\" href=\"#\" onclick=\"popUp=window.open('http:\/\/linkedin.com\/shareArticle?mini=true&amp;url=https%3A%2F%2Fmagazineluxe.com%2Ffr%2Fhotel-baccarat%2F&amp;title=H%C3%B4tel+Baccarat+%C3%A0+New+York+%3A+l%E2%80%99incarnation+m%C3%AAme+de+l%E2%80%99excellence+l%C3%A9gendaire', 'popupwindow', 'scrollbars=yes,width=800,height=400');popUp.focus();return false;\">\n\t\t\t\t\t<span class=\"edgtf-social-network-icon social_linkedin\"><\/span>\n\t\t\t<\/a>\n<\/li><li class=\"edgtf-pinterest-share\">\n\t<a class=\"edgtf-share-link\" href=\"#\" onclick=\"popUp=window.open('http:\/\/pinterest.com\/pin\/create\/button\/?url=https%3A%2F%2Fmagazineluxe.com%2Ffr%2Fhotel-baccarat%2F&amp;description=H\u00f4tel Baccarat \u00e0 New York : l\u2019incarnation m\u00eame de l\u2019excellence l\u00e9gendaire&amp;media=https%3A%2F%2Fmagazineluxe.com%2Fwp-content%2Fuploads%2F2018%2F06%2FBaccarat-New-York.jpg', 'popupwindow', 'scrollbars=yes,width=800,height=400');popUp.focus();return false;\">\n\t\t\t\t\t<span class=\"edgtf-social-network-icon social_pinterest\"><\/span>\n\t\t\t<\/a>\n<\/li>\t\t<\/ul>\n\t<\/div>\n<\/div><\/div>\n        <\/div>\n    <\/div>\n<\/div><div class=\"edgtf-post-example-item-three-item edgtf-post-item\">\n        <div class=\"edgtf-post-example-item-three-image-holder\">\n                <div class=\"edgtf-post-example-item-three-image-inner-holder\">\n            <img loading=\"lazy\" decoding=\"async\" src=\"https:\/\/magazineluxe.com\/wp-content\/uploads\/2018\/03\/Hotel-Quintessence-Tremblant-410x230.jpg\" alt=\"\" width=\"410\" height=\"230\" \/>        <\/div>\n        <a itemprop=\"url\" class=\"edgtf-post-example-item-three-slide-link\" href=\"https:\/\/magazineluxe.com\/fr\/carnet-d-adresses-mont-tremblant\/\" target=\"_self\"><\/a>\n    <\/div>\n        <div class=\"edgtf-post-example-item-three-content-holder\">\n        <div class=\"edgtf-post-example-item-three-title-holder\">\n            <h3 class=\"edgtf-post-example-item-three-title\">\n                <a itemprop=\"url\" href=\"https:\/\/magazineluxe.com\/fr\/carnet-d-adresses-mont-tremblant\/\" target=\"_self\">\n                    Carnet d&rsquo;adresses \u00e0 Mont-Tremblant                <\/a>\n            <\/h3>\n        <\/div>\n                    <div class=\"edgtf-post-example-item-three-excerpt\">\n                <p class=\"edgtf-post-excerpt\">\r\n\r\nQue ce soit au c\u0153ur de son Centre de vill\u00e9giature ou dans la ville alentour, Mont-Tremblant est une destination de calibre international o\u00f9 il fait bon s\u00e9journer. En plus d\u2019offrir un vaste choix d\u2019h\u00e9bergements de qualit\u00e9, la r\u00e9gion compte aussi d\u2019excellentes tables. Voici les suggestions du Magazine LUXE.\r\n\r\n\r\n\r\n\r\n\r\n\r\n\r\n\r\n\r\n\r\n\r\nRESTAURANTS\r\nLA FORGE BISTRO-BAR<\/p>            <\/div>\n                <div class=\"edgtf-post-example-item-three-info-section\">\n                        <div class=\"edgtf-post-info-comments-holder\">\n    <a itemprop=\"url\" class=\"edgtf-post-info-comments edgtf-comments-with-icon\" href=\"https:\/\/magazineluxe.com\/fr\/carnet-d-adresses-mont-tremblant\/#respond\" target=\"_self\">\n        0     <\/a>\n<\/div>            <div class=\"edgtf-blog-like\">\n\t<a href=\"#\" class=\"edgtf-like\" id=\"edgtf-like-10170-226\" title=\"Like this\" data-post-id=\"10170\"><span>0<\/span><input type=\"hidden\" id=\"edgtf_like_nonce_10170\" name=\"edgtf_like_nonce_10170\" value=\"721f673f42\" \/><input type=\"hidden\" name=\"_wp_http_referer\" value=\"\/fr\/wp-json\/wp\/v2\/pages\/13743\" \/><\/a><\/div>\n            <div class=\"edgtf-blog-share\">\n\t<div class=\"edgtf-social-share-holder edgtf-dropdown \">\n\t<a href=\"javascript:void(0)\" target=\"_self\" class=\"edgtf-social-share-dropdown-opener\">\n\t\t<span class=\"edgtf-social-share-title\">PARTAGER<\/span>\n\t<\/a>\n\t<div class=\"edgtf-social-share-dropdown\">\n\t\t<ul>\n\t\t\t<li class=\"edgtf-facebook-share\">\n\t<a class=\"edgtf-share-link\" href=\"#\" onclick=\"window.open('http:\/\/www.facebook.com\/sharer.php?s=100&amp;p[title]=Carnet+d%26rsquo%3Badresses+%C3%A0+Mont-Tremblant&amp;p[url]=https%3A%2F%2Fmagazineluxe.com%2Ffr%2Fcarnet-d-adresses-mont-tremblant%2F&amp;p[images][0]=https:\/\/magazineluxe.com\/wp-content\/uploads\/2018\/03\/Hotel-Quintessence-Tremblant.jpg&amp;p[summary]=Que+ce+soit+au+c%C5%93ur+de+son+Centre+de+vill%C3%A9giature+ou+dans+la+ville+alentour%2C+Mont-Tremblant+est+une+destination+de+calibre+international+o%C3%B9+il+fait+bon+s%C3%A9journer.+En+plus+d%E2%80%99offrir+un+vaste+choix+d%E2%80%99h%C3%A9bergements+de+qualit%C3%A9%2C+la+r%C3%A9gion+compte+aussi+d%E2%80%99excellentes+tables.+Voici+les+suggestions+du+Magazine+LUXE.+RESTAURANTS+LA+FORGE+BISTRO-BAR+%26amp%3B+GRILL+Apr%C3%A8s+une+grosse+journ%C3%A9e+de+ski%2C+tout+le+monde+%E2%80%93+couples%2C+familles+et+personnalit%C3%A9s+%E2%80%93+se+retrouve+%C3%A0+La+Forge+pour+d%C3%A9guster+de+bonnes+grillades+ou+boire+un+verre+dans+une+ambiance+d%C3%A9contract%C3%A9e.+Le+Bistro-Bar+propose+un+menu+bistro+le+midi+et+le+soir.+Tartares%2C+moules+frites%2C+salades%2C+burgers%2C+pizzas%2C+plats+v%C3%A9g%C3%A9tariens+et+sans+gluten+sont+%C3%A0+l%E2%80%99honneur.+Quant+au+Grill%2C+il+offre+de+d%C3%A9licieuses+grillades+sur+feu+de+bois+d%E2%80%99%C3%A9rable%2C+dans+un+d%C3%A9cor+unique.+R%C3%A9servations+requises.+%26nbsp%3B+www.laforgetremblant.com+%26nbsp%3B+RESTAURANT+PATRICK+BERMAND+Chez+Patrick+Bermand%2C+vous+n%E2%80%99aurez+pas+le+sentiment+d%E2%80%99%C3%AAtre+un+simple+client%2C+mais+l%E2%80%99invit%C3%A9+privil%C3%A9gi%C3%A9+d%E2%80%99un+h%C3%B4te+incomparable.+Une+savoureuse+cuisine%2C+un+riche+bar+%C3%A0+vin%2C+une+salle+%C3%A0+manger+avec+vue+sur+la+cuisine%2C+et+une+ambiance+conviviale%3A+l%E2%80%99espace+d%E2%80%99un+repas%2C+le+temps+s%E2%80%99arr%C3%AAtera.+La+sp%C3%A9cialit%C3%A9+du+chef+fran%C3%A7ais+est+sans+aucun+doute+le+b%C5%93uf%2C+servi+sous+toutes+ses+formes%3A+tartare%2C+bavette%2C+%5B%26hellip%3B%5D', 'sharer', 'toolbar=0,status=0,width=620,height=280');\">\n\t\t\t\t\t<span class=\"edgtf-social-network-icon social_facebook\"><\/span>\n\t\t\t<\/a>\n<\/li><li class=\"edgtf-twitter-share\">\n\t<a class=\"edgtf-share-link\" href=\"#\" onclick=\"window.open('http:\/\/twitter.com\/home?status=Que+ce+soit+au+c%C5%93ur+de+son+Centre+de+vill%C3%A9giature+ou+dans+la+ville+alentour%2C+Mont-Tremblant+est+une+destination+de+https:\/\/magazineluxe.com\/fr\/carnet-d-adresses-mont-tremblant\/', 'popupwindow', 'scrollbars=yes,width=800,height=400');\">\n\t\t\t\t\t<span class=\"edgtf-social-network-icon social_twitter\"><\/span>\n\t\t\t<\/a>\n<\/li><li class=\"edgtf-linkedin-share\">\n\t<a class=\"edgtf-share-link\" href=\"#\" onclick=\"popUp=window.open('http:\/\/linkedin.com\/shareArticle?mini=true&amp;url=https%3A%2F%2Fmagazineluxe.com%2Ffr%2Fcarnet-d-adresses-mont-tremblant%2F&amp;title=Carnet+d%26rsquo%3Badresses+%C3%A0+Mont-Tremblant', 'popupwindow', 'scrollbars=yes,width=800,height=400');popUp.focus();return false;\">\n\t\t\t\t\t<span class=\"edgtf-social-network-icon social_linkedin\"><\/span>\n\t\t\t<\/a>\n<\/li><li class=\"edgtf-pinterest-share\">\n\t<a class=\"edgtf-share-link\" href=\"#\" onclick=\"popUp=window.open('http:\/\/pinterest.com\/pin\/create\/button\/?url=https%3A%2F%2Fmagazineluxe.com%2Ffr%2Fcarnet-d-adresses-mont-tremblant%2F&amp;description=Carnet d&rsquo;adresses \u00e0 Mont-Tremblant&amp;media=https%3A%2F%2Fmagazineluxe.com%2Fwp-content%2Fuploads%2F2018%2F03%2FHotel-Quintessence-Tremblant.jpg', 'popupwindow', 'scrollbars=yes,width=800,height=400');popUp.focus();return false;\">\n\t\t\t\t\t<span class=\"edgtf-social-network-icon social_pinterest\"><\/span>\n\t\t\t<\/a>\n<\/li>\t\t<\/ul>\n\t<\/div>\n<\/div><\/div>\n        <\/div>\n    <\/div>\n<\/div><div class=\"edgtf-post-example-item-three-item edgtf-post-item\">\n        <div class=\"edgtf-post-example-item-three-image-holder\">\n                <div class=\"edgtf-post-example-item-three-image-inner-holder\">\n            <img loading=\"lazy\" decoding=\"async\" src=\"https:\/\/magazineluxe.com\/wp-content\/uploads\/2018\/02\/o-chalet-1-410x230.jpg\" alt=\"\" width=\"410\" height=\"230\" \/>        <\/div>\n        <a itemprop=\"url\" class=\"edgtf-post-example-item-three-slide-link\" href=\"https:\/\/magazineluxe.com\/fr\/nos-chalets-coup-de-coeur\/\" target=\"_self\"><\/a>\n    <\/div>\n        <div class=\"edgtf-post-example-item-three-content-holder\">\n        <div class=\"edgtf-post-example-item-three-title-holder\">\n            <h3 class=\"edgtf-post-example-item-three-title\">\n                <a itemprop=\"url\" href=\"https:\/\/magazineluxe.com\/fr\/nos-chalets-coup-de-coeur\/\" target=\"_self\">\n                    Nos chalets coup de coeur                <\/a>\n            <\/h3>\n        <\/div>\n                    <div class=\"edgtf-post-example-item-three-excerpt\">\n                <p class=\"edgtf-post-excerpt\">Qu\u2019ils soient situ\u00e9s dans les Laurentides, dans Lanaudi\u00e8re ou dans la r\u00e9gion de Qu\u00e9bec, nos chalets coups de c\u0153ur ont tous un point en commun : v\u00e9ritables refuges en plein c\u0153ur de la nature, ils combinent judicieusement confort et modernit\u00e9 pour vous offrir un s\u00e9jour dont vous ressortirez ressourc\u00e9.\r\n\u00d4 Chalet<\/p>            <\/div>\n                <div class=\"edgtf-post-example-item-three-info-section\">\n                        <div class=\"edgtf-post-info-comments-holder\">\n    <a itemprop=\"url\" class=\"edgtf-post-info-comments edgtf-comments-with-icon\" href=\"https:\/\/magazineluxe.com\/fr\/nos-chalets-coup-de-coeur\/#respond\" target=\"_self\">\n        0     <\/a>\n<\/div>            <div class=\"edgtf-blog-like\">\n\t<a href=\"#\" class=\"edgtf-like\" id=\"edgtf-like-9528-608\" title=\"Like this\" data-post-id=\"9528\"><span>0<\/span><input type=\"hidden\" id=\"edgtf_like_nonce_9528\" name=\"edgtf_like_nonce_9528\" value=\"3456f57bbf\" \/><input type=\"hidden\" name=\"_wp_http_referer\" value=\"\/fr\/wp-json\/wp\/v2\/pages\/13743\" \/><\/a><\/div>\n            <div class=\"edgtf-blog-share\">\n\t<div class=\"edgtf-social-share-holder edgtf-dropdown \">\n\t<a href=\"javascript:void(0)\" target=\"_self\" class=\"edgtf-social-share-dropdown-opener\">\n\t\t<span class=\"edgtf-social-share-title\">PARTAGER<\/span>\n\t<\/a>\n\t<div class=\"edgtf-social-share-dropdown\">\n\t\t<ul>\n\t\t\t<li class=\"edgtf-facebook-share\">\n\t<a class=\"edgtf-share-link\" href=\"#\" onclick=\"window.open('http:\/\/www.facebook.com\/sharer.php?s=100&amp;p[title]=Nos+chalets+coup+de+coeur&amp;p[url]=https%3A%2F%2Fmagazineluxe.com%2Ffr%2Fnos-chalets-coup-de-coeur%2F&amp;p[images][0]=https:\/\/magazineluxe.com\/wp-content\/uploads\/2018\/02\/o-chalet-1.jpg&amp;p[summary]=Qu%E2%80%99ils+soient+situ%C3%A9s+dans+les+Laurentides%2C+dans+Lanaudi%C3%A8re+ou+dans+la+r%C3%A9gion+de+Qu%C3%A9bec%2C+nos+chalets+coups+de+c%C5%93ur+ont+tous+un+point+en+commun+%3A+v%C3%A9ritables+refuges+en+plein+c%C5%93ur+de+la+nature%2C+ils+combinent+judicieusement+confort+et+modernit%C3%A9+pour+vous+offrir+un+s%C3%A9jour+dont+vous+ressortirez+ressourc%C3%A9.+%C3%94+Chalet+%3A+le+luxe+en+pleine+nature+Au+c%C5%93ur+de+Lanaudi%C3%A8re%2C+%C3%A0+seulement+une+heure+de+Montr%C3%A9al%2C+un+v%C3%A9ritable+havre+de+paix+et+de+bien-%C3%AAtre+vous+attend.+Pour+une+escapade+en+amoureux%2C+un+s%C3%A9jour+en+famille+ou+entre+amis%2C+%C3%94+Chalet+propose+des+chalets+luxueux+pouvant+accueillir+jusqu%E2%80%99%C3%A0+14+personnes.+%26nbsp%3B+Les+neuf+chalets+d%E2%80%99%C3%94+Chalet+offrent+un+cadre+de+vie+exceptionnel%2C+o%C3%B9+la+nature+rime+avec+luxe%2C+calme+et+confort.+Mat%C3%A9riaux+nobles%2C+cuisines+compl%C3%A8tes%2C+meubles+de+qualit%C3%A9%2C+d%C3%A9coration+moderne+et+sophistiqu%C3%A9e%2C+%C3%A9quipement+dernier+cri+%3A+tout+a+%C3%A9t%C3%A9+pens%C3%A9+dans+le+moindre+d%C3%A9tail+pour+que+chaque+moment+pass%C3%A9+au+sein+de+ces+%C3%A9crins+de+bien-%C3%AAtre+soit+unique.+%26nbsp%3B+Et+l%E2%80%99environnement+ext%C3%A9rieur+n%E2%80%99est+pas+en+reste.+Longeant+le+paisible+lac+Clermoustier%2C+les+chalets+jouissent+d%E2%80%99un+vaste+terrain%2C+d%E2%80%99un+quai+priv%C3%A9%2C+d%E2%80%99un+spa+et+d%E2%80%99une+nature+luxuriante%2C+offrant+intimit%C3%A9+et+tranquillit%C3%A9.+%26nbsp%3B+Un+service+%C3%A0+la+client%C3%A8le+hors+pair+Amoureux+de+%5B%26hellip%3B%5D', 'sharer', 'toolbar=0,status=0,width=620,height=280');\">\n\t\t\t\t\t<span class=\"edgtf-social-network-icon social_facebook\"><\/span>\n\t\t\t<\/a>\n<\/li><li class=\"edgtf-twitter-share\">\n\t<a class=\"edgtf-share-link\" href=\"#\" onclick=\"window.open('http:\/\/twitter.com\/home?status=Qu%E2%80%99ils+soient+situ%C3%A9s+dans+les+Laurentides%2C+dans+Lanaudi%C3%A8re+ou+dans+la+r%C3%A9gion+de+Qu%C3%A9bec%2C+nos+chalets+coups+de+c%C5%93ur+ont+https:\/\/magazineluxe.com\/fr\/nos-chalets-coup-de-coeur\/', 'popupwindow', 'scrollbars=yes,width=800,height=400');\">\n\t\t\t\t\t<span class=\"edgtf-social-network-icon social_twitter\"><\/span>\n\t\t\t<\/a>\n<\/li><li class=\"edgtf-linkedin-share\">\n\t<a class=\"edgtf-share-link\" href=\"#\" onclick=\"popUp=window.open('http:\/\/linkedin.com\/shareArticle?mini=true&amp;url=https%3A%2F%2Fmagazineluxe.com%2Ffr%2Fnos-chalets-coup-de-coeur%2F&amp;title=Nos+chalets+coup+de+coeur', 'popupwindow', 'scrollbars=yes,width=800,height=400');popUp.focus();return false;\">\n\t\t\t\t\t<span class=\"edgtf-social-network-icon social_linkedin\"><\/span>\n\t\t\t<\/a>\n<\/li><li class=\"edgtf-pinterest-share\">\n\t<a class=\"edgtf-share-link\" href=\"#\" onclick=\"popUp=window.open('http:\/\/pinterest.com\/pin\/create\/button\/?url=https%3A%2F%2Fmagazineluxe.com%2Ffr%2Fnos-chalets-coup-de-coeur%2F&amp;description=Nos chalets coup de coeur&amp;media=https%3A%2F%2Fmagazineluxe.com%2Fwp-content%2Fuploads%2F2018%2F02%2Fo-chalet-1.jpg', 'popupwindow', 'scrollbars=yes,width=800,height=400');popUp.focus();return false;\">\n\t\t\t\t\t<span class=\"edgtf-social-network-icon social_pinterest\"><\/span>\n\t\t\t<\/a>\n<\/li>\t\t<\/ul>\n\t<\/div>\n<\/div><\/div>\n        <\/div>\n    <\/div>\n<\/div><div class=\"edgtf-post-example-item-three-item edgtf-post-item\">\n        <div class=\"edgtf-post-example-item-three-image-holder\">\n                <div class=\"edgtf-post-example-item-three-image-inner-holder\">\n            <img loading=\"lazy\" decoding=\"async\" src=\"https:\/\/magazineluxe.com\/wp-content\/uploads\/2018\/02\/skylark-new-york-2-410x230.jpg\" alt=\"\" width=\"410\" height=\"230\" \/>        <\/div>\n        <a itemprop=\"url\" class=\"edgtf-post-example-item-three-slide-link\" href=\"https:\/\/magazineluxe.com\/fr\/new-york-une-saison-sur-les-toits\/\" target=\"_self\"><\/a>\n    <\/div>\n        <div class=\"edgtf-post-example-item-three-content-holder\">\n        <div class=\"edgtf-post-example-item-three-title-holder\">\n            <h3 class=\"edgtf-post-example-item-three-title\">\n                <a itemprop=\"url\" href=\"https:\/\/magazineluxe.com\/fr\/new-york-une-saison-sur-les-toits\/\" target=\"_self\">\n                    New York : une saison sur les toits                <\/a>\n            <\/h3>\n        <\/div>\n                    <div class=\"edgtf-post-example-item-three-excerpt\">\n                <p class=\"edgtf-post-excerpt\">Les New-Yorkais passent bon nombre de leurs soir\u00e9es \u00e0 sortir sur les toits, s\u2019ils r\u00e9ussissent \u00e0 passer le garde de s\u00e9curit\u00e9 qui s\u00e9lectionne les jolis minois dans la file impressionnante de candidats. Si ce processus n\u2019est ni politiquement correct ni agr\u00e9able \u00e0 vivre, la vue et l\u2019atmosph\u00e8re en valent le<\/p>            <\/div>\n                <div class=\"edgtf-post-example-item-three-info-section\">\n                        <div class=\"edgtf-post-info-comments-holder\">\n    <a itemprop=\"url\" class=\"edgtf-post-info-comments edgtf-comments-with-icon\" href=\"https:\/\/magazineluxe.com\/fr\/new-york-une-saison-sur-les-toits\/#respond\" target=\"_self\">\n        0     <\/a>\n<\/div>            <div class=\"edgtf-blog-like\">\n\t<a href=\"#\" class=\"edgtf-like\" id=\"edgtf-like-9380-780\" title=\"Like this\" data-post-id=\"9380\"><span>0<\/span><input type=\"hidden\" id=\"edgtf_like_nonce_9380\" name=\"edgtf_like_nonce_9380\" value=\"a00babaff3\" \/><input type=\"hidden\" name=\"_wp_http_referer\" value=\"\/fr\/wp-json\/wp\/v2\/pages\/13743\" \/><\/a><\/div>\n            <div class=\"edgtf-blog-share\">\n\t<div class=\"edgtf-social-share-holder edgtf-dropdown \">\n\t<a href=\"javascript:void(0)\" target=\"_self\" class=\"edgtf-social-share-dropdown-opener\">\n\t\t<span class=\"edgtf-social-share-title\">PARTAGER<\/span>\n\t<\/a>\n\t<div class=\"edgtf-social-share-dropdown\">\n\t\t<ul>\n\t\t\t<li class=\"edgtf-facebook-share\">\n\t<a class=\"edgtf-share-link\" href=\"#\" onclick=\"window.open('http:\/\/www.facebook.com\/sharer.php?s=100&amp;p[title]=New+York+%3A+une+saison+sur+les+toits&amp;p[url]=https%3A%2F%2Fmagazineluxe.com%2Ffr%2Fnew-york-une-saison-sur-les-toits%2F&amp;p[images][0]=https:\/\/magazineluxe.com\/wp-content\/uploads\/2018\/02\/skylark-new-york-2.jpg&amp;p[summary]=Les+New-Yorkais+passent+bon+nombre+de+leurs+soir%C3%A9es+%C3%A0+sortir+sur+les+toits%2C+s%E2%80%99ils+r%C3%A9ussissent+%C3%A0+passer+le+garde+de+s%C3%A9curit%C3%A9+qui+s%C3%A9lectionne+les+jolis+minois+dans+la+file+impressionnante+de+candidats.+Si+ce+processus+n%E2%80%99est+ni+politiquement+correct+ni+agr%C3%A9able+%C3%A0+vivre%2C+la+vue+et+l%E2%80%99atmosph%C3%A8re+en+valent+le+coup.+Alors%2C+pr%C3%A9parez-vous%2C+souriez%2C+relaxez%2C+soignez+votre+apparence+et+allez-y%21+H%C3%94TEL+STANDARD+HIGH+LINE+Ma+terrasse+pr%C3%A9f%C3%A9r%C3%A9e+en+nocturne+se+trouve+sur+le+toit+de+l%E2%80%99h%C3%B4tel+Standard.+Elle+est+si+haut+perch%C3%A9e+et+si+vaste+qu%E2%80%99on+y+profite+toujours+d%E2%80%99une+brise.+La+vue+sur+le+fleuve+Hudson+et+sur+l%E2%80%99horizon+est+spectaculaire%2C+surtout+au+coucher+du+soleil.+Le+bar+est+superbe%2C+le+mobilier+confortable+et+la+foule+branch%C3%A9e+pr%C3%AAte+%C3%A0+f%C3%AAter.+La+terrasse+est+adjacente+%C3%A0+deux+autres+lieux+tentants+du+Standard+%3A+la+tr%C3%A8s+VIP+Boom+Boom+Room+et+Le+Bain%2C+sa+bo%C3%AEte+de+nuit+mitoyenne%2C+qui+comprend+un+bain+%C3%A0+remous+de+la+taille+d%E2%80%99une+piscine.+Vous+avez+l%C3%A0+trois+raisons+de+vous+y+rendre.+%26nbsp%3B+848+Washington+St.%2C+New+York+SALON+DE+NING+AU+PENINSULA+%C3%89l%C3%A9gant+et+insondable%2C+le+Salon+de+Ning+est+tellement+couru+que+vous+devrez+conna%C3%AEtre+quelqu%E2%80%99un+qui+conna%C3%AEt+quelqu%E2%80%99un+pour+obtenir+une+table+%5B%26hellip%3B%5D', 'sharer', 'toolbar=0,status=0,width=620,height=280');\">\n\t\t\t\t\t<span class=\"edgtf-social-network-icon social_facebook\"><\/span>\n\t\t\t<\/a>\n<\/li><li class=\"edgtf-twitter-share\">\n\t<a class=\"edgtf-share-link\" href=\"#\" onclick=\"window.open('http:\/\/twitter.com\/home?status=Les+New-Yorkais+passent+bon+nombre+de+leurs+soir%C3%A9es+%C3%A0+sortir+sur+les+toits%2C+s%E2%80%99ils+r%C3%A9ussissent+%C3%A0+passer+le+garde+de+https:\/\/magazineluxe.com\/fr\/new-york-une-saison-sur-les-toits\/', 'popupwindow', 'scrollbars=yes,width=800,height=400');\">\n\t\t\t\t\t<span class=\"edgtf-social-network-icon social_twitter\"><\/span>\n\t\t\t<\/a>\n<\/li><li class=\"edgtf-linkedin-share\">\n\t<a class=\"edgtf-share-link\" href=\"#\" onclick=\"popUp=window.open('http:\/\/linkedin.com\/shareArticle?mini=true&amp;url=https%3A%2F%2Fmagazineluxe.com%2Ffr%2Fnew-york-une-saison-sur-les-toits%2F&amp;title=New+York+%3A+une+saison+sur+les+toits', 'popupwindow', 'scrollbars=yes,width=800,height=400');popUp.focus();return false;\">\n\t\t\t\t\t<span class=\"edgtf-social-network-icon social_linkedin\"><\/span>\n\t\t\t<\/a>\n<\/li><li class=\"edgtf-pinterest-share\">\n\t<a class=\"edgtf-share-link\" href=\"#\" onclick=\"popUp=window.open('http:\/\/pinterest.com\/pin\/create\/button\/?url=https%3A%2F%2Fmagazineluxe.com%2Ffr%2Fnew-york-une-saison-sur-les-toits%2F&amp;description=New York : une saison sur les toits&amp;media=https%3A%2F%2Fmagazineluxe.com%2Fwp-content%2Fuploads%2F2018%2F02%2Fskylark-new-york-2.jpg', 'popupwindow', 'scrollbars=yes,width=800,height=400');popUp.focus();return false;\">\n\t\t\t\t\t<span class=\"edgtf-social-network-icon social_pinterest\"><\/span>\n\t\t\t<\/a>\n<\/li>\t\t<\/ul>\n\t<\/div>\n<\/div><\/div>\n        <\/div>\n    <\/div>\n<\/div><div class=\"edgtf-post-example-item-three-item edgtf-post-item\">\n        <div class=\"edgtf-post-example-item-three-image-holder\">\n                <div class=\"edgtf-post-example-item-three-image-inner-holder\">\n            <img loading=\"lazy\" decoding=\"async\" src=\"https:\/\/magazineluxe.com\/wp-content\/uploads\/2018\/02\/mark-hotel-new-york-1-410x230.jpg\" alt=\"\" width=\"410\" height=\"230\" \/>        <\/div>\n        <a itemprop=\"url\" class=\"edgtf-post-example-item-three-slide-link\" href=\"https:\/\/magazineluxe.com\/fr\/le-mark-hotel-un-savant-melange-de-confort-et-davant-gardisme\/\" target=\"_self\"><\/a>\n    <\/div>\n        <div class=\"edgtf-post-example-item-three-content-holder\">\n        <div class=\"edgtf-post-example-item-three-title-holder\">\n            <h3 class=\"edgtf-post-example-item-three-title\">\n                <a itemprop=\"url\" href=\"https:\/\/magazineluxe.com\/fr\/le-mark-hotel-un-savant-melange-de-confort-et-davant-gardisme\/\" target=\"_self\">\n                    Le Mark Hotel : un savant m\u00e9lange de confort et d&rsquo;avant-gardisme                <\/a>\n            <\/h3>\n        <\/div>\n                    <div class=\"edgtf-post-example-item-three-excerpt\">\n                <p class=\"edgtf-post-excerpt\">Situ\u00e9 \u00e0 New York, dans l\u2019Upper East Side, au sein d\u2019un sublime b\u00e2timent datant de 1927, le Mark Hotel a \u00e9t\u00e9 enti\u00e8rement repens\u00e9 pour partir \u00e0 la conqu\u00eate du 21e si\u00e8cle. Alliant le confort de l\u2019Ancien Monde, un design avant-gardiste et de l\u2019\u00e9quipement dernier cri, l\u2019\u00e9tablissement poss\u00e8de en outre la<\/p>            <\/div>\n                <div class=\"edgtf-post-example-item-three-info-section\">\n                        <div class=\"edgtf-post-info-comments-holder\">\n    <a itemprop=\"url\" class=\"edgtf-post-info-comments edgtf-comments-with-icon\" href=\"https:\/\/magazineluxe.com\/fr\/le-mark-hotel-un-savant-melange-de-confort-et-davant-gardisme\/#respond\" target=\"_self\">\n        0     <\/a>\n<\/div>            <div class=\"edgtf-blog-like\">\n\t<a href=\"#\" class=\"edgtf-like\" id=\"edgtf-like-9377-304\" title=\"Like this\" data-post-id=\"9377\"><span>2<\/span><input type=\"hidden\" id=\"edgtf_like_nonce_9377\" name=\"edgtf_like_nonce_9377\" value=\"6e1fd1946e\" \/><input type=\"hidden\" name=\"_wp_http_referer\" value=\"\/fr\/wp-json\/wp\/v2\/pages\/13743\" \/><\/a><\/div>\n            <div class=\"edgtf-blog-share\">\n\t<div class=\"edgtf-social-share-holder edgtf-dropdown \">\n\t<a href=\"javascript:void(0)\" target=\"_self\" class=\"edgtf-social-share-dropdown-opener\">\n\t\t<span class=\"edgtf-social-share-title\">PARTAGER<\/span>\n\t<\/a>\n\t<div class=\"edgtf-social-share-dropdown\">\n\t\t<ul>\n\t\t\t<li class=\"edgtf-facebook-share\">\n\t<a class=\"edgtf-share-link\" href=\"#\" onclick=\"window.open('http:\/\/www.facebook.com\/sharer.php?s=100&amp;p[title]=Le+Mark+Hotel+%3A+un+savant+m%C3%A9lange+de+confort+et+d%26rsquo%3Bavant-gardisme&amp;p[url]=https%3A%2F%2Fmagazineluxe.com%2Ffr%2Fle-mark-hotel-un-savant-melange-de-confort-et-davant-gardisme%2F&amp;p[images][0]=https:\/\/magazineluxe.com\/wp-content\/uploads\/2018\/02\/mark-hotel-new-york-1.jpg&amp;p[summary]=Situ%C3%A9+%C3%A0+New+York%2C+dans+l%E2%80%99Upper+East+Side%2C+au+sein+d%E2%80%99un+sublime+b%C3%A2timent+datant+de+1927%2C+le+Mark+Hotel+a+%C3%A9t%C3%A9+enti%C3%A8rement+repens%C3%A9+pour+partir+%C3%A0+la+conqu%C3%AAte+du+21e+si%C3%A8cle.+Alliant+le+confort+de+l%E2%80%99Ancien+Monde%2C+un+design+avant-gardiste+et+de+l%E2%80%99%C3%A9quipement+dernier+cri%2C+l%E2%80%99%C3%A9tablissement+poss%C3%A8de+en+outre+la+plus+grande+suite+penthouse+des+%C3%89tats-Unis.+%26nbsp%3B+%C3%80+seulement+quelques+minutes+de+Central+Park+et+%C3%A0+une+courte+distance+%C3%A0+pied+des+plus+grands+mus%C3%A9es+de+New+York%2C+le+Mark+Hotel+repr%C3%A9sente+la+quintessence+m%C3%AAme+du+style+%C3%A0+la+fran%C3%A7aise%2C+du+service+sans+faille%2C+de+la+technologie+et+du+confort+%C3%A0+l%E2%80%99am%C3%A9ricaine.+Il+propose+%C3%A0+ses+visiteurs+l%E2%80%99expertise+d%E2%80%99un+groupe+de+talents+extraordinaire+%3A+celui+du+designer+Jacques+Grange%2C+du+chef+trois+%C3%A9toiles+Michelin+Jean-Georges+Vongerichten%2C+du+coiffeur+le+plus+c%C3%A9l%C3%A8bre+au+monde%2C+Fr%C3%A9d%C3%A9ric+Fekkai%2C+et+du+directeur+d%E2%80%99h%C3%B4tel+visionnaire+Olivier+Lordonnois.+%26nbsp%3B+UNE+VARI%C3%89T%C3%89+DE+SERVICES+PERSONNALIS%C3%89S+Si+le+Mark+Hotel+est+devenu+l%E2%80%99%C3%A9tablissement+pr%C3%A9f%C3%A9r%C3%A9+des+vedettes+du+cin%C3%A9ma%2C+de+la+mode%2C+des+arts+ainsi+que+des+hommes+d%E2%80%99affaires+de+Wall+Street%2C+c%E2%80%99est+qu%E2%80%99il+a+su+placer+au+centre+de+sa+philosophie+la+notion+d%E2%80%99un+service+d%E2%80%99excellence%2C+typique+des+palaces%2C+qui+se+d%C3%A9cline+de+diff%C3%A9rentes+mani%C3%A8res.+Les+clients+ont+%5B%26hellip%3B%5D', 'sharer', 'toolbar=0,status=0,width=620,height=280');\">\n\t\t\t\t\t<span class=\"edgtf-social-network-icon social_facebook\"><\/span>\n\t\t\t<\/a>\n<\/li><li class=\"edgtf-twitter-share\">\n\t<a class=\"edgtf-share-link\" href=\"#\" onclick=\"window.open('http:\/\/twitter.com\/home?status=Situ%C3%A9+%C3%A0+New+York%2C+dans+l%E2%80%99Upper+East+Side%2C+au+sein+d%E2%80%99un+sublime+b%C3%A2timent+datant+de+1927%2C+le+Mark+Hotel+a+%C3%A9t%C3%A9+https:\/\/magazineluxe.com\/fr\/le-mark-hotel-un-savant-melange-de-confort-et-davant-gardisme\/', 'popupwindow', 'scrollbars=yes,width=800,height=400');\">\n\t\t\t\t\t<span class=\"edgtf-social-network-icon social_twitter\"><\/span>\n\t\t\t<\/a>\n<\/li><li class=\"edgtf-linkedin-share\">\n\t<a class=\"edgtf-share-link\" href=\"#\" onclick=\"popUp=window.open('http:\/\/linkedin.com\/shareArticle?mini=true&amp;url=https%3A%2F%2Fmagazineluxe.com%2Ffr%2Fle-mark-hotel-un-savant-melange-de-confort-et-davant-gardisme%2F&amp;title=Le+Mark+Hotel+%3A+un+savant+m%C3%A9lange+de+confort+et+d%26rsquo%3Bavant-gardisme', 'popupwindow', 'scrollbars=yes,width=800,height=400');popUp.focus();return false;\">\n\t\t\t\t\t<span class=\"edgtf-social-network-icon social_linkedin\"><\/span>\n\t\t\t<\/a>\n<\/li><li class=\"edgtf-pinterest-share\">\n\t<a class=\"edgtf-share-link\" href=\"#\" onclick=\"popUp=window.open('http:\/\/pinterest.com\/pin\/create\/button\/?url=https%3A%2F%2Fmagazineluxe.com%2Ffr%2Fle-mark-hotel-un-savant-melange-de-confort-et-davant-gardisme%2F&amp;description=Le Mark Hotel : un savant m\u00e9lange de confort et d&rsquo;avant-gardisme&amp;media=https%3A%2F%2Fmagazineluxe.com%2Fwp-content%2Fuploads%2F2018%2F02%2Fmark-hotel-new-york-1.jpg', 'popupwindow', 'scrollbars=yes,width=800,height=400');popUp.focus();return false;\">\n\t\t\t\t\t<span class=\"edgtf-social-network-icon social_pinterest\"><\/span>\n\t\t\t<\/a>\n<\/li>\t\t<\/ul>\n\t<\/div>\n<\/div><\/div>\n        <\/div>\n    <\/div>\n<\/div><div class=\"edgtf-post-example-item-three-item edgtf-post-item\">\n        <div class=\"edgtf-post-example-item-three-image-holder\">\n                <div class=\"edgtf-post-example-item-three-image-inner-holder\">\n            <img loading=\"lazy\" decoding=\"async\" src=\"https:\/\/magazineluxe.com\/wp-content\/uploads\/2018\/02\/napa-valley-410x230.jpg\" alt=\"\" width=\"410\" height=\"230\" \/>        <\/div>\n        <a itemprop=\"url\" class=\"edgtf-post-example-item-three-slide-link\" href=\"https:\/\/magazineluxe.com\/fr\/plus-de-photos-eps-a-la-decouverte-de-napa-valley\/\" target=\"_self\"><\/a>\n    <\/div>\n        <div class=\"edgtf-post-example-item-three-content-holder\">\n        <div class=\"edgtf-post-example-item-three-title-holder\">\n            <h3 class=\"edgtf-post-example-item-three-title\">\n                <a itemprop=\"url\" href=\"https:\/\/magazineluxe.com\/fr\/plus-de-photos-eps-a-la-decouverte-de-napa-valley\/\" target=\"_self\">\n                    \u00c0 la d\u00e9couverte de Napa Valley                <\/a>\n            <\/h3>\n        <\/div>\n                    <div class=\"edgtf-post-example-item-three-excerpt\">\n                <p class=\"edgtf-post-excerpt\">\r\n\r\n\r\nDepuis une quarantaine d\u2019ann\u00e9es, la Californie gagne du\u00a0terrain dans le domaine vinicole, ses vins se d\u00e9marquant de\u00a0plus en plus \u00e0 l\u2019\u00e9chelle internationale. L\u2019\u00e9quipe du Magazine\u00a0LUXE a visit\u00e9 pour vous la somptueuse r\u00e9gion de Napa\u00a0Valley, \u00e0 environ une heure de San Francisco. Voici notre\u00a0compte rendu.\r\n&nbsp;\r\nJouissant d\u2019un climat m\u00e9diterran\u00e9en, la vall\u00e9e de<\/p>            <\/div>\n                <div class=\"edgtf-post-example-item-three-info-section\">\n                        <div class=\"edgtf-post-info-comments-holder\">\n    <a itemprop=\"url\" class=\"edgtf-post-info-comments edgtf-comments-with-icon\" href=\"https:\/\/magazineluxe.com\/fr\/plus-de-photos-eps-a-la-decouverte-de-napa-valley\/#respond\" target=\"_self\">\n        0     <\/a>\n<\/div>            <div class=\"edgtf-blog-like\">\n\t<a href=\"#\" class=\"edgtf-like\" id=\"edgtf-like-9339-898\" title=\"Like this\" data-post-id=\"9339\"><span>0<\/span><input type=\"hidden\" id=\"edgtf_like_nonce_9339\" name=\"edgtf_like_nonce_9339\" value=\"f09418f605\" \/><input type=\"hidden\" name=\"_wp_http_referer\" value=\"\/fr\/wp-json\/wp\/v2\/pages\/13743\" \/><\/a><\/div>\n            <div class=\"edgtf-blog-share\">\n\t<div class=\"edgtf-social-share-holder edgtf-dropdown \">\n\t<a href=\"javascript:void(0)\" target=\"_self\" class=\"edgtf-social-share-dropdown-opener\">\n\t\t<span class=\"edgtf-social-share-title\">PARTAGER<\/span>\n\t<\/a>\n\t<div class=\"edgtf-social-share-dropdown\">\n\t\t<ul>\n\t\t\t<li class=\"edgtf-facebook-share\">\n\t<a class=\"edgtf-share-link\" href=\"#\" onclick=\"window.open('http:\/\/www.facebook.com\/sharer.php?s=100&amp;p[title]=%C3%80+la+d%C3%A9couverte+de+Napa+Valley&amp;p[url]=https%3A%2F%2Fmagazineluxe.com%2Ffr%2Fplus-de-photos-eps-a-la-decouverte-de-napa-valley%2F&amp;p[images][0]=https:\/\/magazineluxe.com\/wp-content\/uploads\/2018\/02\/napa-valley.jpg&amp;p[summary]=Depuis+une+quarantaine+d%E2%80%99ann%C3%A9es%2C+la+Californie+gagne+du%C2%A0terrain+dans+le+domaine+vinicole%2C+ses+vins+se+d%C3%A9marquant+de%C2%A0plus+en+plus+%C3%A0+l%E2%80%99%C3%A9chelle+internationale.+L%E2%80%99%C3%A9quipe+du+Magazine%C2%A0LUXE+a+visit%C3%A9+pour+vous+la+somptueuse+r%C3%A9gion+de+Napa%C2%A0Valley%2C+%C3%A0+environ+une+heure+de+San+Francisco.+Voici+notre%C2%A0compte+rendu.+%26nbsp%3B+Jouissant+d%E2%80%99un+climat+m%C3%A9diterran%C3%A9en%2C+la+vall%C3%A9e+de+Napa%C2%A0est+le+paradis+des+amateurs+de+vin+et+de+gastronomie.%C2%A0Pour+la+visiter%2C+rien+de+tel+que+de+suivre+la+Silverado+Trail.%C2%A0Cette+route+tranquille+et+pittoresque%2C+qui+se+love+au+creux%C2%A0des+collines+orientales+de+la+vall%C3%A9e%2C+vous+m%C3%A8nera+aux+plus%C2%A0grands+vignobles%2C+dont+ceux+de+la+municipalit%C3%A9+de+Calistoga.%C2%A0Une+visite+au+Ch%C3%A2teau+Montelena+et+%C3%A0+la+maison+Sterling%C2%A0Vineyards+s%E2%80%99impose+%C3%A9galement.+Cette+derni%C3%A8re%2C+construite%C2%A0dans+le+style+des+demeures+grecques%2C+b%C3%A9n%C3%A9ficie+d%E2%80%99une%C2%A0vue+panoramique+saisissante+sur+la+vall%C3%A9e+de+Napa.+Pour%C2%A0vous+rendre+%C3%A0+la+vinerie+%28et+go%C3%BBter+le+fameux+chardonnay%29%2C%C2%A0vous+monterez+%C3%A0+bord+d%E2%80%99un+t%C3%A9l%C3%A9ph%C3%A9rique.+Une+exp%C3%A9rience%26%238230%3B%C2%A0enivrante.+%26nbsp%3B+Si+le+vin+est+excellent+%C3%A0+Napa+Valley%2C+la+nourriture+l%E2%80%99est+tout%C2%A0autant.+La+municipalit%C3%A9+de+Yountville+est+particuli%C3%A8rement%C2%A0reconnue+pour+sa+haute+gastronomie%2C+en+raison+notamment%C2%A0de+la+pr%C3%A9sence+du+restaurant+The+French+Landry+class%C3%A9%C2%A03+%C3%A9toiles+au+Michelin.+Le+village%2C+un+incontournable+de+la%C2%A0r%C3%A9gion%2C+tient+son+nom+de+George+Calvert+Yount%2C+premier%C2%A0homme+%C3%A0+avoir+plant%C3%A9+une+vigne+%5B%26hellip%3B%5D', 'sharer', 'toolbar=0,status=0,width=620,height=280');\">\n\t\t\t\t\t<span class=\"edgtf-social-network-icon social_facebook\"><\/span>\n\t\t\t<\/a>\n<\/li><li class=\"edgtf-twitter-share\">\n\t<a class=\"edgtf-share-link\" href=\"#\" onclick=\"window.open('http:\/\/twitter.com\/home?status=Depuis+une+quarantaine+d%E2%80%99ann%C3%A9es%2C+la+Californie+gagne+du%C2%A0terrain+dans+le+domaine+vinicole%2C+ses+vins+se+d%C3%A9marquant+https:\/\/magazineluxe.com\/fr\/plus-de-photos-eps-a-la-decouverte-de-napa-valley\/', 'popupwindow', 'scrollbars=yes,width=800,height=400');\">\n\t\t\t\t\t<span class=\"edgtf-social-network-icon social_twitter\"><\/span>\n\t\t\t<\/a>\n<\/li><li class=\"edgtf-linkedin-share\">\n\t<a class=\"edgtf-share-link\" href=\"#\" onclick=\"popUp=window.open('http:\/\/linkedin.com\/shareArticle?mini=true&amp;url=https%3A%2F%2Fmagazineluxe.com%2Ffr%2Fplus-de-photos-eps-a-la-decouverte-de-napa-valley%2F&amp;title=%C3%80+la+d%C3%A9couverte+de+Napa+Valley', 'popupwindow', 'scrollbars=yes,width=800,height=400');popUp.focus();return false;\">\n\t\t\t\t\t<span class=\"edgtf-social-network-icon social_linkedin\"><\/span>\n\t\t\t<\/a>\n<\/li><li class=\"edgtf-pinterest-share\">\n\t<a class=\"edgtf-share-link\" href=\"#\" onclick=\"popUp=window.open('http:\/\/pinterest.com\/pin\/create\/button\/?url=https%3A%2F%2Fmagazineluxe.com%2Ffr%2Fplus-de-photos-eps-a-la-decouverte-de-napa-valley%2F&amp;description=\u00c0 la d\u00e9couverte de Napa Valley&amp;media=https%3A%2F%2Fmagazineluxe.com%2Fwp-content%2Fuploads%2F2018%2F02%2Fnapa-valley.jpg', 'popupwindow', 'scrollbars=yes,width=800,height=400');popUp.focus();return false;\">\n\t\t\t\t\t<span class=\"edgtf-social-network-icon social_pinterest\"><\/span>\n\t\t\t<\/a>\n<\/li>\t\t<\/ul>\n\t<\/div>\n<\/div><\/div>\n        <\/div>\n    <\/div>\n<\/div><div class=\"edgtf-post-example-item-three-item edgtf-post-item\">\n        <div class=\"edgtf-post-example-item-three-image-holder\">\n                <div class=\"edgtf-post-example-item-three-image-inner-holder\">\n            <img loading=\"lazy\" decoding=\"async\" src=\"https:\/\/magazineluxe.com\/wp-content\/uploads\/2018\/02\/fairmont-queen-elizabeth-3-1-410x230.jpg\" alt=\"\" width=\"410\" height=\"230\" \/>        <\/div>\n        <a itemprop=\"url\" class=\"edgtf-post-example-item-three-slide-link\" href=\"https:\/\/magazineluxe.com\/fr\/hotel-fairmont-le-reine-elizabeth-un-nouveau-depart\/\" target=\"_self\"><\/a>\n    <\/div>\n        <div class=\"edgtf-post-example-item-three-content-holder\">\n        <div class=\"edgtf-post-example-item-three-title-holder\">\n            <h3 class=\"edgtf-post-example-item-three-title\">\n                <a itemprop=\"url\" href=\"https:\/\/magazineluxe.com\/fr\/hotel-fairmont-le-reine-elizabeth-un-nouveau-depart\/\" target=\"_self\">\n                    H\u00f4tel Fairmont Le Reine Elizabeth : un nouveau d\u00e9part                <\/a>\n            <\/h3>\n        <\/div>\n                    <div class=\"edgtf-post-example-item-three-excerpt\">\n                <p class=\"edgtf-post-excerpt\">Apr\u00e8s presque un an de r\u00e9novations majeures, l\u2019h\u00f4tel Fairmont Le Reine Elizabeth a rouvert ses portes en juillet dernier. Au c\u0153ur de cette transformation : Sid Lee Architecture, charg\u00e9e d\u2019\u00e9tablir le nouveau positionnement de l\u2019h\u00f4tel et de rendre des services de design int\u00e9rieur et d\u2019architecture, en consortium avec Architecture 49.\r\n\r\n&nbsp;\r\n\r\n\u00ab<\/p>            <\/div>\n                <div class=\"edgtf-post-example-item-three-info-section\">\n                        <div class=\"edgtf-post-info-comments-holder\">\n    <a itemprop=\"url\" class=\"edgtf-post-info-comments edgtf-comments-with-icon\" href=\"https:\/\/magazineluxe.com\/fr\/hotel-fairmont-le-reine-elizabeth-un-nouveau-depart\/#respond\" target=\"_self\">\n        0     <\/a>\n<\/div>            <div class=\"edgtf-blog-like\">\n\t<a href=\"#\" class=\"edgtf-like\" id=\"edgtf-like-9417-550\" title=\"Like this\" data-post-id=\"9417\"><span>0<\/span><input type=\"hidden\" id=\"edgtf_like_nonce_9417\" name=\"edgtf_like_nonce_9417\" value=\"77c840f8c4\" \/><input type=\"hidden\" name=\"_wp_http_referer\" value=\"\/fr\/wp-json\/wp\/v2\/pages\/13743\" \/><\/a><\/div>\n            <div class=\"edgtf-blog-share\">\n\t<div class=\"edgtf-social-share-holder edgtf-dropdown \">\n\t<a href=\"javascript:void(0)\" target=\"_self\" class=\"edgtf-social-share-dropdown-opener\">\n\t\t<span class=\"edgtf-social-share-title\">PARTAGER<\/span>\n\t<\/a>\n\t<div class=\"edgtf-social-share-dropdown\">\n\t\t<ul>\n\t\t\t<li class=\"edgtf-facebook-share\">\n\t<a class=\"edgtf-share-link\" href=\"#\" onclick=\"window.open('http:\/\/www.facebook.com\/sharer.php?s=100&amp;p[title]=H%C3%B4tel+Fairmont+Le+Reine+Elizabeth+%3A+un+nouveau+d%C3%A9part&amp;p[url]=https%3A%2F%2Fmagazineluxe.com%2Ffr%2Fhotel-fairmont-le-reine-elizabeth-un-nouveau-depart%2F&amp;p[images][0]=https:\/\/magazineluxe.com\/wp-content\/uploads\/2018\/02\/fairmont-queen-elizabeth-3-1.jpg&amp;p[summary]=Apr%C3%A8s+presque+un+an+de+r%C3%A9novations+majeures%2C+l%E2%80%99h%C3%B4tel+Fairmont+Le+Reine+Elizabeth+a+rouvert+ses+portes+en+juillet+dernier.+Au+c%C5%93ur+de+cette+transformation+%3A+Sid+Lee+Architecture%2C+charg%C3%A9e+d%E2%80%99%C3%A9tablir+le+nouveau+positionnement+de+l%E2%80%99h%C3%B4tel+et+de+rendre+des+services+de+design+int%C3%A9rieur+et+d%E2%80%99architecture%2C+en+consortium+avec+Architecture+49.+%26nbsp%3B+%C2%AB+L%E2%80%99%C3%A9tablissement+se+r%C3%A9affirme+comme+%C3%A9quipement+urbain%2C+au+service+des+client%C3%A8les+locales+et+internationales.+C%E2%80%99est+un+tiers-lieu+dans+lequel+les+gens+peuvent+aller+tous+les+jours%2C+tant+pour+mener+des+affaires%2C+participer+%C3%A0+des+%C3%A9v%C3%A8nements+que+se+divertir+%C2%BB%2C+commente+Jean+Pelland%2C+architecte%2C+associ%C3%A9+principal%2C+Sid+Lee+Architecture.+%26nbsp%3B+Inaugur%C3%A9+en+1958%2C+l%E2%80%99h%C3%B4tel+a+%C3%A9t%C3%A9+durant+de+nombreuses+ann%C3%A9es+l%E2%80%99une+des+plus+grandes+institutions+h%C3%B4teli%C3%A8res+modernes+au+monde.+De+grands+musiciens+tels+Oscar+Peterson+s%E2%80%99y+sont+produits+et+la+liste+des+f%C3%AAtes%2C+bals+et+%C3%A9v%C3%A8nements+prestigieux%2C+auxquels+ont+particip%C3%A9+des+chefs+d%E2%80%99%C3%89tat%2C+des+t%C3%AAtes+couronn%C3%A9es+et+des+hommes+d%E2%80%99affaires+est+impressionnante.+%26nbsp%3B+Aujourd%E2%80%99hui%2C+l%E2%80%99h%C3%B4tel+rend+hommage+%C3%A0+son+pass%C3%A9+en+offrant+un+lieu+inspirant+et+une+nouvelle+programmation+plus+en+phase+avec+son+caract%C3%A8re+montr%C3%A9alais.+S%E2%80%99ouvrant+sur+la+ville%2C+il+propose+des+espaces+de+vie+et+de+travail+aux+client%C3%A8les+locales+et+internationales.+%26nbsp%3B+Ses+950+chambres+pr%C3%A9sentent+un+%5B%26hellip%3B%5D', 'sharer', 'toolbar=0,status=0,width=620,height=280');\">\n\t\t\t\t\t<span class=\"edgtf-social-network-icon social_facebook\"><\/span>\n\t\t\t<\/a>\n<\/li><li class=\"edgtf-twitter-share\">\n\t<a class=\"edgtf-share-link\" href=\"#\" onclick=\"window.open('http:\/\/twitter.com\/home?status=Apr%C3%A8s+presque+un+an+de+r%C3%A9novations+majeures%2C+l%E2%80%99h%C3%B4tel+Fairmont+Le+Reine+Elizabeth+a+rouvert+ses+portes+en+juillet+https:\/\/magazineluxe.com\/fr\/hotel-fairmont-le-reine-elizabeth-un-nouveau-depart\/', 'popupwindow', 'scrollbars=yes,width=800,height=400');\">\n\t\t\t\t\t<span class=\"edgtf-social-network-icon social_twitter\"><\/span>\n\t\t\t<\/a>\n<\/li><li class=\"edgtf-linkedin-share\">\n\t<a class=\"edgtf-share-link\" href=\"#\" onclick=\"popUp=window.open('http:\/\/linkedin.com\/shareArticle?mini=true&amp;url=https%3A%2F%2Fmagazineluxe.com%2Ffr%2Fhotel-fairmont-le-reine-elizabeth-un-nouveau-depart%2F&amp;title=H%C3%B4tel+Fairmont+Le+Reine+Elizabeth+%3A+un+nouveau+d%C3%A9part', 'popupwindow', 'scrollbars=yes,width=800,height=400');popUp.focus();return false;\">\n\t\t\t\t\t<span class=\"edgtf-social-network-icon social_linkedin\"><\/span>\n\t\t\t<\/a>\n<\/li><li class=\"edgtf-pinterest-share\">\n\t<a class=\"edgtf-share-link\" href=\"#\" onclick=\"popUp=window.open('http:\/\/pinterest.com\/pin\/create\/button\/?url=https%3A%2F%2Fmagazineluxe.com%2Ffr%2Fhotel-fairmont-le-reine-elizabeth-un-nouveau-depart%2F&amp;description=H\u00f4tel Fairmont Le Reine Elizabeth : un nouveau d\u00e9part&amp;media=https%3A%2F%2Fmagazineluxe.com%2Fwp-content%2Fuploads%2F2018%2F02%2Ffairmont-queen-elizabeth-3-1.jpg', 'popupwindow', 'scrollbars=yes,width=800,height=400');popUp.focus();return false;\">\n\t\t\t\t\t<span class=\"edgtf-social-network-icon social_pinterest\"><\/span>\n\t\t\t<\/a>\n<\/li>\t\t<\/ul>\n\t<\/div>\n<\/div><\/div>\n        <\/div>\n    <\/div>\n<\/div><div class=\"edgtf-post-example-item-three-item edgtf-post-item\">\n        <div class=\"edgtf-post-example-item-three-image-holder\">\n                <div class=\"edgtf-post-example-item-three-image-inner-holder\">\n            <img loading=\"lazy\" decoding=\"async\" src=\"https:\/\/magazineluxe.com\/wp-content\/uploads\/2018\/02\/royal-masour-marrakech-6-410x230.jpg\" alt=\"\" width=\"410\" height=\"230\" \/>        <\/div>\n        <a itemprop=\"url\" class=\"edgtf-post-example-item-three-slide-link\" href=\"https:\/\/magazineluxe.com\/fr\/hotel-royal-mansour-le-meilleur-de-l-art-de-vivre-marocain\/\" target=\"_self\"><\/a>\n    <\/div>\n        <div class=\"edgtf-post-example-item-three-content-holder\">\n        <div class=\"edgtf-post-example-item-three-title-holder\">\n            <h3 class=\"edgtf-post-example-item-three-title\">\n                <a itemprop=\"url\" href=\"https:\/\/magazineluxe.com\/fr\/hotel-royal-mansour-le-meilleur-de-l-art-de-vivre-marocain\/\" target=\"_self\">\n                    L&rsquo;h\u00f4tel Royal Mansour : le meilleur de l&rsquo;art de vivre marocain                <\/a>\n            <\/h3>\n        <\/div>\n                    <div class=\"edgtf-post-example-item-three-excerpt\">\n                <p class=\"edgtf-post-excerpt\">Imagin\u00e9 comme une m\u00e9dina (\u00ab ville traditionnelle \u00bb en arabe moderne), le Royal Mansour Marrakech t\u00e9moigne avec brio du savoir-faire ancestral et de l\u2019architecture du pays, alli\u00e9s au confort moderne. Il en ressort une exp\u00e9rience unique, o\u00f9 l\u2019\u00e9merveillement se conjugue \u00e0 l\u2019\u00e9motion pour s\u2019impr\u00e9gner \u00e0 jamais dans les m\u00e9moires.\r\nUN DOMAINE<\/p>            <\/div>\n                <div class=\"edgtf-post-example-item-three-info-section\">\n                        <div class=\"edgtf-post-info-comments-holder\">\n    <a itemprop=\"url\" class=\"edgtf-post-info-comments edgtf-comments-with-icon\" href=\"https:\/\/magazineluxe.com\/fr\/hotel-royal-mansour-le-meilleur-de-l-art-de-vivre-marocain\/#respond\" target=\"_self\">\n        0     <\/a>\n<\/div>            <div class=\"edgtf-blog-like\">\n\t<a href=\"#\" class=\"edgtf-like\" id=\"edgtf-like-9602-696\" title=\"Like this\" data-post-id=\"9602\"><span>0<\/span><input type=\"hidden\" id=\"edgtf_like_nonce_9602\" name=\"edgtf_like_nonce_9602\" value=\"1c42da9323\" \/><input type=\"hidden\" name=\"_wp_http_referer\" value=\"\/fr\/wp-json\/wp\/v2\/pages\/13743\" \/><\/a><\/div>\n            <div class=\"edgtf-blog-share\">\n\t<div class=\"edgtf-social-share-holder edgtf-dropdown \">\n\t<a href=\"javascript:void(0)\" target=\"_self\" class=\"edgtf-social-share-dropdown-opener\">\n\t\t<span class=\"edgtf-social-share-title\">PARTAGER<\/span>\n\t<\/a>\n\t<div class=\"edgtf-social-share-dropdown\">\n\t\t<ul>\n\t\t\t<li class=\"edgtf-facebook-share\">\n\t<a class=\"edgtf-share-link\" href=\"#\" onclick=\"window.open('http:\/\/www.facebook.com\/sharer.php?s=100&amp;p[title]=L%26rsquo%3Bh%C3%B4tel+Royal+Mansour+%3A+le+meilleur+de+l%26rsquo%3Bart+de+vivre+marocain&amp;p[url]=https%3A%2F%2Fmagazineluxe.com%2Ffr%2Fhotel-royal-mansour-le-meilleur-de-l-art-de-vivre-marocain%2F&amp;p[images][0]=https:\/\/magazineluxe.com\/wp-content\/uploads\/2018\/02\/royal-masour-marrakech-6.jpg&amp;p[summary]=Imagin%C3%A9+comme+une+m%C3%A9dina+%28%C2%AB+ville+traditionnelle+%C2%BB+en+arabe+moderne%29%2C+le+Royal+Mansour+Marrakech+t%C3%A9moigne+avec+brio+du+savoir-faire+ancestral+et+de+l%E2%80%99architecture+du+pays%2C+alli%C3%A9s+au+confort+moderne.+Il+en+ressort+une+exp%C3%A9rience+unique%2C+o%C3%B9+l%E2%80%99%C3%A9merveillement+se+conjugue+%C3%A0+l%E2%80%99%C3%A9motion+pour+s%E2%80%99impr%C3%A9gner+%C3%A0+jamais+dans+les+m%C3%A9moires.+UN+DOMAINE+SPECTACULAIRE+DE+3%2C5+HECTARES+Lorsqu%E2%80%99ils+l%E2%80%99ont+fait+construire%2C+les+propri%C3%A9taires+de+ce+palace+unique+en+son+genre+souhaitaient+mettre+la+tradition+de+l%E2%80%99avant%2C+%C3%A0+travers+le+savoir-faire+artisanal+et+l%E2%80%99art+d%C3%A9coratif+marocains.+De+fait%2C+d%C3%A8s+le+seuil+de+l%E2%80%99h%C3%B4tel+franchi%2C+cette+vision+se+r%C3%A9v%C3%A8le+%3A+l%E2%80%99entr%C3%A9e+monumentale%2C+m%C3%AAlant+bois+de+c%C3%A8dre%2C+m%C3%A9taux+cisel%C3%A9s+et+pl%C3%A2tre+sculpt%C3%A9%2C+est+un+v%C3%A9ritable+chef-d%E2%80%99%C5%93uvre+de+l%E2%80%99art+traditionnel+%C3%A9voquant+le+prestige+des+portes+des+cit%C3%A9s+imp%C3%A9riales.+La+mention+%C2%AB+bonheur%2C+richesse+et+prosp%C3%A9rit%C3%A9+%C2%BB+y+est+grav%C3%A9e.+Et+pour+cause.+%26nbsp%3B+Derri%C3%A8re+le+portail+se+cachent+un+v%C3%A9ritable+petit+village+aux+venelles+sinueuses+ainsi+qu%E2%80%99une+succession+de+jardins%2C+de+bassins+et+de+fontaines%2C+agr%C3%A9ment%C3%A9s+d%E2%80%99arbres+centenaires+et+de+treillis+de+fleurs+odorantes.+Prot%C3%A9g%C3%A9e+par+les+remparts%2C+la+M%C3%A9dina+s%E2%80%99offre+%C3%A0+ceux+qui+ont+le+privil%C3%A8ge+d%E2%80%99y+s%C3%A9journer.+%26nbsp%3B+LA+M%C3%89DINA+ET+SES+JARDINS+L%E2%80%99h%C3%B4tel+se+compose+de+53+riads+d%E2%80%99une+%C3%A0+quatre+chambres%2C+organis%C3%A9s+%5B%26hellip%3B%5D', 'sharer', 'toolbar=0,status=0,width=620,height=280');\">\n\t\t\t\t\t<span class=\"edgtf-social-network-icon social_facebook\"><\/span>\n\t\t\t<\/a>\n<\/li><li class=\"edgtf-twitter-share\">\n\t<a class=\"edgtf-share-link\" href=\"#\" onclick=\"window.open('http:\/\/twitter.com\/home?status=Imagin%C3%A9+comme+une+m%C3%A9dina+%28%C2%AB+ville+traditionnelle+%C2%BB+en+arabe+moderne%29%2C+le+Royal+Mansour+Marrakech+t%C3%A9moigne+avec+brio+https:\/\/magazineluxe.com\/fr\/hotel-royal-mansour-le-meilleur-de-l-art-de-vivre-marocain\/', 'popupwindow', 'scrollbars=yes,width=800,height=400');\">\n\t\t\t\t\t<span class=\"edgtf-social-network-icon social_twitter\"><\/span>\n\t\t\t<\/a>\n<\/li><li class=\"edgtf-linkedin-share\">\n\t<a class=\"edgtf-share-link\" href=\"#\" onclick=\"popUp=window.open('http:\/\/linkedin.com\/shareArticle?mini=true&amp;url=https%3A%2F%2Fmagazineluxe.com%2Ffr%2Fhotel-royal-mansour-le-meilleur-de-l-art-de-vivre-marocain%2F&amp;title=L%26rsquo%3Bh%C3%B4tel+Royal+Mansour+%3A+le+meilleur+de+l%26rsquo%3Bart+de+vivre+marocain', 'popupwindow', 'scrollbars=yes,width=800,height=400');popUp.focus();return false;\">\n\t\t\t\t\t<span class=\"edgtf-social-network-icon social_linkedin\"><\/span>\n\t\t\t<\/a>\n<\/li><li class=\"edgtf-pinterest-share\">\n\t<a class=\"edgtf-share-link\" href=\"#\" onclick=\"popUp=window.open('http:\/\/pinterest.com\/pin\/create\/button\/?url=https%3A%2F%2Fmagazineluxe.com%2Ffr%2Fhotel-royal-mansour-le-meilleur-de-l-art-de-vivre-marocain%2F&amp;description=L&rsquo;h\u00f4tel Royal Mansour : le meilleur de l&rsquo;art de vivre marocain&amp;media=https%3A%2F%2Fmagazineluxe.com%2Fwp-content%2Fuploads%2F2018%2F02%2Froyal-masour-marrakech-6.jpg', 'popupwindow', 'scrollbars=yes,width=800,height=400');popUp.focus();return false;\">\n\t\t\t\t\t<span class=\"edgtf-social-network-icon social_pinterest\"><\/span>\n\t\t\t<\/a>\n<\/li>\t\t<\/ul>\n\t<\/div>\n<\/div><\/div>\n        <\/div>\n    <\/div>\n<\/div><div class=\"edgtf-post-example-item-three-item edgtf-post-item\">\n        <div class=\"edgtf-post-example-item-three-image-holder\">\n                <div class=\"edgtf-post-example-item-three-image-inner-holder\">\n            <img loading=\"lazy\" decoding=\"async\" src=\"https:\/\/magazineluxe.com\/wp-content\/uploads\/2018\/02\/anna-roma-410x230.jpg\" alt=\"\" width=\"410\" height=\"230\" \/>        <\/div>\n        <a itemprop=\"url\" class=\"edgtf-post-example-item-three-slide-link\" href=\"https:\/\/magazineluxe.com\/fr\/anna-roma-votre-meilleure-amie-a-new-york\/\" target=\"_self\"><\/a>\n    <\/div>\n        <div class=\"edgtf-post-example-item-three-content-holder\">\n        <div class=\"edgtf-post-example-item-three-title-holder\">\n            <h3 class=\"edgtf-post-example-item-three-title\">\n                <a itemprop=\"url\" href=\"https:\/\/magazineluxe.com\/fr\/anna-roma-votre-meilleure-amie-a-new-york\/\" target=\"_self\">\n                    Anna Roma : votre meilleure amie \u00e0 New York                <\/a>\n            <\/h3>\n        <\/div>\n                    <div class=\"edgtf-post-example-item-three-excerpt\">\n                <p class=\"edgtf-post-excerpt\">Si vous ne savez pas par o\u00f9 commencer pour trouver les meilleurs endroits pour manger, magasiner ou prendre un verre \u00e0 New York, parlez-en \u00e0 Anna Roma. Concierge dans l\u2019industrie de l\u2019h\u00f4tellerie depuis 18 ans, Anna a \u00e9t\u00e9 membre de l\u2019Union Internationale des Concierges d\u2019H\u00f4tels et a port\u00e9 les Clefs<\/p>            <\/div>\n                <div class=\"edgtf-post-example-item-three-info-section\">\n                        <div class=\"edgtf-post-info-comments-holder\">\n    <a itemprop=\"url\" class=\"edgtf-post-info-comments edgtf-comments-with-icon\" href=\"https:\/\/magazineluxe.com\/fr\/anna-roma-votre-meilleure-amie-a-new-york\/#respond\" target=\"_self\">\n        0     <\/a>\n<\/div>            <div class=\"edgtf-blog-like\">\n\t<a href=\"#\" class=\"edgtf-like\" id=\"edgtf-like-9114-428\" title=\"Like this\" data-post-id=\"9114\"><span>0<\/span><input type=\"hidden\" id=\"edgtf_like_nonce_9114\" name=\"edgtf_like_nonce_9114\" value=\"388fd2ad16\" \/><input type=\"hidden\" name=\"_wp_http_referer\" value=\"\/fr\/wp-json\/wp\/v2\/pages\/13743\" \/><\/a><\/div>\n            <div class=\"edgtf-blog-share\">\n\t<div class=\"edgtf-social-share-holder edgtf-dropdown \">\n\t<a href=\"javascript:void(0)\" target=\"_self\" class=\"edgtf-social-share-dropdown-opener\">\n\t\t<span class=\"edgtf-social-share-title\">PARTAGER<\/span>\n\t<\/a>\n\t<div class=\"edgtf-social-share-dropdown\">\n\t\t<ul>\n\t\t\t<li class=\"edgtf-facebook-share\">\n\t<a class=\"edgtf-share-link\" href=\"#\" onclick=\"window.open('http:\/\/www.facebook.com\/sharer.php?s=100&amp;p[title]=Anna+Roma+%3A+votre+meilleure+amie+%C3%A0+New+York&amp;p[url]=https%3A%2F%2Fmagazineluxe.com%2Ffr%2Fanna-roma-votre-meilleure-amie-a-new-york%2F&amp;p[images][0]=https:\/\/magazineluxe.com\/wp-content\/uploads\/2018\/02\/anna-roma.jpg&amp;p[summary]=Si+vous+ne+savez+pas+par+o%C3%B9+commencer+pour+trouver+les+meilleurs+endroits+pour+manger%2C+magasiner+ou+prendre+un+verre+%C3%A0+New+York%2C+parlez-en+%C3%A0+Anna+Roma.+Concierge+dans+l%E2%80%99industrie+de+l%E2%80%99h%C3%B4tellerie+depuis+18+ans%2C+Anna+a+%C3%A9t%C3%A9+membre+de+l%E2%80%99Union+Internationale+des+Concierges+d%E2%80%99H%C3%B4tels+et+a+port%C3%A9+les+Clefs+D%E2%80%99Or+de+la+soci%C3%A9t%C3%A9+canadienne+de+concierges+d%E2%80%99h%C3%B4tels%2C+un+embl%C3%A8me+accord%C3%A9+seulement+aux+concierges+qui+se+d%C3%A9passent+dans+l%E2%80%99excellence+de+leurs+services+aux+clients+et+qui+d%C3%A9leur+secteur+d%E2%80%99activit%C3%A9.+Anna+est+maintenant+une+membre+affili%C3%A9e+de+la+soci%C3%A9t%C3%A9%2C+qu%E2%80%99elle+a+tr%C3%A8s+%C3%A0+c%C5%93ur.+%26nbsp%3B+Actuellement%2C+elle+occupe+le+poste+de+concierge+d%E2%80%99entreprise+au+Centre+Phi%2C+%C3%A0+Montr%C3%A9al%2C+o%C3%B9+elle+accueille+la+population+et+les+invit%C3%A9s+du+centre+dont+des+chefs+de+renomm%C3%A9e+mondiale%2C+des+musiciens%2C+des+cin%C3%A9astes%2C+des+artistes%2C+et+autres%2C+pour+des+%C3%A9changes+s%E2%80%99inscrivant+dans+les+s%C3%A9ries+%C2%AB+En+conversation+%C2%BB+et+lors+d%E2%80%99%C3%A9v%C3%A9nements+sp%C3%A9ciaux%2C+en+plus+de+faire+d%C3%A9couvrir+aux+invit%C3%A9s+les+multiples+facettes+du+centre.+En+tant+que+personne-ressource+pour+votre+fabuleux+voyage+%C3%A0+New+York%2C+elle+tire+sa+fiert%C3%A9+du+fait+qu%E2%80%99elle+traite+ses+invit%C3%A9s+%C2%AB+comme+de+la+royaut%C3%A9+%C2%BB.+En+fait%2C+Anna+est+votre+meilleure+amie+dans+la+ville.+Elle+s%E2%80%99estime+chanceuse+d%E2%80%99avoir+pris+%5B%26hellip%3B%5D', 'sharer', 'toolbar=0,status=0,width=620,height=280');\">\n\t\t\t\t\t<span class=\"edgtf-social-network-icon social_facebook\"><\/span>\n\t\t\t<\/a>\n<\/li><li class=\"edgtf-twitter-share\">\n\t<a class=\"edgtf-share-link\" href=\"#\" onclick=\"window.open('http:\/\/twitter.com\/home?status=Si+vous+ne+savez+pas+par+o%C3%B9+commencer+pour+trouver+les+meilleurs+endroits+pour+manger%2C+magasiner+ou+prendre+un+verre+https:\/\/magazineluxe.com\/fr\/anna-roma-votre-meilleure-amie-a-new-york\/', 'popupwindow', 'scrollbars=yes,width=800,height=400');\">\n\t\t\t\t\t<span class=\"edgtf-social-network-icon social_twitter\"><\/span>\n\t\t\t<\/a>\n<\/li><li class=\"edgtf-linkedin-share\">\n\t<a class=\"edgtf-share-link\" href=\"#\" onclick=\"popUp=window.open('http:\/\/linkedin.com\/shareArticle?mini=true&amp;url=https%3A%2F%2Fmagazineluxe.com%2Ffr%2Fanna-roma-votre-meilleure-amie-a-new-york%2F&amp;title=Anna+Roma+%3A+votre+meilleure+amie+%C3%A0+New+York', 'popupwindow', 'scrollbars=yes,width=800,height=400');popUp.focus();return false;\">\n\t\t\t\t\t<span class=\"edgtf-social-network-icon social_linkedin\"><\/span>\n\t\t\t<\/a>\n<\/li><li class=\"edgtf-pinterest-share\">\n\t<a class=\"edgtf-share-link\" href=\"#\" onclick=\"popUp=window.open('http:\/\/pinterest.com\/pin\/create\/button\/?url=https%3A%2F%2Fmagazineluxe.com%2Ffr%2Fanna-roma-votre-meilleure-amie-a-new-york%2F&amp;description=Anna Roma : votre meilleure amie \u00e0 New York&amp;media=https%3A%2F%2Fmagazineluxe.com%2Fwp-content%2Fuploads%2F2018%2F02%2Fanna-roma.jpg', 'popupwindow', 'scrollbars=yes,width=800,height=400');popUp.focus();return false;\">\n\t\t\t\t\t<span class=\"edgtf-social-network-icon social_pinterest\"><\/span>\n\t\t\t<\/a>\n<\/li>\t\t<\/ul>\n\t<\/div>\n<\/div><\/div>\n        <\/div>\n    <\/div>\n<\/div><div class=\"edgtf-post-example-item-three-item edgtf-post-item\">\n        <div class=\"edgtf-post-example-item-three-image-holder\">\n                <div class=\"edgtf-post-example-item-three-image-inner-holder\">\n            <img loading=\"lazy\" decoding=\"async\" src=\"https:\/\/magazineluxe.com\/wp-content\/uploads\/2018\/02\/belmont-hotel-splendido-portofino-1-410x230.jpg\" alt=\"\" width=\"410\" height=\"230\" \/>        <\/div>\n        <a itemprop=\"url\" class=\"edgtf-post-example-item-three-slide-link\" href=\"https:\/\/magazineluxe.com\/fr\/belmond-hotel-splendido-la-dolce-vita-a-portofino\/\" target=\"_self\"><\/a>\n    <\/div>\n        <div class=\"edgtf-post-example-item-three-content-holder\">\n        <div class=\"edgtf-post-example-item-three-title-holder\">\n            <h3 class=\"edgtf-post-example-item-three-title\">\n                <a itemprop=\"url\" href=\"https:\/\/magazineluxe.com\/fr\/belmond-hotel-splendido-la-dolce-vita-a-portofino\/\" target=\"_self\">\n                    Belmond Hotel Splendido : la dolce vita \u00e0 Portofino                <\/a>\n            <\/h3>\n        <\/div>\n                    <div class=\"edgtf-post-example-item-three-excerpt\">\n                <p class=\"edgtf-post-excerpt\">Ancien monast\u00e8re perch\u00e9 sur une colline escarp\u00e9e, le Belmond Hotel Splendido surplombe majestueusement les eaux turquoise du port de Portofino. Empreint de la magie qui se d\u00e9gage de toute la c\u00f4te ligurienne, il laisse \u00e0 tout visiteur un souvenir inoubliable.\r\n\r\n&nbsp;\r\n\r\nConstruit en 1902, le Belmond Hotel Splendido a vu d\u00e9filer de<\/p>            <\/div>\n                <div class=\"edgtf-post-example-item-three-info-section\">\n                        <div class=\"edgtf-post-info-comments-holder\">\n    <a itemprop=\"url\" class=\"edgtf-post-info-comments edgtf-comments-with-icon\" href=\"https:\/\/magazineluxe.com\/fr\/belmond-hotel-splendido-la-dolce-vita-a-portofino\/#respond\" target=\"_self\">\n        0     <\/a>\n<\/div>            <div class=\"edgtf-blog-like\">\n\t<a href=\"#\" class=\"edgtf-like\" id=\"edgtf-like-9229-644\" title=\"Like this\" data-post-id=\"9229\"><span>0<\/span><input type=\"hidden\" id=\"edgtf_like_nonce_9229\" name=\"edgtf_like_nonce_9229\" value=\"e01400cb52\" \/><input type=\"hidden\" name=\"_wp_http_referer\" value=\"\/fr\/wp-json\/wp\/v2\/pages\/13743\" \/><\/a><\/div>\n            <div class=\"edgtf-blog-share\">\n\t<div class=\"edgtf-social-share-holder edgtf-dropdown \">\n\t<a href=\"javascript:void(0)\" target=\"_self\" class=\"edgtf-social-share-dropdown-opener\">\n\t\t<span class=\"edgtf-social-share-title\">PARTAGER<\/span>\n\t<\/a>\n\t<div class=\"edgtf-social-share-dropdown\">\n\t\t<ul>\n\t\t\t<li class=\"edgtf-facebook-share\">\n\t<a class=\"edgtf-share-link\" href=\"#\" onclick=\"window.open('http:\/\/www.facebook.com\/sharer.php?s=100&amp;p[title]=Belmond+Hotel+Splendido+%3A+la+dolce+vita+%C3%A0+Portofino&amp;p[url]=https%3A%2F%2Fmagazineluxe.com%2Ffr%2Fbelmond-hotel-splendido-la-dolce-vita-a-portofino%2F&amp;p[images][0]=https:\/\/magazineluxe.com\/wp-content\/uploads\/2018\/02\/belmont-hotel-splendido-portofino-1.jpg&amp;p[summary]=Ancien+monast%C3%A8re+perch%C3%A9+sur+une+colline+escarp%C3%A9e%2C+le+Belmond+Hotel+Splendido+surplombe+majestueusement+les+eaux+turquoise+du+port+de+Portofino.+Empreint+de+la+magie+qui+se+d%C3%A9gage+de+toute+la+c%C3%B4te+ligurienne%2C+il+laisse+%C3%A0+tout+visiteur+un+souvenir+inoubliable.+%26nbsp%3B+Construit+en+1902%2C+le+Belmond+Hotel+Splendido+a+vu+d%C3%A9filer+de+nombreuses+vedettes%2C+de+Winston+Churchill+%C3%A0+Clark+Gable%2C+en+passant+par+Ava+Gardner+et+Marlon+Brando.+Aujourd%E2%80%99hui+encore%2C+il+accueille+chaque+ann%C3%A9e+des+personnalit%C3%A9s+de+partout+dans+le+monde.+Et+l%E2%80%99on+comprend+pourquoi+%3A+l%E2%80%99%C3%A9tablissement+combine+qualit%C3%A9+du+service%2C+confort+dernier+cri+et+d%C3%A9cor+idyllique.+L%E2%80%99ancien+monast%C3%A8re%2C+entour%C3%A9+d%E2%80%99un+jardin+verdoyant+et+d%E2%80%99oliviers+sauvages%2C+offre+une+vue+spectaculaire+sur+la+baie+de+Portofino.+Pour+l%E2%80%99atteindre%2C+il+faut+d%E2%80%99ailleurs+parcourir+des+rues+sinueuses+et+grimpantes.+Heureusement%2C+une+navette+est+mise+%C3%A0+la+disposition+des+visiteurs.+%26nbsp%3B+Une+fois+arriv%C3%A9%2C+c%E2%80%99est+un+personnel+attentionn%C3%A9+et+courtois+qui+vous+accueille.+%C3%80+l%E2%80%99int%C3%A9rieur%2C+la+d%C3%A9coration+de+style+Belle+%C3%89poque+%E2%80%94+marbre+noir+et+blanc%2C+trompe-l%E2%80%99%C5%93il+d%C3%A9licats%2C+murs+pastels+%E2%80%94+fait+oublier+que+l%E2%80%99endroit+%C3%A9tait+autrefois+un+lieu+de+pri%C3%A8re+aust%C3%A8re.+%26nbsp%3B+STYLE+ET+%C3%89L%C3%89GANCE+L%E2%80%99h%C3%B4tel+dispose+de+69+chambres+et+suites+divis%C3%A9es+en+quatre+cat%C3%A9gories+%3A+chambres+doubles%2C+suites+juniors%2C+suites+sup%C3%A9rieures+%5B%26hellip%3B%5D', 'sharer', 'toolbar=0,status=0,width=620,height=280');\">\n\t\t\t\t\t<span class=\"edgtf-social-network-icon social_facebook\"><\/span>\n\t\t\t<\/a>\n<\/li><li class=\"edgtf-twitter-share\">\n\t<a class=\"edgtf-share-link\" href=\"#\" onclick=\"window.open('http:\/\/twitter.com\/home?status=Ancien+monast%C3%A8re+perch%C3%A9+sur+une+colline+escarp%C3%A9e%2C+le+Belmond+Hotel+Splendido+surplombe+majestueusement+les+eaux+https:\/\/magazineluxe.com\/fr\/belmond-hotel-splendido-la-dolce-vita-a-portofino\/', 'popupwindow', 'scrollbars=yes,width=800,height=400');\">\n\t\t\t\t\t<span class=\"edgtf-social-network-icon social_twitter\"><\/span>\n\t\t\t<\/a>\n<\/li><li class=\"edgtf-linkedin-share\">\n\t<a class=\"edgtf-share-link\" href=\"#\" onclick=\"popUp=window.open('http:\/\/linkedin.com\/shareArticle?mini=true&amp;url=https%3A%2F%2Fmagazineluxe.com%2Ffr%2Fbelmond-hotel-splendido-la-dolce-vita-a-portofino%2F&amp;title=Belmond+Hotel+Splendido+%3A+la+dolce+vita+%C3%A0+Portofino', 'popupwindow', 'scrollbars=yes,width=800,height=400');popUp.focus();return false;\">\n\t\t\t\t\t<span class=\"edgtf-social-network-icon social_linkedin\"><\/span>\n\t\t\t<\/a>\n<\/li><li class=\"edgtf-pinterest-share\">\n\t<a class=\"edgtf-share-link\" href=\"#\" onclick=\"popUp=window.open('http:\/\/pinterest.com\/pin\/create\/button\/?url=https%3A%2F%2Fmagazineluxe.com%2Ffr%2Fbelmond-hotel-splendido-la-dolce-vita-a-portofino%2F&amp;description=Belmond Hotel Splendido : la dolce vita \u00e0 Portofino&amp;media=https%3A%2F%2Fmagazineluxe.com%2Fwp-content%2Fuploads%2F2018%2F02%2Fbelmont-hotel-splendido-portofino-1.jpg', 'popupwindow', 'scrollbars=yes,width=800,height=400');popUp.focus();return false;\">\n\t\t\t\t\t<span class=\"edgtf-social-network-icon social_pinterest\"><\/span>\n\t\t\t<\/a>\n<\/li>\t\t<\/ul>\n\t<\/div>\n<\/div><\/div>\n        <\/div>\n    <\/div>\n<\/div><div class=\"edgtf-post-example-item-three-item edgtf-post-item\">\n        <div class=\"edgtf-post-example-item-three-image-holder\">\n                <div class=\"edgtf-post-example-item-three-image-inner-holder\">\n            <img loading=\"lazy\" decoding=\"async\" src=\"https:\/\/magazineluxe.com\/wp-content\/uploads\/2018\/02\/post-ranch-inn-2-410x230.jpg\" alt=\"\" width=\"410\" height=\"230\" \/>        <\/div>\n        <a itemprop=\"url\" class=\"edgtf-post-example-item-three-slide-link\" href=\"https:\/\/magazineluxe.com\/fr\/le-post-ranch-inn-en-harmonie-totale-avec-la-nature\/\" target=\"_self\"><\/a>\n    <\/div>\n        <div class=\"edgtf-post-example-item-three-content-holder\">\n        <div class=\"edgtf-post-example-item-three-title-holder\">\n            <h3 class=\"edgtf-post-example-item-three-title\">\n                <a itemprop=\"url\" href=\"https:\/\/magazineluxe.com\/fr\/le-post-ranch-inn-en-harmonie-totale-avec-la-nature\/\" target=\"_self\">\n                    Le Post Ranch Inn : en harmonie totale avec la nature                <\/a>\n            <\/h3>\n        <\/div>\n                    <div class=\"edgtf-post-example-item-three-excerpt\">\n                <p class=\"edgtf-post-excerpt\">\r\n\r\n\r\nPerch\u00e9 \u00e0 365 m\u00e8tres au-dessus de l\u2019oc\u00e9an Pacifique, le Post\u00a0Ranch Inn se dresse au bord d\u2019un d\u00e9cor sauvage de toute beaut\u00e9. Con\u00e7u par l\u2019architecte de talent Mickey Muenning,\u00a0il arbore une architecture naturelle qui se fond dans le\u00a0paysage sublime de la c\u00f4te californienne. Les amoureux de\u00a0la nature en qu\u00eate de tranquillit\u00e9<\/p>            <\/div>\n                <div class=\"edgtf-post-example-item-three-info-section\">\n                        <div class=\"edgtf-post-info-comments-holder\">\n    <a itemprop=\"url\" class=\"edgtf-post-info-comments edgtf-comments-with-icon\" href=\"https:\/\/magazineluxe.com\/fr\/le-post-ranch-inn-en-harmonie-totale-avec-la-nature\/#respond\" target=\"_self\">\n        0     <\/a>\n<\/div>            <div class=\"edgtf-blog-like\">\n\t<a href=\"#\" class=\"edgtf-like\" id=\"edgtf-like-9350-395\" title=\"Like this\" data-post-id=\"9350\"><span>0<\/span><input type=\"hidden\" id=\"edgtf_like_nonce_9350\" name=\"edgtf_like_nonce_9350\" value=\"280ef564ee\" \/><input type=\"hidden\" name=\"_wp_http_referer\" value=\"\/fr\/wp-json\/wp\/v2\/pages\/13743\" \/><\/a><\/div>\n            <div class=\"edgtf-blog-share\">\n\t<div class=\"edgtf-social-share-holder edgtf-dropdown \">\n\t<a href=\"javascript:void(0)\" target=\"_self\" class=\"edgtf-social-share-dropdown-opener\">\n\t\t<span class=\"edgtf-social-share-title\">PARTAGER<\/span>\n\t<\/a>\n\t<div class=\"edgtf-social-share-dropdown\">\n\t\t<ul>\n\t\t\t<li class=\"edgtf-facebook-share\">\n\t<a class=\"edgtf-share-link\" href=\"#\" onclick=\"window.open('http:\/\/www.facebook.com\/sharer.php?s=100&amp;p[title]=Le+Post+Ranch+Inn+%3A+en+harmonie+totale+avec+la+nature&amp;p[url]=https%3A%2F%2Fmagazineluxe.com%2Ffr%2Fle-post-ranch-inn-en-harmonie-totale-avec-la-nature%2F&amp;p[images][0]=https:\/\/magazineluxe.com\/wp-content\/uploads\/2018\/02\/post-ranch-inn-2.jpg&amp;p[summary]=Perch%C3%A9+%C3%A0+365+m%C3%A8tres+au-dessus+de+l%E2%80%99oc%C3%A9an+Pacifique%2C+le+Post%C2%A0Ranch+Inn+se+dresse+au+bord+d%E2%80%99un+d%C3%A9cor+sauvage+de+toute+beaut%C3%A9.+Con%C3%A7u+par+l%E2%80%99architecte+de+talent+Mickey+Muenning%2C%C2%A0il+arbore+une+architecture+naturelle+qui+se+fond+dans+le%C2%A0paysage+sublime+de+la+c%C3%B4te+californienne.+Les+amoureux+de%C2%A0la+nature+en+qu%C3%AAte+de+tranquillit%C3%A9+absolue+seront+combl%C3%A9s.%C2%A0+%26nbsp%3B+Apr%C3%A8s+avoir+sillonn%C3%A9+la+l%C3%A9gendaire+route+1%2C+en+plein+c%C5%93ur%C2%A0du+Big+Sur%2C+c%E2%80%99est+un+magnifique+parc+de+plus+100+%C3%A2cres+qui%C2%A0vous+attend%2C+avec+sa+bruy%C3%A8re+sauvage%2C+ses+s%C3%A9quoias+et+ses%C2%A0sentiers+de+randonn%C3%A9e.+Et%2C+au+milieu+de+cet+environnement%C2%A0admirable%2C+le+Post+Ranch+Inn.+%C3%80+peine+descendu+de+voiture%2C%C2%A0vous+serez+accueilli+avec+un+verre+de+champagne.+De+quoi%C2%A0bien+commencer+votre+s%C3%A9jour.+Puis%2C+votre+v%C3%A9hicule+sera%C2%A0pris+en+charge+par+le+valet%2C+et+vous+serez+conduit+%C3%A0+votre%C2%A0luxueuse+maison%2C+nich%C3%A9e+sur+la+falaise.+%26nbsp%3B+D%E2%80%99%C3%89L%C3%89GANTES+MAISONS+PERCH%C3%89ES+DANS%C2%A0LES+ARBRES+Soucieuse+de+l%E2%80%99environnement+naturel+exceptionnel+et+de%C2%A0sa+pr%C3%A9servation%2C+la+direction+du+Post+Ranch+Inn+propose%C2%A0aux+visiteurs+39+suites+et+chambres+construites+avec+des%C2%A0mat%C3%A9riaux+naturels.+Juch%C3%A9es+%C3%A0+plus+de+300+m%C3%A8tres+au-%C2%A0dessus+de+l%E2%80%99oc%C3%A9an%2C+ces+luxueuses+maisons+sur+pilotis+offrent%C2%A0un+confort+absolu+et+jouissent+d%E2%80%99une+vue+imprenable+sur%C2%A0l%E2%80%99oc%C3%A9an+ou+les+montagnes.+Toutes+disposent+d%E2%80%99un+foyer%C2%A0int%C3%A9rieur+et+d%E2%80%99une+terrasse+priv%C3%A9e.+Mais%2C+vous+n%E2%80%99y+%5B%26hellip%3B%5D', 'sharer', 'toolbar=0,status=0,width=620,height=280');\">\n\t\t\t\t\t<span class=\"edgtf-social-network-icon social_facebook\"><\/span>\n\t\t\t<\/a>\n<\/li><li class=\"edgtf-twitter-share\">\n\t<a class=\"edgtf-share-link\" href=\"#\" onclick=\"window.open('http:\/\/twitter.com\/home?status=Perch%C3%A9+%C3%A0+365+m%C3%A8tres+au-dessus+de+l%E2%80%99oc%C3%A9an+Pacifique%2C+le+Post%C2%A0Ranch+Inn+se+dresse+au+bord+d%E2%80%99un+d%C3%A9cor+sauvage+de+toute+https:\/\/magazineluxe.com\/fr\/le-post-ranch-inn-en-harmonie-totale-avec-la-nature\/', 'popupwindow', 'scrollbars=yes,width=800,height=400');\">\n\t\t\t\t\t<span class=\"edgtf-social-network-icon social_twitter\"><\/span>\n\t\t\t<\/a>\n<\/li><li class=\"edgtf-linkedin-share\">\n\t<a class=\"edgtf-share-link\" href=\"#\" onclick=\"popUp=window.open('http:\/\/linkedin.com\/shareArticle?mini=true&amp;url=https%3A%2F%2Fmagazineluxe.com%2Ffr%2Fle-post-ranch-inn-en-harmonie-totale-avec-la-nature%2F&amp;title=Le+Post+Ranch+Inn+%3A+en+harmonie+totale+avec+la+nature', 'popupwindow', 'scrollbars=yes,width=800,height=400');popUp.focus();return false;\">\n\t\t\t\t\t<span class=\"edgtf-social-network-icon social_linkedin\"><\/span>\n\t\t\t<\/a>\n<\/li><li class=\"edgtf-pinterest-share\">\n\t<a class=\"edgtf-share-link\" href=\"#\" onclick=\"popUp=window.open('http:\/\/pinterest.com\/pin\/create\/button\/?url=https%3A%2F%2Fmagazineluxe.com%2Ffr%2Fle-post-ranch-inn-en-harmonie-totale-avec-la-nature%2F&amp;description=Le Post Ranch Inn : en harmonie totale avec la nature&amp;media=https%3A%2F%2Fmagazineluxe.com%2Fwp-content%2Fuploads%2F2018%2F02%2Fpost-ranch-inn-2.jpg', 'popupwindow', 'scrollbars=yes,width=800,height=400');popUp.focus();return false;\">\n\t\t\t\t\t<span class=\"edgtf-social-network-icon social_pinterest\"><\/span>\n\t\t\t<\/a>\n<\/li>\t\t<\/ul>\n\t<\/div>\n<\/div><\/div>\n        <\/div>\n    <\/div>\n<\/div><div class=\"edgtf-post-example-item-three-item edgtf-post-item\">\n        <div class=\"edgtf-post-example-item-three-image-holder\">\n                <div class=\"edgtf-post-example-item-three-image-inner-holder\">\n            <img loading=\"lazy\" decoding=\"async\" src=\"https:\/\/magazineluxe.com\/wp-content\/uploads\/2018\/02\/manoir-maplewood-1-410x230.jpg\" alt=\"\" width=\"410\" height=\"230\" \/>        <\/div>\n        <a itemprop=\"url\" class=\"edgtf-post-example-item-three-slide-link\" href=\"https:\/\/magazineluxe.com\/fr\/le-manoir-maplewood-nomme-luxury-hotel-of-the-year\/\" target=\"_self\"><\/a>\n    <\/div>\n        <div class=\"edgtf-post-example-item-three-content-holder\">\n        <div class=\"edgtf-post-example-item-three-title-holder\">\n            <h3 class=\"edgtf-post-example-item-three-title\">\n                <a itemprop=\"url\" href=\"https:\/\/magazineluxe.com\/fr\/le-manoir-maplewood-nomme-luxury-hotel-of-the-year\/\" target=\"_self\">\n                    Le Manoir Maplewood nomm\u00e9 \u00ab Luxury Hotel of the year \u00bb par le Luxury Travel Guide                <\/a>\n            <\/h3>\n        <\/div>\n                    <div class=\"edgtf-post-example-item-three-excerpt\">\n                <p class=\"edgtf-post-excerpt\">\r\n\r\n\r\n\r\n\r\n\r\n\r\n\r\n\r\n\r\n\r\n\r\n\r\n\r\n\r\n\r\n\r\n\r\n\r\n\r\n\r\n\r\n\r\n\r\n\r\n\r\n\r\n\r\n\r\n\r\n\r\nEn seulement deux ans d\u2019activit\u00e9s, ce petit h\u00f4tel particulier,\u00a0situ\u00e9 dans la magnifique r\u00e9gion des Cantons de l\u2019Est, croule\u00a0sous les \u00e9loges et les honneurs.\u00a0En plus de s\u2019\u00eatre vu d\u00e9cerner une note de 5 \u00e9toiles par TripAdvisor, le sp\u00e9cialiste des voyages, ainsi que des notes de 9,5 et 9,7 par les voyageurs<\/p>            <\/div>\n                <div class=\"edgtf-post-example-item-three-info-section\">\n                        <div class=\"edgtf-post-info-comments-holder\">\n    <a itemprop=\"url\" class=\"edgtf-post-info-comments edgtf-comments-with-icon\" href=\"https:\/\/magazineluxe.com\/fr\/le-manoir-maplewood-nomme-luxury-hotel-of-the-year\/#respond\" target=\"_self\">\n        0     <\/a>\n<\/div>            <div class=\"edgtf-blog-like\">\n\t<a href=\"#\" class=\"edgtf-like\" id=\"edgtf-like-9278-562\" title=\"Like this\" data-post-id=\"9278\"><span>0<\/span><input type=\"hidden\" id=\"edgtf_like_nonce_9278\" name=\"edgtf_like_nonce_9278\" value=\"c2453a45d3\" \/><input type=\"hidden\" name=\"_wp_http_referer\" value=\"\/fr\/wp-json\/wp\/v2\/pages\/13743\" \/><\/a><\/div>\n            <div class=\"edgtf-blog-share\">\n\t<div class=\"edgtf-social-share-holder edgtf-dropdown \">\n\t<a href=\"javascript:void(0)\" target=\"_self\" class=\"edgtf-social-share-dropdown-opener\">\n\t\t<span class=\"edgtf-social-share-title\">PARTAGER<\/span>\n\t<\/a>\n\t<div class=\"edgtf-social-share-dropdown\">\n\t\t<ul>\n\t\t\t<li class=\"edgtf-facebook-share\">\n\t<a class=\"edgtf-share-link\" href=\"#\" onclick=\"window.open('http:\/\/www.facebook.com\/sharer.php?s=100&amp;p[title]=Le+Manoir+Maplewood+nomm%C3%A9+%C2%AB+Luxury+Hotel+of+the+year+%C2%BB+par+le+Luxury+Travel+Guide&amp;p[url]=https%3A%2F%2Fmagazineluxe.com%2Ffr%2Fle-manoir-maplewood-nomme-luxury-hotel-of-the-year%2F&amp;p[images][0]=https:\/\/magazineluxe.com\/wp-content\/uploads\/2018\/02\/manoir-maplewood-1.jpg&amp;p[summary]=En+seulement+deux+ans+d%E2%80%99activit%C3%A9s%2C+ce+petit+h%C3%B4tel+particulier%2C%C2%A0situ%C3%A9+dans+la+magnifique+r%C3%A9gion+des+Cantons+de+l%E2%80%99Est%2C+croule%C2%A0sous+les+%C3%A9loges+et+les+honneurs.%C2%A0En+plus+de+s%E2%80%99%C3%AAtre+vu+d%C3%A9cerner+une+note+de+5+%C3%A9toiles+par+TripAdvisor%2C+le+sp%C3%A9cialiste+des+voyages%2C+ainsi+que+des+notes+de+9%2C5+et+9%2C7+par+les+voyageurs+sur+Booking.com+et+HotelsCombined%2C+le+Manoir+Maplewood+re%C3%A7oit+maintenant+la%C2%A0prestigieuse+reconnaissance+de%C2%AB+Luxury+Hotel+of+the+year+%C2%BB+par+le%C2%A0Luxury+Travel+Guide.+%26nbsp%3B+%C2%AB+L%E2%80%99exp%C3%A9rience+client+est+notre+but+ultime.+Rien+n%E2%80%99est+laiss%C3%A9+au+hasard+afin+que+le+s%C3%A9jour+de+nos+visiteurs+soit+des+plus+m%C3%A9morables.+Un+accueil+chaleureux%2C+des+installations+de+haute+qualit%C3%A9%2Cune+nourriture+savoureuse+et+g%C3%A9n%C3%A9reuse.+Nous+disposons+detout+cela+dans+un+lieu+tout+%C3%A0+fait+unique+%C2%BB%2C+commente+Val%C3%A9rie+Arseneau%2C+propri%C3%A9taire+et+directrice+g%C3%A9n%C3%A9rale.+%26nbsp%3B+Le+Manoir+Maplewood+associe+le+confort+et+le+raffinementd%E2%80%99un+h%C3%B4tel+%C3%A0+l%E2%80%99ambiance+intime+et+feutr%C3%A9e+d%E2%80%99une+maison+d%E2%80%99h%C3%B4tes.+Dot%C3%A9+de+dix+chambres+et+suites%2C+d%E2%80%99un+restaurant+offrant+une+cuisine+gastronomique%2C+d%E2%80%99une+salle+de+conf%C3%A9renceet+d%E2%80%99un+centre+de+sant%C3%A9%2C+il+est+en+outre+id%C3%A9alement+situ%C3%A9+%C3%A0+quatre+kilom%C3%A8tres+de+l%E2%80%99autoroute+10%2C+%C3%A0+Waterloo%2C+entre+les+villages+de+Bromont%2C+Knowlton+et+Magog+et+pr%C3%A8s+despentes+de+ski+et+des+sentiers+en+for%C3%AAt.+%26nbsp%3B+%26nbsp%3B+%5B%26hellip%3B%5D', 'sharer', 'toolbar=0,status=0,width=620,height=280');\">\n\t\t\t\t\t<span class=\"edgtf-social-network-icon social_facebook\"><\/span>\n\t\t\t<\/a>\n<\/li><li class=\"edgtf-twitter-share\">\n\t<a class=\"edgtf-share-link\" href=\"#\" onclick=\"window.open('http:\/\/twitter.com\/home?status=En+seulement+deux+ans+d%E2%80%99activit%C3%A9s%2C+ce+petit+h%C3%B4tel+particulier%2C%C2%A0situ%C3%A9+dans+la+magnifique+r%C3%A9gion+des+Cantons+de+l%E2%80%99Est%2C+https:\/\/magazineluxe.com\/fr\/le-manoir-maplewood-nomme-luxury-hotel-of-the-year\/', 'popupwindow', 'scrollbars=yes,width=800,height=400');\">\n\t\t\t\t\t<span class=\"edgtf-social-network-icon social_twitter\"><\/span>\n\t\t\t<\/a>\n<\/li><li class=\"edgtf-linkedin-share\">\n\t<a class=\"edgtf-share-link\" href=\"#\" onclick=\"popUp=window.open('http:\/\/linkedin.com\/shareArticle?mini=true&amp;url=https%3A%2F%2Fmagazineluxe.com%2Ffr%2Fle-manoir-maplewood-nomme-luxury-hotel-of-the-year%2F&amp;title=Le+Manoir+Maplewood+nomm%C3%A9+%C2%AB+Luxury+Hotel+of+the+year+%C2%BB+par+le+Luxury+Travel+Guide', 'popupwindow', 'scrollbars=yes,width=800,height=400');popUp.focus();return false;\">\n\t\t\t\t\t<span class=\"edgtf-social-network-icon social_linkedin\"><\/span>\n\t\t\t<\/a>\n<\/li><li class=\"edgtf-pinterest-share\">\n\t<a class=\"edgtf-share-link\" href=\"#\" onclick=\"popUp=window.open('http:\/\/pinterest.com\/pin\/create\/button\/?url=https%3A%2F%2Fmagazineluxe.com%2Ffr%2Fle-manoir-maplewood-nomme-luxury-hotel-of-the-year%2F&amp;description=Le Manoir Maplewood nomm\u00e9 \u00ab Luxury Hotel of the year \u00bb par le Luxury Travel Guide&amp;media=https%3A%2F%2Fmagazineluxe.com%2Fwp-content%2Fuploads%2F2018%2F02%2Fmanoir-maplewood-1.jpg', 'popupwindow', 'scrollbars=yes,width=800,height=400');popUp.focus();return false;\">\n\t\t\t\t\t<span class=\"edgtf-social-network-icon social_pinterest\"><\/span>\n\t\t\t<\/a>\n<\/li>\t\t<\/ul>\n\t<\/div>\n<\/div><\/div>\n        <\/div>\n    <\/div>\n<\/div><div class=\"edgtf-post-example-item-three-item edgtf-post-item\">\n        <div class=\"edgtf-post-example-item-three-image-holder\">\n                <div class=\"edgtf-post-example-item-three-image-inner-holder\">\n            <img loading=\"lazy\" decoding=\"async\" src=\"https:\/\/magazineluxe.com\/wp-content\/uploads\/2018\/02\/chalet-des-sens-megeve-2-410x230.jpg\" alt=\"\" width=\"410\" height=\"230\" \/>        <\/div>\n        <a itemprop=\"url\" class=\"edgtf-post-example-item-three-slide-link\" href=\"https:\/\/magazineluxe.com\/fr\/le-chalet-des-sens-un-endroit-reve\/\" target=\"_self\"><\/a>\n    <\/div>\n        <div class=\"edgtf-post-example-item-three-content-holder\">\n        <div class=\"edgtf-post-example-item-three-title-holder\">\n            <h3 class=\"edgtf-post-example-item-three-title\">\n                <a itemprop=\"url\" href=\"https:\/\/magazineluxe.com\/fr\/le-chalet-des-sens-un-endroit-reve\/\" target=\"_self\">\n                    Le Chalet des Sens : un endroit r\u00eav\u00e9                <\/a>\n            <\/h3>\n        <\/div>\n                    <div class=\"edgtf-post-example-item-three-excerpt\">\n                <p class=\"edgtf-post-excerpt\">Tr\u00e8s peu de villages sont comparables \u00e0 Meg\u00e8ve dans les Alpes du Nord en France. Nature, architecture et services haut de gamme : tout est l\u00e0 pour cr\u00e9er une exp\u00e9rience des plus inoubliables. Meg\u00e8ve est unique, et le Chalet des Sens un tr\u00e9sor cach\u00e9 au flanc de ses montagnes.\r\nUN CHALET<\/p>            <\/div>\n                <div class=\"edgtf-post-example-item-three-info-section\">\n                        <div class=\"edgtf-post-info-comments-holder\">\n    <a itemprop=\"url\" class=\"edgtf-post-info-comments edgtf-comments-with-icon\" href=\"https:\/\/magazineluxe.com\/fr\/le-chalet-des-sens-un-endroit-reve\/#respond\" target=\"_self\">\n        0     <\/a>\n<\/div>            <div class=\"edgtf-blog-like\">\n\t<a href=\"#\" class=\"edgtf-like\" id=\"edgtf-like-9232-910\" title=\"Like this\" data-post-id=\"9232\"><span>0<\/span><input type=\"hidden\" id=\"edgtf_like_nonce_9232\" name=\"edgtf_like_nonce_9232\" value=\"a6bd77103e\" \/><input type=\"hidden\" name=\"_wp_http_referer\" value=\"\/fr\/wp-json\/wp\/v2\/pages\/13743\" \/><\/a><\/div>\n            <div class=\"edgtf-blog-share\">\n\t<div class=\"edgtf-social-share-holder edgtf-dropdown \">\n\t<a href=\"javascript:void(0)\" target=\"_self\" class=\"edgtf-social-share-dropdown-opener\">\n\t\t<span class=\"edgtf-social-share-title\">PARTAGER<\/span>\n\t<\/a>\n\t<div class=\"edgtf-social-share-dropdown\">\n\t\t<ul>\n\t\t\t<li class=\"edgtf-facebook-share\">\n\t<a class=\"edgtf-share-link\" href=\"#\" onclick=\"window.open('http:\/\/www.facebook.com\/sharer.php?s=100&amp;p[title]=Le+Chalet+des+Sens+%3A+un+endroit+r%C3%AAv%C3%A9&amp;p[url]=https%3A%2F%2Fmagazineluxe.com%2Ffr%2Fle-chalet-des-sens-un-endroit-reve%2F&amp;p[images][0]=https:\/\/magazineluxe.com\/wp-content\/uploads\/2018\/02\/chalet-des-sens-megeve-2.jpg&amp;p[summary]=Tr%C3%A8s+peu+de+villages+sont+comparables+%C3%A0+Meg%C3%A8ve+dans+les+Alpes+du+Nord+en+France.+Nature%2C+architecture+et+services+haut+de+gamme+%3A+tout+est+l%C3%A0+pour+cr%C3%A9er+une+exp%C3%A9rience+des+plus+inoubliables.+Meg%C3%A8ve+est+unique%2C+et+le+Chalet+des+Sens+un+tr%C3%A9sor+cach%C3%A9+au+flanc+de+ses+montagnes.+UN+CHALET+UNIQUE+SUR+UN+DOMAINE+UNIQUE+Lauren+Berger%2C+gr%C3%A2ce+%C3%A0+son+irr%C3%A9prochable+instinct+pour+l%E2%80%99%C3%A9l%C3%A9gance%2C+a+choisi+cette+r%C3%A9sidence+parmi+ses+propri%C3%A9t%C3%A9s+de+r%C3%AAve.+Le+Chalet+des+Sens+rivalise+avec+les+lieux+de+s%C3%A9jour+des+plus+haut+de+gamme.+Il+est+situ%C3%A9+sur+le+Mont+d%E2%80%99Arbois%2C+l%E2%80%99un+des+quatre+lieux+du+domaine+Mont-Blanc.+Ce+domaine+offre+450+km+de+pentes+%3A+une+pluralit%C3%A9+de+choix+et+un+bon+nombre+d%E2%80%99exp%C3%A9riences+enivrantes.+%26nbsp%3B+EN+VOGUE+DEPUIS+LES+ANN%C3%89ES+1920+En+mati%C3%A8re+de+destination+hivernale%2C+Meg%C3%A8ve+est+%C3%A0+la+mode+depuis+les+ann%C3%A9es+vingt.+%C3%89ternellement+tendance%2C+elle+est+%C3%A0+la+France+ce+que+Saint-Moritz+est+%C3%A0+la+Suisse.+Elle+a+toujours+attir%C3%A9+la+cr%C3%A8me+de+la+cr%C3%A8me%2C+gr%C3%A2ce+%C3%A0+son+%C3%A9l%C3%A9gance+et+son+style+sophistiqu%C3%A9.+Sports+d%E2%80%99hiver%2C+bars+et+restaurants%2C+sentiers+incroyables+pour+la+randonn%C3%A9e+p%C3%A9destre+et+l%E2%80%99observation+de+la+nature+%3A+les+activit%C3%A9s+sont+nombreuses+%C3%A0+Meg%C3%A8ve.+De+plus%2C+la+puret%C3%A9+%5B%26hellip%3B%5D', 'sharer', 'toolbar=0,status=0,width=620,height=280');\">\n\t\t\t\t\t<span class=\"edgtf-social-network-icon social_facebook\"><\/span>\n\t\t\t<\/a>\n<\/li><li class=\"edgtf-twitter-share\">\n\t<a class=\"edgtf-share-link\" href=\"#\" onclick=\"window.open('http:\/\/twitter.com\/home?status=Tr%C3%A8s+peu+de+villages+sont+comparables+%C3%A0+Meg%C3%A8ve+dans+les+Alpes+du+Nord+en+France.+Nature%2C+architecture+et+services+https:\/\/magazineluxe.com\/fr\/le-chalet-des-sens-un-endroit-reve\/', 'popupwindow', 'scrollbars=yes,width=800,height=400');\">\n\t\t\t\t\t<span class=\"edgtf-social-network-icon social_twitter\"><\/span>\n\t\t\t<\/a>\n<\/li><li class=\"edgtf-linkedin-share\">\n\t<a class=\"edgtf-share-link\" href=\"#\" onclick=\"popUp=window.open('http:\/\/linkedin.com\/shareArticle?mini=true&amp;url=https%3A%2F%2Fmagazineluxe.com%2Ffr%2Fle-chalet-des-sens-un-endroit-reve%2F&amp;title=Le+Chalet+des+Sens+%3A+un+endroit+r%C3%AAv%C3%A9', 'popupwindow', 'scrollbars=yes,width=800,height=400');popUp.focus();return false;\">\n\t\t\t\t\t<span class=\"edgtf-social-network-icon social_linkedin\"><\/span>\n\t\t\t<\/a>\n<\/li><li class=\"edgtf-pinterest-share\">\n\t<a class=\"edgtf-share-link\" href=\"#\" onclick=\"popUp=window.open('http:\/\/pinterest.com\/pin\/create\/button\/?url=https%3A%2F%2Fmagazineluxe.com%2Ffr%2Fle-chalet-des-sens-un-endroit-reve%2F&amp;description=Le Chalet des Sens : un endroit r\u00eav\u00e9&amp;media=https%3A%2F%2Fmagazineluxe.com%2Fwp-content%2Fuploads%2F2018%2F02%2Fchalet-des-sens-megeve-2.jpg', 'popupwindow', 'scrollbars=yes,width=800,height=400');popUp.focus();return false;\">\n\t\t\t\t\t<span class=\"edgtf-social-network-icon social_pinterest\"><\/span>\n\t\t\t<\/a>\n<\/li>\t\t<\/ul>\n\t<\/div>\n<\/div><\/div>\n        <\/div>\n    <\/div>\n<\/div><div class=\"edgtf-post-example-item-three-item edgtf-post-item\">\n        <div class=\"edgtf-post-example-item-three-image-holder\">\n                <div class=\"edgtf-post-example-item-three-image-inner-holder\">\n            <img loading=\"lazy\" decoding=\"async\" src=\"https:\/\/magazineluxe.com\/wp-content\/uploads\/2018\/03\/Tremblant-1-410x230.jpg\" alt=\"\" width=\"410\" height=\"230\" \/>        <\/div>\n        <a itemprop=\"url\" class=\"edgtf-post-example-item-three-slide-link\" href=\"https:\/\/magazineluxe.com\/fr\/plaisirs-dhiver-quatre-stations-de-ski-pour-profiter-de-la-saison\/\" target=\"_self\"><\/a>\n    <\/div>\n        <div class=\"edgtf-post-example-item-three-content-holder\">\n        <div class=\"edgtf-post-example-item-three-title-holder\">\n            <h3 class=\"edgtf-post-example-item-three-title\">\n                <a itemprop=\"url\" href=\"https:\/\/magazineluxe.com\/fr\/plaisirs-dhiver-quatre-stations-de-ski-pour-profiter-de-la-saison\/\" target=\"_self\">\n                    Plaisirs d&rsquo;hiver : quatre stations de ski pour profiter de la saison                <\/a>\n            <\/h3>\n        <\/div>\n                    <div class=\"edgtf-post-example-item-three-excerpt\">\n                <p class=\"edgtf-post-excerpt\">\r\n\r\n\r\n\r\n\r\n\r\n\r\n\r\n\r\n\r\n\r\n\r\nQuoi de mieux que de d\u00e9valer les pentes de ski pour savourer l\u2019hiver en famille ou entre amis? De jour comme de nuit, ces quatre stations r\u00e9servent des moments inoubliables aux amateurs de glisse, quel que soit leur niveau.\r\n\r\n\r\n\r\n\r\nMONT-TREMBLANT LAURENTIDES\r\n&nbsp;\r\n\r\n\r\n\r\n\r\nPaysages f\u00e9\u00e9riques, \u00e9v\u00e9nements sportifs et culturels, plaisirs gourmands, offre d\u2019h\u00e9bergement luxueuse:<\/p>            <\/div>\n                <div class=\"edgtf-post-example-item-three-info-section\">\n                        <div class=\"edgtf-post-info-comments-holder\">\n    <a itemprop=\"url\" class=\"edgtf-post-info-comments edgtf-comments-with-icon\" href=\"https:\/\/magazineluxe.com\/fr\/plaisirs-dhiver-quatre-stations-de-ski-pour-profiter-de-la-saison\/#respond\" target=\"_self\">\n        0     <\/a>\n<\/div>            <div class=\"edgtf-blog-like\">\n\t<a href=\"#\" class=\"edgtf-like\" id=\"edgtf-like-10186-516\" title=\"Like this\" data-post-id=\"10186\"><span>0<\/span><input type=\"hidden\" id=\"edgtf_like_nonce_10186\" name=\"edgtf_like_nonce_10186\" value=\"50b6fd0598\" \/><input type=\"hidden\" name=\"_wp_http_referer\" value=\"\/fr\/wp-json\/wp\/v2\/pages\/13743\" \/><\/a><\/div>\n            <div class=\"edgtf-blog-share\">\n\t<div class=\"edgtf-social-share-holder edgtf-dropdown \">\n\t<a href=\"javascript:void(0)\" target=\"_self\" class=\"edgtf-social-share-dropdown-opener\">\n\t\t<span class=\"edgtf-social-share-title\">PARTAGER<\/span>\n\t<\/a>\n\t<div class=\"edgtf-social-share-dropdown\">\n\t\t<ul>\n\t\t\t<li class=\"edgtf-facebook-share\">\n\t<a class=\"edgtf-share-link\" href=\"#\" onclick=\"window.open('http:\/\/www.facebook.com\/sharer.php?s=100&amp;p[title]=Plaisirs+d%26rsquo%3Bhiver+%3A+quatre+stations+de+ski+pour+profiter+de+la+saison&amp;p[url]=https%3A%2F%2Fmagazineluxe.com%2Ffr%2Fplaisirs-dhiver-quatre-stations-de-ski-pour-profiter-de-la-saison%2F&amp;p[images][0]=https:\/\/magazineluxe.com\/wp-content\/uploads\/2018\/03\/Tremblant-1.jpg&amp;p[summary]=Quoi+de+mieux+que+de+d%C3%A9valer+les+pentes+de+ski+pour+savourer+l%E2%80%99hiver+en+famille+ou+entre+amis%3F+De+jour+comme+de+nuit%2C+ces+quatre+stations+r%C3%A9servent+des+moments+inoubliables+aux+amateurs+de+glisse%2C+quel+que+soit+leur+niveau.+MONT-TREMBLANT+LAURENTIDES+%26nbsp%3B+Paysages+f%C3%A9%C3%A9riques%2C+%C3%A9v%C3%A9nements+sportifs+et+culturels%2C+plaisirs+gourmands%2C+offre+d%E2%80%99h%C3%A9bergement+luxueuse%3A+c%E2%80%99est+ce+qui+vous+attend+%C3%A0+Mont-Tremblant.+Skieurs+et+planchistes%2C+ainsi+qu%E2%80%99amateurs+de+randonn%C3%A9e%2C+de+ski+de+fond+et+de+raquette%2C+trouveront+leur+bonheur+dans+ce+vaste+terrain+de+jeu.+%26nbsp%3B+Se+dressant+%C3%A0+875+m%C3%A8tres+avec+une+vue+imprenable+sur+les+Laurentides%2C+la+montagne+est+sans+aucun+doute+la+station+de+ski+la+plus+impressionnante+des+Laurentides%2C+avec+un+d%C3%A9nivel%C3%A9+de+645+m%C3%A8tres.+Le+domaine+skiable+de+269+hectares+comprend+96+pistes%2C+id%C3%A9ales+pour+les+skieurs+de+tous+niveaux%2C+des+d%C3%A9butants+aux+plus+exp%C3%A9riment%C3%A9s.+Les+amoureux+de+plein+air+pro+teront+%C3%A9galement+du+Parc+national+du+Mont-Tremblant+et+du+parc+%C3%A9cotouristique+du+Domaine+Saint-Bernard+dont+les+territoires+prot%C3%A9g%C3%A9s+pr%C3%A9sentent+des+paysages+%C3%A0+couper+le+souffle.+%26nbsp%3B+Mont-Tremblant+est+%C3%A9galement+reconnu+pour+son+centre+de+vill%C3%A9giature+situ%C3%A9+directement+en+bas+des+pistes.+Vous+y+trouverez+d%E2%80%99excellents+restaurants%2C+ainsi+que+de+coquettes+boutiques.+%26nbsp%3B+%26nbsp%3B+MONT+SAINT-SAUVEUR+LAURENTIDES+%5B%26hellip%3B%5D', 'sharer', 'toolbar=0,status=0,width=620,height=280');\">\n\t\t\t\t\t<span class=\"edgtf-social-network-icon social_facebook\"><\/span>\n\t\t\t<\/a>\n<\/li><li class=\"edgtf-twitter-share\">\n\t<a class=\"edgtf-share-link\" href=\"#\" onclick=\"window.open('http:\/\/twitter.com\/home?status=Quoi+de+mieux+que+de+d%C3%A9valer+les+pentes+de+ski+pour+savourer+l%E2%80%99hiver+en+famille+ou+entre+amis%3F+De+jour+comme+de+nuit%2C+https:\/\/magazineluxe.com\/fr\/plaisirs-dhiver-quatre-stations-de-ski-pour-profiter-de-la-saison\/', 'popupwindow', 'scrollbars=yes,width=800,height=400');\">\n\t\t\t\t\t<span class=\"edgtf-social-network-icon social_twitter\"><\/span>\n\t\t\t<\/a>\n<\/li><li class=\"edgtf-linkedin-share\">\n\t<a class=\"edgtf-share-link\" href=\"#\" onclick=\"popUp=window.open('http:\/\/linkedin.com\/shareArticle?mini=true&amp;url=https%3A%2F%2Fmagazineluxe.com%2Ffr%2Fplaisirs-dhiver-quatre-stations-de-ski-pour-profiter-de-la-saison%2F&amp;title=Plaisirs+d%26rsquo%3Bhiver+%3A+quatre+stations+de+ski+pour+profiter+de+la+saison', 'popupwindow', 'scrollbars=yes,width=800,height=400');popUp.focus();return false;\">\n\t\t\t\t\t<span class=\"edgtf-social-network-icon social_linkedin\"><\/span>\n\t\t\t<\/a>\n<\/li><li class=\"edgtf-pinterest-share\">\n\t<a class=\"edgtf-share-link\" href=\"#\" onclick=\"popUp=window.open('http:\/\/pinterest.com\/pin\/create\/button\/?url=https%3A%2F%2Fmagazineluxe.com%2Ffr%2Fplaisirs-dhiver-quatre-stations-de-ski-pour-profiter-de-la-saison%2F&amp;description=Plaisirs d&rsquo;hiver : quatre stations de ski pour profiter de la saison&amp;media=https%3A%2F%2Fmagazineluxe.com%2Fwp-content%2Fuploads%2F2018%2F03%2FTremblant-1.jpg', 'popupwindow', 'scrollbars=yes,width=800,height=400');popUp.focus();return false;\">\n\t\t\t\t\t<span class=\"edgtf-social-network-icon social_pinterest\"><\/span>\n\t\t\t<\/a>\n<\/li>\t\t<\/ul>\n\t<\/div>\n<\/div><\/div>\n        <\/div>\n    <\/div>\n<\/div><div class=\"edgtf-post-example-item-three-item edgtf-post-item\">\n        <div class=\"edgtf-post-example-item-three-image-holder\">\n                <div class=\"edgtf-post-example-item-three-image-inner-holder\">\n            <img loading=\"lazy\" decoding=\"async\" src=\"https:\/\/magazineluxe.com\/wp-content\/uploads\/2019\/11\/Algarve-410x230.jpg\" alt=\"\" width=\"410\" height=\"230\" \/>        <\/div>\n        <a itemprop=\"url\" class=\"edgtf-post-example-item-three-slide-link\" href=\"https:\/\/magazineluxe.com\/fr\/algarve-des-plages-paradisiaques\/\" target=\"_self\"><\/a>\n    <\/div>\n        <div class=\"edgtf-post-example-item-three-content-holder\">\n        <div class=\"edgtf-post-example-item-three-title-holder\">\n            <h3 class=\"edgtf-post-example-item-three-title\">\n                <a itemprop=\"url\" href=\"https:\/\/magazineluxe.com\/fr\/algarve-des-plages-paradisiaques\/\" target=\"_self\">\n                    Algarve : des plages paradisiaques                <\/a>\n            <\/h3>\n        <\/div>\n                    <div class=\"edgtf-post-example-item-three-excerpt\">\n                <p class=\"edgtf-post-excerpt\">D\u2019un c\u00f4t\u00e9, la mer, qui sculpte les falaises de la c\u00f4te. Eaux tranquilles et chaudes, \u00e0 la fronti\u00e8re avec l\u2019Espagne et sur tout le littoral qui longe la Ria Formosa. Celles-ci commencent \u00e0 s\u2019agiter et \u00e0 refroidir \u00e0 mesure que l\u2019on avance d\u2019est en ouest, vers Sagres, la pointe la<\/p>            <\/div>\n                <div class=\"edgtf-post-example-item-three-info-section\">\n                        <div class=\"edgtf-post-info-comments-holder\">\n    <a itemprop=\"url\" class=\"edgtf-post-info-comments edgtf-comments-with-icon\" href=\"https:\/\/magazineluxe.com\/fr\/algarve-des-plages-paradisiaques\/#respond\" target=\"_self\">\n        0     <\/a>\n<\/div>            <div class=\"edgtf-blog-like\">\n\t<a href=\"#\" class=\"edgtf-like\" id=\"edgtf-like-14361-476\" title=\"Like this\" data-post-id=\"14361\"><span>0<\/span><input type=\"hidden\" id=\"edgtf_like_nonce_14361\" name=\"edgtf_like_nonce_14361\" value=\"236c2d821e\" \/><input type=\"hidden\" name=\"_wp_http_referer\" value=\"\/fr\/wp-json\/wp\/v2\/pages\/13743\" \/><\/a><\/div>\n            <div class=\"edgtf-blog-share\">\n\t<div class=\"edgtf-social-share-holder edgtf-dropdown \">\n\t<a href=\"javascript:void(0)\" target=\"_self\" class=\"edgtf-social-share-dropdown-opener\">\n\t\t<span class=\"edgtf-social-share-title\">PARTAGER<\/span>\n\t<\/a>\n\t<div class=\"edgtf-social-share-dropdown\">\n\t\t<ul>\n\t\t\t<li class=\"edgtf-facebook-share\">\n\t<a class=\"edgtf-share-link\" href=\"#\" onclick=\"window.open('http:\/\/www.facebook.com\/sharer.php?s=100&amp;p[title]=Algarve+%3A+des+plages+paradisiaques&amp;p[url]=https%3A%2F%2Fmagazineluxe.com%2Ffr%2Falgarve-des-plages-paradisiaques%2F&amp;p[images][0]=https:\/\/magazineluxe.com\/wp-content\/uploads\/2019\/11\/Algarve.jpg&amp;p[summary]=D%E2%80%99un+c%C3%B4t%C3%A9%2C+la+mer%2C+qui+sculpte+les+falaises+de+la+c%C3%B4te.+Eaux+tranquilles+et+chaudes%2C+%C3%A0+la+fronti%C3%A8re+avec+l%E2%80%99Espagne+et+sur+tout+le+littoral+qui+longe+la+Ria+Formosa.+Celles-ci+commencent+%C3%A0+s%E2%80%99agiter+et+%C3%A0+refroidir+%C3%A0+mesure+que+l%E2%80%99on+avance+d%E2%80%99est+en+ouest%2C+vers+Sagres%2C+la+pointe+la+plus+occidentale+d%E2%80%99Europe.+L%E2%80%99Algarve+pr%C3%A9serve+l%E2%80%99h%C3%A9ritage+des+Maures+et+l%E2%80%99%C3%A2me+des+p%C3%AAcheurs.+C%E2%80%99est+d%E2%80%99ici%2C+au+XVe+si%C3%A8cle%2C+que+partirent+les+navigateurs+portugais+%C3%A0+la+d%C3%A9couverte+dumonde.+Les+touristes+trouveront+ici+des+plages+paradisiaques+et+b%C3%A9n%C3%A9ficieront%2C+pendant+toute+l%E2%80%99ann%C3%A9e%2C+de+temp%C3%A9ratures+agr%C3%A9ables.+O%C3%99+DORMIR+MONTE+REI+GOLF+%26amp%3B+COUNTRY+CLUB+Villas+spacieuses+et+paisibles.+Restaurant+d%E2%80%99auteur.+Id%C3%A9al+pour+les+golfeurs.Spacious%2C+peaceful+villas.+Auteur+restaurants.+Ideal+for+golfers.+%26nbsp%3B+Tel.+%28%2B351%29+282+952+521+%26nbsp%3B+www.monte-rei.com+OZADI+TAVIRA+HOTEL+Style+r%C3%A9tro+au+go%C3%BBt+de+vacances.+%26nbsp%3B+Quinta+das+Oliveiras%2C+Tavira%2C+Faro+Tel.+%28%2B351%29+281+324+324+%26nbsp%3B+www.ozaditavirahotel.com+POUSADA+PAL%C3%81CIO+ESTOI+Un+palais+du+XVIIIe+si%C3%A8cle+au+style+rococo.+%C3%80+l%E2%80%99%C3%A9cart+des+plages.An+18th+century+Rococo+style+palace.+%26nbsp%3B+R.+S.+Jos%C3%A9%2C+Estoi%2C+Faro+Tel.+%28%2B351%29+289+990+150+%26nbsp%3B+www.pousadas.pt%2Fen%2Fhotel%2Fpousadaestoi+CASA+MODESTA+Un+tourisme+rural+avec+une+touche+de+modernit%C3%A9.+Ambiance+familiale.+%26nbsp%3B+Quatrim%2C+Olh%C3%A3o+Tel.+%28%2B351%29+289+701+096+%26nbsp%3B+%5B%26hellip%3B%5D', 'sharer', 'toolbar=0,status=0,width=620,height=280');\">\n\t\t\t\t\t<span class=\"edgtf-social-network-icon social_facebook\"><\/span>\n\t\t\t<\/a>\n<\/li><li class=\"edgtf-twitter-share\">\n\t<a class=\"edgtf-share-link\" href=\"#\" onclick=\"window.open('http:\/\/twitter.com\/home?status=D%E2%80%99un+c%C3%B4t%C3%A9%2C+la+mer%2C+qui+sculpte+les+falaises+de+la+c%C3%B4te.+Eaux+tranquilles+et+chaudes%2C+%C3%A0+la+fronti%C3%A8re+avec+l%E2%80%99Espagne+et+https:\/\/magazineluxe.com\/fr\/algarve-des-plages-paradisiaques\/', 'popupwindow', 'scrollbars=yes,width=800,height=400');\">\n\t\t\t\t\t<span class=\"edgtf-social-network-icon social_twitter\"><\/span>\n\t\t\t<\/a>\n<\/li><li class=\"edgtf-linkedin-share\">\n\t<a class=\"edgtf-share-link\" href=\"#\" onclick=\"popUp=window.open('http:\/\/linkedin.com\/shareArticle?mini=true&amp;url=https%3A%2F%2Fmagazineluxe.com%2Ffr%2Falgarve-des-plages-paradisiaques%2F&amp;title=Algarve+%3A+des+plages+paradisiaques', 'popupwindow', 'scrollbars=yes,width=800,height=400');popUp.focus();return false;\">\n\t\t\t\t\t<span class=\"edgtf-social-network-icon social_linkedin\"><\/span>\n\t\t\t<\/a>\n<\/li><li class=\"edgtf-pinterest-share\">\n\t<a class=\"edgtf-share-link\" href=\"#\" onclick=\"popUp=window.open('http:\/\/pinterest.com\/pin\/create\/button\/?url=https%3A%2F%2Fmagazineluxe.com%2Ffr%2Falgarve-des-plages-paradisiaques%2F&amp;description=Algarve : des plages paradisiaques&amp;media=https%3A%2F%2Fmagazineluxe.com%2Fwp-content%2Fuploads%2F2019%2F11%2FAlgarve.jpg', 'popupwindow', 'scrollbars=yes,width=800,height=400');popUp.focus();return false;\">\n\t\t\t\t\t<span class=\"edgtf-social-network-icon social_pinterest\"><\/span>\n\t\t\t<\/a>\n<\/li>\t\t<\/ul>\n\t<\/div>\n<\/div><\/div>\n        <\/div>\n    <\/div>\n<\/div><div class=\"edgtf-post-example-item-three-item edgtf-post-item\">\n        <div class=\"edgtf-post-example-item-three-image-holder\">\n                <div class=\"edgtf-post-example-item-three-image-inner-holder\">\n            <img loading=\"lazy\" decoding=\"async\" src=\"https:\/\/magazineluxe.com\/wp-content\/uploads\/2019\/11\/alentejo-410x230.jpg\" alt=\"\" width=\"410\" height=\"230\" \/>        <\/div>\n        <a itemprop=\"url\" class=\"edgtf-post-example-item-three-slide-link\" href=\"https:\/\/magazineluxe.com\/fr\/alentejo-tant-dhistoires-qui-traverserent-lhistoire\/\" target=\"_self\"><\/a>\n    <\/div>\n        <div class=\"edgtf-post-example-item-three-content-holder\">\n        <div class=\"edgtf-post-example-item-three-title-holder\">\n            <h3 class=\"edgtf-post-example-item-three-title\">\n                <a itemprop=\"url\" href=\"https:\/\/magazineluxe.com\/fr\/alentejo-tant-dhistoires-qui-traverserent-lhistoire\/\" target=\"_self\">\n                    Alentejo : tant d\u2019histoires qui travers\u00e8rent l\u2019Histoire                <\/a>\n            <\/h3>\n        <\/div>\n                    <div class=\"edgtf-post-example-item-three-excerpt\">\n                <p class=\"edgtf-post-excerpt\">C\u2019est la plus vaste r\u00e9gion du Portugal, o\u00f9 la plaine s\u2019\u00e9tend \u00e0perte de vue. L\u2019Alentejo est ocre, marron, dor\u00e9. Le temps y passe lentement, car la terre n\u2019est pas press\u00e9e de donner ses fruits. Les \u00e9t\u00e9s sont secs et br\u00fblants. Les hivers, froids et rigoureux. Autrefois, en p\u00e9riode de disette,<\/p>            <\/div>\n                <div class=\"edgtf-post-example-item-three-info-section\">\n                        <div class=\"edgtf-post-info-comments-holder\">\n    <a itemprop=\"url\" class=\"edgtf-post-info-comments edgtf-comments-with-icon\" href=\"https:\/\/magazineluxe.com\/fr\/alentejo-tant-dhistoires-qui-traverserent-lhistoire\/#respond\" target=\"_self\">\n        0     <\/a>\n<\/div>            <div class=\"edgtf-blog-like\">\n\t<a href=\"#\" class=\"edgtf-like\" id=\"edgtf-like-14352-321\" title=\"Like this\" data-post-id=\"14352\"><span>0<\/span><input type=\"hidden\" id=\"edgtf_like_nonce_14352\" name=\"edgtf_like_nonce_14352\" value=\"5ff4df84ec\" \/><input type=\"hidden\" name=\"_wp_http_referer\" value=\"\/fr\/wp-json\/wp\/v2\/pages\/13743\" \/><\/a><\/div>\n            <div class=\"edgtf-blog-share\">\n\t<div class=\"edgtf-social-share-holder edgtf-dropdown \">\n\t<a href=\"javascript:void(0)\" target=\"_self\" class=\"edgtf-social-share-dropdown-opener\">\n\t\t<span class=\"edgtf-social-share-title\">PARTAGER<\/span>\n\t<\/a>\n\t<div class=\"edgtf-social-share-dropdown\">\n\t\t<ul>\n\t\t\t<li class=\"edgtf-facebook-share\">\n\t<a class=\"edgtf-share-link\" href=\"#\" onclick=\"window.open('http:\/\/www.facebook.com\/sharer.php?s=100&amp;p[title]=Alentejo+%3A+tant+d%E2%80%99histoires+qui+travers%C3%A8rent+l%E2%80%99Histoire&amp;p[url]=https%3A%2F%2Fmagazineluxe.com%2Ffr%2Falentejo-tant-dhistoires-qui-traverserent-lhistoire%2F&amp;p[images][0]=https:\/\/magazineluxe.com\/wp-content\/uploads\/2019\/11\/alentejo.jpg&amp;p[summary]=C%E2%80%99est+la+plus+vaste+r%C3%A9gion+du+Portugal%2C+o%C3%B9+la+plaine+s%E2%80%99%C3%A9tend+%C3%A0perte+de+vue.+L%E2%80%99Alentejo+est+ocre%2C+marron%2C+dor%C3%A9.+Le+temps+y+passe+lentement%2C+car+la+terre+n%E2%80%99est+pas+press%C3%A9e+de+donner+ses+fruits.+Les+%C3%A9t%C3%A9s+sont+secs+et+br%C3%BBlants.+Les+hivers%2C+froids+et+rigoureux.+Autrefois%2C+en+p%C3%A9riode+de+disette%2C+le+pain+fut+%C3%A0+la+base+de+nombreux+plats+que+l%E2%80%99on+retrouve+encore+aujourd%E2%80%99hui+sur+les+tables+%E2%80%94+%C3%B4+combien+app%C3%A9tissants+%21+Le+paysage+est+clairsem%C3%A9+de+vestiges+romains+ou+arabes%2C+de+villes+fortifi%C3%A9es%2C+de+ch%C3%A2teaux+et+de+couvents.+Tant+d%E2%80%99histoires+qui+travers%C3%A8rent+l%E2%80%99Histoire.+O%C3%99+DORMIR+L%E2%80%99AND+VINEYARDS+RESORT+Dans+les+Sky+View+Suites%2C+on+dort+%C3%A0+la+belle+%C3%A9toile.+Restaurant+renomm%C3%A9+et+excellents+vins.+%26nbsp%3B+Herdade+das+Valadas%2C+EN+4%2C+Montemor-o-Novo+Tel.+%28%2B351%29+266+242+400+%26nbsp%3B+www.l-andvineyards.com+ALENTEJO+MARM%C3%92RIS+HOTEL+%26amp%3B+SPA+H%C3%B4tel+de+luxe%2C+o%C3%B9+le+marbre+de+la+r%C3%A9gion+est+roi.+%26nbsp%3B+Largo+Gago+Coutinho%2C+11%2C+Vila+Vi%C3%A7osa+Tel.+%28%2B351%29+268+887+010+%26nbsp%3B+www.alentejomarmoris.com+CONVENTO+DO+ESPINHEIRO+Art+sacr%C3%A9+et+design+dans+un+ancien+monast%C3%A8re+tr%C3%A8s+raffin%C3%A9.+%26nbsp%3B+Tel.+%28%2B351%29+266+788+200+%26nbsp%3B+www.conventodoespinheiro.com+M%E2%80%99AR+DE+AR+AQUEDUTO+Un+%C3%A9difice+du+XVIe+si%C3%A8cle+mariant+confort+et+design.+Il+dispose+d%E2%80%99un+excellent+restaurant%2C+d%E2%80%99un+spa+%5B%26hellip%3B%5D', 'sharer', 'toolbar=0,status=0,width=620,height=280');\">\n\t\t\t\t\t<span class=\"edgtf-social-network-icon social_facebook\"><\/span>\n\t\t\t<\/a>\n<\/li><li class=\"edgtf-twitter-share\">\n\t<a class=\"edgtf-share-link\" href=\"#\" onclick=\"window.open('http:\/\/twitter.com\/home?status=C%E2%80%99est+la+plus+vaste+r%C3%A9gion+du+Portugal%2C+o%C3%B9+la+plaine+s%E2%80%99%C3%A9tend+%C3%A0perte+de+vue.+L%E2%80%99Alentejo+est+ocre%2C+marron%2C+dor%C3%A9.+Le+https:\/\/magazineluxe.com\/fr\/alentejo-tant-dhistoires-qui-traverserent-lhistoire\/', 'popupwindow', 'scrollbars=yes,width=800,height=400');\">\n\t\t\t\t\t<span class=\"edgtf-social-network-icon social_twitter\"><\/span>\n\t\t\t<\/a>\n<\/li><li class=\"edgtf-linkedin-share\">\n\t<a class=\"edgtf-share-link\" href=\"#\" onclick=\"popUp=window.open('http:\/\/linkedin.com\/shareArticle?mini=true&amp;url=https%3A%2F%2Fmagazineluxe.com%2Ffr%2Falentejo-tant-dhistoires-qui-traverserent-lhistoire%2F&amp;title=Alentejo+%3A+tant+d%E2%80%99histoires+qui+travers%C3%A8rent+l%E2%80%99Histoire', 'popupwindow', 'scrollbars=yes,width=800,height=400');popUp.focus();return false;\">\n\t\t\t\t\t<span class=\"edgtf-social-network-icon social_linkedin\"><\/span>\n\t\t\t<\/a>\n<\/li><li class=\"edgtf-pinterest-share\">\n\t<a class=\"edgtf-share-link\" href=\"#\" onclick=\"popUp=window.open('http:\/\/pinterest.com\/pin\/create\/button\/?url=https%3A%2F%2Fmagazineluxe.com%2Ffr%2Falentejo-tant-dhistoires-qui-traverserent-lhistoire%2F&amp;description=Alentejo : tant d\u2019histoires qui travers\u00e8rent l\u2019Histoire&amp;media=https%3A%2F%2Fmagazineluxe.com%2Fwp-content%2Fuploads%2F2019%2F11%2Falentejo.jpg', 'popupwindow', 'scrollbars=yes,width=800,height=400');popUp.focus();return false;\">\n\t\t\t\t\t<span class=\"edgtf-social-network-icon social_pinterest\"><\/span>\n\t\t\t<\/a>\n<\/li>\t\t<\/ul>\n\t<\/div>\n<\/div><\/div>\n        <\/div>\n    <\/div>\n<\/div><div class=\"edgtf-post-example-item-three-item edgtf-post-item\">\n        <div class=\"edgtf-post-example-item-three-image-holder\">\n                <div class=\"edgtf-post-example-item-three-image-inner-holder\">\n            <img loading=\"lazy\" decoding=\"async\" src=\"https:\/\/magazineluxe.com\/wp-content\/uploads\/2019\/11\/Douro-410x230.jpg\" alt=\"\" width=\"410\" height=\"230\" \/>        <\/div>\n        <a itemprop=\"url\" class=\"edgtf-post-example-item-three-slide-link\" href=\"https:\/\/magazineluxe.com\/fr\/porto\/\" target=\"_self\"><\/a>\n    <\/div>\n        <div class=\"edgtf-post-example-item-three-content-holder\">\n        <div class=\"edgtf-post-example-item-three-title-holder\">\n            <h3 class=\"edgtf-post-example-item-three-title\">\n                <a itemprop=\"url\" href=\"https:\/\/magazineluxe.com\/fr\/porto\/\" target=\"_self\">\n                    Porto                <\/a>\n            <\/h3>\n        <\/div>\n                    <div class=\"edgtf-post-example-item-three-excerpt\">\n                <p class=\"edgtf-post-excerpt\">O\u00d9 DORMIR\r\nPOUSADA DO PORTOPAL\u00c1CIO DO FREIXO\r\nClass\u00e9 monument national, l\u2019\u00e9difice est de style baroque italien. Les chambres sont modernes.\r\n\r\n&nbsp;\r\n\r\nEN 108, Porto\r\n\r\nTel. (+351) 225 311 000\r\n\r\n&nbsp;\r\n\r\nwww.pestana.com\r\nINTER CONTINENTAL PORTO\u00a0PAL\u00c1CIO DAS CARDOSAS\r\n\u00c0 deux pas de la c\u00e9l\u00e8bre avenue des Aliados, un h\u00f4tel de luxe \u00e0 l\u2019\u00e9l\u00e9gance classique.\r\n\r\n&nbsp;\r\n\r\nPra\u00e7a da Liberdade, 25, Porto\r\n\r\nTel. (+351) 220 035<\/p>            <\/div>\n                <div class=\"edgtf-post-example-item-three-info-section\">\n                        <div class=\"edgtf-post-info-comments-holder\">\n    <a itemprop=\"url\" class=\"edgtf-post-info-comments edgtf-comments-with-icon\" href=\"https:\/\/magazineluxe.com\/fr\/porto\/#respond\" target=\"_self\">\n        0     <\/a>\n<\/div>            <div class=\"edgtf-blog-like\">\n\t<a href=\"#\" class=\"edgtf-like\" id=\"edgtf-like-14332-812\" title=\"Like this\" data-post-id=\"14332\"><span>0<\/span><input type=\"hidden\" id=\"edgtf_like_nonce_14332\" name=\"edgtf_like_nonce_14332\" value=\"d88ebb9206\" \/><input type=\"hidden\" name=\"_wp_http_referer\" value=\"\/fr\/wp-json\/wp\/v2\/pages\/13743\" \/><\/a><\/div>\n            <div class=\"edgtf-blog-share\">\n\t<div class=\"edgtf-social-share-holder edgtf-dropdown \">\n\t<a href=\"javascript:void(0)\" target=\"_self\" class=\"edgtf-social-share-dropdown-opener\">\n\t\t<span class=\"edgtf-social-share-title\">PARTAGER<\/span>\n\t<\/a>\n\t<div class=\"edgtf-social-share-dropdown\">\n\t\t<ul>\n\t\t\t<li class=\"edgtf-facebook-share\">\n\t<a class=\"edgtf-share-link\" href=\"#\" onclick=\"window.open('http:\/\/www.facebook.com\/sharer.php?s=100&amp;p[title]=Porto&amp;p[url]=https%3A%2F%2Fmagazineluxe.com%2Ffr%2Fporto%2F&amp;p[images][0]=https:\/\/magazineluxe.com\/wp-content\/uploads\/2019\/11\/Douro.jpg&amp;p[summary]=O%C3%99+DORMIR+POUSADA+DO+PORTOPAL%C3%81CIO+DO+FREIXO+Class%C3%A9+monument+national%2C+l%E2%80%99%C3%A9difice+est+de+style+baroque+italien.+Les+chambres+sont+modernes.+%26nbsp%3B+EN+108%2C+Porto+Tel.+%28%2B351%29+225+311+000+%26nbsp%3B+www.pestana.com+INTER+CONTINENTAL+PORTO%C2%A0PAL%C3%81CIO+DAS+CARDOSAS+%C3%80+deux+pas+de+la+c%C3%A9l%C3%A8bre+avenue+des+Aliados%2C+un+h%C3%B4tel+de+luxe+%C3%A0+l%E2%80%99%C3%A9l%C3%A9gance+classique.+%26nbsp%3B+Pra%C3%A7a+da+Liberdade%2C+25%2C+Porto+Tel.+%28%2B351%29+220+035+600+%26nbsp%3B+www.ihg.com%2Fintercontinental+HOTEL+TEATRO+Appartenant+%C3%A0+la+cha%C3%AEne+h%C3%B4teli%C3%A8re+Design+Hotels%2C+il+s%E2%80%99ins%C3%A8re+dans+un+environnement+th%C3%A9%C3%A2tral+et+intimiste.+%26nbsp%3B+R.+S%C3%A1+da+Bandeira%2C+84%2C+Porto+Tel.+%28%2B351%29+220+409+620+%26nbsp%3B+www.hotelteatro.pt+THE+YEATMAN+Propri%C3%A9t%C3%A9+de+la+soci%C3%A9t%C3%A9+Taylor%E2%80%99s.+Depuis+trois+si%C3%A8cles%2C+le+Porto+est+une+tradition+au+sein+de+cette+prestigieuse+famille.+Un+bel+hommage+au+vin.+Vous+pouvez+m%C3%AAme+dormir+dans+un%26%238230%3B+tonneau.+%26nbsp%3B+R.+do+Choupelo%2C+Vila+Nova+de+Gaia+Tel.+%28%2B351%29+220+133+100+%26nbsp%3B+www.the-yeatman-hotel.com+CASA+DA+CAL%C3%87ADA+Accueil+familial+dans+un+h%C3%B4tel+de+charme%2C+au+coeur+historique+d%E2%80%99Amarante.+Le+restaurant+est+une+r%C3%A9f%C3%A9rence.+%26nbsp%3B+Largo+do+Pa%C3%A7o%2C+6%2C+Amarante+Tel.+%28%2B351%29+255+410+830+%26nbsp%3B+www.casadacalcada.com+MORGADIO+DA+CAL%C3%87ADA+Une+maison+seigneuriale+transform%C3%A9e+en+unit%C3%A9+d%E2%80%99oenotourisme%2C+o%C3%B9+chacun+se+consacre+%C3%A0+l%E2%80%99art+de+bien+recevoir.+%26nbsp%3B+Provesende%2C+Sabrosa%2C+Vial+Real+%5B%26hellip%3B%5D', 'sharer', 'toolbar=0,status=0,width=620,height=280');\">\n\t\t\t\t\t<span class=\"edgtf-social-network-icon social_facebook\"><\/span>\n\t\t\t<\/a>\n<\/li><li class=\"edgtf-twitter-share\">\n\t<a class=\"edgtf-share-link\" href=\"#\" onclick=\"window.open('http:\/\/twitter.com\/home?status=O%C3%99+DORMIR+POUSADA+DO+PORTOPAL%C3%81CIO+DO+FREIXO+Class%C3%A9+monument+national%2C+l%E2%80%99%C3%A9difice+est+de+style+baroque+italien.+Les+https:\/\/magazineluxe.com\/fr\/porto\/', 'popupwindow', 'scrollbars=yes,width=800,height=400');\">\n\t\t\t\t\t<span class=\"edgtf-social-network-icon social_twitter\"><\/span>\n\t\t\t<\/a>\n<\/li><li class=\"edgtf-linkedin-share\">\n\t<a class=\"edgtf-share-link\" href=\"#\" onclick=\"popUp=window.open('http:\/\/linkedin.com\/shareArticle?mini=true&amp;url=https%3A%2F%2Fmagazineluxe.com%2Ffr%2Fporto%2F&amp;title=Porto', 'popupwindow', 'scrollbars=yes,width=800,height=400');popUp.focus();return false;\">\n\t\t\t\t\t<span class=\"edgtf-social-network-icon social_linkedin\"><\/span>\n\t\t\t<\/a>\n<\/li><li class=\"edgtf-pinterest-share\">\n\t<a class=\"edgtf-share-link\" href=\"#\" onclick=\"popUp=window.open('http:\/\/pinterest.com\/pin\/create\/button\/?url=https%3A%2F%2Fmagazineluxe.com%2Ffr%2Fporto%2F&amp;description=Porto&amp;media=https%3A%2F%2Fmagazineluxe.com%2Fwp-content%2Fuploads%2F2019%2F11%2FDouro.jpg', 'popupwindow', 'scrollbars=yes,width=800,height=400');popUp.focus();return false;\">\n\t\t\t\t\t<span class=\"edgtf-social-network-icon social_pinterest\"><\/span>\n\t\t\t<\/a>\n<\/li>\t\t<\/ul>\n\t<\/div>\n<\/div><\/div>\n        <\/div>\n    <\/div>\n<\/div><div class=\"edgtf-post-example-item-three-item edgtf-post-item\">\n        <div class=\"edgtf-post-example-item-three-image-holder\">\n                <div class=\"edgtf-post-example-item-three-image-inner-holder\">\n            <img loading=\"lazy\" decoding=\"async\" src=\"https:\/\/magazineluxe.com\/wp-content\/uploads\/2019\/11\/Coimbra-410x230.jpg\" alt=\"\" width=\"410\" height=\"230\" \/>        <\/div>\n        <a itemprop=\"url\" class=\"edgtf-post-example-item-three-slide-link\" href=\"https:\/\/magazineluxe.com\/fr\/coimbra-le-le-theatre-des-amours-impossibles\/\" target=\"_self\"><\/a>\n    <\/div>\n        <div class=\"edgtf-post-example-item-three-content-holder\">\n        <div class=\"edgtf-post-example-item-three-title-holder\">\n            <h3 class=\"edgtf-post-example-item-three-title\">\n                <a itemprop=\"url\" href=\"https:\/\/magazineluxe.com\/fr\/coimbra-le-le-theatre-des-amours-impossibles\/\" target=\"_self\">\n                    Coimbra : le th\u00e9\u00e2tre des amours impossibles                <\/a>\n            <\/h3>\n        <\/div>\n                    <div class=\"edgtf-post-example-item-three-excerpt\">\n                <p class=\"edgtf-post-excerpt\">Cette universit\u00e9, l\u2019une des plus anciennes d\u2019Europe, est n\u00e9e \u00e0 Coimbra, au XIIIe si\u00e8cle. Ainsi, la ville est devenue l\u2019\u00e9ternelle cit\u00e9 des \u00e9tudiants, drap\u00e9s de leur cape noire, et du fado de Coimbra, li\u00e9 aux traditions universitaires. Mais c\u2019est aussi le th\u00e9\u00e2tre des amours impossibles d\u2019In\u00eas de Castro et du<\/p>            <\/div>\n                <div class=\"edgtf-post-example-item-three-info-section\">\n                        <div class=\"edgtf-post-info-comments-holder\">\n    <a itemprop=\"url\" class=\"edgtf-post-info-comments edgtf-comments-with-icon\" href=\"https:\/\/magazineluxe.com\/fr\/coimbra-le-le-theatre-des-amours-impossibles\/#respond\" target=\"_self\">\n        0     <\/a>\n<\/div>            <div class=\"edgtf-blog-like\">\n\t<a href=\"#\" class=\"edgtf-like\" id=\"edgtf-like-14322-516\" title=\"Like this\" data-post-id=\"14322\"><span>0<\/span><input type=\"hidden\" id=\"edgtf_like_nonce_14322\" name=\"edgtf_like_nonce_14322\" value=\"21ed428d16\" \/><input type=\"hidden\" name=\"_wp_http_referer\" value=\"\/fr\/wp-json\/wp\/v2\/pages\/13743\" \/><\/a><\/div>\n            <div class=\"edgtf-blog-share\">\n\t<div class=\"edgtf-social-share-holder edgtf-dropdown \">\n\t<a href=\"javascript:void(0)\" target=\"_self\" class=\"edgtf-social-share-dropdown-opener\">\n\t\t<span class=\"edgtf-social-share-title\">PARTAGER<\/span>\n\t<\/a>\n\t<div class=\"edgtf-social-share-dropdown\">\n\t\t<ul>\n\t\t\t<li class=\"edgtf-facebook-share\">\n\t<a class=\"edgtf-share-link\" href=\"#\" onclick=\"window.open('http:\/\/www.facebook.com\/sharer.php?s=100&amp;p[title]=Coimbra+%3A+le+th%C3%A9%C3%A2tre+des+amours+impossibles&amp;p[url]=https%3A%2F%2Fmagazineluxe.com%2Ffr%2Fcoimbra-le-le-theatre-des-amours-impossibles%2F&amp;p[images][0]=https:\/\/magazineluxe.com\/wp-content\/uploads\/2019\/11\/Coimbra.jpg&amp;p[summary]=Cette+universit%C3%A9%2C+l%E2%80%99une+des+plus+anciennes+d%E2%80%99Europe%2C+est+n%C3%A9e+%C3%A0+Coimbra%2C+au+XIIIe+si%C3%A8cle.+Ainsi%2C+la+ville+est+devenue+l%E2%80%99%C3%A9ternelle+cit%C3%A9+des+%C3%A9tudiants%2C+drap%C3%A9s+de+leur+cape+noire%2C+et+du+fado+de+Coimbra%2C+li%C3%A9+aux+traditions+universitaires.+Mais+c%E2%80%99est+aussi+le+th%C3%A9%C3%A2tre+des+amours+impossibles+d%E2%80%99In%C3%AAs+de+Castro+et+du+roi+Pedro+et+celui+du+Miracle+des+Roses+de+la+Isabel%2C+la+Reine+Sainte+%E2%80%93+o%C3%B9+le+pain+destin%C3%A9+aux+pauvres+se+transforma+soudain+en+roses.+%C3%80+Aveiro%2C+dans+les+eaux+de+la+ria+qui+la+traverse%2C+o%C3%B9+passent+les+typiques+moliceiros+%28petites+embarcations+charg%C3%A9es+de+ramasser+les+algues+de+la+ria%29%2C+s%E2%80%99expriment+encore+d%E2%80%99autres+traditions.+Et+ce+serait+un+p%C3%A9ch%C3%A9+que+de+ne+pas+go%C3%BBter+les+sp%C3%A9cialit%C3%A9s+p%C3%A2tissi%C3%A8res+tels+les+Ovos+Moles+ou+le+P%C3%A3o+de+L%C3%B3+de+la+ville+d%E2%80%99Ovar%26%238230%3B+O%C3%99+DORMIR+HOTEL+QUINTA+DAS+L%C3%81GRIMAS+Un+palais+restaur%C3%A9+et+une+aile+moderne.+Ses+jardins+furent+le+th%C3%A9%C3%A2tre+des+amours+malheureuses+d%E2%80%99In%C3%AAs+et+de+Pedro.+%26nbsp%3B+R.+Ant%C3%B3nio+Augusto+Gon%C3%A7alves%2C+Coimbra+Tel.+%28%2B351%29+239+802+380+%26nbsp%3B+www.quintadaslagrimas.pt+%26nbsp%3B+MELI%C3%81+RIA+HOTEL+%26amp%3B+SPA+Au+bord+de+la+ria+d%E2%80%99Aveiro%2C+un+h%C3%B4tel+moderne+et+fonctionnel.+%26nbsp%3B+Cais+da+Fonte+Nova%2C+5%2C+Aveiro+Tel.+%28%2B351%29+234+401+000+%26nbsp%3B+%5B%26hellip%3B%5D', 'sharer', 'toolbar=0,status=0,width=620,height=280');\">\n\t\t\t\t\t<span class=\"edgtf-social-network-icon social_facebook\"><\/span>\n\t\t\t<\/a>\n<\/li><li class=\"edgtf-twitter-share\">\n\t<a class=\"edgtf-share-link\" href=\"#\" onclick=\"window.open('http:\/\/twitter.com\/home?status=Cette+universit%C3%A9%2C+l%E2%80%99une+des+plus+anciennes+d%E2%80%99Europe%2C+est+n%C3%A9e+%C3%A0+Coimbra%2C+au+XIIIe+si%C3%A8cle.+Ainsi%2C+la+ville+est+devenue+https:\/\/magazineluxe.com\/fr\/coimbra-le-le-theatre-des-amours-impossibles\/', 'popupwindow', 'scrollbars=yes,width=800,height=400');\">\n\t\t\t\t\t<span class=\"edgtf-social-network-icon social_twitter\"><\/span>\n\t\t\t<\/a>\n<\/li><li class=\"edgtf-linkedin-share\">\n\t<a class=\"edgtf-share-link\" href=\"#\" onclick=\"popUp=window.open('http:\/\/linkedin.com\/shareArticle?mini=true&amp;url=https%3A%2F%2Fmagazineluxe.com%2Ffr%2Fcoimbra-le-le-theatre-des-amours-impossibles%2F&amp;title=Coimbra+%3A+le+th%C3%A9%C3%A2tre+des+amours+impossibles', 'popupwindow', 'scrollbars=yes,width=800,height=400');popUp.focus();return false;\">\n\t\t\t\t\t<span class=\"edgtf-social-network-icon social_linkedin\"><\/span>\n\t\t\t<\/a>\n<\/li><li class=\"edgtf-pinterest-share\">\n\t<a class=\"edgtf-share-link\" href=\"#\" onclick=\"popUp=window.open('http:\/\/pinterest.com\/pin\/create\/button\/?url=https%3A%2F%2Fmagazineluxe.com%2Ffr%2Fcoimbra-le-le-theatre-des-amours-impossibles%2F&amp;description=Coimbra : le th\u00e9\u00e2tre des amours impossibles&amp;media=https%3A%2F%2Fmagazineluxe.com%2Fwp-content%2Fuploads%2F2019%2F11%2FCoimbra.jpg', 'popupwindow', 'scrollbars=yes,width=800,height=400');popUp.focus();return false;\">\n\t\t\t\t\t<span class=\"edgtf-social-network-icon social_pinterest\"><\/span>\n\t\t\t<\/a>\n<\/li>\t\t<\/ul>\n\t<\/div>\n<\/div><\/div>\n        <\/div>\n    <\/div>\n<\/div><div class=\"edgtf-post-example-item-three-item edgtf-post-item\">\n        <div class=\"edgtf-post-example-item-three-image-holder\">\n                <div class=\"edgtf-post-example-item-three-image-inner-holder\">\n            <img loading=\"lazy\" decoding=\"async\" src=\"https:\/\/magazineluxe.com\/wp-content\/uploads\/2019\/11\/Sintra-410x230.jpg\" alt=\"\" width=\"410\" height=\"230\" \/>        <\/div>\n        <a itemprop=\"url\" class=\"edgtf-post-example-item-three-slide-link\" href=\"https:\/\/magazineluxe.com\/fr\/sintra-patrimoine-de-lhumanite\/\" target=\"_self\"><\/a>\n    <\/div>\n        <div class=\"edgtf-post-example-item-three-content-holder\">\n        <div class=\"edgtf-post-example-item-three-title-holder\">\n            <h3 class=\"edgtf-post-example-item-three-title\">\n                <a itemprop=\"url\" href=\"https:\/\/magazineluxe.com\/fr\/sintra-patrimoine-de-lhumanite\/\" target=\"_self\">\n                    Sintra : patrimoine de l\u2019Humanit\u00e9                <\/a>\n            <\/h3>\n        <\/div>\n                    <div class=\"edgtf-post-example-item-three-excerpt\">\n                <p class=\"edgtf-post-excerpt\">Patrimoine de l\u2019Humanit\u00e9. Ses palais inspir\u00e8rent les plus remarquables \u00e9crivains. Ses travesseiros (sp\u00e9cialit\u00e9 p\u00e2tissi\u00e8re) sucrent la balade.\r\nO\u00d9 DORMIR\r\nPENHA LONGA RESORT\r\nR\u00e9nov\u00e9, il offre une atmosph\u00e8re sophistiqu\u00e9e et une gastronomie de haut de gamme.\r\n\r\n&nbsp;\r\n\r\nEstrada da Lagoa Azul, Sintra\r\n\r\nTel. (+351) 219 249 011\r\n\r\n&nbsp;\r\n\r\nwww.penhalonga.com\r\nAREIAS DO SEIXO\r\nH\u00f4tel de charme aux pr\u00e9occupations \u00e9cologiques.\r\n\r\n&nbsp;\r\n\r\nPraceta do Atl\u00e2ntico, Mexilhoeira,<\/p>            <\/div>\n                <div class=\"edgtf-post-example-item-three-info-section\">\n                        <div class=\"edgtf-post-info-comments-holder\">\n    <a itemprop=\"url\" class=\"edgtf-post-info-comments edgtf-comments-with-icon\" href=\"https:\/\/magazineluxe.com\/fr\/sintra-patrimoine-de-lhumanite\/#respond\" target=\"_self\">\n        0     <\/a>\n<\/div>            <div class=\"edgtf-blog-like\">\n\t<a href=\"#\" class=\"edgtf-like\" id=\"edgtf-like-14313-364\" title=\"Like this\" data-post-id=\"14313\"><span>0<\/span><input type=\"hidden\" id=\"edgtf_like_nonce_14313\" name=\"edgtf_like_nonce_14313\" value=\"927c310c2e\" \/><input type=\"hidden\" name=\"_wp_http_referer\" value=\"\/fr\/wp-json\/wp\/v2\/pages\/13743\" \/><\/a><\/div>\n            <div class=\"edgtf-blog-share\">\n\t<div class=\"edgtf-social-share-holder edgtf-dropdown \">\n\t<a href=\"javascript:void(0)\" target=\"_self\" class=\"edgtf-social-share-dropdown-opener\">\n\t\t<span class=\"edgtf-social-share-title\">PARTAGER<\/span>\n\t<\/a>\n\t<div class=\"edgtf-social-share-dropdown\">\n\t\t<ul>\n\t\t\t<li class=\"edgtf-facebook-share\">\n\t<a class=\"edgtf-share-link\" href=\"#\" onclick=\"window.open('http:\/\/www.facebook.com\/sharer.php?s=100&amp;p[title]=Sintra+%3A+patrimoine+de+l%E2%80%99Humanit%C3%A9&amp;p[url]=https%3A%2F%2Fmagazineluxe.com%2Ffr%2Fsintra-patrimoine-de-lhumanite%2F&amp;p[images][0]=https:\/\/magazineluxe.com\/wp-content\/uploads\/2019\/11\/Sintra.jpg&amp;p[summary]=Patrimoine+de+l%E2%80%99Humanit%C3%A9.+Ses+palais+inspir%C3%A8rent+les+plus+remarquables+%C3%A9crivains.+Ses+travesseiros+%28sp%C3%A9cialit%C3%A9+p%C3%A2tissi%C3%A8re%29+sucrent+la+balade.+O%C3%99+DORMIR+PENHA+LONGA+RESORT+R%C3%A9nov%C3%A9%2C+il+offre+une+atmosph%C3%A8re+sophistiqu%C3%A9e+et+une+gastronomie+de+haut+de+gamme.+%26nbsp%3B+Estrada+da+Lagoa+Azul%2C+Sintra+Tel.+%28%2B351%29+219+249+011+%26nbsp%3B+www.penhalonga.com+AREIAS+DO+SEIXO+H%C3%B4tel+de+charme+aux+pr%C3%A9occupations+%C3%A9cologiques.+%26nbsp%3B+Praceta+do+Atl%C3%A2ntico%2C+Mexilhoeira%2C+Torres+Vedras+Tel.+%28%2B351%29+261+936+340+%26nbsp%3B+www.areiasdoseixo.com+O%C3%99+MANGER+AROLA+Tapas%2C+hors-d%E2%80%99oeuvre+et+menus+d%C3%A9gustation+avec+le+chef+Sergi+Arola.+%26nbsp%3B+Penha+Longa+Resort%2C+Sintra+Tel.+%28%2B351%29+219+249+011+MIDORI+Un+japonnais+plein+d%E2%80%99audace.+Buffet+le+samedi.+%26nbsp%3B+Penha+Longa+Resort%2C+Sintra+Tel.+%28%2B351%29+219+249+094+AZENHAS+DO+MAR+Un+village+pittoresque.+Une+table+traditionnelle.+D%C3%A9gustez+les+diverses+vari%C3%A9t%C3%A9s+de+riz.+%26nbsp%3B+Piscinas+das+Azenhas+do+Mar+Tel.+%28%2B351%29+219+280+739+ADRAGA+Simple+et+traditionnel.+Poissons+et+fruits+de+mer.+%26nbsp%3B+Praia+da+Adraga%2C+Almo%C3%A7ageme+Tel.+%28%2B351%29+219+280+028+AREIAS+DO+SEIXO+Mariage+r%C3%A9ussi+entre+les+produits+de+la+mer+et+ceux+du+jardin+biologique.+%26nbsp%3B+A-dos-Cunhados%2C+Torres+Vedras+Tel.+%28%2B351%29+261+936+340', 'sharer', 'toolbar=0,status=0,width=620,height=280');\">\n\t\t\t\t\t<span class=\"edgtf-social-network-icon social_facebook\"><\/span>\n\t\t\t<\/a>\n<\/li><li class=\"edgtf-twitter-share\">\n\t<a class=\"edgtf-share-link\" href=\"#\" onclick=\"window.open('http:\/\/twitter.com\/home?status=Patrimoine+de+l%E2%80%99Humanit%C3%A9.+Ses+palais+inspir%C3%A8rent+les+plus+remarquables+%C3%A9crivains.+Ses+travesseiros+%28sp%C3%A9cialit%C3%A9+https:\/\/magazineluxe.com\/fr\/sintra-patrimoine-de-lhumanite\/', 'popupwindow', 'scrollbars=yes,width=800,height=400');\">\n\t\t\t\t\t<span class=\"edgtf-social-network-icon social_twitter\"><\/span>\n\t\t\t<\/a>\n<\/li><li class=\"edgtf-linkedin-share\">\n\t<a class=\"edgtf-share-link\" href=\"#\" onclick=\"popUp=window.open('http:\/\/linkedin.com\/shareArticle?mini=true&amp;url=https%3A%2F%2Fmagazineluxe.com%2Ffr%2Fsintra-patrimoine-de-lhumanite%2F&amp;title=Sintra+%3A+patrimoine+de+l%E2%80%99Humanit%C3%A9', 'popupwindow', 'scrollbars=yes,width=800,height=400');popUp.focus();return false;\">\n\t\t\t\t\t<span class=\"edgtf-social-network-icon social_linkedin\"><\/span>\n\t\t\t<\/a>\n<\/li><li class=\"edgtf-pinterest-share\">\n\t<a class=\"edgtf-share-link\" href=\"#\" onclick=\"popUp=window.open('http:\/\/pinterest.com\/pin\/create\/button\/?url=https%3A%2F%2Fmagazineluxe.com%2Ffr%2Fsintra-patrimoine-de-lhumanite%2F&amp;description=Sintra : patrimoine de l\u2019Humanit\u00e9&amp;media=https%3A%2F%2Fmagazineluxe.com%2Fwp-content%2Fuploads%2F2019%2F11%2FSintra.jpg', 'popupwindow', 'scrollbars=yes,width=800,height=400');popUp.focus();return false;\">\n\t\t\t\t\t<span class=\"edgtf-social-network-icon social_pinterest\"><\/span>\n\t\t\t<\/a>\n<\/li>\t\t<\/ul>\n\t<\/div>\n<\/div><\/div>\n        <\/div>\n    <\/div>\n<\/div><div class=\"edgtf-post-example-item-three-item edgtf-post-item\">\n        <div class=\"edgtf-post-example-item-three-image-holder\">\n                <div class=\"edgtf-post-example-item-three-image-inner-holder\">\n            <img loading=\"lazy\" decoding=\"async\" src=\"https:\/\/magazineluxe.com\/wp-content\/uploads\/2019\/11\/Cascais-410x230.jpg\" alt=\"\" width=\"410\" height=\"230\" \/>        <\/div>\n        <a itemprop=\"url\" class=\"edgtf-post-example-item-three-slide-link\" href=\"https:\/\/magazineluxe.com\/fr\/cascais-petite-ville-halieutique\/\" target=\"_self\"><\/a>\n    <\/div>\n        <div class=\"edgtf-post-example-item-three-content-holder\">\n        <div class=\"edgtf-post-example-item-three-title-holder\">\n            <h3 class=\"edgtf-post-example-item-three-title\">\n                <a itemprop=\"url\" href=\"https:\/\/magazineluxe.com\/fr\/cascais-petite-ville-halieutique\/\" target=\"_self\">\n                    Cascais : petite ville halieutique                <\/a>\n            <\/h3>\n        <\/div>\n                    <div class=\"edgtf-post-example-item-three-excerpt\">\n                <p class=\"edgtf-post-excerpt\">Petite ville halieutique. Les vagues de Guincho sont un v\u00e9ritable d\u00e9fi pour les plus courageux. Poissons et fruits de mer recouvrent les tables.\r\nO\u00d9 DORMIR\r\nGRANDE REAL VILLA IT\u00c1LIA HOTEL &amp; SPA\r\nAncienne r\u00e9sidence du roi Humberto II d\u2019Italie. Raffinement monarchique.\r\n\r\n&nbsp;\r\n\r\nR. Frei Nicolau de Oliveira, 100, Cascais\r\n\r\nTel. (+351) 210 966 000\r\n\r\n&nbsp;\r\n\r\nwww.granderealvillaitalia.realhotelsgroup.com\r\nHOTEL QUINTA DAMARINHA<\/p>            <\/div>\n                <div class=\"edgtf-post-example-item-three-info-section\">\n                        <div class=\"edgtf-post-info-comments-holder\">\n    <a itemprop=\"url\" class=\"edgtf-post-info-comments edgtf-comments-with-icon\" href=\"https:\/\/magazineluxe.com\/fr\/cascais-petite-ville-halieutique\/#respond\" target=\"_self\">\n        0     <\/a>\n<\/div>            <div class=\"edgtf-blog-like\">\n\t<a href=\"#\" class=\"edgtf-like\" id=\"edgtf-like-14306-500\" title=\"Like this\" data-post-id=\"14306\"><span>0<\/span><input type=\"hidden\" id=\"edgtf_like_nonce_14306\" name=\"edgtf_like_nonce_14306\" value=\"3d2ffc4190\" \/><input type=\"hidden\" name=\"_wp_http_referer\" value=\"\/fr\/wp-json\/wp\/v2\/pages\/13743\" \/><\/a><\/div>\n            <div class=\"edgtf-blog-share\">\n\t<div class=\"edgtf-social-share-holder edgtf-dropdown \">\n\t<a href=\"javascript:void(0)\" target=\"_self\" class=\"edgtf-social-share-dropdown-opener\">\n\t\t<span class=\"edgtf-social-share-title\">PARTAGER<\/span>\n\t<\/a>\n\t<div class=\"edgtf-social-share-dropdown\">\n\t\t<ul>\n\t\t\t<li class=\"edgtf-facebook-share\">\n\t<a class=\"edgtf-share-link\" href=\"#\" onclick=\"window.open('http:\/\/www.facebook.com\/sharer.php?s=100&amp;p[title]=Cascais+%3A+petite+ville+halieutique&amp;p[url]=https%3A%2F%2Fmagazineluxe.com%2Ffr%2Fcascais-petite-ville-halieutique%2F&amp;p[images][0]=https:\/\/magazineluxe.com\/wp-content\/uploads\/2019\/11\/Cascais.jpg&amp;p[summary]=Petite+ville+halieutique.+Les+vagues+de+Guincho+sont+un+v%C3%A9ritable+d%C3%A9fi+pour+les+plus+courageux.+Poissons+et+fruits+de+mer+recouvrent+les+tables.+O%C3%99+DORMIR+GRANDE+REAL+VILLA+IT%C3%81LIA+HOTEL+%26amp%3B+SPA+Ancienne+r%C3%A9sidence+du+roi+Humberto+II+d%E2%80%99Italie.+Raffinement+monarchique.+%26nbsp%3B+R.+Frei+Nicolau+de+Oliveira%2C+100%2C+Cascais+Tel.+%28%2B351%29+210+966+000+%26nbsp%3B+www.granderealvillaitalia.realhotelsgroup.com+HOTEL+QUINTA+DAMARINHA+RESORT+%C3%80+votre+disposition%2C+chambres%2C+suites+ou+villas.+Id%C3%A9al+pour+la+pratique+du+golf.+%26nbsp%3B+Quinta+da+Marinha%2C+Rua+das+Palmeiras%2C+Cascais+Tel.+%28%2B351%29+214+860+100+%26nbsp%3B+www.quintadamarinha.com+THE+OITAVOS+Moderne+et+d%C3%A9contract%C3%A9.+Sa+c%C3%A9l%C3%A8bre+p%C3%A2tisserie+a+m%C3%AAme+particip%C3%A9+au+concours+t%C3%A9l%C3%A9vis%C3%A9+Masterchef+Austr%C3%A1lia.+%26nbsp%3B+R.+de+Oitavos%2C+Cascais+Tel.+%28%2B351%29+214+860+020+%26nbsp%3B+www.theoitavos.com+O%C3%99+MANGER+FORTALEZA+DO+GUINCHO+D%C3%A9coration+classique+et+cuisine+moderne+du+chef+Miguel+Rocha+Vieira.+Excellents+vins.+%26nbsp%3B+Estrada+do+Guincho%2C+Cascais+Tel.+%28%2B351%29+214+870+491+FURNAS+DO+GUINCHO+Terrasse+donnant+sur+la+mer.+Poissons+et+fruits+de+mer.+%26nbsp%3B+Estrada+do+Guincho%2C+Cascais+Tel.%3A+%28%2B351%29+214+869+243+PORTO+DE+SANTA+MARIA+Un+classique.+Poissons+et+fruits+de+mer.+D%C3%A9gustez+le+poisson+au+sel.A+classic.+%26nbsp%3B+Estrada+do+Guincho%2C+Cascais+Tel.+%28%2B351%29+214+879+450', 'sharer', 'toolbar=0,status=0,width=620,height=280');\">\n\t\t\t\t\t<span class=\"edgtf-social-network-icon social_facebook\"><\/span>\n\t\t\t<\/a>\n<\/li><li class=\"edgtf-twitter-share\">\n\t<a class=\"edgtf-share-link\" href=\"#\" onclick=\"window.open('http:\/\/twitter.com\/home?status=Petite+ville+halieutique.+Les+vagues+de+Guincho+sont+un+v%C3%A9ritable+d%C3%A9fi+pour+les+plus+courageux.+Poissons+et+fruits+de+https:\/\/magazineluxe.com\/fr\/cascais-petite-ville-halieutique\/', 'popupwindow', 'scrollbars=yes,width=800,height=400');\">\n\t\t\t\t\t<span class=\"edgtf-social-network-icon social_twitter\"><\/span>\n\t\t\t<\/a>\n<\/li><li class=\"edgtf-linkedin-share\">\n\t<a class=\"edgtf-share-link\" href=\"#\" onclick=\"popUp=window.open('http:\/\/linkedin.com\/shareArticle?mini=true&amp;url=https%3A%2F%2Fmagazineluxe.com%2Ffr%2Fcascais-petite-ville-halieutique%2F&amp;title=Cascais+%3A+petite+ville+halieutique', 'popupwindow', 'scrollbars=yes,width=800,height=400');popUp.focus();return false;\">\n\t\t\t\t\t<span class=\"edgtf-social-network-icon social_linkedin\"><\/span>\n\t\t\t<\/a>\n<\/li><li class=\"edgtf-pinterest-share\">\n\t<a class=\"edgtf-share-link\" href=\"#\" onclick=\"popUp=window.open('http:\/\/pinterest.com\/pin\/create\/button\/?url=https%3A%2F%2Fmagazineluxe.com%2Ffr%2Fcascais-petite-ville-halieutique%2F&amp;description=Cascais : petite ville halieutique&amp;media=https%3A%2F%2Fmagazineluxe.com%2Fwp-content%2Fuploads%2F2019%2F11%2FCascais.jpg', 'popupwindow', 'scrollbars=yes,width=800,height=400');popUp.focus();return false;\">\n\t\t\t\t\t<span class=\"edgtf-social-network-icon social_pinterest\"><\/span>\n\t\t\t<\/a>\n<\/li>\t\t<\/ul>\n\t<\/div>\n<\/div><\/div>\n        <\/div>\n    <\/div>\n<\/div><div class=\"edgtf-post-example-item-three-item edgtf-post-item\">\n        <div class=\"edgtf-post-example-item-three-image-holder\">\n                <div class=\"edgtf-post-example-item-three-image-inner-holder\">\n            <img loading=\"lazy\" decoding=\"async\" src=\"https:\/\/magazineluxe.com\/wp-content\/uploads\/2019\/11\/Lisbon-410x230.jpg\" alt=\"\" width=\"410\" height=\"230\" \/>        <\/div>\n        <a itemprop=\"url\" class=\"edgtf-post-example-item-three-slide-link\" href=\"https:\/\/magazineluxe.com\/fr\/lisbonne-dieu-veut-lhomme-reve-loeuvre-nait\/\" target=\"_self\"><\/a>\n    <\/div>\n        <div class=\"edgtf-post-example-item-three-content-holder\">\n        <div class=\"edgtf-post-example-item-three-title-holder\">\n            <h3 class=\"edgtf-post-example-item-three-title\">\n                <a itemprop=\"url\" href=\"https:\/\/magazineluxe.com\/fr\/lisbonne-dieu-veut-lhomme-reve-loeuvre-nait\/\" target=\"_self\">\n                    Lisbonne : \u00ab Dieu veut, l\u2019homme r\u00eave, l\u2019\u0153uvre na\u00eet \u00bb                <\/a>\n            <\/h3>\n        <\/div>\n                    <div class=\"edgtf-post-example-item-three-excerpt\">\n                <p class=\"edgtf-post-excerpt\">Lorsque l\u2019avion survole la ville, on comprend aussit\u00f4t pourquoi la lumi\u00e8re de Lisbonne est si appr\u00e9ci\u00e9e, avec le fado en fond sonore. D\u00e9truite en 1755 par un terrible tremblement de terre, elle fut reconstruite en pur style pombalin. Baign\u00e9e par le Tage, elle compte sept collines, o\u00f9 se trouvent les<\/p>            <\/div>\n                <div class=\"edgtf-post-example-item-three-info-section\">\n                        <div class=\"edgtf-post-info-comments-holder\">\n    <a itemprop=\"url\" class=\"edgtf-post-info-comments edgtf-comments-with-icon\" href=\"https:\/\/magazineluxe.com\/fr\/lisbonne-dieu-veut-lhomme-reve-loeuvre-nait\/#respond\" target=\"_self\">\n        0     <\/a>\n<\/div>            <div class=\"edgtf-blog-like\">\n\t<a href=\"#\" class=\"edgtf-like\" id=\"edgtf-like-14292-210\" title=\"Like this\" data-post-id=\"14292\"><span>0<\/span><input type=\"hidden\" id=\"edgtf_like_nonce_14292\" name=\"edgtf_like_nonce_14292\" value=\"e95ba06280\" \/><input type=\"hidden\" name=\"_wp_http_referer\" value=\"\/fr\/wp-json\/wp\/v2\/pages\/13743\" \/><\/a><\/div>\n            <div class=\"edgtf-blog-share\">\n\t<div class=\"edgtf-social-share-holder edgtf-dropdown \">\n\t<a href=\"javascript:void(0)\" target=\"_self\" class=\"edgtf-social-share-dropdown-opener\">\n\t\t<span class=\"edgtf-social-share-title\">PARTAGER<\/span>\n\t<\/a>\n\t<div class=\"edgtf-social-share-dropdown\">\n\t\t<ul>\n\t\t\t<li class=\"edgtf-facebook-share\">\n\t<a class=\"edgtf-share-link\" href=\"#\" onclick=\"window.open('http:\/\/www.facebook.com\/sharer.php?s=100&amp;p[title]=Lisbonne+%3A+%C2%AB+Dieu+veut%2C+l%E2%80%99homme+r%C3%AAve%2C+l%E2%80%99%C5%93uvre+na%C3%AEt+%C2%BB&amp;p[url]=https%3A%2F%2Fmagazineluxe.com%2Ffr%2Flisbonne-dieu-veut-lhomme-reve-loeuvre-nait%2F&amp;p[images][0]=https:\/\/magazineluxe.com\/wp-content\/uploads\/2019\/11\/Lisbon.jpg&amp;p[summary]=Lorsque+l%E2%80%99avion+survole+la+ville%2C+on+comprend+aussit%C3%B4t+pourquoi+la+lumi%C3%A8re+de+Lisbonne+est+si+appr%C3%A9ci%C3%A9e%2C+avec+le+fado+en+fond+sonore.+D%C3%A9truite+en+1755+par+un+terrible+tremblement+de+terre%2C+elle+fut+reconstruite+en+pur+style+pombalin.+Baign%C3%A9e+par+le+Tage%2C+elle+compte+sept+collines%2C+o%C3%B9+se+trouvent+les+quartiers+typiques+exhalant+l%E2%80%99odeur+des+sardines+grill%C3%A9es.+La+ville+inspira+Fernando+Pessoa%2C+par+cons%C3%A9quent%2C+elle+ne+peut+%C3%AAtre+que+belle+comme+sa+po%C3%A9sie+%3A+%C2%AB%C2%A0Dieu+veut%2C+l%E2%80%99homme+r%C3%AAve%2C+l%E2%80%99%C5%93uvre+na%C3%AEt%C2%A0%C2%BB.+O%C3%99+DORMIR+FOUR+SEASONS+HOTEL+RITZ+LISBON+Classique+et+sophistiqu%C3%A9%2C+il+se+situe+au+coeur+de+Lisbonne.+Un+excellent+restaurant+et+l%E2%80%99un+des+meilleurs+spas+de+la+ville.+%26nbsp%3B+Rua+Rodrigo+da+Fonseca%2C+88+Tel.+%28%2B351%29+213+811+400+%26nbsp%3B+www.fourseasons.com+VALVERDE+HOTEL+Boutique+h%C3%B4tel%2C+distingu%C3%A9+et+contemporain.+%C3%80+deux+pas+des+magasins+des+principales+marques+internationales.+%26nbsp%3B+Avenida+da+Liberdade%2C+164+Tel.+%28%2B351%29+210+940+300+%26nbsp%3B+www.valverdehotel.com+MEMMO+ALFAMA+HOTEL+Consid%C3%A9r%C3%A9+par+la+revue+Wallpaper+comme+l%E2%80%99un+des+meilleurs+h%C3%B4tels+urbains+du+monde.+Situ%C3%A9+dans+un+quartier+typique%2C+%C3%A0+proximit%C3%A9+des+maisons+de+fado.+%26nbsp%3B+Travessa+das+Merceeiras%2C+27+Tel.+%28%2B351%29+210+495+660+%26nbsp%3B+www.memmohotels.com+TOREL+PALACE+Un+petit+palais+datant+de+1902%2C+et+en+m%C3%AAme+temps+%5B%26hellip%3B%5D', 'sharer', 'toolbar=0,status=0,width=620,height=280');\">\n\t\t\t\t\t<span class=\"edgtf-social-network-icon social_facebook\"><\/span>\n\t\t\t<\/a>\n<\/li><li class=\"edgtf-twitter-share\">\n\t<a class=\"edgtf-share-link\" href=\"#\" onclick=\"window.open('http:\/\/twitter.com\/home?status=Lorsque+l%E2%80%99avion+survole+la+ville%2C+on+comprend+aussit%C3%B4t+pourquoi+la+lumi%C3%A8re+de+Lisbonne+est+si+appr%C3%A9ci%C3%A9e%2C+avec+le+fado+https:\/\/magazineluxe.com\/fr\/lisbonne-dieu-veut-lhomme-reve-loeuvre-nait\/', 'popupwindow', 'scrollbars=yes,width=800,height=400');\">\n\t\t\t\t\t<span class=\"edgtf-social-network-icon social_twitter\"><\/span>\n\t\t\t<\/a>\n<\/li><li class=\"edgtf-linkedin-share\">\n\t<a class=\"edgtf-share-link\" href=\"#\" onclick=\"popUp=window.open('http:\/\/linkedin.com\/shareArticle?mini=true&amp;url=https%3A%2F%2Fmagazineluxe.com%2Ffr%2Flisbonne-dieu-veut-lhomme-reve-loeuvre-nait%2F&amp;title=Lisbonne+%3A+%C2%AB+Dieu+veut%2C+l%E2%80%99homme+r%C3%AAve%2C+l%E2%80%99%C5%93uvre+na%C3%AEt+%C2%BB', 'popupwindow', 'scrollbars=yes,width=800,height=400');popUp.focus();return false;\">\n\t\t\t\t\t<span class=\"edgtf-social-network-icon social_linkedin\"><\/span>\n\t\t\t<\/a>\n<\/li><li class=\"edgtf-pinterest-share\">\n\t<a class=\"edgtf-share-link\" href=\"#\" onclick=\"popUp=window.open('http:\/\/pinterest.com\/pin\/create\/button\/?url=https%3A%2F%2Fmagazineluxe.com%2Ffr%2Flisbonne-dieu-veut-lhomme-reve-loeuvre-nait%2F&amp;description=Lisbonne : \u00ab Dieu veut, l\u2019homme r\u00eave, l\u2019\u0153uvre na\u00eet \u00bb&amp;media=https%3A%2F%2Fmagazineluxe.com%2Fwp-content%2Fuploads%2F2019%2F11%2FLisbon.jpg', 'popupwindow', 'scrollbars=yes,width=800,height=400');popUp.focus();return false;\">\n\t\t\t\t\t<span class=\"edgtf-social-network-icon social_pinterest\"><\/span>\n\t\t\t<\/a>\n<\/li>\t\t<\/ul>\n\t<\/div>\n<\/div><\/div>\n        <\/div>\n    <\/div>\n<\/div><div class=\"edgtf-post-example-item-three-item edgtf-post-item\">\n        <div class=\"edgtf-post-example-item-three-image-holder\">\n                <div class=\"edgtf-post-example-item-three-image-inner-holder\">\n            <img loading=\"lazy\" decoding=\"async\" src=\"https:\/\/magazineluxe.com\/wp-content\/uploads\/2018\/03\/Portugal-410x230.jpg\" alt=\"\" width=\"410\" height=\"230\" \/>        <\/div>\n        <a itemprop=\"url\" class=\"edgtf-post-example-item-three-slide-link\" href=\"https:\/\/magazineluxe.com\/fr\/voyage-au-portugal\/\" target=\"_self\"><\/a>\n    <\/div>\n        <div class=\"edgtf-post-example-item-three-content-holder\">\n        <div class=\"edgtf-post-example-item-three-title-holder\">\n            <h3 class=\"edgtf-post-example-item-three-title\">\n                <a itemprop=\"url\" href=\"https:\/\/magazineluxe.com\/fr\/voyage-au-portugal\/\" target=\"_self\">\n                    Voyage au Portugal                <\/a>\n            <\/h3>\n        <\/div>\n                    <div class=\"edgtf-post-example-item-three-excerpt\">\n                <p class=\"edgtf-post-excerpt\">Berceau du fado et du Porto, le Portugal suscite depuis quelques ann\u00e9es un v\u00e9ritable engouement aupr\u00e8s des touristes. Les Qu\u00e9b\u00e9cois n\u2019y \u00e9chappent pas. Il faut dire que ce pays rec\u00e8le une multitude d\u2019attraits entre ses villages authentiques, ses cit\u00e9s envo\u00fbtantes, ses plages infinies et<\/p>            <\/div>\n                <div class=\"edgtf-post-example-item-three-info-section\">\n                        <div class=\"edgtf-post-info-comments-holder\">\n    <a itemprop=\"url\" class=\"edgtf-post-info-comments edgtf-comments-with-icon\" href=\"https:\/\/magazineluxe.com\/fr\/voyage-au-portugal\/#respond\" target=\"_self\">\n        0     <\/a>\n<\/div>            <div class=\"edgtf-blog-like\">\n\t<a href=\"#\" class=\"edgtf-like\" id=\"edgtf-like-9708-133\" title=\"Like this\" data-post-id=\"9708\"><span>0<\/span><input type=\"hidden\" id=\"edgtf_like_nonce_9708\" name=\"edgtf_like_nonce_9708\" value=\"50e8dfada7\" \/><input type=\"hidden\" name=\"_wp_http_referer\" value=\"\/fr\/wp-json\/wp\/v2\/pages\/13743\" \/><\/a><\/div>\n            <div class=\"edgtf-blog-share\">\n\t<div class=\"edgtf-social-share-holder edgtf-dropdown \">\n\t<a href=\"javascript:void(0)\" target=\"_self\" class=\"edgtf-social-share-dropdown-opener\">\n\t\t<span class=\"edgtf-social-share-title\">PARTAGER<\/span>\n\t<\/a>\n\t<div class=\"edgtf-social-share-dropdown\">\n\t\t<ul>\n\t\t\t<li class=\"edgtf-facebook-share\">\n\t<a class=\"edgtf-share-link\" href=\"#\" onclick=\"window.open('http:\/\/www.facebook.com\/sharer.php?s=100&amp;p[title]=Voyage+au+Portugal&amp;p[url]=https%3A%2F%2Fmagazineluxe.com%2Ffr%2Fvoyage-au-portugal%2F&amp;p[images][0]=https:\/\/magazineluxe.com\/wp-content\/uploads\/2018\/03\/Portugal.jpg&amp;p[summary]=Berceau+du+fado+et+du+Porto%2C+le+Portugal+suscite+depuis+quelques+ann%C3%A9es+un+v%C3%A9ritable+engouement+aupr%C3%A8s+des+touristes.+Les+Qu%C3%A9b%C3%A9cois+n%E2%80%99y+%C3%A9chappent+pas.+Il+faut+dire+que+ce+pays+rec%C3%A8le+une+multitude+d%E2%80%99attraits+entre+ses+villages+authentiques%2C+ses+cit%C3%A9s+envo%C3%BBtantes%2C+ses+plages+infinies+et%26%238230%3B+l%E2%80%99accueil+quasi+l%C3%A9gendaire+de+ses+habitants.+%26nbsp%3B+Pour+nous+le+pr%C3%A9senter%2C+l%E2%80%99%C3%A9quipe+de+LUXE+souhaitait+donner+la+parole+%C3%A0+quelqu%E2%80%99un+qui+le+conna%C3%AEtrait+de+l%E2%80%99int%C3%A9rieur+et+qui+nous+en+parlerait+comme+d%E2%80%99un+ami.+Le+nom+de+Carlos+Ferreira+nous+est+alors+imm%C3%A9diatement+venu+en+t%C3%AAte.+Depuis+plus+de+vingt+ans%2C+le+propri%C3%A9taire+du+Groupe+Ferreira+agit+en+effet+comme+un+v%C3%A9ritable+ambassadeur+du+Portugal%2C+faisant+d%C3%A9couvrir+avec+passion+sa+gastronomie+et+sa+culture+aux+Qu%C3%A9b%C3%A9cois.+Avec+toute+la+g%C3%A9n%C3%A9rosit%C3%A9+qui+le+caract%C3%A9rise%2C+il+a+accept%C3%A9+ici+de+d%C3%A9voiler+ses+meilleures+adresses+et+ses+coups+de+c%C5%93ur+en+mati%C3%A8re+de+restauration%2C+mais+aussi+d%E2%80%99h%C3%A9bergement+et+d%E2%80%99activit%C3%A9s+%C3%A0+faire.+De+Lisbonne+%C3%A0+Douro+en+passant+par+Coimbra%2C+ce+carnet+de+voyage+vous+aidera+%C3%A0+planifier+un+s%C3%A9jour+inoubliable.+%26nbsp%3B+Lisbonne+Cascais+Sintra+Coimbra+Porto+Bairrada+Alentejo+Algarve', 'sharer', 'toolbar=0,status=0,width=620,height=280');\">\n\t\t\t\t\t<span class=\"edgtf-social-network-icon social_facebook\"><\/span>\n\t\t\t<\/a>\n<\/li><li class=\"edgtf-twitter-share\">\n\t<a class=\"edgtf-share-link\" href=\"#\" onclick=\"window.open('http:\/\/twitter.com\/home?status=Berceau+du+fado+et+du+Porto%2C+le+Portugal+suscite+depuis+quelques+ann%C3%A9es+un+v%C3%A9ritable+engouement+aupr%C3%A8s+des+touristes.+https:\/\/magazineluxe.com\/fr\/voyage-au-portugal\/', 'popupwindow', 'scrollbars=yes,width=800,height=400');\">\n\t\t\t\t\t<span class=\"edgtf-social-network-icon social_twitter\"><\/span>\n\t\t\t<\/a>\n<\/li><li class=\"edgtf-linkedin-share\">\n\t<a class=\"edgtf-share-link\" href=\"#\" onclick=\"popUp=window.open('http:\/\/linkedin.com\/shareArticle?mini=true&amp;url=https%3A%2F%2Fmagazineluxe.com%2Ffr%2Fvoyage-au-portugal%2F&amp;title=Voyage+au+Portugal', 'popupwindow', 'scrollbars=yes,width=800,height=400');popUp.focus();return false;\">\n\t\t\t\t\t<span class=\"edgtf-social-network-icon social_linkedin\"><\/span>\n\t\t\t<\/a>\n<\/li><li class=\"edgtf-pinterest-share\">\n\t<a class=\"edgtf-share-link\" href=\"#\" onclick=\"popUp=window.open('http:\/\/pinterest.com\/pin\/create\/button\/?url=https%3A%2F%2Fmagazineluxe.com%2Ffr%2Fvoyage-au-portugal%2F&amp;description=Voyage au Portugal&amp;media=https%3A%2F%2Fmagazineluxe.com%2Fwp-content%2Fuploads%2F2018%2F03%2FPortugal.jpg', 'popupwindow', 'scrollbars=yes,width=800,height=400');popUp.focus();return false;\">\n\t\t\t\t\t<span class=\"edgtf-social-network-icon social_pinterest\"><\/span>\n\t\t\t<\/a>\n<\/li>\t\t<\/ul>\n\t<\/div>\n<\/div><\/div>\n        <\/div>\n    <\/div>\n<\/div><div class=\"edgtf-post-example-item-three-item edgtf-post-item\">\n        <div class=\"edgtf-post-example-item-three-image-holder\">\n                <div class=\"edgtf-post-example-item-three-image-inner-holder\">\n            <img loading=\"lazy\" decoding=\"async\" src=\"https:\/\/magazineluxe.com\/wp-content\/uploads\/2016\/12\/marina-bay-sands-hotel-singapore-410x230.jpg\" alt=\"\" width=\"410\" height=\"230\" \/>        <\/div>\n        <a itemprop=\"url\" class=\"edgtf-post-example-item-three-slide-link\" href=\"https:\/\/magazineluxe.com\/fr\/marina-bay-sands-hotel-beaute-demesuree\/\" target=\"_self\"><\/a>\n    <\/div>\n        <div class=\"edgtf-post-example-item-three-content-holder\">\n        <div class=\"edgtf-post-example-item-three-title-holder\">\n            <h3 class=\"edgtf-post-example-item-three-title\">\n                <a itemprop=\"url\" href=\"https:\/\/magazineluxe.com\/fr\/marina-bay-sands-hotel-beaute-demesuree\/\" target=\"_self\">\n                    Marina Bay Sands Hotel : beaut\u00e9 d\u00e9mesur\u00e9e                <\/a>\n            <\/h3>\n        <\/div>\n                    <div class=\"edgtf-post-example-item-three-excerpt\">\n                <p class=\"edgtf-post-excerpt\">Situ\u00e9 \u00e0 Singapour, l\u2019h\u00f4tel Marina Bay Sands fait dans la d\u00e9mesure\u00a0: 2\u00a0561 chambres et suites, 3 immeubles de 55 \u00e9tages et 8\u00a0000 employ\u00e9s. Mais ce qui le distingue vraiment, c\u2019est le Sands SkyPark, une immense piscine \u00e0 d\u00e9bordement qui tr\u00f4ne \u00e0 deux cents m\u00e8tres d\u2019altitude, au sommet des trois \u00e9difices.\r\n&nbsp;\r\nImagin\u00e9<\/p>            <\/div>\n                <div class=\"edgtf-post-example-item-three-info-section\">\n                        <div class=\"edgtf-post-info-comments-holder\">\n    <a itemprop=\"url\" class=\"edgtf-post-info-comments edgtf-comments-with-icon\" href=\"https:\/\/magazineluxe.com\/fr\/marina-bay-sands-hotel-beaute-demesuree\/#respond\" target=\"_self\">\n        0     <\/a>\n<\/div>            <div class=\"edgtf-blog-like\">\n\t<a href=\"#\" class=\"edgtf-like\" id=\"edgtf-like-8108-733\" title=\"Like this\" data-post-id=\"8108\"><span>4<\/span><input type=\"hidden\" id=\"edgtf_like_nonce_8108\" name=\"edgtf_like_nonce_8108\" value=\"e465af8717\" \/><input type=\"hidden\" name=\"_wp_http_referer\" value=\"\/fr\/wp-json\/wp\/v2\/pages\/13743\" \/><\/a><\/div>\n            <div class=\"edgtf-blog-share\">\n\t<div class=\"edgtf-social-share-holder edgtf-dropdown \">\n\t<a href=\"javascript:void(0)\" target=\"_self\" class=\"edgtf-social-share-dropdown-opener\">\n\t\t<span class=\"edgtf-social-share-title\">PARTAGER<\/span>\n\t<\/a>\n\t<div class=\"edgtf-social-share-dropdown\">\n\t\t<ul>\n\t\t\t<li class=\"edgtf-facebook-share\">\n\t<a class=\"edgtf-share-link\" href=\"#\" onclick=\"window.open('http:\/\/www.facebook.com\/sharer.php?s=100&amp;p[title]=Marina+Bay+Sands+Hotel+%3A+beaut%C3%A9+d%C3%A9mesur%C3%A9e&amp;p[url]=https%3A%2F%2Fmagazineluxe.com%2Ffr%2Fmarina-bay-sands-hotel-beaute-demesuree%2F&amp;p[images][0]=https:\/\/magazineluxe.com\/wp-content\/uploads\/2016\/12\/marina-bay-sands-hotel-singapore.jpg&amp;p[summary]=Situ%C3%A9+%C3%A0+Singapour%2C+l%E2%80%99h%C3%B4tel+Marina+Bay+Sands+fait+dans+la+d%C3%A9mesure%C2%A0%3A+2%C2%A0561+chambres+et+suites%2C+3+immeubles+de+55+%C3%A9tages+et+8%C2%A0000+employ%C3%A9s.+Mais+ce+qui+le+distingue+vraiment%2C+c%E2%80%99est+le+Sands+SkyPark%2C+une+immense+piscine+%C3%A0+d%C3%A9bordement+qui+tr%C3%B4ne+%C3%A0+deux+cents+m%C3%A8tres+d%E2%80%99altitude%2C+au+sommet+des+trois+%C3%A9difices.+%26nbsp%3B+Imagin%C3%A9+par+l%E2%80%99architecte+Moshe+Safdie%2C+l%E2%80%99h%C3%B4tel+Marina+Bay+Sands+affiche+une+architecture+des+plus+audacieuses%C2%A0%3A+au+sommet%2C+ses+trois+immeubles+de+55+%C3%A9tages+sont+reli%C3%A9s+entre+eux+par+une+structure+soutenant+un+jardin+botanique+dot%C3%A9+d%E2%80%99une+multitude+d%E2%80%99esp%C3%A8ces+d%E2%80%99arbres+et+de+plantes.+Juste+%C3%A0+c%C3%B4t%C3%A9+de+cette+oasis+de+verdure%2C+la+piscine+%C3%A0+d%C3%A9bordement+la+plus+haute+du+monde+offre+une+vue+%C3%A0+couper+le+souffle+%C3%A0+200+m%C3%A8tres+du+sol.+Nager+%C3%A0+l%E2%80%99air+libre%2C+sous+le+soleil%2C+avec+le+fabuleux+panorama+de+la+marina+de+Singapour+devant+soi+est+sans+aucun+doute+une+exp%C3%A9rience+unique.+%26nbsp%3B+Ouvert+en+2010%2C+le+luxueux+h%C3%B4tel+aurait+co%C3%BBt%C3%A9+huit+milliards+de+dollars.+Et+pour+cause.+Il+est+pourvu+d%E2%80%99absolument+tout%C2%A0%3A+centre+commercial%2C+pharmacie%2C+casino%2C+restaurants%2C+boutiques+de+luxe%2C+palais+des+congr%C3%A8s%2C+th%C3%A9%C3%A2tres%2C+salles+de+concert%2C+et+m%C3%AAme+un+mus%C3%A9e+en+forme+de+fleur+de+lotus.+%26nbsp%3B+Parmi+les+nombreux+restaurants%2C+le+DB+%5B%26hellip%3B%5D', 'sharer', 'toolbar=0,status=0,width=620,height=280');\">\n\t\t\t\t\t<span class=\"edgtf-social-network-icon social_facebook\"><\/span>\n\t\t\t<\/a>\n<\/li><li class=\"edgtf-twitter-share\">\n\t<a class=\"edgtf-share-link\" href=\"#\" onclick=\"window.open('http:\/\/twitter.com\/home?status=Situ%C3%A9+%C3%A0+Singapour%2C+l%E2%80%99h%C3%B4tel+Marina+Bay+Sands+fait+dans+la+d%C3%A9mesure%C2%A0%3A+2%C2%A0561+chambres+et+suites%2C+3+immeubles+de+55+https:\/\/magazineluxe.com\/fr\/marina-bay-sands-hotel-beaute-demesuree\/', 'popupwindow', 'scrollbars=yes,width=800,height=400');\">\n\t\t\t\t\t<span class=\"edgtf-social-network-icon social_twitter\"><\/span>\n\t\t\t<\/a>\n<\/li><li class=\"edgtf-linkedin-share\">\n\t<a class=\"edgtf-share-link\" href=\"#\" onclick=\"popUp=window.open('http:\/\/linkedin.com\/shareArticle?mini=true&amp;url=https%3A%2F%2Fmagazineluxe.com%2Ffr%2Fmarina-bay-sands-hotel-beaute-demesuree%2F&amp;title=Marina+Bay+Sands+Hotel+%3A+beaut%C3%A9+d%C3%A9mesur%C3%A9e', 'popupwindow', 'scrollbars=yes,width=800,height=400');popUp.focus();return false;\">\n\t\t\t\t\t<span class=\"edgtf-social-network-icon social_linkedin\"><\/span>\n\t\t\t<\/a>\n<\/li><li class=\"edgtf-pinterest-share\">\n\t<a class=\"edgtf-share-link\" href=\"#\" onclick=\"popUp=window.open('http:\/\/pinterest.com\/pin\/create\/button\/?url=https%3A%2F%2Fmagazineluxe.com%2Ffr%2Fmarina-bay-sands-hotel-beaute-demesuree%2F&amp;description=Marina Bay Sands Hotel : beaut\u00e9 d\u00e9mesur\u00e9e&amp;media=https%3A%2F%2Fmagazineluxe.com%2Fwp-content%2Fuploads%2F2016%2F12%2Fmarina-bay-sands-hotel-singapore.jpg', 'popupwindow', 'scrollbars=yes,width=800,height=400');popUp.focus();return false;\">\n\t\t\t\t\t<span class=\"edgtf-social-network-icon social_pinterest\"><\/span>\n\t\t\t<\/a>\n<\/li>\t\t<\/ul>\n\t<\/div>\n<\/div><\/div>\n        <\/div>\n    <\/div>\n<\/div><div class=\"edgtf-post-example-item-three-item edgtf-post-item\">\n        <div class=\"edgtf-post-example-item-three-image-holder\">\n                <div class=\"edgtf-post-example-item-three-image-inner-holder\">\n            <img loading=\"lazy\" decoding=\"async\" src=\"https:\/\/magazineluxe.com\/wp-content\/uploads\/2015\/12\/chateau-les-crostes-9-410x230.jpg\" alt=\"\" width=\"410\" height=\"230\" \/>        <\/div>\n        <a itemprop=\"url\" class=\"edgtf-post-example-item-three-slide-link\" href=\"https:\/\/magazineluxe.com\/fr\/chateau-les-crostes-residence-de-claire-et-felix-de-luxembourg\/\" target=\"_self\"><\/a>\n    <\/div>\n        <div class=\"edgtf-post-example-item-three-content-holder\">\n        <div class=\"edgtf-post-example-item-three-title-holder\">\n            <h3 class=\"edgtf-post-example-item-three-title\">\n                <a itemprop=\"url\" href=\"https:\/\/magazineluxe.com\/fr\/chateau-les-crostes-residence-de-claire-et-felix-de-luxembourg\/\" target=\"_self\">\n                    Ch\u00e2teau les Crostes : r\u00e9sidence de Claire et F\u00e9lix de Luxembourg                <\/a>\n            <\/h3>\n        <\/div>\n                    <div class=\"edgtf-post-example-item-three-excerpt\">\n                <p class=\"edgtf-post-excerpt\">Nich\u00e9 au c\u0153ur de la Provence non loin du joli village de Lorgues, ce magnifique ch\u00e2teau du 12e\u00a0si\u00e8cle s\u2019\u00e9tend sur un domaine de 200\u00a0hectares, dont 55\u00a0hectares de vignes. Habit\u00e9 la moiti\u00e9 de l\u2019ann\u00e9e par ses propri\u00e9taires, la princesse Claire et le prince F\u00e9lix de Luxembourg, ainsi que par leur adorable<\/p>            <\/div>\n                <div class=\"edgtf-post-example-item-three-info-section\">\n                        <div class=\"edgtf-post-info-comments-holder\">\n    <a itemprop=\"url\" class=\"edgtf-post-info-comments edgtf-comments-with-icon\" href=\"https:\/\/magazineluxe.com\/fr\/chateau-les-crostes-residence-de-claire-et-felix-de-luxembourg\/#respond\" target=\"_self\">\n        0     <\/a>\n<\/div>            <div class=\"edgtf-blog-like\">\n\t<a href=\"#\" class=\"edgtf-like\" id=\"edgtf-like-7616-450\" title=\"Like this\" data-post-id=\"7616\"><span>0<\/span><input type=\"hidden\" id=\"edgtf_like_nonce_7616\" name=\"edgtf_like_nonce_7616\" value=\"860125fe69\" \/><input type=\"hidden\" name=\"_wp_http_referer\" value=\"\/fr\/wp-json\/wp\/v2\/pages\/13743\" \/><\/a><\/div>\n            <div class=\"edgtf-blog-share\">\n\t<div class=\"edgtf-social-share-holder edgtf-dropdown \">\n\t<a href=\"javascript:void(0)\" target=\"_self\" class=\"edgtf-social-share-dropdown-opener\">\n\t\t<span class=\"edgtf-social-share-title\">PARTAGER<\/span>\n\t<\/a>\n\t<div class=\"edgtf-social-share-dropdown\">\n\t\t<ul>\n\t\t\t<li class=\"edgtf-facebook-share\">\n\t<a class=\"edgtf-share-link\" href=\"#\" onclick=\"window.open('http:\/\/www.facebook.com\/sharer.php?s=100&amp;p[title]=Ch%C3%A2teau+les+Crostes+%3A+r%C3%A9sidence+de+Claire+et+F%C3%A9lix+de+Luxembourg&amp;p[url]=https%3A%2F%2Fmagazineluxe.com%2Ffr%2Fchateau-les-crostes-residence-de-claire-et-felix-de-luxembourg%2F&amp;p[images][0]=https:\/\/magazineluxe.com\/wp-content\/uploads\/2015\/12\/chateau-les-crostes-9.jpg&amp;p[summary]=Nich%C3%A9+au+c%C5%93ur+de+la+Provence+non+loin+du+joli+village+de+Lorgues%2C+ce+magnifique+ch%C3%A2teau+du+12e%C2%A0si%C3%A8cle+s%E2%80%99%C3%A9tend+sur+un+domaine+de+200%C2%A0hectares%2C+dont+55%C2%A0hectares+de+vignes.+Habit%C3%A9+la+moiti%C3%A9+de+l%E2%80%99ann%C3%A9e+par+ses+propri%C3%A9taires%2C+la+princesse+Claire+et+le+prince+F%C3%A9lix+de+Luxembourg%2C+ainsi+que+par+leur+adorable+petite+fille+Amalia%2C+le+Ch%C3%A2teau+les+Crostes+peut+%C3%AAtre+lou%C3%A9+entre+mai+et+septembre.+LUXE+vous+invite+%C3%A0+une+visite+guid%C3%A9e+de+ce+domaine+d%E2%80%99exception.+%26nbsp%3B+%26nbsp%3B+Le+chant+des+cigales%2C+des+champs+d%E2%80%99oliviers+%C3%A0+perte+de+vue%2C+des+terres+doucement+vallonn%C3%A9es+recouvertes+de+vignes+et+de+buissons+de+ch%C3%AAnes+verts%26%238230%3B+Le+Ch%C3%A2teau+les+Crostes+est+un+v%C3%A9ritable+havre+de+paix%2C+%C3%A0+seulement+40%C2%A0minutes+en+voiture+de+Saint-Tropez.+C%E2%80%99est+ici+que+le+prince+F%C3%A9lix+de+Luxembourg+et+son+%C3%A9pouse%2C+la+princesse+Claire+de+Luxembourg%2C+ont+choisi+de+jeter+l%E2%80%99ancre+depuis+leur+mariage+en+2013.+Tandis+que+la+princesse+Claire+termine+un+doctorat+en+bio%C3%A9thique%2C+le+prince%2C+lui%2C+g%C3%A8re+l%E2%80%99exploitation+viticole+appartenant+%C3%A0+la+famille+de+la+jeune+femme.+D%E2%80%99octobre+%C3%A0+avril%2C+ils+y+vivent+comme+n%E2%80%99importe+quel+jeune+couple%2C+en+%C3%A9quilibre+entre+travail+et+vie+familiale+%28leur+petite+Amalia+a+maintenant+un+an%29.+Toutefois%2C+lorsque+les+beaux+jours+arrivent%2C+ils+%5B%26hellip%3B%5D', 'sharer', 'toolbar=0,status=0,width=620,height=280');\">\n\t\t\t\t\t<span class=\"edgtf-social-network-icon social_facebook\"><\/span>\n\t\t\t<\/a>\n<\/li><li class=\"edgtf-twitter-share\">\n\t<a class=\"edgtf-share-link\" href=\"#\" onclick=\"window.open('http:\/\/twitter.com\/home?status=Nich%C3%A9+au+c%C5%93ur+de+la+Provence+non+loin+du+joli+village+de+Lorgues%2C+ce+magnifique+ch%C3%A2teau+du+12e%C2%A0si%C3%A8cle+s%E2%80%99%C3%A9tend+sur+un+https:\/\/magazineluxe.com\/fr\/chateau-les-crostes-residence-de-claire-et-felix-de-luxembourg\/', 'popupwindow', 'scrollbars=yes,width=800,height=400');\">\n\t\t\t\t\t<span class=\"edgtf-social-network-icon social_twitter\"><\/span>\n\t\t\t<\/a>\n<\/li><li class=\"edgtf-linkedin-share\">\n\t<a class=\"edgtf-share-link\" href=\"#\" onclick=\"popUp=window.open('http:\/\/linkedin.com\/shareArticle?mini=true&amp;url=https%3A%2F%2Fmagazineluxe.com%2Ffr%2Fchateau-les-crostes-residence-de-claire-et-felix-de-luxembourg%2F&amp;title=Ch%C3%A2teau+les+Crostes+%3A+r%C3%A9sidence+de+Claire+et+F%C3%A9lix+de+Luxembourg', 'popupwindow', 'scrollbars=yes,width=800,height=400');popUp.focus();return false;\">\n\t\t\t\t\t<span class=\"edgtf-social-network-icon social_linkedin\"><\/span>\n\t\t\t<\/a>\n<\/li><li class=\"edgtf-pinterest-share\">\n\t<a class=\"edgtf-share-link\" href=\"#\" onclick=\"popUp=window.open('http:\/\/pinterest.com\/pin\/create\/button\/?url=https%3A%2F%2Fmagazineluxe.com%2Ffr%2Fchateau-les-crostes-residence-de-claire-et-felix-de-luxembourg%2F&amp;description=Ch\u00e2teau les Crostes : r\u00e9sidence de Claire et F\u00e9lix de Luxembourg&amp;media=https%3A%2F%2Fmagazineluxe.com%2Fwp-content%2Fuploads%2F2015%2F12%2Fchateau-les-crostes-9.jpg', 'popupwindow', 'scrollbars=yes,width=800,height=400');popUp.focus();return false;\">\n\t\t\t\t\t<span class=\"edgtf-social-network-icon social_pinterest\"><\/span>\n\t\t\t<\/a>\n<\/li>\t\t<\/ul>\n\t<\/div>\n<\/div><\/div>\n        <\/div>\n    <\/div>\n<\/div><div class=\"edgtf-post-example-item-three-item edgtf-post-item\">\n        <div class=\"edgtf-post-example-item-three-image-holder\">\n                <div class=\"edgtf-post-example-item-three-image-inner-holder\">\n            <img loading=\"lazy\" decoding=\"async\" src=\"https:\/\/magazineluxe.com\/wp-content\/uploads\/2015\/12\/hotel-hermitage-5-410x230.jpg\" alt=\"\" width=\"410\" height=\"230\" \/>        <\/div>\n        <a itemprop=\"url\" class=\"edgtf-post-example-item-three-slide-link\" href=\"https:\/\/magazineluxe.com\/fr\/hotel-hermitage-lart-de-vivre-sur-la-cote-dazur\/\" target=\"_self\"><\/a>\n    <\/div>\n        <div class=\"edgtf-post-example-item-three-content-holder\">\n        <div class=\"edgtf-post-example-item-three-title-holder\">\n            <h3 class=\"edgtf-post-example-item-three-title\">\n                <a itemprop=\"url\" href=\"https:\/\/magazineluxe.com\/fr\/hotel-hermitage-lart-de-vivre-sur-la-cote-dazur\/\" target=\"_self\">\n                    H\u00f4tel Hermitage : l&rsquo;art de vivre sur la C\u00f4te d&rsquo;Azur                <\/a>\n            <\/h3>\n        <\/div>\n                    <div class=\"edgtf-post-example-item-three-excerpt\">\n                <p class=\"edgtf-post-excerpt\">B\u00e2ti \u00e0 l\u2019aube du 20e\u00a0si\u00e8cle par l\u2019architecte mon\u00e9gasque Jean Marquet, cet h\u00f4tel majestueux de style n\u00e9oclassique n\u2019a jamais cess\u00e9 d\u2019\u00e9voluer pour atteindre le statut de v\u00e9ritable palace. Son histoire t\u00e9moigne d\u2019un mariage entre le respect de la tradition et l\u2019audace de la modernit\u00e9. Aujourd\u2019hui, l\u2019H\u00f4tel Hermitage incarne avec \u00e9l\u00e9gance l\u2019art<\/p>            <\/div>\n                <div class=\"edgtf-post-example-item-three-info-section\">\n                        <div class=\"edgtf-post-info-comments-holder\">\n    <a itemprop=\"url\" class=\"edgtf-post-info-comments edgtf-comments-with-icon\" href=\"https:\/\/magazineluxe.com\/fr\/hotel-hermitage-lart-de-vivre-sur-la-cote-dazur\/#respond\" target=\"_self\">\n        0     <\/a>\n<\/div>            <div class=\"edgtf-blog-like\">\n\t<a href=\"#\" class=\"edgtf-like\" id=\"edgtf-like-7610-959\" title=\"Like this\" data-post-id=\"7610\"><span>0<\/span><input type=\"hidden\" id=\"edgtf_like_nonce_7610\" name=\"edgtf_like_nonce_7610\" value=\"ddb0a4fa93\" \/><input type=\"hidden\" name=\"_wp_http_referer\" value=\"\/fr\/wp-json\/wp\/v2\/pages\/13743\" \/><\/a><\/div>\n            <div class=\"edgtf-blog-share\">\n\t<div class=\"edgtf-social-share-holder edgtf-dropdown \">\n\t<a href=\"javascript:void(0)\" target=\"_self\" class=\"edgtf-social-share-dropdown-opener\">\n\t\t<span class=\"edgtf-social-share-title\">PARTAGER<\/span>\n\t<\/a>\n\t<div class=\"edgtf-social-share-dropdown\">\n\t\t<ul>\n\t\t\t<li class=\"edgtf-facebook-share\">\n\t<a class=\"edgtf-share-link\" href=\"#\" onclick=\"window.open('http:\/\/www.facebook.com\/sharer.php?s=100&amp;p[title]=H%C3%B4tel+Hermitage+%3A+l%26rsquo%3Bart+de+vivre+sur+la+C%C3%B4te+d%26rsquo%3BAzur&amp;p[url]=https%3A%2F%2Fmagazineluxe.com%2Ffr%2Fhotel-hermitage-lart-de-vivre-sur-la-cote-dazur%2F&amp;p[images][0]=https:\/\/magazineluxe.com\/wp-content\/uploads\/2015\/12\/hotel-hermitage-5.jpg&amp;p[summary]=B%C3%A2ti+%C3%A0+l%E2%80%99aube+du+20e%C2%A0si%C3%A8cle+par+l%E2%80%99architecte+mon%C3%A9gasque+Jean+Marquet%2C+cet+h%C3%B4tel+majestueux+de+style+n%C3%A9oclassique+n%E2%80%99a+jamais+cess%C3%A9+d%E2%80%99%C3%A9voluer+pour+atteindre+le+statut+de+v%C3%A9ritable+palace.+Son+histoire+t%C3%A9moigne+d%E2%80%99un+mariage+entre+le+respect+de+la+tradition+et+l%E2%80%99audace+de+la+modernit%C3%A9.+Aujourd%E2%80%99hui%2C+l%E2%80%99H%C3%B4tel+Hermitage+incarne+avec+%C3%A9l%C3%A9gance+l%E2%80%99art+de+vivre+%C3%A0+Monte-Carlo.+%26nbsp%3B+Presque+enti%C3%A8rement+r%C3%A9nov%C3%A9+entre+2003+et+2011%2C+l%E2%80%99H%C3%B4tel+Hermitage+a+%C3%A9t%C3%A9+pens%C3%A9+dans+les+moindres+d%C3%A9tails+pour+r%C3%A9ussir+un+mariage+harmonieux+entre+authenticit%C3%A9+classique+et+progr%C3%A8s+technologique.+Ainsi%2C+si+la+salle+de+restauration%2C+dite+Salle+Belle+%C3%89poque%2C+v%C3%A9ritable+joyau+de+l%E2%80%99h%C3%B4tel%2C+et+le+jardin+d%E2%80%99hiver%2C+construit+par+les+disciples+de+Gustave+Eiffel%2C+incarnent+toujours+le+faste+de+l%E2%80%99%C3%A9tablissement%2C+les+chambres%2C+elles%2C+ont+%C3%A9t%C3%A9+r%C3%A9am%C3%A9nag%C3%A9es+dans+un+style+classique+agr%C3%A9ment%C3%A9+de+lignes+contemporaines.+Les+berg%C3%A8res+Louis%C2%A0XVI+c%C3%B4toient+%C3%A9l%C3%A9gamment+des+meubles+en+acajou+et+d%E2%80%99autres+commodes+en+bois+patin%C3%A9+de+couleur+ivoire%2C+pour+composer+un+d%C3%A9cor+raffin%C3%A9.+%26nbsp%3B+%26nbsp%3B+Plusieurs+suites+ont+%C3%A9t%C3%A9+agrandies+et+pourvues+de+terrasses+spacieuses+privatives.+Situ%C3%A9e+au+cinqui%C3%A8me+%C3%A9tage+de+l%E2%80%99h%C3%B4tel%2C+la+Diamond+Suite+Penthouse+est+particuli%C3%A8rement+impressionnante.+Dot%C3%A9e+de+trois+chambres%2C+de+trois+salons+et+de+trois+salles+de+bain%2C+elle+s%E2%80%99ouvre+sur+deux+magnifiques+terrasses+avec+vue+panoramique+sur+le+%5B%26hellip%3B%5D', 'sharer', 'toolbar=0,status=0,width=620,height=280');\">\n\t\t\t\t\t<span class=\"edgtf-social-network-icon social_facebook\"><\/span>\n\t\t\t<\/a>\n<\/li><li class=\"edgtf-twitter-share\">\n\t<a class=\"edgtf-share-link\" href=\"#\" onclick=\"window.open('http:\/\/twitter.com\/home?status=B%C3%A2ti+%C3%A0+l%E2%80%99aube+du+20e%C2%A0si%C3%A8cle+par+l%E2%80%99architecte+mon%C3%A9gasque+Jean+Marquet%2C+cet+h%C3%B4tel+majestueux+de+style+n%C3%A9oclassique+n%E2%80%99a+https:\/\/magazineluxe.com\/fr\/hotel-hermitage-lart-de-vivre-sur-la-cote-dazur\/', 'popupwindow', 'scrollbars=yes,width=800,height=400');\">\n\t\t\t\t\t<span class=\"edgtf-social-network-icon social_twitter\"><\/span>\n\t\t\t<\/a>\n<\/li><li class=\"edgtf-linkedin-share\">\n\t<a class=\"edgtf-share-link\" href=\"#\" onclick=\"popUp=window.open('http:\/\/linkedin.com\/shareArticle?mini=true&amp;url=https%3A%2F%2Fmagazineluxe.com%2Ffr%2Fhotel-hermitage-lart-de-vivre-sur-la-cote-dazur%2F&amp;title=H%C3%B4tel+Hermitage+%3A+l%26rsquo%3Bart+de+vivre+sur+la+C%C3%B4te+d%26rsquo%3BAzur', 'popupwindow', 'scrollbars=yes,width=800,height=400');popUp.focus();return false;\">\n\t\t\t\t\t<span class=\"edgtf-social-network-icon social_linkedin\"><\/span>\n\t\t\t<\/a>\n<\/li><li class=\"edgtf-pinterest-share\">\n\t<a class=\"edgtf-share-link\" href=\"#\" onclick=\"popUp=window.open('http:\/\/pinterest.com\/pin\/create\/button\/?url=https%3A%2F%2Fmagazineluxe.com%2Ffr%2Fhotel-hermitage-lart-de-vivre-sur-la-cote-dazur%2F&amp;description=H\u00f4tel Hermitage : l&rsquo;art de vivre sur la C\u00f4te d&rsquo;Azur&amp;media=https%3A%2F%2Fmagazineluxe.com%2Fwp-content%2Fuploads%2F2015%2F12%2Fhotel-hermitage-5.jpg', 'popupwindow', 'scrollbars=yes,width=800,height=400');popUp.focus();return false;\">\n\t\t\t\t\t<span class=\"edgtf-social-network-icon social_pinterest\"><\/span>\n\t\t\t<\/a>\n<\/li>\t\t<\/ul>\n\t<\/div>\n<\/div><\/div>\n        <\/div>\n    <\/div>\n<\/div><div class=\"edgtf-post-example-item-three-item edgtf-post-item\">\n        <div class=\"edgtf-post-example-item-three-image-holder\">\n                <div class=\"edgtf-post-example-item-three-image-inner-holder\">\n            <img loading=\"lazy\" decoding=\"async\" src=\"https:\/\/magazineluxe.com\/wp-content\/uploads\/2015\/12\/monaco-1-410x230.jpg\" alt=\"\" width=\"410\" height=\"230\" \/>        <\/div>\n        <a itemprop=\"url\" class=\"edgtf-post-example-item-three-slide-link\" href=\"https:\/\/magazineluxe.com\/fr\/monaco-un-joyau-au-coeur-de-la-cote-dazur\/\" target=\"_self\"><\/a>\n    <\/div>\n        <div class=\"edgtf-post-example-item-three-content-holder\">\n        <div class=\"edgtf-post-example-item-three-title-holder\">\n            <h3 class=\"edgtf-post-example-item-three-title\">\n                <a itemprop=\"url\" href=\"https:\/\/magazineluxe.com\/fr\/monaco-un-joyau-au-coeur-de-la-cote-dazur\/\" target=\"_self\">\n                    Monaco : un joyau au c\u0153ur de la C\u00f4te d&rsquo;Azur                <\/a>\n            <\/h3>\n        <\/div>\n                    <div class=\"edgtf-post-example-item-three-excerpt\">\n                <p class=\"edgtf-post-excerpt\">Si petite, et pourtant elle rayonne partout dans le monde. Monaco est synonyme de prestige, de magnificence et de r\u00eave. Boutiques, h\u00f4tels, voitures, yachts, casinos\u00a0: sur le sol mon\u00e9gasque, le luxe se d\u00e9cline \u00e0 l\u2019infini. Chaque ann\u00e9e, la jet-set s\u2019y retrouve, en particulier dans le quartier de Monte-Carlo. C\u2019est \u00e0<\/p>            <\/div>\n                <div class=\"edgtf-post-example-item-three-info-section\">\n                        <div class=\"edgtf-post-info-comments-holder\">\n    <a itemprop=\"url\" class=\"edgtf-post-info-comments edgtf-comments-with-icon\" href=\"https:\/\/magazineluxe.com\/fr\/monaco-un-joyau-au-coeur-de-la-cote-dazur\/#respond\" target=\"_self\">\n        0     <\/a>\n<\/div>            <div class=\"edgtf-blog-like\">\n\t<a href=\"#\" class=\"edgtf-like\" id=\"edgtf-like-7607-761\" title=\"Like this\" data-post-id=\"7607\"><span>0<\/span><input type=\"hidden\" id=\"edgtf_like_nonce_7607\" name=\"edgtf_like_nonce_7607\" value=\"b8462fe08d\" \/><input type=\"hidden\" name=\"_wp_http_referer\" value=\"\/fr\/wp-json\/wp\/v2\/pages\/13743\" \/><\/a><\/div>\n            <div class=\"edgtf-blog-share\">\n\t<div class=\"edgtf-social-share-holder edgtf-dropdown \">\n\t<a href=\"javascript:void(0)\" target=\"_self\" class=\"edgtf-social-share-dropdown-opener\">\n\t\t<span class=\"edgtf-social-share-title\">PARTAGER<\/span>\n\t<\/a>\n\t<div class=\"edgtf-social-share-dropdown\">\n\t\t<ul>\n\t\t\t<li class=\"edgtf-facebook-share\">\n\t<a class=\"edgtf-share-link\" href=\"#\" onclick=\"window.open('http:\/\/www.facebook.com\/sharer.php?s=100&amp;p[title]=Monaco+%3A+un+joyau+au+c%C5%93ur+de+la+C%C3%B4te+d%26rsquo%3BAzur&amp;p[url]=https%3A%2F%2Fmagazineluxe.com%2Ffr%2Fmonaco-un-joyau-au-coeur-de-la-cote-dazur%2F&amp;p[images][0]=https:\/\/magazineluxe.com\/wp-content\/uploads\/2015\/12\/monaco-1.jpg&amp;p[summary]=Si+petite%2C+et+pourtant+elle+rayonne+partout+dans+le+monde.+Monaco+est+synonyme+de+prestige%2C+de+magnificence+et+de+r%C3%AAve.+Boutiques%2C+h%C3%B4tels%2C+voitures%2C+yachts%2C+casinos%C2%A0%3A+sur+le+sol+mon%C3%A9gasque%2C+le+luxe+se+d%C3%A9cline+%C3%A0+l%E2%80%99infini.+Chaque+ann%C3%A9e%2C+la+jet-set+s%E2%80%99y+retrouve%2C+en+particulier+dans+le+quartier+de+Monte-Carlo.+C%E2%80%99est+%C3%A0+la+famille+princi%C3%A8re+des+Grimaldi+que+l%E2%80%99on+doit+ce+d%C3%A9veloppement+incroyable.+Au+fil+des+ans%2C+elle+a+su+gagner+du+terrain+sur+la+mer+pour+agrandir+ce+minuscule+territoire+et+lui+donner+le+dynamisme+qu%E2%80%99on+lui+conna%C3%AEt+aujourd%E2%80%99hui.+Bien+entendu%2C+le+Grand+Prix+de+F1+est+un+des+%C3%A9v%C3%A9nements+les+plus+attendus+de+l%E2%80%99ann%C3%A9e.+Mais+Monaco+pr%C3%A9sente+durant+toute+l%E2%80%99ann%C3%A9e+une+multitude+d%E2%80%99attraits+touristiques+et+culturels.+LUXE+vous+donne+un+aper%C3%A7u+de+ce+que+le+Rocher+peut+vous+offrir.+%C3%80+VOIR+Le+Casino+de+Monte-Carlo+Avant+m%C3%AAme+de+vous+laisser+aller+%C3%A0+une+partie+de+black+jack+ou+%C3%A0+la+roulette%2C+visitez+ce+joyau+de+la+Belle+%C3%89poque%2C+con%C3%A7u+en+1863+par+Charles+Garnier%2C+architecte+de+l%E2%80%99Op%C3%A9ra+de+Paris.+Ses+salons+de+jeux+en+enfilade+sont+merveilleusement+d%C3%A9cor%C3%A9s+de+vitraux%2C+de+sculptures+et+de+peintures+all%C3%A9goriques.+La+terrasse+offre+une+vue+splendide+sur+le+port+et+le+Rocher.+Le+Palais+%5B%26hellip%3B%5D', 'sharer', 'toolbar=0,status=0,width=620,height=280');\">\n\t\t\t\t\t<span class=\"edgtf-social-network-icon social_facebook\"><\/span>\n\t\t\t<\/a>\n<\/li><li class=\"edgtf-twitter-share\">\n\t<a class=\"edgtf-share-link\" href=\"#\" onclick=\"window.open('http:\/\/twitter.com\/home?status=Si+petite%2C+et+pourtant+elle+rayonne+partout+dans+le+monde.+Monaco+est+synonyme+de+prestige%2C+de+magnificence+et+de+https:\/\/magazineluxe.com\/fr\/monaco-un-joyau-au-coeur-de-la-cote-dazur\/', 'popupwindow', 'scrollbars=yes,width=800,height=400');\">\n\t\t\t\t\t<span class=\"edgtf-social-network-icon social_twitter\"><\/span>\n\t\t\t<\/a>\n<\/li><li class=\"edgtf-linkedin-share\">\n\t<a class=\"edgtf-share-link\" href=\"#\" onclick=\"popUp=window.open('http:\/\/linkedin.com\/shareArticle?mini=true&amp;url=https%3A%2F%2Fmagazineluxe.com%2Ffr%2Fmonaco-un-joyau-au-coeur-de-la-cote-dazur%2F&amp;title=Monaco+%3A+un+joyau+au+c%C5%93ur+de+la+C%C3%B4te+d%26rsquo%3BAzur', 'popupwindow', 'scrollbars=yes,width=800,height=400');popUp.focus();return false;\">\n\t\t\t\t\t<span class=\"edgtf-social-network-icon social_linkedin\"><\/span>\n\t\t\t<\/a>\n<\/li><li class=\"edgtf-pinterest-share\">\n\t<a class=\"edgtf-share-link\" href=\"#\" onclick=\"popUp=window.open('http:\/\/pinterest.com\/pin\/create\/button\/?url=https%3A%2F%2Fmagazineluxe.com%2Ffr%2Fmonaco-un-joyau-au-coeur-de-la-cote-dazur%2F&amp;description=Monaco : un joyau au c\u0153ur de la C\u00f4te d&rsquo;Azur&amp;media=https%3A%2F%2Fmagazineluxe.com%2Fwp-content%2Fuploads%2F2015%2F12%2Fmonaco-1.jpg', 'popupwindow', 'scrollbars=yes,width=800,height=400');popUp.focus();return false;\">\n\t\t\t\t\t<span class=\"edgtf-social-network-icon social_pinterest\"><\/span>\n\t\t\t<\/a>\n<\/li>\t\t<\/ul>\n\t<\/div>\n<\/div><\/div>\n        <\/div>\n    <\/div>\n<\/div><div class=\"edgtf-post-example-item-three-item edgtf-post-item\">\n        <div class=\"edgtf-post-example-item-three-image-holder\">\n                <div class=\"edgtf-post-example-item-three-image-inner-holder\">\n            <img loading=\"lazy\" decoding=\"async\" src=\"https:\/\/magazineluxe.com\/wp-content\/uploads\/2015\/12\/marival-residences-luxury-resort-1-410x230.jpg\" alt=\"\" width=\"410\" height=\"230\" \/>        <\/div>\n        <a itemprop=\"url\" class=\"edgtf-post-example-item-three-slide-link\" href=\"https:\/\/magazineluxe.com\/fr\/marival-residences-luxury-resort\/\" target=\"_self\"><\/a>\n    <\/div>\n        <div class=\"edgtf-post-example-item-three-content-holder\">\n        <div class=\"edgtf-post-example-item-three-title-holder\">\n            <h3 class=\"edgtf-post-example-item-three-title\">\n                <a itemprop=\"url\" href=\"https:\/\/magazineluxe.com\/fr\/marival-residences-luxury-resort\/\" target=\"_self\">\n                    Marival Residences Luxury Resort                <\/a>\n            <\/h3>\n        <\/div>\n                    <div class=\"edgtf-post-example-item-three-excerpt\">\n                <p class=\"edgtf-post-excerpt\">Fond\u00e9 par le s\u00e9nateur canadien Pietro Rizzuto, le Marival Group\u00ae a entrepris d\u00e8s sa cr\u00e9ation, par un projet pionnier appel\u00e9 Rinoval de Mexico, la construction d\u2019un condo-h\u00f4tel, un ensemble immobilier novateur comprenant 354 chambres avec fa\u00e7ade sur mer et s\u2019\u00e9talant sur un domaine de 35 000 m2. Cet h\u00f4tel unique,<\/p>            <\/div>\n                <div class=\"edgtf-post-example-item-three-info-section\">\n                        <div class=\"edgtf-post-info-comments-holder\">\n    <a itemprop=\"url\" class=\"edgtf-post-info-comments edgtf-comments-with-icon\" href=\"https:\/\/magazineluxe.com\/fr\/marival-residences-luxury-resort\/#respond\" target=\"_self\">\n        0     <\/a>\n<\/div>            <div class=\"edgtf-blog-like\">\n\t<a href=\"#\" class=\"edgtf-like\" id=\"edgtf-like-7604-571\" title=\"Like this\" data-post-id=\"7604\"><span>0<\/span><input type=\"hidden\" id=\"edgtf_like_nonce_7604\" name=\"edgtf_like_nonce_7604\" value=\"fe64f213ff\" \/><input type=\"hidden\" name=\"_wp_http_referer\" value=\"\/fr\/wp-json\/wp\/v2\/pages\/13743\" \/><\/a><\/div>\n            <div class=\"edgtf-blog-share\">\n\t<div class=\"edgtf-social-share-holder edgtf-dropdown \">\n\t<a href=\"javascript:void(0)\" target=\"_self\" class=\"edgtf-social-share-dropdown-opener\">\n\t\t<span class=\"edgtf-social-share-title\">PARTAGER<\/span>\n\t<\/a>\n\t<div class=\"edgtf-social-share-dropdown\">\n\t\t<ul>\n\t\t\t<li class=\"edgtf-facebook-share\">\n\t<a class=\"edgtf-share-link\" href=\"#\" onclick=\"window.open('http:\/\/www.facebook.com\/sharer.php?s=100&amp;p[title]=Marival+Residences+Luxury+Resort&amp;p[url]=https%3A%2F%2Fmagazineluxe.com%2Ffr%2Fmarival-residences-luxury-resort%2F&amp;p[images][0]=https:\/\/magazineluxe.com\/wp-content\/uploads\/2015\/12\/marival-residences-luxury-resort-1.jpg&amp;p[summary]=Fond%C3%A9+par+le+s%C3%A9nateur+canadien+Pietro+Rizzuto%2C+le+Marival+Group%C2%AE+a+entrepris+d%C3%A8s+sa+cr%C3%A9ation%2C+par+un+projet+pionnier+appel%C3%A9+Rinoval+de+Mexico%2C+la+construction+d%E2%80%99un+condo-h%C3%B4tel%2C+un+ensemble+immobilier+novateur+comprenant+354+chambres+avec+fa%C3%A7ade+sur+mer+et+s%E2%80%99%C3%A9talant+sur+un+domaine+de+35+000+m2.+Cet+h%C3%B4tel+unique%2C+localis%C3%A9+au+c%C5%93ur+de+Nuevo+Vallarta%2C+a+jet%C3%A9+les+bases+de+l%E2%80%99actuel+Marival+Group%C2%AE.+Les+activit%C3%A9s+de+l%E2%80%99h%C3%B4tel+en+formule+%C2%AB+tout+compris+%C2%BB+ont+d%C3%A9but%C3%A9+sous+l%E2%80%99appellation+Jack+Tar+Village.+Par+la+suite%2C+le+s%C3%A9nateur+et+son+fils+Alfonso+ont+pris+la+direction+du+fonctionnement+de+l%E2%80%99h%C3%B4tel%2C+cette+fois+sous+l%E2%80%99appellation+Marival+Resort+%26amp%3B+Suites%C2%AE.+Leur+large+vision+et+leurs+solides+relations+d%E2%80%99affaires+avec+d%E2%80%99importants+associ%C3%A9s+industriels+furent+d%C3%A9cisives+dans+la+mise+sur+pied+du+premier+vol+affr%C3%A9t%C3%A9+entre+Montr%C3%A9al+et+Puerto+Vallarta.+%26nbsp%3B+En+2010%2C+Alfonso+a+inaugur%C3%A9+le+Marival+Residences+Luxury+Resort%C2%AE%2C+son+second+concept+%C2%AB%C2%A0tout+compris+%C2%BB%2C+localis%C3%A9+dans+la+zone+recherch%C3%A9e+de+Nuevo+Vallarta+%28Riviera+Nayarit%29%2C+qui+se+distingue+par+sa+beaut%C3%A9%2C+sa+cuisine+de+renomm%C3%A9e+mondiale+et+son+service+de+qualit%C3%A9+exceptionnelle.+%26nbsp%3B+Ce+complexe+touristique+a+%C3%A9t%C3%A9+construit+pour+accommoder+une+client%C3%A8le+tr%C3%A8s+raffin%C3%A9e.+B%C3%A9n%C3%A9ficiant+de+la+cote+Quatre+Diamants%2C+le+complexe+offre+%5B%26hellip%3B%5D', 'sharer', 'toolbar=0,status=0,width=620,height=280');\">\n\t\t\t\t\t<span class=\"edgtf-social-network-icon social_facebook\"><\/span>\n\t\t\t<\/a>\n<\/li><li class=\"edgtf-twitter-share\">\n\t<a class=\"edgtf-share-link\" href=\"#\" onclick=\"window.open('http:\/\/twitter.com\/home?status=Fond%C3%A9+par+le+s%C3%A9nateur+canadien+Pietro+Rizzuto%2C+le+Marival+Group%C2%AE+a+entrepris+d%C3%A8s+sa+cr%C3%A9ation%2C+par+un+projet+pionnier+https:\/\/magazineluxe.com\/fr\/marival-residences-luxury-resort\/', 'popupwindow', 'scrollbars=yes,width=800,height=400');\">\n\t\t\t\t\t<span class=\"edgtf-social-network-icon social_twitter\"><\/span>\n\t\t\t<\/a>\n<\/li><li class=\"edgtf-linkedin-share\">\n\t<a class=\"edgtf-share-link\" href=\"#\" onclick=\"popUp=window.open('http:\/\/linkedin.com\/shareArticle?mini=true&amp;url=https%3A%2F%2Fmagazineluxe.com%2Ffr%2Fmarival-residences-luxury-resort%2F&amp;title=Marival+Residences+Luxury+Resort', 'popupwindow', 'scrollbars=yes,width=800,height=400');popUp.focus();return false;\">\n\t\t\t\t\t<span class=\"edgtf-social-network-icon social_linkedin\"><\/span>\n\t\t\t<\/a>\n<\/li><li class=\"edgtf-pinterest-share\">\n\t<a class=\"edgtf-share-link\" href=\"#\" onclick=\"popUp=window.open('http:\/\/pinterest.com\/pin\/create\/button\/?url=https%3A%2F%2Fmagazineluxe.com%2Ffr%2Fmarival-residences-luxury-resort%2F&amp;description=Marival Residences Luxury Resort&amp;media=https%3A%2F%2Fmagazineluxe.com%2Fwp-content%2Fuploads%2F2015%2F12%2Fmarival-residences-luxury-resort-1.jpg', 'popupwindow', 'scrollbars=yes,width=800,height=400');popUp.focus();return false;\">\n\t\t\t\t\t<span class=\"edgtf-social-network-icon social_pinterest\"><\/span>\n\t\t\t<\/a>\n<\/li>\t\t<\/ul>\n\t<\/div>\n<\/div><\/div>\n        <\/div>\n    <\/div>\n<\/div><div class=\"edgtf-post-example-item-three-item edgtf-post-item\">\n        <div class=\"edgtf-post-example-item-three-image-holder\">\n                <div class=\"edgtf-post-example-item-three-image-inner-holder\">\n            <img loading=\"lazy\" decoding=\"async\" src=\"https:\/\/magazineluxe.com\/wp-content\/uploads\/2015\/12\/humeurs-de-paris-josee-noiseux-1-410x230.jpg\" alt=\"\" width=\"410\" height=\"230\" \/>        <\/div>\n        <a itemprop=\"url\" class=\"edgtf-post-example-item-three-slide-link\" href=\"https:\/\/magazineluxe.com\/fr\/josee-noiseux-un-guide-de-voyage-tres-reussi-sur-paris\/\" target=\"_self\"><\/a>\n    <\/div>\n        <div class=\"edgtf-post-example-item-three-content-holder\">\n        <div class=\"edgtf-post-example-item-three-title-holder\">\n            <h3 class=\"edgtf-post-example-item-three-title\">\n                <a itemprop=\"url\" href=\"https:\/\/magazineluxe.com\/fr\/josee-noiseux-un-guide-de-voyage-tres-reussi-sur-paris\/\" target=\"_self\">\n                    Jos\u00e9e Noiseux : un guide de voyage tr\u00e8s r\u00e9ussi sur Paris                <\/a>\n            <\/h3>\n        <\/div>\n                    <div class=\"edgtf-post-example-item-three-excerpt\">\n                <p class=\"edgtf-post-excerpt\">En 2009, Jos\u00e9e Noiseux, alors avocate, s\u2019est install\u00e9e un an \u00e0 Paris avec sa famille. De retour \u00e0 Montr\u00e9al, elle a quitt\u00e9 son m\u00e9tier pour se consacrer \u00e0 l\u2019\u00e9criture et partager ses bonnes adresses parisiennes dans un guide de voyage tr\u00e8s r\u00e9ussi, Humeurs de Paris. L\u2019ouvrage est aujourd\u2019hui vendu partout<\/p>            <\/div>\n                <div class=\"edgtf-post-example-item-three-info-section\">\n                        <div class=\"edgtf-post-info-comments-holder\">\n    <a itemprop=\"url\" class=\"edgtf-post-info-comments edgtf-comments-with-icon\" href=\"https:\/\/magazineluxe.com\/fr\/josee-noiseux-un-guide-de-voyage-tres-reussi-sur-paris\/#respond\" target=\"_self\">\n        0     <\/a>\n<\/div>            <div class=\"edgtf-blog-like\">\n\t<a href=\"#\" class=\"edgtf-like\" id=\"edgtf-like-7592-842\" title=\"Like this\" data-post-id=\"7592\"><span>0<\/span><input type=\"hidden\" id=\"edgtf_like_nonce_7592\" name=\"edgtf_like_nonce_7592\" value=\"c41722d30f\" \/><input type=\"hidden\" name=\"_wp_http_referer\" value=\"\/fr\/wp-json\/wp\/v2\/pages\/13743\" \/><\/a><\/div>\n            <div class=\"edgtf-blog-share\">\n\t<div class=\"edgtf-social-share-holder edgtf-dropdown \">\n\t<a href=\"javascript:void(0)\" target=\"_self\" class=\"edgtf-social-share-dropdown-opener\">\n\t\t<span class=\"edgtf-social-share-title\">PARTAGER<\/span>\n\t<\/a>\n\t<div class=\"edgtf-social-share-dropdown\">\n\t\t<ul>\n\t\t\t<li class=\"edgtf-facebook-share\">\n\t<a class=\"edgtf-share-link\" href=\"#\" onclick=\"window.open('http:\/\/www.facebook.com\/sharer.php?s=100&amp;p[title]=Jos%C3%A9e+Noiseux+%3A+un+guide+de+voyage+tr%C3%A8s+r%C3%A9ussi+sur+Paris&amp;p[url]=https%3A%2F%2Fmagazineluxe.com%2Ffr%2Fjosee-noiseux-un-guide-de-voyage-tres-reussi-sur-paris%2F&amp;p[images][0]=https:\/\/magazineluxe.com\/wp-content\/uploads\/2015\/12\/humeurs-de-paris-josee-noiseux-1.jpg&amp;p[summary]=En+2009%2C+Jos%C3%A9e+Noiseux%2C+alors+avocate%2C+s%E2%80%99est+install%C3%A9e+un+an+%C3%A0+Paris+avec+sa+famille.+De+retour+%C3%A0+Montr%C3%A9al%2C+elle+a+quitt%C3%A9+son+m%C3%A9tier+pour+se+consacrer+%C3%A0+l%E2%80%99%C3%A9criture+et+partager+ses+bonnes+adresses+parisiennes+dans+un+guide+de+voyage+tr%C3%A8s+r%C3%A9ussi%2C+Humeurs+de+Paris.+L%E2%80%99ouvrage+est+aujourd%E2%80%99hui+vendu+partout+au+Qu%C3%A9bec+et+%C3%A0+Paris%2C+chez+Colette%2C+la+prestigieuse+boutique+de+la+rue+Saint-Honor%C3%A9.+LUXE+a+rencontr%C3%A9+celle+qui+se+dit+%C2%AB%C2%A0Montr%C3%A9alaise+et+Parisienne+d%E2%80%99adoption%C2%A0%C2%BB.+%26nbsp%3B+Comment+vous+est+venue+l%E2%80%99id%C3%A9e+de+ce+livre%3F+Je+travaillais+depuis+plus+de+vingt+ans+comme+avocate+en+cabinet+priv%C3%A9.+En+2009%2C+mon+mari+a+d%C3%BB+partir+%C3%A0+Paris+pour+affaires.+J%E2%80%99ai+toujours+r%C3%AAv%C3%A9+de+vivre+%C3%A0+l%E2%80%99%C3%A9tranger.+Quand+l%E2%80%99occasion+s%E2%80%99est+pr%C3%A9sent%C3%A9e%2C+j%E2%80%99ai+plong%C3%A9.+Une+fois+l%C3%A0-bas%2C+j%E2%80%99%C3%A9tais+convaincue+que+je+n%E2%80%99aurais+pas+%C3%A0+m%E2%80%99adapter.+Je+connaissais+d%C3%A9j%C3%A0+bien+la+ville+et+les+Parisiens.+Mais+au+bout+d%E2%80%99un+mois%2C+je+me+suis+rendu+compte+que+nous+%C3%A9tions+tr%C3%A8s+diff%C3%A9rents.+Pour+garder+contact+avec+ma+famille+et+mes+amis%2C+j%E2%80%99ai+commenc%C3%A9+%C3%A0+%C3%A9crire+un+blogue.+J%E2%80%99y+racontais+des+anecdotes+inspir%C3%A9es+de+mes+rencontres.+J%E2%80%99y+donnais+aussi+quelques+adresses.+%C3%80+mon+retour+%C3%A0+Montr%C3%A9al%2C+j%E2%80%99ai+publi%C3%A9+mes+chroniques.+J%E2%80%99ai+rencontr%C3%A9+ensuite+des+personnes+du+milieu+de+%5B%26hellip%3B%5D', 'sharer', 'toolbar=0,status=0,width=620,height=280');\">\n\t\t\t\t\t<span class=\"edgtf-social-network-icon social_facebook\"><\/span>\n\t\t\t<\/a>\n<\/li><li class=\"edgtf-twitter-share\">\n\t<a class=\"edgtf-share-link\" href=\"#\" onclick=\"window.open('http:\/\/twitter.com\/home?status=En+2009%2C+Jos%C3%A9e+Noiseux%2C+alors+avocate%2C+s%E2%80%99est+install%C3%A9e+un+an+%C3%A0+Paris+avec+sa+famille.+De+retour+%C3%A0+Montr%C3%A9al%2C+elle+a+https:\/\/magazineluxe.com\/fr\/josee-noiseux-un-guide-de-voyage-tres-reussi-sur-paris\/', 'popupwindow', 'scrollbars=yes,width=800,height=400');\">\n\t\t\t\t\t<span class=\"edgtf-social-network-icon social_twitter\"><\/span>\n\t\t\t<\/a>\n<\/li><li class=\"edgtf-linkedin-share\">\n\t<a class=\"edgtf-share-link\" href=\"#\" onclick=\"popUp=window.open('http:\/\/linkedin.com\/shareArticle?mini=true&amp;url=https%3A%2F%2Fmagazineluxe.com%2Ffr%2Fjosee-noiseux-un-guide-de-voyage-tres-reussi-sur-paris%2F&amp;title=Jos%C3%A9e+Noiseux+%3A+un+guide+de+voyage+tr%C3%A8s+r%C3%A9ussi+sur+Paris', 'popupwindow', 'scrollbars=yes,width=800,height=400');popUp.focus();return false;\">\n\t\t\t\t\t<span class=\"edgtf-social-network-icon social_linkedin\"><\/span>\n\t\t\t<\/a>\n<\/li><li class=\"edgtf-pinterest-share\">\n\t<a class=\"edgtf-share-link\" href=\"#\" onclick=\"popUp=window.open('http:\/\/pinterest.com\/pin\/create\/button\/?url=https%3A%2F%2Fmagazineluxe.com%2Ffr%2Fjosee-noiseux-un-guide-de-voyage-tres-reussi-sur-paris%2F&amp;description=Jos\u00e9e Noiseux : un guide de voyage tr\u00e8s r\u00e9ussi sur Paris&amp;media=https%3A%2F%2Fmagazineluxe.com%2Fwp-content%2Fuploads%2F2015%2F12%2Fhumeurs-de-paris-josee-noiseux-1.jpg', 'popupwindow', 'scrollbars=yes,width=800,height=400');popUp.focus();return false;\">\n\t\t\t\t\t<span class=\"edgtf-social-network-icon social_pinterest\"><\/span>\n\t\t\t<\/a>\n<\/li>\t\t<\/ul>\n\t<\/div>\n<\/div><\/div>\n        <\/div>\n    <\/div>\n<\/div><div class=\"edgtf-post-example-item-three-item edgtf-post-item\">\n        <div class=\"edgtf-post-example-item-three-image-holder\">\n                <div class=\"edgtf-post-example-item-three-image-inner-holder\">\n            <img loading=\"lazy\" decoding=\"async\" src=\"https:\/\/magazineluxe.com\/wp-content\/uploads\/2015\/05\/casa-kimball-1-410x230.jpg\" alt=\"\" width=\"410\" height=\"230\" \/>        <\/div>\n        <a itemprop=\"url\" class=\"edgtf-post-example-item-three-slide-link\" href=\"https:\/\/magazineluxe.com\/fr\/casa-kimball-un-lieu-sublime-en-republique-dominicaine\/\" target=\"_self\"><\/a>\n    <\/div>\n        <div class=\"edgtf-post-example-item-three-content-holder\">\n        <div class=\"edgtf-post-example-item-three-title-holder\">\n            <h3 class=\"edgtf-post-example-item-three-title\">\n                <a itemprop=\"url\" href=\"https:\/\/magazineluxe.com\/fr\/casa-kimball-un-lieu-sublime-en-republique-dominicaine\/\" target=\"_self\">\n                    Casa Kimball : un lieu sublime en R\u00e9publique Dominicaine                <\/a>\n            <\/h3>\n        <\/div>\n                    <div class=\"edgtf-post-example-item-three-excerpt\">\n                <p class=\"edgtf-post-excerpt\">Une maison au luxe moderne perch\u00e9e au sommet d\u2019une falaise. Une beaut\u00e9 absolue o\u00f9 la magie des Cara\u00efbes resplendit. C\u2019est sur la c\u00f4te nord de la R\u00e9publique dominicaine que se trouve cette perle rare\u00a0: la Casa Kimball. Dans son portfolio de propri\u00e9t\u00e9s extraordinaires, Lauren Berger Collection a s\u00e9lectionn\u00e9 cette villa<\/p>            <\/div>\n                <div class=\"edgtf-post-example-item-three-info-section\">\n                        <div class=\"edgtf-post-info-comments-holder\">\n    <a itemprop=\"url\" class=\"edgtf-post-info-comments edgtf-comments-with-icon\" href=\"https:\/\/magazineluxe.com\/fr\/casa-kimball-un-lieu-sublime-en-republique-dominicaine\/#respond\" target=\"_self\">\n        0     <\/a>\n<\/div>            <div class=\"edgtf-blog-like\">\n\t<a href=\"#\" class=\"edgtf-like\" id=\"edgtf-like-7395-662\" title=\"Like this\" data-post-id=\"7395\"><span>0<\/span><input type=\"hidden\" id=\"edgtf_like_nonce_7395\" name=\"edgtf_like_nonce_7395\" value=\"76fba39567\" \/><input type=\"hidden\" name=\"_wp_http_referer\" value=\"\/fr\/wp-json\/wp\/v2\/pages\/13743\" \/><\/a><\/div>\n            <div class=\"edgtf-blog-share\">\n\t<div class=\"edgtf-social-share-holder edgtf-dropdown \">\n\t<a href=\"javascript:void(0)\" target=\"_self\" class=\"edgtf-social-share-dropdown-opener\">\n\t\t<span class=\"edgtf-social-share-title\">PARTAGER<\/span>\n\t<\/a>\n\t<div class=\"edgtf-social-share-dropdown\">\n\t\t<ul>\n\t\t\t<li class=\"edgtf-facebook-share\">\n\t<a class=\"edgtf-share-link\" href=\"#\" onclick=\"window.open('http:\/\/www.facebook.com\/sharer.php?s=100&amp;p[title]=Casa+Kimball+%3A+un+lieu+sublime+en+R%C3%A9publique+Dominicaine&amp;p[url]=https%3A%2F%2Fmagazineluxe.com%2Ffr%2Fcasa-kimball-un-lieu-sublime-en-republique-dominicaine%2F&amp;p[images][0]=https:\/\/magazineluxe.com\/wp-content\/uploads\/2015\/05\/casa-kimball-1.jpg&amp;p[summary]=Une+maison+au+luxe+moderne+perch%C3%A9e+au+sommet+d%E2%80%99une+falaise.+Une+beaut%C3%A9+absolue+o%C3%B9+la+magie+des+Cara%C3%AFbes+resplendit.+C%E2%80%99est+sur+la+c%C3%B4te+nord+de+la+R%C3%A9publique+dominicaine+que+se+trouve+cette+perle+rare%C2%A0%3A+la+Casa+Kimball.+Dans+son+portfolio+de+propri%C3%A9t%C3%A9s+extraordinaires%2C+Lauren+Berger+Collection+a+s%C3%A9lectionn%C3%A9+cette+villa+pour+le+magazine+Luxe.+La+maison+a+d%C3%A9pass%C3%A9+toutes+nos+attentes.+%26nbsp%3B+Situ%C3%A9e+sur+un+site+priv%C3%A9%2C+la+Casa+Kimball+est+%C3%A9rig%C3%A9e+en+retrait%2C+sur+une+falaise.+%C3%80+partir+du+nouvel+a%C3%A9roport+de+Samana%2C+les+routes+qui+partent+vers+l%E2%80%99ouest+et+longent+la+mer+offrent+des+vues+%C3%A0+couper+le+souffle.+Les+paysages+sont+demeur%C3%A9s+intacts+dans+cette+partie+de+l%E2%80%99%C3%AEle%3B+les+plages+de+sable+fin+se+succ%C3%A8dent+jusqu%E2%80%99%C3%A0+Cabrera%2C+o%C3%B9+la+maison+se+situe.+%26nbsp%3B+Exp%C3%A9rience+sublime+La+Casa+Kimball+domine+l%E2%80%99Atlantique+de+fa%C3%A7on+sublime.+L%E2%80%99ampleur+de+sa+beaut%C3%A9+se+mesure+%C3%A0+l%E2%80%99%C3%A9tendue+majestueuse+de+l%E2%80%99oc%C3%A9an.+Trois+acres+de+v%C3%A9g%C3%A9tation+tropicale+luxuriante%2Centretenus+par+une+arm%C3%A9e+de+jardiniers%2C+l%E2%80%99entourent.+En+face+de+la+villa%2C+une+piscine+%C3%A0+d%C3%A9bordement+fait+%C3%A9l%C3%A9gamment+le+lien+entre+la+mer+et+le+ciel.+Un+spala+rejoint%2C+au+bord+de+la+falaise%2C+l%C3%A0+o%C3%B9+personne+ne+peut+vous+voir%2C+mais+o%C3%B9+vous+pouvez+voir+le+monde.+%5B%26hellip%3B%5D', 'sharer', 'toolbar=0,status=0,width=620,height=280');\">\n\t\t\t\t\t<span class=\"edgtf-social-network-icon social_facebook\"><\/span>\n\t\t\t<\/a>\n<\/li><li class=\"edgtf-twitter-share\">\n\t<a class=\"edgtf-share-link\" href=\"#\" onclick=\"window.open('http:\/\/twitter.com\/home?status=Une+maison+au+luxe+moderne+perch%C3%A9e+au+sommet+d%E2%80%99une+falaise.+Une+beaut%C3%A9+absolue+o%C3%B9+la+magie+des+Cara%C3%AFbes+resplendit.+https:\/\/magazineluxe.com\/fr\/casa-kimball-un-lieu-sublime-en-republique-dominicaine\/', 'popupwindow', 'scrollbars=yes,width=800,height=400');\">\n\t\t\t\t\t<span class=\"edgtf-social-network-icon social_twitter\"><\/span>\n\t\t\t<\/a>\n<\/li><li class=\"edgtf-linkedin-share\">\n\t<a class=\"edgtf-share-link\" href=\"#\" onclick=\"popUp=window.open('http:\/\/linkedin.com\/shareArticle?mini=true&amp;url=https%3A%2F%2Fmagazineluxe.com%2Ffr%2Fcasa-kimball-un-lieu-sublime-en-republique-dominicaine%2F&amp;title=Casa+Kimball+%3A+un+lieu+sublime+en+R%C3%A9publique+Dominicaine', 'popupwindow', 'scrollbars=yes,width=800,height=400');popUp.focus();return false;\">\n\t\t\t\t\t<span class=\"edgtf-social-network-icon social_linkedin\"><\/span>\n\t\t\t<\/a>\n<\/li><li class=\"edgtf-pinterest-share\">\n\t<a class=\"edgtf-share-link\" href=\"#\" onclick=\"popUp=window.open('http:\/\/pinterest.com\/pin\/create\/button\/?url=https%3A%2F%2Fmagazineluxe.com%2Ffr%2Fcasa-kimball-un-lieu-sublime-en-republique-dominicaine%2F&amp;description=Casa Kimball : un lieu sublime en R\u00e9publique Dominicaine&amp;media=https%3A%2F%2Fmagazineluxe.com%2Fwp-content%2Fuploads%2F2015%2F05%2Fcasa-kimball-1.jpg', 'popupwindow', 'scrollbars=yes,width=800,height=400');popUp.focus();return false;\">\n\t\t\t\t\t<span class=\"edgtf-social-network-icon social_pinterest\"><\/span>\n\t\t\t<\/a>\n<\/li>\t\t<\/ul>\n\t<\/div>\n<\/div><\/div>\n        <\/div>\n    <\/div>\n<\/div><div class=\"edgtf-post-example-item-three-item edgtf-post-item\">\n        <div class=\"edgtf-post-example-item-three-image-holder\">\n                <div class=\"edgtf-post-example-item-three-image-inner-holder\">\n            <img loading=\"lazy\" decoding=\"async\" src=\"https:\/\/magazineluxe.com\/wp-content\/uploads\/2015\/05\/casa-de-campo-1-410x230.jpg\" alt=\"\" width=\"410\" height=\"230\" \/>        <\/div>\n        <a itemprop=\"url\" class=\"edgtf-post-example-item-three-slide-link\" href=\"https:\/\/magazineluxe.com\/fr\/casa-de-campo-un-complexe-touristique-incomparable\/\" target=\"_self\"><\/a>\n    <\/div>\n        <div class=\"edgtf-post-example-item-three-content-holder\">\n        <div class=\"edgtf-post-example-item-three-title-holder\">\n            <h3 class=\"edgtf-post-example-item-three-title\">\n                <a itemprop=\"url\" href=\"https:\/\/magazineluxe.com\/fr\/casa-de-campo-un-complexe-touristique-incomparable\/\" target=\"_self\">\n                    Casa de Campo : un complexe touristique incomparable!                <\/a>\n            <\/h3>\n        <\/div>\n                    <div class=\"edgtf-post-example-item-three-excerpt\">\n                <p class=\"edgtf-post-excerpt\">Il a ses villas chics, ses trois golfs de r\u00e9putation mondiale, ses boutiques, sa marina, son spa, son village culturel et, bien s\u00fbr, la mer des Cara\u00efbes \u00e0 ses pieds. Le complexe touristique Casa de Campo, \u00e0 La Romana, sur la c\u00f4te sud-est de la R\u00e9publique dominicaine, a quarante ans<\/p>            <\/div>\n                <div class=\"edgtf-post-example-item-three-info-section\">\n                        <div class=\"edgtf-post-info-comments-holder\">\n    <a itemprop=\"url\" class=\"edgtf-post-info-comments edgtf-comments-with-icon\" href=\"https:\/\/magazineluxe.com\/fr\/casa-de-campo-un-complexe-touristique-incomparable\/#respond\" target=\"_self\">\n        0     <\/a>\n<\/div>            <div class=\"edgtf-blog-like\">\n\t<a href=\"#\" class=\"edgtf-like\" id=\"edgtf-like-7392-373\" title=\"Like this\" data-post-id=\"7392\"><span>0<\/span><input type=\"hidden\" id=\"edgtf_like_nonce_7392\" name=\"edgtf_like_nonce_7392\" value=\"4f40f07193\" \/><input type=\"hidden\" name=\"_wp_http_referer\" value=\"\/fr\/wp-json\/wp\/v2\/pages\/13743\" \/><\/a><\/div>\n            <div class=\"edgtf-blog-share\">\n\t<div class=\"edgtf-social-share-holder edgtf-dropdown \">\n\t<a href=\"javascript:void(0)\" target=\"_self\" class=\"edgtf-social-share-dropdown-opener\">\n\t\t<span class=\"edgtf-social-share-title\">PARTAGER<\/span>\n\t<\/a>\n\t<div class=\"edgtf-social-share-dropdown\">\n\t\t<ul>\n\t\t\t<li class=\"edgtf-facebook-share\">\n\t<a class=\"edgtf-share-link\" href=\"#\" onclick=\"window.open('http:\/\/www.facebook.com\/sharer.php?s=100&amp;p[title]=Casa+de+Campo+%3A+un+complexe+touristique+incomparable%21&amp;p[url]=https%3A%2F%2Fmagazineluxe.com%2Ffr%2Fcasa-de-campo-un-complexe-touristique-incomparable%2F&amp;p[images][0]=https:\/\/magazineluxe.com\/wp-content\/uploads\/2015\/05\/casa-de-campo-1.jpg&amp;p[summary]=Il+a+ses+villas+chics%2C+ses+trois+golfs+de+r%C3%A9putation+mondiale%2C+ses+boutiques%2C+sa+marina%2C+son+spa%2C+son+village+culturel+et%2C+bien+s%C3%BBr%2C+la+mer+des+Cara%C3%AFbes+%C3%A0+ses+pieds.+Le+complexe+touristique+Casa+de+Campo%2C+%C3%A0+La+Romana%2C+sur+la+c%C3%B4te+sud-est+de+la+R%C3%A9publique+dominicaine%2C+a+quarante+ans+d%E2%80%99existence%2C+mais+une+belle+jeunesse%21+%26nbsp%3B+Son+immense+territoire+priv%C3%A9+%287%C2%A0000+acres%29+se+laisse+d%C3%A9couvrir%E2%80%A6+%C3%A0+petites+doses.+Casa+de+Campo+est+n%C3%A9+dans+la+t%C3%AAte+%28ou+le+c%C5%93ur%29+d%E2%80%99Alvaro+Carta%2C+propri%C3%A9taire+d%E2%80%99une+compagnie+portoricaine+de+sucre+de+canne+et+de+la+maison+m%C3%A8re+du+g%C3%A9ant+du+cin%C3%A9ma+am%C3%A9ricain+Paramount+Pictures.+%C3%80+La+Romana%2C+il+poss%C3%A9dait+d%C3%A9j%C3%A0+un+moulin+%C3%A0+sucre+de+canne%2C+et+c%E2%80%99est+non+loin+de+l%C3%A0+qu%E2%80%99il+a+d%C3%A9couvert+un+rivage+immacul%C3%A9+o%C3%B9+construire+le+complexe+touristique+le+plus+complet+qui+soit.+Des+villas+de+campagne+ou+de+bord+de+mer+%C3%80+Casa+de+Campo%2C+ce+sont+les+villas+%C3%A0+louer+qui+volent+la+vedette%21+Elles+sont+toutes+diff%C3%A9rentes%2C+sauf+pour+le+nombre+de+chambres+%28de+trois+%C3%A0+sept+selon+le+choix%29+et+pour+la+piscine%2C+indispensable.+Pour+ce+qui+est+de+la+d%C3%A9coration%2C+la+vari%C3%A9t%C3%A9+est+au+menu.+Certaines+sont+de+vraies+maisons+de+campagne%2C+comme+%5B%26hellip%3B%5D', 'sharer', 'toolbar=0,status=0,width=620,height=280');\">\n\t\t\t\t\t<span class=\"edgtf-social-network-icon social_facebook\"><\/span>\n\t\t\t<\/a>\n<\/li><li class=\"edgtf-twitter-share\">\n\t<a class=\"edgtf-share-link\" href=\"#\" onclick=\"window.open('http:\/\/twitter.com\/home?status=Il+a+ses+villas+chics%2C+ses+trois+golfs+de+r%C3%A9putation+mondiale%2C+ses+boutiques%2C+sa+marina%2C+son+spa%2C+son+village+https:\/\/magazineluxe.com\/fr\/casa-de-campo-un-complexe-touristique-incomparable\/', 'popupwindow', 'scrollbars=yes,width=800,height=400');\">\n\t\t\t\t\t<span class=\"edgtf-social-network-icon social_twitter\"><\/span>\n\t\t\t<\/a>\n<\/li><li class=\"edgtf-linkedin-share\">\n\t<a class=\"edgtf-share-link\" href=\"#\" onclick=\"popUp=window.open('http:\/\/linkedin.com\/shareArticle?mini=true&amp;url=https%3A%2F%2Fmagazineluxe.com%2Ffr%2Fcasa-de-campo-un-complexe-touristique-incomparable%2F&amp;title=Casa+de+Campo+%3A+un+complexe+touristique+incomparable%21', 'popupwindow', 'scrollbars=yes,width=800,height=400');popUp.focus();return false;\">\n\t\t\t\t\t<span class=\"edgtf-social-network-icon social_linkedin\"><\/span>\n\t\t\t<\/a>\n<\/li><li class=\"edgtf-pinterest-share\">\n\t<a class=\"edgtf-share-link\" href=\"#\" onclick=\"popUp=window.open('http:\/\/pinterest.com\/pin\/create\/button\/?url=https%3A%2F%2Fmagazineluxe.com%2Ffr%2Fcasa-de-campo-un-complexe-touristique-incomparable%2F&amp;description=Casa de Campo : un complexe touristique incomparable!&amp;media=https%3A%2F%2Fmagazineluxe.com%2Fwp-content%2Fuploads%2F2015%2F05%2Fcasa-de-campo-1.jpg', 'popupwindow', 'scrollbars=yes,width=800,height=400');popUp.focus();return false;\">\n\t\t\t\t\t<span class=\"edgtf-social-network-icon social_pinterest\"><\/span>\n\t\t\t<\/a>\n<\/li>\t\t<\/ul>\n\t<\/div>\n<\/div><\/div>\n        <\/div>\n    <\/div>\n<\/div><div class=\"edgtf-post-example-item-three-item edgtf-post-item\">\n        <div class=\"edgtf-post-example-item-three-image-holder\">\n                <div class=\"edgtf-post-example-item-three-image-inner-holder\">\n            <img loading=\"lazy\" decoding=\"async\" src=\"https:\/\/magazineluxe.com\/wp-content\/uploads\/2014\/12\/essex-house-1-410x230.jpg\" alt=\"\" width=\"410\" height=\"230\" \/>        <\/div>\n        <a itemprop=\"url\" class=\"edgtf-post-example-item-three-slide-link\" href=\"https:\/\/magazineluxe.com\/fr\/essex-house-sejourner-au-coeur-de-manhattan-dans-un-lieu-de-reve\/\" target=\"_self\"><\/a>\n    <\/div>\n        <div class=\"edgtf-post-example-item-three-content-holder\">\n        <div class=\"edgtf-post-example-item-three-title-holder\">\n            <h3 class=\"edgtf-post-example-item-three-title\">\n                <a itemprop=\"url\" href=\"https:\/\/magazineluxe.com\/fr\/essex-house-sejourner-au-coeur-de-manhattan-dans-un-lieu-de-reve\/\" target=\"_self\">\n                    Essex House : s\u00e9journer au coeur de Manhattan dans un lieu de r\u00eave                <\/a>\n            <\/h3>\n        <\/div>\n                    <div class=\"edgtf-post-example-item-three-excerpt\">\n                <p class=\"edgtf-post-excerpt\">Il fut un temps o\u00f9 l\u2019Essex House \u00e9tait la plus haute tour de New York. Construite en m\u00eame temps que l\u2019Empire State Building et que le Rockefeller Center, il s\u2019agit certainement d\u2019un des plus beaux exemples du style Art d\u00e9co des ann\u00e9es 30 dans la Grosse Pomme.\r\n&nbsp;\r\n\r\nCet immeuble imposant, surmont\u00e9<\/p>            <\/div>\n                <div class=\"edgtf-post-example-item-three-info-section\">\n                        <div class=\"edgtf-post-info-comments-holder\">\n    <a itemprop=\"url\" class=\"edgtf-post-info-comments edgtf-comments-with-icon\" href=\"https:\/\/magazineluxe.com\/fr\/essex-house-sejourner-au-coeur-de-manhattan-dans-un-lieu-de-reve\/#respond\" target=\"_self\">\n        0     <\/a>\n<\/div>            <div class=\"edgtf-blog-like\">\n\t<a href=\"#\" class=\"edgtf-like\" id=\"edgtf-like-7092-558\" title=\"Like this\" data-post-id=\"7092\"><span>2<\/span><input type=\"hidden\" id=\"edgtf_like_nonce_7092\" name=\"edgtf_like_nonce_7092\" value=\"37fd05c3ce\" \/><input type=\"hidden\" name=\"_wp_http_referer\" value=\"\/fr\/wp-json\/wp\/v2\/pages\/13743\" \/><\/a><\/div>\n            <div class=\"edgtf-blog-share\">\n\t<div class=\"edgtf-social-share-holder edgtf-dropdown \">\n\t<a href=\"javascript:void(0)\" target=\"_self\" class=\"edgtf-social-share-dropdown-opener\">\n\t\t<span class=\"edgtf-social-share-title\">PARTAGER<\/span>\n\t<\/a>\n\t<div class=\"edgtf-social-share-dropdown\">\n\t\t<ul>\n\t\t\t<li class=\"edgtf-facebook-share\">\n\t<a class=\"edgtf-share-link\" href=\"#\" onclick=\"window.open('http:\/\/www.facebook.com\/sharer.php?s=100&amp;p[title]=Essex+House+%3A+s%C3%A9journer+au+coeur+de+Manhattan+dans+un+lieu+de+r%C3%AAve&amp;p[url]=https%3A%2F%2Fmagazineluxe.com%2Ffr%2Fessex-house-sejourner-au-coeur-de-manhattan-dans-un-lieu-de-reve%2F&amp;p[images][0]=https:\/\/magazineluxe.com\/wp-content\/uploads\/2014\/12\/essex-house-1.jpg&amp;p[summary]=Il+fut+un+temps+o%C3%B9+l%E2%80%99Essex+House+%C3%A9tait+la+plus+haute+tour+de+New+York.+Construite+en+m%C3%AAme+temps+que+l%E2%80%99Empire+State+Building+et+que+le+Rockefeller+Center%2C+il+s%E2%80%99agit+certainement+d%E2%80%99un+des+plus+beaux+exemples+du+style+Art+d%C3%A9co+des+ann%C3%A9es+30+dans+la+Grosse+Pomme.+%26nbsp%3B+Cet+immeuble+imposant%2C+surmont%C3%A9+d%E2%80%99une+inscription+de+son+nom+en+gigantesques+lettres+rouges%2C+n%E2%80%99a+rien+perdu+de+sa+prestance.+%C3%80+deux+pas+de+Colombus+Circle%2C+de+Carnegie+Hall%2C+du+Lincoln+Center%2C+du+quartier+des+th%C3%A9%C3%A2tres+et+du+MoMA%2C+l%E2%80%99Essex+House+continue+de+r%C3%A9gner+sur+Central+Park%2C+aux+c%C3%B4t%C3%A9s+de+ses+voisins%2C+le+Ritz-Carlton%2C+le+Plaza+et+le+Park+Lane.+LA+MEILLEURE+ADRESSE+%C3%80+MANHATTAN+Aujourd%E2%80%99hui%2C+le+160%2C+Central+Park+South+%C3%A0+New+York+abrite+l%E2%80%99h%C3%B4tel+JW+Marriott+Essex+House+New+York%2C+d%C3%A9sign%C3%A9+Meilleur+h%C3%B4tel+des+%C3%A9tats-Unis+il+y+a+quelques+ann%C3%A9es+par+le+Global+Traveller+Magazine.+Il+est+%C3%A9galement+occup%C3%A9+par+des+condominiums+d%E2%80%99une+%C3%A9l%C3%A9gance+exceptionnelle%2C+dont+quelques-uns+sont+la+propri%C3%A9t%C3%A9+de+la+soci%C3%A9t%C3%A9+Lauren+Berger+Collection%2C+qui+les+offre+en+location.+%26nbsp%3B+LE+R%C3%8AVE+DEVIENT+R%C3%89ALIT%C3%89+Lauren+Berger%2C+l%E2%80%99une+des+expertes+mondiales+du+Cond%C3%A9+Nast+Traveller+en+2013%2C+est+chef+de+la+direction+et+fondatrice+de+Lauren+Berger+Collection%2C+qui+propose+%5B%26hellip%3B%5D', 'sharer', 'toolbar=0,status=0,width=620,height=280');\">\n\t\t\t\t\t<span class=\"edgtf-social-network-icon social_facebook\"><\/span>\n\t\t\t<\/a>\n<\/li><li class=\"edgtf-twitter-share\">\n\t<a class=\"edgtf-share-link\" href=\"#\" onclick=\"window.open('http:\/\/twitter.com\/home?status=Il+fut+un+temps+o%C3%B9+l%E2%80%99Essex+House+%C3%A9tait+la+plus+haute+tour+de+New+York.+Construite+en+m%C3%AAme+temps+que+l%E2%80%99Empire+State+https:\/\/magazineluxe.com\/fr\/essex-house-sejourner-au-coeur-de-manhattan-dans-un-lieu-de-reve\/', 'popupwindow', 'scrollbars=yes,width=800,height=400');\">\n\t\t\t\t\t<span class=\"edgtf-social-network-icon social_twitter\"><\/span>\n\t\t\t<\/a>\n<\/li><li class=\"edgtf-linkedin-share\">\n\t<a class=\"edgtf-share-link\" href=\"#\" onclick=\"popUp=window.open('http:\/\/linkedin.com\/shareArticle?mini=true&amp;url=https%3A%2F%2Fmagazineluxe.com%2Ffr%2Fessex-house-sejourner-au-coeur-de-manhattan-dans-un-lieu-de-reve%2F&amp;title=Essex+House+%3A+s%C3%A9journer+au+coeur+de+Manhattan+dans+un+lieu+de+r%C3%AAve', 'popupwindow', 'scrollbars=yes,width=800,height=400');popUp.focus();return false;\">\n\t\t\t\t\t<span class=\"edgtf-social-network-icon social_linkedin\"><\/span>\n\t\t\t<\/a>\n<\/li><li class=\"edgtf-pinterest-share\">\n\t<a class=\"edgtf-share-link\" href=\"#\" onclick=\"popUp=window.open('http:\/\/pinterest.com\/pin\/create\/button\/?url=https%3A%2F%2Fmagazineluxe.com%2Ffr%2Fessex-house-sejourner-au-coeur-de-manhattan-dans-un-lieu-de-reve%2F&amp;description=Essex House : s\u00e9journer au coeur de Manhattan dans un lieu de r\u00eave&amp;media=https%3A%2F%2Fmagazineluxe.com%2Fwp-content%2Fuploads%2F2014%2F12%2Fessex-house-1.jpg', 'popupwindow', 'scrollbars=yes,width=800,height=400');popUp.focus();return false;\">\n\t\t\t\t\t<span class=\"edgtf-social-network-icon social_pinterest\"><\/span>\n\t\t\t<\/a>\n<\/li>\t\t<\/ul>\n\t<\/div>\n<\/div><\/div>\n        <\/div>\n    <\/div>\n<\/div><div class=\"edgtf-post-example-item-three-item edgtf-post-item\">\n        <div class=\"edgtf-post-example-item-three-image-holder\">\n                <div class=\"edgtf-post-example-item-three-image-inner-holder\">\n            <img loading=\"lazy\" decoding=\"async\" src=\"https:\/\/magazineluxe.com\/wp-content\/uploads\/2014\/12\/isla-mujeres-9-410x230.jpg\" alt=\"\" width=\"410\" height=\"230\" \/>        <\/div>\n        <a itemprop=\"url\" class=\"edgtf-post-example-item-three-slide-link\" href=\"https:\/\/magazineluxe.com\/fr\/isla-mujeres-un-petit-paradis-a-decouvrir\/\" target=\"_self\"><\/a>\n    <\/div>\n        <div class=\"edgtf-post-example-item-three-content-holder\">\n        <div class=\"edgtf-post-example-item-three-title-holder\">\n            <h3 class=\"edgtf-post-example-item-three-title\">\n                <a itemprop=\"url\" href=\"https:\/\/magazineluxe.com\/fr\/isla-mujeres-un-petit-paradis-a-decouvrir\/\" target=\"_self\">\n                    Isla Mujeres : un petit paradis \u00e0 d\u00e9couvrir                <\/a>\n            <\/h3>\n        <\/div>\n                    <div class=\"edgtf-post-example-item-three-excerpt\">\n                <p class=\"edgtf-post-excerpt\">\u00c0 peine \u00e0 quinze minutes en bateau de Canc\u00fan, l\u2019\u00cele des Femmes semble \u00e0 mille lieues de sa voisine bruyante et f\u00eatarde. Entour\u00e9e par les eaux cristallines de la mer des Cara\u00efbes, cette petite \u00eele est en effet une v\u00e9ritable oasis de calme et de beaut\u00e9, id\u00e9ale pour qui veut<\/p>            <\/div>\n                <div class=\"edgtf-post-example-item-three-info-section\">\n                        <div class=\"edgtf-post-info-comments-holder\">\n    <a itemprop=\"url\" class=\"edgtf-post-info-comments edgtf-comments-with-icon\" href=\"https:\/\/magazineluxe.com\/fr\/isla-mujeres-un-petit-paradis-a-decouvrir\/#respond\" target=\"_self\">\n        0     <\/a>\n<\/div>            <div class=\"edgtf-blog-like\">\n\t<a href=\"#\" class=\"edgtf-like\" id=\"edgtf-like-7096-616\" title=\"Like this\" data-post-id=\"7096\"><span>1<\/span><input type=\"hidden\" id=\"edgtf_like_nonce_7096\" name=\"edgtf_like_nonce_7096\" value=\"9d8fde6075\" \/><input type=\"hidden\" name=\"_wp_http_referer\" value=\"\/fr\/wp-json\/wp\/v2\/pages\/13743\" \/><\/a><\/div>\n            <div class=\"edgtf-blog-share\">\n\t<div class=\"edgtf-social-share-holder edgtf-dropdown \">\n\t<a href=\"javascript:void(0)\" target=\"_self\" class=\"edgtf-social-share-dropdown-opener\">\n\t\t<span class=\"edgtf-social-share-title\">PARTAGER<\/span>\n\t<\/a>\n\t<div class=\"edgtf-social-share-dropdown\">\n\t\t<ul>\n\t\t\t<li class=\"edgtf-facebook-share\">\n\t<a class=\"edgtf-share-link\" href=\"#\" onclick=\"window.open('http:\/\/www.facebook.com\/sharer.php?s=100&amp;p[title]=Isla+Mujeres+%3A+un+petit+paradis+%C3%A0+d%C3%A9couvrir&amp;p[url]=https%3A%2F%2Fmagazineluxe.com%2Ffr%2Fisla-mujeres-un-petit-paradis-a-decouvrir%2F&amp;p[images][0]=https:\/\/magazineluxe.com\/wp-content\/uploads\/2014\/12\/isla-mujeres-9.jpg&amp;p[summary]=%C3%80+peine+%C3%A0+quinze+minutes+en+bateau+de+Canc%C3%BAn%2C+l%E2%80%99%C3%8Ele+des+Femmes+semble+%C3%A0+mille+lieues+de+sa+voisine+bruyante+et+f%C3%AAtarde.+Entour%C3%A9e+par+les+eaux+cristallines+de+la+mer+des+Cara%C3%AFbes%2C+cette+petite+%C3%AEle+est+en+effet+une+v%C3%A9ritable+oasis+de+calme+et+de+beaut%C3%A9%2C+id%C3%A9ale+pour+qui+veut+se+ressourcer+%C3%A0+l%E2%80%99ombre+des+cocotiers.+%26nbsp%3B+De+Canc%C3%BAn%2C+il+suffit+de+prendre+le+traversier+pour+fouler+le+sol+de+ce+petit+paradis.+Ou+bien+encore+l%E2%80%99avion%2C+pour+une+arriv%C3%A9e+grandiose+et+la+d%C3%A9couverte+d%E2%80%99un+panorama+%C3%A0+couper+le+souffle%2C+entre+kilom%C3%A8tres+de+bancs+de+sable%2C+nature+luxuriante+et+r%C3%A9cifs+de+corail+%C3%A9mergeant+des+eaux+turquoise.+%26nbsp%3B+D%C3%A9couverte+en+1517+par+un+conquistador+espagnol%2C+l%E2%80%99%C3%8Ele+des+Femmes+tiendrait+son+nom+des+figurines+de+d%C3%A9esses+mayas+d%C3%A9couvertes+dans+l%E2%80%99un+des+sanctuaires+de+l%E2%80%99%C3%AEle%2C+dont+le+plus+visit%C3%A9+se+trouve+aujourd%E2%80%99hui+sur+les+falaises+de+Punta+Sur.+Certains+racontent%2C+peut-%C3%AAtre+pour+alimenter+la+l%C3%A9gende%2C+que+des+pirates+espagnols+y+laissaient+leurs%C2%A0+femmes+afin+de+les+mettre+%C3%A0+l%E2%80%99abri%2C+avant+d%E2%80%99aller+piller+la+c%C3%B4te.+%26nbsp%3B+Le+fait+est+qu%E2%80%99%C3%A0+l%E2%80%99%C3%A9poque+des+Mayas%2C+Isla+Mujeres+%28l%E2%80%99%C3%8Ele+des+Femmes%29+%C3%A9tait+consid%C3%A9r%C3%A9e+comme+un+lieu+sacr%C3%A9+d%C3%A9di%C3%A9+%C3%A0+la+D%C3%A9esse+Ixchel%2C+m%C3%A8re+des+dieux%2C+d%C3%A9esse+de+%5B%26hellip%3B%5D', 'sharer', 'toolbar=0,status=0,width=620,height=280');\">\n\t\t\t\t\t<span class=\"edgtf-social-network-icon social_facebook\"><\/span>\n\t\t\t<\/a>\n<\/li><li class=\"edgtf-twitter-share\">\n\t<a class=\"edgtf-share-link\" href=\"#\" onclick=\"window.open('http:\/\/twitter.com\/home?status=%C3%80+peine+%C3%A0+quinze+minutes+en+bateau+de+Canc%C3%BAn%2C+l%E2%80%99%C3%8Ele+des+Femmes+semble+%C3%A0+mille+lieues+de+sa+voisine+bruyante+et+https:\/\/magazineluxe.com\/fr\/isla-mujeres-un-petit-paradis-a-decouvrir\/', 'popupwindow', 'scrollbars=yes,width=800,height=400');\">\n\t\t\t\t\t<span class=\"edgtf-social-network-icon social_twitter\"><\/span>\n\t\t\t<\/a>\n<\/li><li class=\"edgtf-linkedin-share\">\n\t<a class=\"edgtf-share-link\" href=\"#\" onclick=\"popUp=window.open('http:\/\/linkedin.com\/shareArticle?mini=true&amp;url=https%3A%2F%2Fmagazineluxe.com%2Ffr%2Fisla-mujeres-un-petit-paradis-a-decouvrir%2F&amp;title=Isla+Mujeres+%3A+un+petit+paradis+%C3%A0+d%C3%A9couvrir', 'popupwindow', 'scrollbars=yes,width=800,height=400');popUp.focus();return false;\">\n\t\t\t\t\t<span class=\"edgtf-social-network-icon social_linkedin\"><\/span>\n\t\t\t<\/a>\n<\/li><li class=\"edgtf-pinterest-share\">\n\t<a class=\"edgtf-share-link\" href=\"#\" onclick=\"popUp=window.open('http:\/\/pinterest.com\/pin\/create\/button\/?url=https%3A%2F%2Fmagazineluxe.com%2Ffr%2Fisla-mujeres-un-petit-paradis-a-decouvrir%2F&amp;description=Isla Mujeres : un petit paradis \u00e0 d\u00e9couvrir&amp;media=https%3A%2F%2Fmagazineluxe.com%2Fwp-content%2Fuploads%2F2014%2F12%2Fisla-mujeres-9.jpg', 'popupwindow', 'scrollbars=yes,width=800,height=400');popUp.focus();return false;\">\n\t\t\t\t\t<span class=\"edgtf-social-network-icon social_pinterest\"><\/span>\n\t\t\t<\/a>\n<\/li>\t\t<\/ul>\n\t<\/div>\n<\/div><\/div>\n        <\/div>\n    <\/div>\n<\/div><div class=\"edgtf-post-example-item-three-item edgtf-post-item\">\n        <div class=\"edgtf-post-example-item-three-image-holder\">\n                <div class=\"edgtf-post-example-item-three-image-inner-holder\">\n            <img loading=\"lazy\" decoding=\"async\" src=\"https:\/\/magazineluxe.com\/wp-content\/uploads\/2014\/12\/les-immeubles-charlevoix-quebec-6-410x230.jpg\" alt=\"\" width=\"410\" height=\"230\" \/>        <\/div>\n        <a itemprop=\"url\" class=\"edgtf-post-example-item-three-slide-link\" href=\"https:\/\/magazineluxe.com\/fr\/la-plus-grande-residence-de-tourisme-a-quebec\/\" target=\"_self\"><\/a>\n    <\/div>\n        <div class=\"edgtf-post-example-item-three-content-holder\">\n        <div class=\"edgtf-post-example-item-three-title-holder\">\n            <h3 class=\"edgtf-post-example-item-three-title\">\n                <a itemprop=\"url\" href=\"https:\/\/magazineluxe.com\/fr\/la-plus-grande-residence-de-tourisme-a-quebec\/\" target=\"_self\">\n                    La plus grande r\u00e9sidence de tourisme \u00e0 Qu\u00e9bec                <\/a>\n            <\/h3>\n        <\/div>\n                    <div class=\"edgtf-post-example-item-three-excerpt\">\n                <p class=\"edgtf-post-excerpt\">Depuis juin dernier, la ville de Qu\u00e9bec offre aux touristes et aux gens d\u2019affaires une occasion exceptionnelle de vivre Qu\u00e9bec autrement : la location \u00e0 court terme d\u2019un condo de luxe ou d\u2019un penthouse au meilleur emplacement qui soit. Situ\u00e9 sur la colline Parlementaire, \u00e0 deux pas du Vieux-Qu\u00e9bec, des<\/p>            <\/div>\n                <div class=\"edgtf-post-example-item-three-info-section\">\n                        <div class=\"edgtf-post-info-comments-holder\">\n    <a itemprop=\"url\" class=\"edgtf-post-info-comments edgtf-comments-with-icon\" href=\"https:\/\/magazineluxe.com\/fr\/la-plus-grande-residence-de-tourisme-a-quebec\/#respond\" target=\"_self\">\n        0     <\/a>\n<\/div>            <div class=\"edgtf-blog-like\">\n\t<a href=\"#\" class=\"edgtf-like\" id=\"edgtf-like-7061-240\" title=\"Like this\" data-post-id=\"7061\"><span>0<\/span><input type=\"hidden\" id=\"edgtf_like_nonce_7061\" name=\"edgtf_like_nonce_7061\" value=\"5269d1632e\" \/><input type=\"hidden\" name=\"_wp_http_referer\" value=\"\/fr\/wp-json\/wp\/v2\/pages\/13743\" \/><\/a><\/div>\n            <div class=\"edgtf-blog-share\">\n\t<div class=\"edgtf-social-share-holder edgtf-dropdown \">\n\t<a href=\"javascript:void(0)\" target=\"_self\" class=\"edgtf-social-share-dropdown-opener\">\n\t\t<span class=\"edgtf-social-share-title\">PARTAGER<\/span>\n\t<\/a>\n\t<div class=\"edgtf-social-share-dropdown\">\n\t\t<ul>\n\t\t\t<li class=\"edgtf-facebook-share\">\n\t<a class=\"edgtf-share-link\" href=\"#\" onclick=\"window.open('http:\/\/www.facebook.com\/sharer.php?s=100&amp;p[title]=La+plus+grande+r%C3%A9sidence+de+tourisme+%C3%A0+Qu%C3%A9bec&amp;p[url]=https%3A%2F%2Fmagazineluxe.com%2Ffr%2Fla-plus-grande-residence-de-tourisme-a-quebec%2F&amp;p[images][0]=https:\/\/magazineluxe.com\/wp-content\/uploads\/2014\/12\/les-immeubles-charlevoix-quebec-6.jpg&amp;p[summary]=Depuis+juin+dernier%2C+la+ville+de+Qu%C3%A9bec+offre+aux+touristes+et+aux+gens+d%E2%80%99affaires+une+occasion+exceptionnelle+de+vivre+Qu%C3%A9bec+autrement+%3A+la+location+%C3%A0+court+terme+d%E2%80%99un+condo+de+luxe+ou+d%E2%80%99un+penthouse+au+meilleur+emplacement+qui+soit.+Situ%C3%A9+sur+la+colline+Parlementaire%2C+%C3%A0+deux+pas+du+Vieux-Qu%C3%A9bec%2C+des+salles+de+spectacles+et+des+commerces+de+la+rue+Saint-Jean%2C+%C3%A0+quelques+minutes+des+centres+de+ski+et+%C3%A0+la+porte+d%E2%80%99entr%C3%A9e+de+Charlevoix%2C+le+760+Honor%C3%A9-Mercier+occupe+une+place+parfaite%2C+tant+pour+les+touristes+qui+souhaitent+d%C3%A9couvrir+la+r%C3%A9gion+que+pour+les+artistes+et+gens+d%E2%80%99affaires+qui+veulent+s%C3%A9journer+dans+la+capitale.+%26nbsp%3B+L%E2%80%99immeuble+compte+82+condos%2C+dont+60+sont+offerts+en+location+%C3%A0+court+terme+par+leurs+propri%C3%A9taires.+Impliqu%C3%A9s+%C3%A0+fond+dans+ce+projet%2C+ceux-ci+ont+investi+beaucoup+d%E2%80%99efforts+pour+finaliser+le+design+de+leur+appartement+et+l%E2%80%99am%C3%A9nager+avec+soin+et+raffinement.+Ils+ont+%C3%A9t%C3%A9+guid%C3%A9s+en+cela+par+les+immeubles+Charlevoix%2C+l%E2%80%99agence+immobili%C3%A8re+qui+g%C3%A8re+la+r%C3%A9sidence+de+tourisme.+Comme+elle+poss%C3%A8de+plus+de+35+ans+d%E2%80%99exp%C3%A9rience+dans+la+gestion+immobili%C3%A8re%2C+dans+les+r%C3%A9gions+de+Qu%C3%A9bec+et+de+Charlevoix%2C+c%E2%80%99%C3%A9tait+l%E2%80%99agence+toute+d%C3%A9sign%C3%A9e+pour+encadrer+l%E2%80%99am%C3%A9nagement+des+appartements+et+faire+en+sorte+que+cette+r%C3%A9sidence+de+tourisme+%5B%26hellip%3B%5D', 'sharer', 'toolbar=0,status=0,width=620,height=280');\">\n\t\t\t\t\t<span class=\"edgtf-social-network-icon social_facebook\"><\/span>\n\t\t\t<\/a>\n<\/li><li class=\"edgtf-twitter-share\">\n\t<a class=\"edgtf-share-link\" href=\"#\" onclick=\"window.open('http:\/\/twitter.com\/home?status=Depuis+juin+dernier%2C+la+ville+de+Qu%C3%A9bec+offre+aux+touristes+et+aux+gens+d%E2%80%99affaires+une+occasion+exceptionnelle+de+https:\/\/magazineluxe.com\/fr\/la-plus-grande-residence-de-tourisme-a-quebec\/', 'popupwindow', 'scrollbars=yes,width=800,height=400');\">\n\t\t\t\t\t<span class=\"edgtf-social-network-icon social_twitter\"><\/span>\n\t\t\t<\/a>\n<\/li><li class=\"edgtf-linkedin-share\">\n\t<a class=\"edgtf-share-link\" href=\"#\" onclick=\"popUp=window.open('http:\/\/linkedin.com\/shareArticle?mini=true&amp;url=https%3A%2F%2Fmagazineluxe.com%2Ffr%2Fla-plus-grande-residence-de-tourisme-a-quebec%2F&amp;title=La+plus+grande+r%C3%A9sidence+de+tourisme+%C3%A0+Qu%C3%A9bec', 'popupwindow', 'scrollbars=yes,width=800,height=400');popUp.focus();return false;\">\n\t\t\t\t\t<span class=\"edgtf-social-network-icon social_linkedin\"><\/span>\n\t\t\t<\/a>\n<\/li><li class=\"edgtf-pinterest-share\">\n\t<a class=\"edgtf-share-link\" href=\"#\" onclick=\"popUp=window.open('http:\/\/pinterest.com\/pin\/create\/button\/?url=https%3A%2F%2Fmagazineluxe.com%2Ffr%2Fla-plus-grande-residence-de-tourisme-a-quebec%2F&amp;description=La plus grande r\u00e9sidence de tourisme \u00e0 Qu\u00e9bec&amp;media=https%3A%2F%2Fmagazineluxe.com%2Fwp-content%2Fuploads%2F2014%2F12%2Fles-immeubles-charlevoix-quebec-6.jpg', 'popupwindow', 'scrollbars=yes,width=800,height=400');popUp.focus();return false;\">\n\t\t\t\t\t<span class=\"edgtf-social-network-icon social_pinterest\"><\/span>\n\t\t\t<\/a>\n<\/li>\t\t<\/ul>\n\t<\/div>\n<\/div><\/div>\n        <\/div>\n    <\/div>\n<\/div><div class=\"edgtf-post-example-item-three-item edgtf-post-item\">\n        <div class=\"edgtf-post-example-item-three-image-holder\">\n                <div class=\"edgtf-post-example-item-three-image-inner-holder\">\n            <img loading=\"lazy\" decoding=\"async\" src=\"https:\/\/magazineluxe.com\/wp-content\/uploads\/2014\/07\/southampton-new-york-410x230.jpg\" alt=\"\" width=\"410\" height=\"230\" \/>        <\/div>\n        <a itemprop=\"url\" class=\"edgtf-post-example-item-three-slide-link\" href=\"https:\/\/magazineluxe.com\/fr\/les-dunes-de-westhampton\/\" target=\"_self\"><\/a>\n    <\/div>\n        <div class=\"edgtf-post-example-item-three-content-holder\">\n        <div class=\"edgtf-post-example-item-three-title-holder\">\n            <h3 class=\"edgtf-post-example-item-three-title\">\n                <a itemprop=\"url\" href=\"https:\/\/magazineluxe.com\/fr\/les-dunes-de-westhampton\/\" target=\"_self\">\n                    Un secteur classique des Hamptons : les Dunes de Westhampton                <\/a>\n            <\/h3>\n        <\/div>\n                    <div class=\"edgtf-post-example-item-three-excerpt\">\n                <p class=\"edgtf-post-excerpt\">Les New-Yorkais d\u2019abord, et beaucoup d\u2019autres depuis, adorent les Hamptons en toutes saisons. Pour un court ou long s\u00e9jour, la destination tente toujours. Une client\u00e8le internationale partage cet avis et fait le va-et-vient entre Manhattan et la plage. Pour des vacances estivales, un week-end ou une escapade en semaine, les<\/p>            <\/div>\n                <div class=\"edgtf-post-example-item-three-info-section\">\n                        <div class=\"edgtf-post-info-comments-holder\">\n    <a itemprop=\"url\" class=\"edgtf-post-info-comments edgtf-comments-with-icon\" href=\"https:\/\/magazineluxe.com\/fr\/les-dunes-de-westhampton\/#respond\" target=\"_self\">\n        0     <\/a>\n<\/div>            <div class=\"edgtf-blog-like\">\n\t<a href=\"#\" class=\"edgtf-like\" id=\"edgtf-like-6773-368\" title=\"Like this\" data-post-id=\"6773\"><span>0<\/span><input type=\"hidden\" id=\"edgtf_like_nonce_6773\" name=\"edgtf_like_nonce_6773\" value=\"b77c4a16f7\" \/><input type=\"hidden\" name=\"_wp_http_referer\" value=\"\/fr\/wp-json\/wp\/v2\/pages\/13743\" \/><\/a><\/div>\n            <div class=\"edgtf-blog-share\">\n\t<div class=\"edgtf-social-share-holder edgtf-dropdown \">\n\t<a href=\"javascript:void(0)\" target=\"_self\" class=\"edgtf-social-share-dropdown-opener\">\n\t\t<span class=\"edgtf-social-share-title\">PARTAGER<\/span>\n\t<\/a>\n\t<div class=\"edgtf-social-share-dropdown\">\n\t\t<ul>\n\t\t\t<li class=\"edgtf-facebook-share\">\n\t<a class=\"edgtf-share-link\" href=\"#\" onclick=\"window.open('http:\/\/www.facebook.com\/sharer.php?s=100&amp;p[title]=Un+secteur+classique+des+Hamptons+%3A+les+Dunes+de+Westhampton&amp;p[url]=https%3A%2F%2Fmagazineluxe.com%2Ffr%2Fles-dunes-de-westhampton%2F&amp;p[images][0]=https:\/\/magazineluxe.com\/wp-content\/uploads\/2014\/07\/southampton-new-york.jpg&amp;p[summary]=Les+New-Yorkais+d%E2%80%99abord%2C+et+beaucoup+d%E2%80%99autres+depuis%2C+adorent+les+Hamptons+en+toutes+saisons.+Pour+un+court+ou+long+s%C3%A9jour%2C+la+destination+tente+toujours.+Une+client%C3%A8le+internationale+partage+cet+avis+et+fait+le+va-et-vient+entre+Manhattan+et+la+plage.+Pour+des+vacances+estivales%2C+un+week-end+ou+une+escapade+en+semaine%2C+les+Hamptons+sont+faciles+d%E2%80%99acc%C3%A8s.+Ils+sont+situ%C3%A9s+%C3%A0+une+heure+et+demie+de+Manhattan+sur+la+c%C3%B4te+sud+de+Long+Island%2C+dans+l%E2%80%99%C3%89tat+de+New+York.+Lauren+Berger+assure+le+transport+de+ses+visiteurs+entre+les+deux+villes+avec+une+s%C3%A9lection+de+voitures+de+luxe+ou+sport.+LUXE+a+%C3%A9t%C3%A9+invit%C3%A9+%C3%A0+faire+le+trajet+avec+l%E2%80%99h%C3%B4tesse+la+plus+appr%C3%A9ci%C3%A9e+de+New+York.+Beaut%C3%A9+chic+%C3%A0+l%26rsquo%3Bam%C3%A9ricaine+Le+Montauk+Highway+traverse+une+s%C3%A9rie+de+beaux+villages+entour%C3%A9s+de+pins%2C+de+petits+ports+anim%C3%A9s+et+de+plages+splendides.+La+route+est+bord%C3%A9e+d%E2%80%99une+nature+verdoyante%2C+et+des+chevaux+rac%C3%A9s+galopent+dans+le+paysage.+De+belles+propri%C3%A9t%C3%A9s+%C3%A9questres+longent+la+route.+Tous+les+mois+de+septembre+se+tient+un+concours+hippique+renomm%C3%A9+dans+toute+l%E2%80%99Am%C3%A9rique+du+Nord+%3A+%C2%AB+The+Hampton+Classic+%C2%BB.+Une+soci%C3%A9t%C3%A9+distingu%C3%A9e%2C+dont+Jacky+Kennedy+Onassis+faisait+partie%2C+se+retrouve+autour+des+chevaux+et+des+belles+propri%C3%A9t%C3%A9s%2C+tous+%5B%26hellip%3B%5D', 'sharer', 'toolbar=0,status=0,width=620,height=280');\">\n\t\t\t\t\t<span class=\"edgtf-social-network-icon social_facebook\"><\/span>\n\t\t\t<\/a>\n<\/li><li class=\"edgtf-twitter-share\">\n\t<a class=\"edgtf-share-link\" href=\"#\" onclick=\"window.open('http:\/\/twitter.com\/home?status=Les+New-Yorkais+d%E2%80%99abord%2C+et+beaucoup+d%E2%80%99autres+depuis%2C+adorent+les+Hamptons+en+toutes+saisons.+Pour+un+court+ou+long+https:\/\/magazineluxe.com\/fr\/les-dunes-de-westhampton\/', 'popupwindow', 'scrollbars=yes,width=800,height=400');\">\n\t\t\t\t\t<span class=\"edgtf-social-network-icon social_twitter\"><\/span>\n\t\t\t<\/a>\n<\/li><li class=\"edgtf-linkedin-share\">\n\t<a class=\"edgtf-share-link\" href=\"#\" onclick=\"popUp=window.open('http:\/\/linkedin.com\/shareArticle?mini=true&amp;url=https%3A%2F%2Fmagazineluxe.com%2Ffr%2Fles-dunes-de-westhampton%2F&amp;title=Un+secteur+classique+des+Hamptons+%3A+les+Dunes+de+Westhampton', 'popupwindow', 'scrollbars=yes,width=800,height=400');popUp.focus();return false;\">\n\t\t\t\t\t<span class=\"edgtf-social-network-icon social_linkedin\"><\/span>\n\t\t\t<\/a>\n<\/li><li class=\"edgtf-pinterest-share\">\n\t<a class=\"edgtf-share-link\" href=\"#\" onclick=\"popUp=window.open('http:\/\/pinterest.com\/pin\/create\/button\/?url=https%3A%2F%2Fmagazineluxe.com%2Ffr%2Fles-dunes-de-westhampton%2F&amp;description=Un secteur classique des Hamptons : les Dunes de Westhampton&amp;media=https%3A%2F%2Fmagazineluxe.com%2Fwp-content%2Fuploads%2F2014%2F07%2Fsouthampton-new-york.jpg', 'popupwindow', 'scrollbars=yes,width=800,height=400');popUp.focus();return false;\">\n\t\t\t\t\t<span class=\"edgtf-social-network-icon social_pinterest\"><\/span>\n\t\t\t<\/a>\n<\/li>\t\t<\/ul>\n\t<\/div>\n<\/div><\/div>\n        <\/div>\n    <\/div>\n<\/div><div class=\"edgtf-post-example-item-three-item edgtf-post-item\">\n        <div class=\"edgtf-post-example-item-three-image-holder\">\n                <div class=\"edgtf-post-example-item-three-image-inner-holder\">\n            <img loading=\"lazy\" decoding=\"async\" src=\"https:\/\/magazineluxe.com\/wp-content\/uploads\/2014\/03\/new-york-410x230.jpg\" alt=\"\" width=\"410\" height=\"230\" \/>        <\/div>\n        <a itemprop=\"url\" class=\"edgtf-post-example-item-three-slide-link\" href=\"https:\/\/magazineluxe.com\/fr\/new-york-vue-panoramique-sur-cental-park\/\" target=\"_self\"><\/a>\n    <\/div>\n        <div class=\"edgtf-post-example-item-three-content-holder\">\n        <div class=\"edgtf-post-example-item-three-title-holder\">\n            <h3 class=\"edgtf-post-example-item-three-title\">\n                <a itemprop=\"url\" href=\"https:\/\/magazineluxe.com\/fr\/new-york-vue-panoramique-sur-cental-park\/\" target=\"_self\">\n                    New York, vue panoramique sur Cental Park                <\/a>\n            <\/h3>\n        <\/div>\n                    <div class=\"edgtf-post-example-item-three-excerpt\">\n                <p class=\"edgtf-post-excerpt\">Un voyage \u00e0 New York est la promesse d\u2019exp\u00e9riences uniques dans l\u2019une des villes les plus fascinantes du monde. L\u2019\u00e9nergie l\u00e9gendaire de New York et sa beaut\u00e9 m\u00e9tropolitaine sont m\u00e9morables. Nuit et jour, la ville offre des possibilit\u00e9s infinies, elle ne s\u2019arr\u00eate simplement jamais! Comment r\u00e9concilier le d\u00e9sir de profiter<\/p>            <\/div>\n                <div class=\"edgtf-post-example-item-three-info-section\">\n                        <div class=\"edgtf-post-info-comments-holder\">\n    <a itemprop=\"url\" class=\"edgtf-post-info-comments edgtf-comments-with-icon\" href=\"https:\/\/magazineluxe.com\/fr\/new-york-vue-panoramique-sur-cental-park\/#respond\" target=\"_self\">\n        0     <\/a>\n<\/div>            <div class=\"edgtf-blog-like\">\n\t<a href=\"#\" class=\"edgtf-like\" id=\"edgtf-like-6644-844\" title=\"Like this\" data-post-id=\"6644\"><span>0<\/span><input type=\"hidden\" id=\"edgtf_like_nonce_6644\" name=\"edgtf_like_nonce_6644\" value=\"8949a6b5a4\" \/><input type=\"hidden\" name=\"_wp_http_referer\" value=\"\/fr\/wp-json\/wp\/v2\/pages\/13743\" \/><\/a><\/div>\n            <div class=\"edgtf-blog-share\">\n\t<div class=\"edgtf-social-share-holder edgtf-dropdown \">\n\t<a href=\"javascript:void(0)\" target=\"_self\" class=\"edgtf-social-share-dropdown-opener\">\n\t\t<span class=\"edgtf-social-share-title\">PARTAGER<\/span>\n\t<\/a>\n\t<div class=\"edgtf-social-share-dropdown\">\n\t\t<ul>\n\t\t\t<li class=\"edgtf-facebook-share\">\n\t<a class=\"edgtf-share-link\" href=\"#\" onclick=\"window.open('http:\/\/www.facebook.com\/sharer.php?s=100&amp;p[title]=New+York%2C+vue+panoramique+sur+Cental+Park&amp;p[url]=https%3A%2F%2Fmagazineluxe.com%2Ffr%2Fnew-york-vue-panoramique-sur-cental-park%2F&amp;p[images][0]=https:\/\/magazineluxe.com\/wp-content\/uploads\/2014\/03\/new-york.jpg&amp;p[summary]=Un+voyage+%C3%A0+New+York+est+la+promesse+d%E2%80%99exp%C3%A9riences+uniques+dans+l%E2%80%99une+des+villes+les+plus+fascinantes+du+monde.+L%E2%80%99%C3%A9nergie+l%C3%A9gendaire+de+New+York+et+sa+beaut%C3%A9+m%C3%A9tropolitaine+sont+m%C3%A9morables.+Nuit+et+jour%2C+la+ville+offre+des+possibilit%C3%A9s+infinies%2C+elle+ne+s%E2%80%99arr%C3%AAte+simplement+jamais%21+Comment+r%C3%A9concilier+le+d%C3%A9sir+de+profiter+de+cette+%C3%A9nergie+extraordinaire+et+celui+de+vouloir+passer+des+moments+de+calme+en+son+sein%3F+O%C3%B9+trouver%2C+dans+la+ville+qui+ne+dort+jamais%2C+une+oasis+de+calme+o%C3%B9+dormir+en+paix%3F+L%E2%80%99Essex+House+et+Central+Park+LUXE+a+demand%C3%A9+conseil+%C3%A0+Lauren+Berger%2C+l%26rsquo%3Bune+des+expertes+de+Cond%C3%A9+Nast+Traveller+pour+2013.+Sa+recommandation+pour+vivre+tout+%C3%A0+la+fois+New+York%2C+nature+et+luxe+s%E2%80%99est+port%C3%A9+sur+l%E2%80%99Essex+House%2C+160+Central+Park+South.+Un+appartement+dans+ce+prestigieux+immeuble+art+d%C3%A9co+surplombant+le+parc+permet+de+vivre+la+ville+de+fa%C3%A7on+inoubliable.+L%E2%80%99Essex+House+abrite+l%E2%80%99h%C3%B4tel+JW+Marriott+et+des+unit%C3%A9s+de+copropri%C3%A9t%C3%A9+de+prestige.+L%E2%80%99%C3%A9l%C3%A9gante+5e+Avenue+passe+%C3%A0+l%E2%80%99est%2C+et+%C3%A0+l%E2%80%99Ouest+se+trouve+Columbus+Circle.+L%E2%80%99immeuble+se+trouve+%C3%A0+quelques+minutes+de+Carnegie+Hall%2C+du+Museum+Drive%2C+de+Van+Cleef+et+Tiffany.+Le+bord+du+parc+a+gard%C3%A9+un+peu+de+l%E2%80%99atmosph%C3%A8re+de+la+%5B%26hellip%3B%5D', 'sharer', 'toolbar=0,status=0,width=620,height=280');\">\n\t\t\t\t\t<span class=\"edgtf-social-network-icon social_facebook\"><\/span>\n\t\t\t<\/a>\n<\/li><li class=\"edgtf-twitter-share\">\n\t<a class=\"edgtf-share-link\" href=\"#\" onclick=\"window.open('http:\/\/twitter.com\/home?status=Un+voyage+%C3%A0+New+York+est+la+promesse+d%E2%80%99exp%C3%A9riences+uniques+dans+l%E2%80%99une+des+villes+les+plus+fascinantes+du+monde.+https:\/\/magazineluxe.com\/fr\/new-york-vue-panoramique-sur-cental-park\/', 'popupwindow', 'scrollbars=yes,width=800,height=400');\">\n\t\t\t\t\t<span class=\"edgtf-social-network-icon social_twitter\"><\/span>\n\t\t\t<\/a>\n<\/li><li class=\"edgtf-linkedin-share\">\n\t<a class=\"edgtf-share-link\" href=\"#\" onclick=\"popUp=window.open('http:\/\/linkedin.com\/shareArticle?mini=true&amp;url=https%3A%2F%2Fmagazineluxe.com%2Ffr%2Fnew-york-vue-panoramique-sur-cental-park%2F&amp;title=New+York%2C+vue+panoramique+sur+Cental+Park', 'popupwindow', 'scrollbars=yes,width=800,height=400');popUp.focus();return false;\">\n\t\t\t\t\t<span class=\"edgtf-social-network-icon social_linkedin\"><\/span>\n\t\t\t<\/a>\n<\/li><li class=\"edgtf-pinterest-share\">\n\t<a class=\"edgtf-share-link\" href=\"#\" onclick=\"popUp=window.open('http:\/\/pinterest.com\/pin\/create\/button\/?url=https%3A%2F%2Fmagazineluxe.com%2Ffr%2Fnew-york-vue-panoramique-sur-cental-park%2F&amp;description=New York, vue panoramique sur Cental Park&amp;media=https%3A%2F%2Fmagazineluxe.com%2Fwp-content%2Fuploads%2F2014%2F03%2Fnew-york.jpg', 'popupwindow', 'scrollbars=yes,width=800,height=400');popUp.focus();return false;\">\n\t\t\t\t\t<span class=\"edgtf-social-network-icon social_pinterest\"><\/span>\n\t\t\t<\/a>\n<\/li>\t\t<\/ul>\n\t<\/div>\n<\/div><\/div>\n        <\/div>\n    <\/div>\n<\/div><div class=\"edgtf-post-example-item-three-item edgtf-post-item\">\n        <div class=\"edgtf-post-example-item-three-image-holder\">\n                <div class=\"edgtf-post-example-item-three-image-inner-holder\">\n            <img loading=\"lazy\" decoding=\"async\" src=\"https:\/\/magazineluxe.com\/wp-content\/uploads\/2014\/03\/riplecove-410x230.jpg\" alt=\"\" width=\"410\" height=\"230\" \/>        <\/div>\n        <a itemprop=\"url\" class=\"edgtf-post-example-item-three-slide-link\" href=\"https:\/\/magazineluxe.com\/fr\/ripplecove-hotel-sur-le-lac\/\" target=\"_self\"><\/a>\n    <\/div>\n        <div class=\"edgtf-post-example-item-three-content-holder\">\n        <div class=\"edgtf-post-example-item-three-title-holder\">\n            <h3 class=\"edgtf-post-example-item-three-title\">\n                <a itemprop=\"url\" href=\"https:\/\/magazineluxe.com\/fr\/ripplecove-hotel-sur-le-lac\/\" target=\"_self\">\n                    RIPPLECOVE, h\u00f4tel sur le lac                <\/a>\n            <\/h3>\n        <\/div>\n                    <div class=\"edgtf-post-example-item-three-excerpt\">\n                <p class=\"edgtf-post-excerpt\">Envie d\u2019une escapade romantique? D\u2019un havre de paix \u00e0 seulement une heure et demie de Montr\u00e9al? Le Ripplecove vous attend. Situ\u00e9 aux abords du lac Massawippi, en Estrie, cet h\u00f4tel cinq \u00e9toiles et quatre diamants saura ravir votre esprit, votre corps et\u2026 vos papilles!\r\n\r\nUn ravissement des sens\r\n\u00c0 peine arriv\u00e9 sur<\/p>            <\/div>\n                <div class=\"edgtf-post-example-item-three-info-section\">\n                        <div class=\"edgtf-post-info-comments-holder\">\n    <a itemprop=\"url\" class=\"edgtf-post-info-comments edgtf-comments-with-icon\" href=\"https:\/\/magazineluxe.com\/fr\/ripplecove-hotel-sur-le-lac\/#respond\" target=\"_self\">\n        0     <\/a>\n<\/div>            <div class=\"edgtf-blog-like\">\n\t<a href=\"#\" class=\"edgtf-like\" id=\"edgtf-like-6626-951\" title=\"Like this\" data-post-id=\"6626\"><span>0<\/span><input type=\"hidden\" id=\"edgtf_like_nonce_6626\" name=\"edgtf_like_nonce_6626\" value=\"7d2e56f10d\" \/><input type=\"hidden\" name=\"_wp_http_referer\" value=\"\/fr\/wp-json\/wp\/v2\/pages\/13743\" \/><\/a><\/div>\n            <div class=\"edgtf-blog-share\">\n\t<div class=\"edgtf-social-share-holder edgtf-dropdown \">\n\t<a href=\"javascript:void(0)\" target=\"_self\" class=\"edgtf-social-share-dropdown-opener\">\n\t\t<span class=\"edgtf-social-share-title\">PARTAGER<\/span>\n\t<\/a>\n\t<div class=\"edgtf-social-share-dropdown\">\n\t\t<ul>\n\t\t\t<li class=\"edgtf-facebook-share\">\n\t<a class=\"edgtf-share-link\" href=\"#\" onclick=\"window.open('http:\/\/www.facebook.com\/sharer.php?s=100&amp;p[title]=RIPPLECOVE%2C+h%C3%B4tel+sur+le+lac&amp;p[url]=https%3A%2F%2Fmagazineluxe.com%2Ffr%2Fripplecove-hotel-sur-le-lac%2F&amp;p[images][0]=https:\/\/magazineluxe.com\/wp-content\/uploads\/2014\/03\/riplecove.jpg&amp;p[summary]=Envie+d%E2%80%99une+escapade+romantique%3F+D%E2%80%99un+havre+de+paix+%C3%A0+seulement+une+heure+et+demie+de+Montr%C3%A9al%3F+Le+Ripplecove+vous+attend.+Situ%C3%A9+aux+abords+du+lac+Massawippi%2C+en+Estrie%2C+cet+h%C3%B4tel+cinq+%C3%A9toiles+et+quatre+diamants+saura+ravir+votre+esprit%2C+votre+corps+et%E2%80%A6+vos+papilles%21+Un+ravissement+des+sens+%C3%80+peine+arriv%C3%A9+sur+les+lieux%2C+un+sentiment+de+bien-%C3%AAtre+vous+envahit+%3A+jardin+anglais+somptueux%2C+lac+cristallin+entour%C3%A9+d%E2%80%99arbres+centenaires+et%2C+surtout%2C+personnel+accueillant+et+attentionn%C3%A9.+L%E2%80%99h%C3%B4tel+propose+de+spacieuses+chambres+joliment+am%C3%A9nag%C3%A9es%2C+toutes+%C3%A9quip%C3%A9es+d%E2%80%99un+bain+et+d%E2%80%99une+douche+priv%C3%A9s.+Plusieurs+sont+en+outre+pourvues+d%E2%80%99un+foyer+et+d%E2%80%99un+balcon+donnant+sur+le+lac+ou+le+jardin.+Trois+chalets+sont+%C3%A9galement+%C3%A0+la+disposition+des+visiteurs.+Dot%C3%A9e+d%E2%80%99une+immense+fenestration+et+d%E2%80%99un+grand+foyer+pour+les+froides+journ%C3%A9es+d%E2%80%99hiver%2C+la+salle+%C3%A0+manger+vous+accueille+dans+une+atmosph%C3%A8re+chaleureuse+et+intime.+Concoct%C3%A9s+par+le+talentueux+chef+cuisinier+Steeve+Rondeau%2C+des+mets+plus+succulents+les+uns+que+les+autres+vous+transportent+%C3%A0+travers+le+terroir+qu%C3%A9b%C3%A9cois.+Au+menu+%3A+canard%2C+ris+de+veau%2C+gibier%2C+foie+gras%2C+saumon%E2%80%A6+Et+pour+accompagner+cette+cuisine+savoureuse%2C+gagnante+du+prestigieux+prix+Quatre+Diamants+CAA-AAA%2C+une+cave+%C3%A0+vin+exceptionnelle+vous+propose+un+choix+de+plus+%5B%26hellip%3B%5D', 'sharer', 'toolbar=0,status=0,width=620,height=280');\">\n\t\t\t\t\t<span class=\"edgtf-social-network-icon social_facebook\"><\/span>\n\t\t\t<\/a>\n<\/li><li class=\"edgtf-twitter-share\">\n\t<a class=\"edgtf-share-link\" href=\"#\" onclick=\"window.open('http:\/\/twitter.com\/home?status=Envie+d%E2%80%99une+escapade+romantique%3F+D%E2%80%99un+havre+de+paix+%C3%A0+seulement+une+heure+et+demie+de+Montr%C3%A9al%3F+Le+Ripplecove+vous+https:\/\/magazineluxe.com\/fr\/ripplecove-hotel-sur-le-lac\/', 'popupwindow', 'scrollbars=yes,width=800,height=400');\">\n\t\t\t\t\t<span class=\"edgtf-social-network-icon social_twitter\"><\/span>\n\t\t\t<\/a>\n<\/li><li class=\"edgtf-linkedin-share\">\n\t<a class=\"edgtf-share-link\" href=\"#\" onclick=\"popUp=window.open('http:\/\/linkedin.com\/shareArticle?mini=true&amp;url=https%3A%2F%2Fmagazineluxe.com%2Ffr%2Fripplecove-hotel-sur-le-lac%2F&amp;title=RIPPLECOVE%2C+h%C3%B4tel+sur+le+lac', 'popupwindow', 'scrollbars=yes,width=800,height=400');popUp.focus();return false;\">\n\t\t\t\t\t<span class=\"edgtf-social-network-icon social_linkedin\"><\/span>\n\t\t\t<\/a>\n<\/li><li class=\"edgtf-pinterest-share\">\n\t<a class=\"edgtf-share-link\" href=\"#\" onclick=\"popUp=window.open('http:\/\/pinterest.com\/pin\/create\/button\/?url=https%3A%2F%2Fmagazineluxe.com%2Ffr%2Fripplecove-hotel-sur-le-lac%2F&amp;description=RIPPLECOVE, h\u00f4tel sur le lac&amp;media=https%3A%2F%2Fmagazineluxe.com%2Fwp-content%2Fuploads%2F2014%2F03%2Friplecove.jpg', 'popupwindow', 'scrollbars=yes,width=800,height=400');popUp.focus();return false;\">\n\t\t\t\t\t<span class=\"edgtf-social-network-icon social_pinterest\"><\/span>\n\t\t\t<\/a>\n<\/li>\t\t<\/ul>\n\t<\/div>\n<\/div><\/div>\n        <\/div>\n    <\/div>\n<\/div><div class=\"edgtf-post-example-item-three-item edgtf-post-item\">\n        <div class=\"edgtf-post-example-item-three-image-holder\">\n                <div class=\"edgtf-post-example-item-three-image-inner-holder\">\n            <img loading=\"lazy\" decoding=\"async\" src=\"https:\/\/magazineluxe.com\/wp-content\/uploads\/2013\/09\/Lac-Moreau-410x230.jpg\" alt=\"\" width=\"410\" height=\"230\" \/>        <\/div>\n        <a itemprop=\"url\" class=\"edgtf-post-example-item-three-slide-link\" href=\"https:\/\/magazineluxe.com\/fr\/la-pouvoirie-du-lac-moreau\/\" target=\"_self\"><\/a>\n    <\/div>\n        <div class=\"edgtf-post-example-item-three-content-holder\">\n        <div class=\"edgtf-post-example-item-three-title-holder\">\n            <h3 class=\"edgtf-post-example-item-three-title\">\n                <a itemprop=\"url\" href=\"https:\/\/magazineluxe.com\/fr\/la-pouvoirie-du-lac-moreau\/\" target=\"_self\">\n                    La Pourvoirie du Lac Moreau                <\/a>\n            <\/h3>\n        <\/div>\n                    <div class=\"edgtf-post-example-item-three-excerpt\">\n                <p class=\"edgtf-post-excerpt\">LUXE a eu la chance de visiter l\u2019extraordinaire site de la Pourvoirie du Lac Moreau de Charlevoix. Une visite au coeur de la pittoresque et sauvage nature d\u2019un territoire de plus de 81 kilom\u00e8tres carr\u00e9s situ\u00e9 au centre des montagnes et entre le Parc national des Hautes-Gorges-de-la-Rivi\u00e8re-Malbaie et le Parc<\/p>            <\/div>\n                <div class=\"edgtf-post-example-item-three-info-section\">\n                        <div class=\"edgtf-post-info-comments-holder\">\n    <a itemprop=\"url\" class=\"edgtf-post-info-comments edgtf-comments-with-icon\" href=\"https:\/\/magazineluxe.com\/fr\/la-pouvoirie-du-lac-moreau\/#respond\" target=\"_self\">\n        0     <\/a>\n<\/div>            <div class=\"edgtf-blog-like\">\n\t<a href=\"#\" class=\"edgtf-like\" id=\"edgtf-like-6130-744\" title=\"Like this\" data-post-id=\"6130\"><span>0<\/span><input type=\"hidden\" id=\"edgtf_like_nonce_6130\" name=\"edgtf_like_nonce_6130\" value=\"b6f87461a9\" \/><input type=\"hidden\" name=\"_wp_http_referer\" value=\"\/fr\/wp-json\/wp\/v2\/pages\/13743\" \/><\/a><\/div>\n            <div class=\"edgtf-blog-share\">\n\t<div class=\"edgtf-social-share-holder edgtf-dropdown \">\n\t<a href=\"javascript:void(0)\" target=\"_self\" class=\"edgtf-social-share-dropdown-opener\">\n\t\t<span class=\"edgtf-social-share-title\">PARTAGER<\/span>\n\t<\/a>\n\t<div class=\"edgtf-social-share-dropdown\">\n\t\t<ul>\n\t\t\t<li class=\"edgtf-facebook-share\">\n\t<a class=\"edgtf-share-link\" href=\"#\" onclick=\"window.open('http:\/\/www.facebook.com\/sharer.php?s=100&amp;p[title]=La+Pourvoirie+du+Lac+Moreau&amp;p[url]=https%3A%2F%2Fmagazineluxe.com%2Ffr%2Fla-pouvoirie-du-lac-moreau%2F&amp;p[images][0]=https:\/\/magazineluxe.com\/wp-content\/uploads\/2013\/09\/Lac-Moreau.jpg&amp;p[summary]=LUXE+a+eu+la+chance+de+visiter+l%E2%80%99extraordinaire+site+de+la+Pourvoirie+du+Lac+Moreau+de+Charlevoix.+Une+visite+au+coeur+de+la+pittoresque+et+sauvage+nature+d%E2%80%99un+territoire+de+plus+de+81+kilom%C3%A8tres+carr%C3%A9s+situ%C3%A9+au+centre+des+montagnes+et+entre+le+Parc+national+des+Hautes-Gorges-de-la-Rivi%C3%A8re-Malbaie+et+le+Parc+national+des+Grands-Jardins.+Rendez-vous+pour+la+chasse%2C+la+p%C3%AAche%2C+la+vill%C3%A9giature+dans+le+confort+du+luxe%2C+la+Pourvoirie+du+Lac+Moreau+est+un+lieu+unique%2C+au+charme+distinctif+et+au+go%C3%BBt+raffin%C3%A9.+Entour%C3%A9e+d%E2%80%99un+territoire+pratiquement+vierge%2C+cette+destination+quatre+saisons+repr%C3%A9sente+un+paradis+pour+les+amateurs+d%E2%80%99activit%C3%A9s+de+plein+air+qui+y+trouvent+de+nombreuses+activit%C3%A9s+%C3%A0+faire%2C+mais%2C+surtout%2C+toutes+les+commodit%C3%A9s+qui+permettent+de+jouir+de+la+vie+au+maximum.+%26nbsp%3B+%C3%80+d%C3%A9couvrir+Localis%C3%A9e+%C3%A0+environ+55+km+au+nord+de+St-Urbain%2C+la+Pourvoirie+compte+de+nombreuses+installations%2C+entre+autres%2C+la+tr%C3%A8s+r%C3%A9put%C3%A9e+Auberge+du+Ravage%2C+ainsi+nomm%C3%A9e+en+raison+de+la+pr%C3%A9sence+d%E2%80%99un+ravage+d%E2%80%99orignaux+%28lieu+de+rassemblement+d%E2%80%99animaux+sauvages+pendant+l%E2%80%99hiver%29.+L%E2%80%99Auberge+du+Ravage%2C+la+seule+auberge+foresti%C3%A8re+cinq+%C3%A9toiles+situ%C3%A9e+dans+la+r%C3%A9gion+nordique+du+Qu%C3%A9bec%2C+peut+loger+26+personnes+en+occupation+simple+ou+double+dans+ses+rustiques+chambres+toutes+munies+d%E2%80%99une+salle+de+%5B%26hellip%3B%5D', 'sharer', 'toolbar=0,status=0,width=620,height=280');\">\n\t\t\t\t\t<span class=\"edgtf-social-network-icon social_facebook\"><\/span>\n\t\t\t<\/a>\n<\/li><li class=\"edgtf-twitter-share\">\n\t<a class=\"edgtf-share-link\" href=\"#\" onclick=\"window.open('http:\/\/twitter.com\/home?status=LUXE+a+eu+la+chance+de+visiter+l%E2%80%99extraordinaire+site+de+la+Pourvoirie+du+Lac+Moreau+de+Charlevoix.+Une+visite+au+https:\/\/magazineluxe.com\/fr\/la-pouvoirie-du-lac-moreau\/', 'popupwindow', 'scrollbars=yes,width=800,height=400');\">\n\t\t\t\t\t<span class=\"edgtf-social-network-icon social_twitter\"><\/span>\n\t\t\t<\/a>\n<\/li><li class=\"edgtf-linkedin-share\">\n\t<a class=\"edgtf-share-link\" href=\"#\" onclick=\"popUp=window.open('http:\/\/linkedin.com\/shareArticle?mini=true&amp;url=https%3A%2F%2Fmagazineluxe.com%2Ffr%2Fla-pouvoirie-du-lac-moreau%2F&amp;title=La+Pourvoirie+du+Lac+Moreau', 'popupwindow', 'scrollbars=yes,width=800,height=400');popUp.focus();return false;\">\n\t\t\t\t\t<span class=\"edgtf-social-network-icon social_linkedin\"><\/span>\n\t\t\t<\/a>\n<\/li><li class=\"edgtf-pinterest-share\">\n\t<a class=\"edgtf-share-link\" href=\"#\" onclick=\"popUp=window.open('http:\/\/pinterest.com\/pin\/create\/button\/?url=https%3A%2F%2Fmagazineluxe.com%2Ffr%2Fla-pouvoirie-du-lac-moreau%2F&amp;description=La Pourvoirie du Lac Moreau&amp;media=https%3A%2F%2Fmagazineluxe.com%2Fwp-content%2Fuploads%2F2013%2F09%2FLac-Moreau.jpg', 'popupwindow', 'scrollbars=yes,width=800,height=400');popUp.focus();return false;\">\n\t\t\t\t\t<span class=\"edgtf-social-network-icon social_pinterest\"><\/span>\n\t\t\t<\/a>\n<\/li>\t\t<\/ul>\n\t<\/div>\n<\/div><\/div>\n        <\/div>\n    <\/div>\n<\/div><div class=\"edgtf-post-example-item-three-item edgtf-post-item\">\n        <div class=\"edgtf-post-example-item-three-image-holder\">\n                <div class=\"edgtf-post-example-item-three-image-inner-holder\">\n            <img loading=\"lazy\" decoding=\"async\" src=\"https:\/\/magazineluxe.com\/wp-content\/uploads\/2013\/05\/Hotel-Swan-1-2-410x230.jpg\" alt=\"\" width=\"410\" height=\"230\" \/>        <\/div>\n        <a itemprop=\"url\" class=\"edgtf-post-example-item-three-slide-link\" href=\"https:\/\/magazineluxe.com\/fr\/hotel-chez-swann\/\" target=\"_self\"><\/a>\n    <\/div>\n        <div class=\"edgtf-post-example-item-three-content-holder\">\n        <div class=\"edgtf-post-example-item-three-title-holder\">\n            <h3 class=\"edgtf-post-example-item-three-title\">\n                <a itemprop=\"url\" href=\"https:\/\/magazineluxe.com\/fr\/hotel-chez-swann\/\" target=\"_self\">\n                    H\u00f4tel Chez Swann : un h\u00f4tel-boutique flamboyant                <\/a>\n            <\/h3>\n        <\/div>\n                    <div class=\"edgtf-post-example-item-three-excerpt\">\n                <p class=\"edgtf-post-excerpt\">\u00c0 deux pas du Mus\u00e9e des beaux-arts de Montr\u00e9al et de tous les grands \u00e9v\u00e9nements et festivals du Quartier des spectacles, l\u2019H\u00f4tel Chez Swann pr\u00e9sente un concept d\u2019h\u00f4tel-boutique unique en son genre.\r\n\r\nAmateur d\u2019art et de design? L\u2019H\u00f4tel Chez Swann est en soi un univers qu\u2019il faut absolument d\u00e9couvrir!\r\n\r\nL\u2019h\u00f4tel-boutique a ouvert<\/p>            <\/div>\n                <div class=\"edgtf-post-example-item-three-info-section\">\n                        <div class=\"edgtf-post-info-comments-holder\">\n    <a itemprop=\"url\" class=\"edgtf-post-info-comments edgtf-comments-with-icon\" href=\"https:\/\/magazineluxe.com\/fr\/hotel-chez-swann\/#respond\" target=\"_self\">\n        0     <\/a>\n<\/div>            <div class=\"edgtf-blog-like\">\n\t<a href=\"#\" class=\"edgtf-like\" id=\"edgtf-like-5594-600\" title=\"Like this\" data-post-id=\"5594\"><span>0<\/span><input type=\"hidden\" id=\"edgtf_like_nonce_5594\" name=\"edgtf_like_nonce_5594\" value=\"7b15122c92\" \/><input type=\"hidden\" name=\"_wp_http_referer\" value=\"\/fr\/wp-json\/wp\/v2\/pages\/13743\" \/><\/a><\/div>\n            <div class=\"edgtf-blog-share\">\n\t<div class=\"edgtf-social-share-holder edgtf-dropdown \">\n\t<a href=\"javascript:void(0)\" target=\"_self\" class=\"edgtf-social-share-dropdown-opener\">\n\t\t<span class=\"edgtf-social-share-title\">PARTAGER<\/span>\n\t<\/a>\n\t<div class=\"edgtf-social-share-dropdown\">\n\t\t<ul>\n\t\t\t<li class=\"edgtf-facebook-share\">\n\t<a class=\"edgtf-share-link\" href=\"#\" onclick=\"window.open('http:\/\/www.facebook.com\/sharer.php?s=100&amp;p[title]=H%C3%B4tel+Chez+Swann+%3A+un+h%C3%B4tel-boutique+flamboyant&amp;p[url]=https%3A%2F%2Fmagazineluxe.com%2Ffr%2Fhotel-chez-swann%2F&amp;p[images][0]=https:\/\/magazineluxe.com\/wp-content\/uploads\/2013\/05\/Hotel-Swan-1-2.jpg&amp;p[summary]=%C3%80+deux+pas+du+Mus%C3%A9e+des+beaux-arts+de+Montr%C3%A9al+et+de+tous+les+grands+%C3%A9v%C3%A9nements+et+festivals+du+Quartier+des+spectacles%2C+l%E2%80%99H%C3%B4tel+Chez+Swann+pr%C3%A9sente+un+concept+d%E2%80%99h%C3%B4tel-boutique+unique+en+son+genre.+Amateur+d%E2%80%99art+et+de+design%3F+L%E2%80%99H%C3%B4tel+Chez+Swann+est+en+soi+un+univers+qu%E2%80%99il+faut+absolument+d%C3%A9couvrir%21+L%E2%80%99h%C3%B4tel-boutique+a+ouvert+il+y+a+deux+ans.+Son+design+%E2%80%93+sign%C3%A9+Mary+Moegenburg+%E2%80%93+d%C3%A9voile+une+po%C3%A9sie+urbaine+qui+nous+transporte+dans+un+monde+sensuel+et+lyrique.+%C2%AB+Notre+h%C3%B4tel+est+unique+en+son+genre+%C2%BB%2C+commente+fi%C3%A8rement+Dwayne+Newton%2C+directeur+de+l%E2%80%99h%C3%B4tel.+L%26rsquo%3B%C3%A9tablissement+propose+23+chambres%2C+magnifiquement+d%C3%A9cor%C3%A9es+et+empreintes+d%E2%80%99une+personnalit%C3%A9+originale.+R%C3%A9parties+en+trois+cat%C3%A9gories+%28mondaines%2C+demi-mondaines+et+boudoirs%29%2C+elles+sont+aussi+spacieuses+que+fonctionnelles.+Quel+bonheur%2C+apr%C3%A8s+une+s%C3%A9ance+de+magasinage+ou+de+visite+de+la+m%C3%A9tropole%2C+de+se+laisser+choir+sur+un+grand+lit+ou+bien+de+se+d%C3%A9tendre+sous+une+immense+douche+massage+%C3%A0+jet+de+pluie%21+En+cas+de+petites+ou+de+grosses+faims%2C+l%E2%80%99espace+sant%C3%A9+de+l%E2%80%99h%C3%B4tel+vous+offrira+de+d%C3%A9licieux+mets+fran%C3%A7ais.+Et+si+vous+voulez+passer+une+soir%C3%A9e+inoubliable%2C+courez+au+restaurant+Le+Pois+Pench%C3%A9+%C3%A0+quelques+rues+de+l%C3%A0+%3A+le+restaurant+appartenant+au+m%C3%AAme+propri%C3%A9taire+que+l%E2%80%99h%C3%B4tel%2C+vous+%5B%26hellip%3B%5D', 'sharer', 'toolbar=0,status=0,width=620,height=280');\">\n\t\t\t\t\t<span class=\"edgtf-social-network-icon social_facebook\"><\/span>\n\t\t\t<\/a>\n<\/li><li class=\"edgtf-twitter-share\">\n\t<a class=\"edgtf-share-link\" href=\"#\" onclick=\"window.open('http:\/\/twitter.com\/home?status=%C3%80+deux+pas+du+Mus%C3%A9e+des+beaux-arts+de+Montr%C3%A9al+et+de+tous+les+grands+%C3%A9v%C3%A9nements+et+festivals+du+Quartier+des+https:\/\/magazineluxe.com\/fr\/hotel-chez-swann\/', 'popupwindow', 'scrollbars=yes,width=800,height=400');\">\n\t\t\t\t\t<span class=\"edgtf-social-network-icon social_twitter\"><\/span>\n\t\t\t<\/a>\n<\/li><li class=\"edgtf-linkedin-share\">\n\t<a class=\"edgtf-share-link\" href=\"#\" onclick=\"popUp=window.open('http:\/\/linkedin.com\/shareArticle?mini=true&amp;url=https%3A%2F%2Fmagazineluxe.com%2Ffr%2Fhotel-chez-swann%2F&amp;title=H%C3%B4tel+Chez+Swann+%3A+un+h%C3%B4tel-boutique+flamboyant', 'popupwindow', 'scrollbars=yes,width=800,height=400');popUp.focus();return false;\">\n\t\t\t\t\t<span class=\"edgtf-social-network-icon social_linkedin\"><\/span>\n\t\t\t<\/a>\n<\/li><li class=\"edgtf-pinterest-share\">\n\t<a class=\"edgtf-share-link\" href=\"#\" onclick=\"popUp=window.open('http:\/\/pinterest.com\/pin\/create\/button\/?url=https%3A%2F%2Fmagazineluxe.com%2Ffr%2Fhotel-chez-swann%2F&amp;description=H\u00f4tel Chez Swann : un h\u00f4tel-boutique flamboyant&amp;media=https%3A%2F%2Fmagazineluxe.com%2Fwp-content%2Fuploads%2F2013%2F05%2FHotel-Swan-1-2.jpg', 'popupwindow', 'scrollbars=yes,width=800,height=400');popUp.focus();return false;\">\n\t\t\t\t\t<span class=\"edgtf-social-network-icon social_pinterest\"><\/span>\n\t\t\t<\/a>\n<\/li>\t\t<\/ul>\n\t<\/div>\n<\/div><\/div>\n        <\/div>\n    <\/div>\n<\/div><div class=\"edgtf-post-example-item-three-item edgtf-post-item\">\n        <div class=\"edgtf-post-example-item-three-image-holder\">\n                <div class=\"edgtf-post-example-item-three-image-inner-holder\">\n            <img loading=\"lazy\" decoding=\"async\" src=\"https:\/\/magazineluxe.com\/wp-content\/uploads\/2013\/05\/Ritz12-2-410x230.jpg\" alt=\"\" width=\"410\" height=\"230\" \/>        <\/div>\n        <a itemprop=\"url\" class=\"edgtf-post-example-item-three-slide-link\" href=\"https:\/\/magazineluxe.com\/fr\/lhotel-ritz-carlton-montreal-une-philosophie-de-service\/\" target=\"_self\"><\/a>\n    <\/div>\n        <div class=\"edgtf-post-example-item-three-content-holder\">\n        <div class=\"edgtf-post-example-item-three-title-holder\">\n            <h3 class=\"edgtf-post-example-item-three-title\">\n                <a itemprop=\"url\" href=\"https:\/\/magazineluxe.com\/fr\/lhotel-ritz-carlton-montreal-une-philosophie-de-service\/\" target=\"_self\">\n                    L&rsquo;h\u00f4tel Ritz-Carlton Montr\u00e9al, une philosophie de service                <\/a>\n            <\/h3>\n        <\/div>\n                    <div class=\"edgtf-post-example-item-three-excerpt\">\n                <p class=\"edgtf-post-excerpt\">R\u00e9cemment r\u00e9nov\u00e9, l\u2019h\u00f4tel Ritz-Carlton Montr\u00e9al a retrouv\u00e9 la magnificence qui a fait sa r\u00e9putation. Pour son centenaire, ses chambres ont \u00e9t\u00e9 enti\u00e8rement r\u00e9am\u00e9nag\u00e9es tandis qu\u2019un nouveau restaurant a ouvert ses portes. Mais, au-del\u00e0 de la somptuosit\u00e9 des lieux, son secret r\u00e9side toujours dans une v\u00e9ritable philosophie du service \u00e0 la<\/p>            <\/div>\n                <div class=\"edgtf-post-example-item-three-info-section\">\n                        <div class=\"edgtf-post-info-comments-holder\">\n    <a itemprop=\"url\" class=\"edgtf-post-info-comments edgtf-comments-with-icon\" href=\"https:\/\/magazineluxe.com\/fr\/lhotel-ritz-carlton-montreal-une-philosophie-de-service\/#respond\" target=\"_self\">\n        0     <\/a>\n<\/div>            <div class=\"edgtf-blog-like\">\n\t<a href=\"#\" class=\"edgtf-like\" id=\"edgtf-like-5524-506\" title=\"Like this\" data-post-id=\"5524\"><span>0<\/span><input type=\"hidden\" id=\"edgtf_like_nonce_5524\" name=\"edgtf_like_nonce_5524\" value=\"e70fb4eed0\" \/><input type=\"hidden\" name=\"_wp_http_referer\" value=\"\/fr\/wp-json\/wp\/v2\/pages\/13743\" \/><\/a><\/div>\n            <div class=\"edgtf-blog-share\">\n\t<div class=\"edgtf-social-share-holder edgtf-dropdown \">\n\t<a href=\"javascript:void(0)\" target=\"_self\" class=\"edgtf-social-share-dropdown-opener\">\n\t\t<span class=\"edgtf-social-share-title\">PARTAGER<\/span>\n\t<\/a>\n\t<div class=\"edgtf-social-share-dropdown\">\n\t\t<ul>\n\t\t\t<li class=\"edgtf-facebook-share\">\n\t<a class=\"edgtf-share-link\" href=\"#\" onclick=\"window.open('http:\/\/www.facebook.com\/sharer.php?s=100&amp;p[title]=L%26rsquo%3Bh%C3%B4tel+Ritz-Carlton+Montr%C3%A9al%2C+une+philosophie+de+service&amp;p[url]=https%3A%2F%2Fmagazineluxe.com%2Ffr%2Flhotel-ritz-carlton-montreal-une-philosophie-de-service%2F&amp;p[images][0]=https:\/\/magazineluxe.com\/wp-content\/uploads\/2013\/05\/Ritz12-2.jpg&amp;p[summary]=R%C3%A9cemment+r%C3%A9nov%C3%A9%2C+l%E2%80%99h%C3%B4tel+Ritz-Carlton+Montr%C3%A9al+a+retrouv%C3%A9+la+magnificence+qui+a+fait+sa+r%C3%A9putation.+Pour+son+centenaire%2C+ses+chambres+ont+%C3%A9t%C3%A9+enti%C3%A8rement+r%C3%A9am%C3%A9nag%C3%A9es+tandis+qu%E2%80%99un+nouveau+restaurant+a+ouvert+ses+portes.+Mais%2C+au-del%C3%A0+de+la+somptuosit%C3%A9+des+lieux%2C+son+secret+r%C3%A9side+toujours+dans+une+v%C3%A9ritable+philosophie+du+service+%C3%A0+la+client%C3%A8le.+Redessin%C3%A9es+par+le+cabinet+d%E2%80%99architecture+de+renom+Provencher+Roy+%2B+Associ%C3%A9s+Architectes%2C+les+chambres+de+l%E2%80%99h%C3%B4tel+Ritz-Carlton+Montr%C3%A9al%2C+%C3%A9l%C3%A9gantes+et+par%C3%A9es+de+tissus+chatoyants%2C+ont+%C3%A9t%C3%A9+%C3%A9quip%C3%A9es+des+toutes+derni%C3%A8res+technologies.+Cartes+magn%C3%A9tiques%2C+d%C3%A9tecteurs+de+mouvement+activant+des+lumi%C3%A8res+la+nuit+pour+guider+les+clients+vers+la+salle+de+bains%2C%C2%A0lumi%C3%A8re+%C3%A0+l%26rsquo%3Bentr%C3%A9e+de+la+chambre+indiquant+si+le+client+est+pr%C3%A9sent+ou+non%E2%80%88%3A+elles+offrent+le+nec+plus+ultra+en+mati%C3%A8re+de+confort%2C+mais+surtout+de+service+personnalis%C3%A9.+Car+au+Ritz-Carlton+Montr%C3%A9al%2C+rien+n%E2%80%99est+plus+important+que+de+bien+servir+le+client.+Parmi+les+valeurs+que+partage+la+cha%C3%AEne+d%E2%80%99h%C3%B4tels+Ritz-Carlton+%C3%A0+travers+le+monde%2C+celle+de+ne+pas+seulement+r%C3%A9pondre+aux+besoins+du+client%2C+mais+de+les+anticiper+en+est+une+essentielle.+%C2%AB+Notre+%C3%A9quipe+s%E2%80%99entra%C3%AEne+tous+les+jours+pour+mettre+en+pratique+ces+notions+qui+sont+le+fondement+de+notre+philosophie+%C2%BB%2C+tient+%C3%A0+pr%C3%A9ciser+Andrew+Torriani%2C+%5B%26hellip%3B%5D', 'sharer', 'toolbar=0,status=0,width=620,height=280');\">\n\t\t\t\t\t<span class=\"edgtf-social-network-icon social_facebook\"><\/span>\n\t\t\t<\/a>\n<\/li><li class=\"edgtf-twitter-share\">\n\t<a class=\"edgtf-share-link\" href=\"#\" onclick=\"window.open('http:\/\/twitter.com\/home?status=R%C3%A9cemment+r%C3%A9nov%C3%A9%2C+l%E2%80%99h%C3%B4tel+Ritz-Carlton+Montr%C3%A9al+a+retrouv%C3%A9+la+magnificence+qui+a+fait+sa+r%C3%A9putation.+Pour+son+https:\/\/magazineluxe.com\/fr\/lhotel-ritz-carlton-montreal-une-philosophie-de-service\/', 'popupwindow', 'scrollbars=yes,width=800,height=400');\">\n\t\t\t\t\t<span class=\"edgtf-social-network-icon social_twitter\"><\/span>\n\t\t\t<\/a>\n<\/li><li class=\"edgtf-linkedin-share\">\n\t<a class=\"edgtf-share-link\" href=\"#\" onclick=\"popUp=window.open('http:\/\/linkedin.com\/shareArticle?mini=true&amp;url=https%3A%2F%2Fmagazineluxe.com%2Ffr%2Flhotel-ritz-carlton-montreal-une-philosophie-de-service%2F&amp;title=L%26rsquo%3Bh%C3%B4tel+Ritz-Carlton+Montr%C3%A9al%2C+une+philosophie+de+service', 'popupwindow', 'scrollbars=yes,width=800,height=400');popUp.focus();return false;\">\n\t\t\t\t\t<span class=\"edgtf-social-network-icon social_linkedin\"><\/span>\n\t\t\t<\/a>\n<\/li><li class=\"edgtf-pinterest-share\">\n\t<a class=\"edgtf-share-link\" href=\"#\" onclick=\"popUp=window.open('http:\/\/pinterest.com\/pin\/create\/button\/?url=https%3A%2F%2Fmagazineluxe.com%2Ffr%2Flhotel-ritz-carlton-montreal-une-philosophie-de-service%2F&amp;description=L&rsquo;h\u00f4tel Ritz-Carlton Montr\u00e9al, une philosophie de service&amp;media=https%3A%2F%2Fmagazineluxe.com%2Fwp-content%2Fuploads%2F2013%2F05%2FRitz12-2.jpg', 'popupwindow', 'scrollbars=yes,width=800,height=400');popUp.focus();return false;\">\n\t\t\t\t\t<span class=\"edgtf-social-network-icon social_pinterest\"><\/span>\n\t\t\t<\/a>\n<\/li>\t\t<\/ul>\n\t<\/div>\n<\/div><\/div>\n        <\/div>\n    <\/div>\n<\/div><div class=\"edgtf-post-example-item-three-item edgtf-post-item\">\n        <div class=\"edgtf-post-example-item-three-image-holder\">\n                <div class=\"edgtf-post-example-item-three-image-inner-holder\">\n            <img loading=\"lazy\" decoding=\"async\" src=\"https:\/\/magazineluxe.com\/wp-content\/uploads\/2013\/05\/Ritz19-Large-2-410x230.jpg\" alt=\"\" width=\"410\" height=\"230\" \/>        <\/div>\n        <a itemprop=\"url\" class=\"edgtf-post-example-item-three-slide-link\" href=\"https:\/\/magazineluxe.com\/fr\/les-residences-au-ritz-carlton-montreal-2\/\" target=\"_self\"><\/a>\n    <\/div>\n        <div class=\"edgtf-post-example-item-three-content-holder\">\n        <div class=\"edgtf-post-example-item-three-title-holder\">\n            <h3 class=\"edgtf-post-example-item-three-title\">\n                <a itemprop=\"url\" href=\"https:\/\/magazineluxe.com\/fr\/les-residences-au-ritz-carlton-montreal-2\/\" target=\"_self\">\n                    Les r\u00e9sidences au Ritz-Carlton Montr\u00e9al, un style de vie unique                <\/a>\n            <\/h3>\n        <\/div>\n                    <div class=\"edgtf-post-example-item-three-excerpt\">\n                <p class=\"edgtf-post-excerpt\">Ritz-Carlton. Un nom qui \u00e0 lui seul \u00e9voque le luxe. D\u00e9sormais, ce n\u2019est pas seulement \u00e0 l\u2019h\u00f4tel mythique qu\u2019il sera associ\u00e9, mais \u00e9galement \u00e0 des r\u00e9sidences priv\u00e9es au style de vie unique. M\u00ealant \u00e9l\u00e9gance et raffinement, ces appartements en plein c\u0153ur du Mille carr\u00e9 dor\u00e9 donnent acc\u00e8s aux\u00a0 services incomparables<\/p>            <\/div>\n                <div class=\"edgtf-post-example-item-three-info-section\">\n                        <div class=\"edgtf-post-info-comments-holder\">\n    <a itemprop=\"url\" class=\"edgtf-post-info-comments edgtf-comments-with-icon\" href=\"https:\/\/magazineluxe.com\/fr\/les-residences-au-ritz-carlton-montreal-2\/#respond\" target=\"_self\">\n        0     <\/a>\n<\/div>            <div class=\"edgtf-blog-like\">\n\t<a href=\"#\" class=\"edgtf-like\" id=\"edgtf-like-5118-351\" title=\"Like this\" data-post-id=\"5118\"><span>0<\/span><input type=\"hidden\" id=\"edgtf_like_nonce_5118\" name=\"edgtf_like_nonce_5118\" value=\"c4907b5edb\" \/><input type=\"hidden\" name=\"_wp_http_referer\" value=\"\/fr\/wp-json\/wp\/v2\/pages\/13743\" \/><\/a><\/div>\n            <div class=\"edgtf-blog-share\">\n\t<div class=\"edgtf-social-share-holder edgtf-dropdown \">\n\t<a href=\"javascript:void(0)\" target=\"_self\" class=\"edgtf-social-share-dropdown-opener\">\n\t\t<span class=\"edgtf-social-share-title\">PARTAGER<\/span>\n\t<\/a>\n\t<div class=\"edgtf-social-share-dropdown\">\n\t\t<ul>\n\t\t\t<li class=\"edgtf-facebook-share\">\n\t<a class=\"edgtf-share-link\" href=\"#\" onclick=\"window.open('http:\/\/www.facebook.com\/sharer.php?s=100&amp;p[title]=Les+r%C3%A9sidences+au+Ritz-Carlton+Montr%C3%A9al%2C+un+style+de+vie+unique&amp;p[url]=https%3A%2F%2Fmagazineluxe.com%2Ffr%2Fles-residences-au-ritz-carlton-montreal-2%2F&amp;p[images][0]=https:\/\/magazineluxe.com\/wp-content\/uploads\/2013\/05\/Ritz19-Large-2.jpg&amp;p[summary]=Ritz-Carlton.+Un+nom+qui+%C3%A0+lui+seul+%C3%A9voque+le+luxe.+D%C3%A9sormais%2C+ce+n%E2%80%99est+pas+seulement+%C3%A0+l%E2%80%99h%C3%B4tel+mythique+qu%E2%80%99il+sera+associ%C3%A9%2C+mais+%C3%A9galement+%C3%A0+des+r%C3%A9sidences+priv%C3%A9es+au+style+de+vie+unique.+M%C3%AAlant+%C3%A9l%C3%A9gance+et+raffinement%2C+ces+appartements+en+plein+c%C5%93ur+du+Mille+carr%C3%A9+dor%C3%A9+donnent+acc%C3%A8s+aux%C2%A0+services+incomparables+d%E2%80%99un+h%C3%B4tel+Cinq+Diamants.+Un+mariage+r%C3%A9ussi+entre+le+pass%C3%A9+et+le+pr%C3%A9sent+Le+Louvre+%C3%A0+Paris%2C+le+Bundestag+%C3%A0+Berlin+et%2C+maintenant%2C+les+R%C3%A9sidences+au+Ritz-Carlton+%C3%A0+Montr%C3%A9al+%3A+jumeler+un+b%C3%A2timent+patrimonial+%C3%A0+un+%C3%A9difice+en+verre+de+facture+contemporaine+constitue+un+choix+audacieux+de+plus+en+plus+en+plus+pris%C3%A9+et+m%C3%AAme+conseill%C3%A9+aujourd%E2%80%99hui.+La+l%C3%A9g%C3%A8ret%C3%A9+du+verre+et+sa+transparence+soulignent+avec+%C3%A9l%C3%A9gance+le+caract%C3%A8re+historique+du%C2%A0+b%C3%A2timent+original%2C+ainsi+que+deux+%C3%A9poques%C2%A0+diff%C3%A9rentes+sans+%C3%AAtre+incompatibles.+Si+vous+observez+la+nouvelle+fa%C3%A7ade+de+la+rue+Sherbrooke%2C+vous+ressentirez+ce+dialogue+heureux+entre+le+pass%C3%A9+et+le+pr%C3%A9sent.+%C2%AB+Il+aurait+%C3%A9t%C3%A9+tr%C3%A8s+difficile+de+r%C3%A9aliser+un+travail+contemporain+seulement+avec+la+pierre+d%E2%80%99origine+et+ses%C2%A0+ornementations%2C+commente+Claude+Provencher%2C+associ%C3%A9+fondateur+de+Provencher+Roy+%2B+Associ%C3%A9s+Architectes.+Nous+ne+voulions+pas+cr%C3%A9er+une+p%C3%A2le+copie+de+ce+qui+existait+d%C3%A9j%C3%A0.+Nous+avons+donc+propos%C3%A9+le+%5B%26hellip%3B%5D', 'sharer', 'toolbar=0,status=0,width=620,height=280');\">\n\t\t\t\t\t<span class=\"edgtf-social-network-icon social_facebook\"><\/span>\n\t\t\t<\/a>\n<\/li><li class=\"edgtf-twitter-share\">\n\t<a class=\"edgtf-share-link\" href=\"#\" onclick=\"window.open('http:\/\/twitter.com\/home?status=Ritz-Carlton.+Un+nom+qui+%C3%A0+lui+seul+%C3%A9voque+le+luxe.+D%C3%A9sormais%2C+ce+n%E2%80%99est+pas+seulement+%C3%A0+l%E2%80%99h%C3%B4tel+mythique+qu%E2%80%99il+sera+https:\/\/magazineluxe.com\/fr\/les-residences-au-ritz-carlton-montreal-2\/', 'popupwindow', 'scrollbars=yes,width=800,height=400');\">\n\t\t\t\t\t<span class=\"edgtf-social-network-icon social_twitter\"><\/span>\n\t\t\t<\/a>\n<\/li><li class=\"edgtf-linkedin-share\">\n\t<a class=\"edgtf-share-link\" href=\"#\" onclick=\"popUp=window.open('http:\/\/linkedin.com\/shareArticle?mini=true&amp;url=https%3A%2F%2Fmagazineluxe.com%2Ffr%2Fles-residences-au-ritz-carlton-montreal-2%2F&amp;title=Les+r%C3%A9sidences+au+Ritz-Carlton+Montr%C3%A9al%2C+un+style+de+vie+unique', 'popupwindow', 'scrollbars=yes,width=800,height=400');popUp.focus();return false;\">\n\t\t\t\t\t<span class=\"edgtf-social-network-icon social_linkedin\"><\/span>\n\t\t\t<\/a>\n<\/li><li class=\"edgtf-pinterest-share\">\n\t<a class=\"edgtf-share-link\" href=\"#\" onclick=\"popUp=window.open('http:\/\/pinterest.com\/pin\/create\/button\/?url=https%3A%2F%2Fmagazineluxe.com%2Ffr%2Fles-residences-au-ritz-carlton-montreal-2%2F&amp;description=Les r\u00e9sidences au Ritz-Carlton Montr\u00e9al, un style de vie unique&amp;media=https%3A%2F%2Fmagazineluxe.com%2Fwp-content%2Fuploads%2F2013%2F05%2FRitz19-Large-2.jpg', 'popupwindow', 'scrollbars=yes,width=800,height=400');popUp.focus();return false;\">\n\t\t\t\t\t<span class=\"edgtf-social-network-icon social_pinterest\"><\/span>\n\t\t\t<\/a>\n<\/li>\t\t<\/ul>\n\t<\/div>\n<\/div><\/div>\n        <\/div>\n    <\/div>\n<\/div><div class=\"edgtf-post-example-item-three-item edgtf-post-item\">\n        <div class=\"edgtf-post-example-item-three-image-holder\">\n                <div class=\"edgtf-post-example-item-three-image-inner-holder\">\n            <img loading=\"lazy\" decoding=\"async\" src=\"https:\/\/magazineluxe.com\/wp-content\/uploads\/2013\/02\/Ext\u00e9rieur-410x230.jpg\" alt=\"\" width=\"410\" height=\"230\" \/>        <\/div>\n        <a itemprop=\"url\" class=\"edgtf-post-example-item-three-slide-link\" href=\"https:\/\/magazineluxe.com\/fr\/lhotel-ritz-carlton\/\" target=\"_self\"><\/a>\n    <\/div>\n        <div class=\"edgtf-post-example-item-three-content-holder\">\n        <div class=\"edgtf-post-example-item-three-title-holder\">\n            <h3 class=\"edgtf-post-example-item-three-title\">\n                <a itemprop=\"url\" href=\"https:\/\/magazineluxe.com\/fr\/lhotel-ritz-carlton\/\" target=\"_self\">\n                    L&rsquo;h\u00f4tel Ritz-Carlton Montr\u00e9al c\u00e9l\u00e8bre son centenaire                <\/a>\n            <\/h3>\n        <\/div>\n                    <div class=\"edgtf-post-example-item-three-excerpt\">\n                <p class=\"edgtf-post-excerpt\">Apr\u00e8s quatre ans de r\u00e9novations majeures, le Ritz-Carlton Montr\u00e9al a rouvert ses portes en mai dernier, et c\u00e9l\u00e8bre, cinq mois plus tard, son centenaire. Cent vingt-neuf chambres ultra modernes, un restaurant gastronomique tenu par le renomm\u00e9 chef Daniel Boulud, des salles de r\u00e9unions de toutes tailles et 45 r\u00e9sidences de<\/p>            <\/div>\n                <div class=\"edgtf-post-example-item-three-info-section\">\n                        <div class=\"edgtf-post-info-comments-holder\">\n    <a itemprop=\"url\" class=\"edgtf-post-info-comments edgtf-comments-with-icon\" href=\"https:\/\/magazineluxe.com\/fr\/lhotel-ritz-carlton\/#respond\" target=\"_self\">\n        0     <\/a>\n<\/div>            <div class=\"edgtf-blog-like\">\n\t<a href=\"#\" class=\"edgtf-like\" id=\"edgtf-like-4676-619\" title=\"Like this\" data-post-id=\"4676\"><span>0<\/span><input type=\"hidden\" id=\"edgtf_like_nonce_4676\" name=\"edgtf_like_nonce_4676\" value=\"e4f18525a8\" \/><input type=\"hidden\" name=\"_wp_http_referer\" value=\"\/fr\/wp-json\/wp\/v2\/pages\/13743\" \/><\/a><\/div>\n            <div class=\"edgtf-blog-share\">\n\t<div class=\"edgtf-social-share-holder edgtf-dropdown \">\n\t<a href=\"javascript:void(0)\" target=\"_self\" class=\"edgtf-social-share-dropdown-opener\">\n\t\t<span class=\"edgtf-social-share-title\">PARTAGER<\/span>\n\t<\/a>\n\t<div class=\"edgtf-social-share-dropdown\">\n\t\t<ul>\n\t\t\t<li class=\"edgtf-facebook-share\">\n\t<a class=\"edgtf-share-link\" href=\"#\" onclick=\"window.open('http:\/\/www.facebook.com\/sharer.php?s=100&amp;p[title]=L%26rsquo%3Bh%C3%B4tel+Ritz-Carlton+Montr%C3%A9al+c%C3%A9l%C3%A8bre+son+centenaire&amp;p[url]=https%3A%2F%2Fmagazineluxe.com%2Ffr%2Flhotel-ritz-carlton%2F&amp;p[images][0]=https:\/\/magazineluxe.com\/wp-content\/uploads\/2013\/02\/Ext\u00e9rieur.jpg&amp;p[summary]=Apr%C3%A8s+quatre+ans+de+r%C3%A9novations+majeures%2C+le+Ritz-Carlton+Montr%C3%A9al+a+rouvert+ses+portes+en+mai+dernier%2C+et+c%C3%A9l%C3%A8bre%2C+cinq+mois+plus+tard%2C+son+centenaire.+Cent+vingt-neuf+chambres+ultra+modernes%2C+un+restaurant+gastronomique+tenu+par+le+renomm%C3%A9+chef+Daniel+Boulud%2C+des+salles+de+r%C3%A9unions+de+toutes+tailles+et+45+r%C3%A9sidences+de+luxe+%3A+la+%C2%AB+Grande+Dame+de+la+rue+Sherbrooke+%C2%BB+est+bel+et+bien+de+retour+sur+la+sc%C3%A8ne+montr%C3%A9alaise+et+vient+d%26rsquo%3Bailleurs+de+remporter+la+prestigieuse+cote+cinq+diamants.+Fond%C3%A9+en+1912+par+six+hommes+d%26rsquo%3Baffaires+convaincus+que+Montr%C3%A9al+avait+besoin+d%26rsquo%3Bun+%C3%A9tablissement+capable+d%26rsquo%3Baccueillir+une+client%C3%A8le+de+prestige%2C+le+Ritz-Carlton+est+rapidement+devenu+un+h%C3%B4tel+mythique%2C+symbole+de+luxe+et+d%E2%80%99%C3%A9l%C3%A9gance.+En+un+si%C3%A8cle%2C+la+%C2%AB+Grande+Dame+de+la+rue+Sherbrooke+%C2%BB+a+%C3%A9t%C3%A9+au+coeur+de+la+soci%C3%A9t%C3%A9+montr%C3%A9alaise.+Hommes+d%26rsquo%3Baffaires%2C+hommes+politiques%2C+artistes+et+c%C3%A9l%C3%A9brit%C3%A9s+s%26rsquo%3By+sont+succ%C3%A9d%C3%A9.+Parmi+eux%2C+citons+Howard+Hughes%2C+Maria+Callas%2C+la+Reine+d%26rsquo%3BAngleterre%2C+Winston+Churchill%2C+Charles+de+Gaulle%2C+Pierre+Elliott+Trudeau%2C+et+plus+r%C3%A9cemment%2C+les+Rolling+Stones+et+C%C3%A9line+Dion.+Des+%C3%A9v%C3%A9nements+importants+de+l%26rsquo%3Bhistoire+du+Qu%C3%A9bec+y+ont+%C3%A9t%C3%A9+discut%C3%A9s+et+des+mariages+%CC%B6+notamment+celui%2C+en+1964%2C+d%26rsquo%3B%C3%89lizabeth+Taylor+et+Richard+Burton+%CC%B6+c%C3%A9l%C3%A9br%C3%A9s.+Le+Ritz-Carlton%2C+construit+%5B%26hellip%3B%5D', 'sharer', 'toolbar=0,status=0,width=620,height=280');\">\n\t\t\t\t\t<span class=\"edgtf-social-network-icon social_facebook\"><\/span>\n\t\t\t<\/a>\n<\/li><li class=\"edgtf-twitter-share\">\n\t<a class=\"edgtf-share-link\" href=\"#\" onclick=\"window.open('http:\/\/twitter.com\/home?status=Apr%C3%A8s+quatre+ans+de+r%C3%A9novations+majeures%2C+le+Ritz-Carlton+Montr%C3%A9al+a+rouvert+ses+portes+en+mai+dernier%2C+et+c%C3%A9l%C3%A8bre%2C+https:\/\/magazineluxe.com\/fr\/lhotel-ritz-carlton\/', 'popupwindow', 'scrollbars=yes,width=800,height=400');\">\n\t\t\t\t\t<span class=\"edgtf-social-network-icon social_twitter\"><\/span>\n\t\t\t<\/a>\n<\/li><li class=\"edgtf-linkedin-share\">\n\t<a class=\"edgtf-share-link\" href=\"#\" onclick=\"popUp=window.open('http:\/\/linkedin.com\/shareArticle?mini=true&amp;url=https%3A%2F%2Fmagazineluxe.com%2Ffr%2Flhotel-ritz-carlton%2F&amp;title=L%26rsquo%3Bh%C3%B4tel+Ritz-Carlton+Montr%C3%A9al+c%C3%A9l%C3%A8bre+son+centenaire', 'popupwindow', 'scrollbars=yes,width=800,height=400');popUp.focus();return false;\">\n\t\t\t\t\t<span class=\"edgtf-social-network-icon social_linkedin\"><\/span>\n\t\t\t<\/a>\n<\/li><li class=\"edgtf-pinterest-share\">\n\t<a class=\"edgtf-share-link\" href=\"#\" onclick=\"popUp=window.open('http:\/\/pinterest.com\/pin\/create\/button\/?url=https%3A%2F%2Fmagazineluxe.com%2Ffr%2Flhotel-ritz-carlton%2F&amp;description=L&rsquo;h\u00f4tel Ritz-Carlton Montr\u00e9al c\u00e9l\u00e8bre son centenaire&amp;media=https%3A%2F%2Fmagazineluxe.com%2Fwp-content%2Fuploads%2F2013%2F02%2FExt%C3%A9rieur.jpg', 'popupwindow', 'scrollbars=yes,width=800,height=400');popUp.focus();return false;\">\n\t\t\t\t\t<span class=\"edgtf-social-network-icon social_pinterest\"><\/span>\n\t\t\t<\/a>\n<\/li>\t\t<\/ul>\n\t<\/div>\n<\/div><\/div>\n        <\/div>\n    <\/div>\n<\/div><div class=\"edgtf-post-example-item-three-item edgtf-post-item\">\n        <div class=\"edgtf-post-example-item-three-image-holder\">\n                <div class=\"edgtf-post-example-item-three-image-inner-holder\">\n            <img loading=\"lazy\" decoding=\"async\" src=\"https:\/\/magazineluxe.com\/wp-content\/uploads\/2013\/02\/MAINDR--410x230.jpg\" alt=\"\" width=\"410\" height=\"230\" \/>        <\/div>\n        <a itemprop=\"url\" class=\"edgtf-post-example-item-three-slide-link\" href=\"https:\/\/magazineluxe.com\/fr\/the-breakers-palm-beach\/\" target=\"_self\"><\/a>\n    <\/div>\n        <div class=\"edgtf-post-example-item-three-content-holder\">\n        <div class=\"edgtf-post-example-item-three-title-holder\">\n            <h3 class=\"edgtf-post-example-item-three-title\">\n                <a itemprop=\"url\" href=\"https:\/\/magazineluxe.com\/fr\/the-breakers-palm-beach\/\" target=\"_self\">\n                    The Breakers Palm Beach en Floride                <\/a>\n            <\/h3>\n        <\/div>\n                    <div class=\"edgtf-post-example-item-three-excerpt\">\n                <p class=\"edgtf-post-excerpt\">Au sud-ouest de la c\u00f4te floridienne se trouve une \u00eele r\u00e9put\u00e9e \u00eatre \u00ab le meilleur endroit pour vivre aux \u00c9tats-Unis \u00bb, notamment en raison de son climat tropical : les moyennes mensuelles se maintiennent g\u00e9n\u00e9ralement au-dessus de 18 \u00b0C et on y compte environ 234 jours de soleil par an.<\/p>            <\/div>\n                <div class=\"edgtf-post-example-item-three-info-section\">\n                        <div class=\"edgtf-post-info-comments-holder\">\n    <a itemprop=\"url\" class=\"edgtf-post-info-comments edgtf-comments-with-icon\" href=\"https:\/\/magazineluxe.com\/fr\/the-breakers-palm-beach\/#respond\" target=\"_self\">\n        0     <\/a>\n<\/div>            <div class=\"edgtf-blog-like\">\n\t<a href=\"#\" class=\"edgtf-like\" id=\"edgtf-like-4693-322\" title=\"Like this\" data-post-id=\"4693\"><span>0<\/span><input type=\"hidden\" id=\"edgtf_like_nonce_4693\" name=\"edgtf_like_nonce_4693\" value=\"84e1ab241a\" \/><input type=\"hidden\" name=\"_wp_http_referer\" value=\"\/fr\/wp-json\/wp\/v2\/pages\/13743\" \/><\/a><\/div>\n            <div class=\"edgtf-blog-share\">\n\t<div class=\"edgtf-social-share-holder edgtf-dropdown \">\n\t<a href=\"javascript:void(0)\" target=\"_self\" class=\"edgtf-social-share-dropdown-opener\">\n\t\t<span class=\"edgtf-social-share-title\">PARTAGER<\/span>\n\t<\/a>\n\t<div class=\"edgtf-social-share-dropdown\">\n\t\t<ul>\n\t\t\t<li class=\"edgtf-facebook-share\">\n\t<a class=\"edgtf-share-link\" href=\"#\" onclick=\"window.open('http:\/\/www.facebook.com\/sharer.php?s=100&amp;p[title]=The+Breakers+Palm+Beach+en+Floride&amp;p[url]=https%3A%2F%2Fmagazineluxe.com%2Ffr%2Fthe-breakers-palm-beach%2F&amp;p[images][0]=https:\/\/magazineluxe.com\/wp-content\/uploads\/2013\/02\/MAINDR-.jpg&amp;p[summary]=Au+sud-ouest+de+la+c%C3%B4te+floridienne+se+trouve+une+%C3%AEle+r%C3%A9put%C3%A9e+%C3%AAtre+%C2%AB+le+meilleur+endroit+pour+vivre+aux+%C3%89tats-Unis+%C2%BB%2C+notamment+en+raison+de+son+climat+tropical+%3A+les+moyennes+mensuelles+se+maintiennent+g%C3%A9n%C3%A9ralement+au-dessus+de+18+%C2%B0C+et+on+y+compte+environ+234+jours+de+soleil+par+an.+%C3%87a+vous+dit+quelque+chose%3F+Palm+Beach%2C+valeur+s%C3%BBre+pour+les+amateurs+de+farniente+et+d%E2%80%99h%C3%B4tels+luxueux%2C+est+%C3%A9galement+renomm%C3%A9e+pour+avoir+longtemps+attir%C3%A9+l%E2%80%99%C3%A9lite+de+la+soci%C3%A9t%C3%A9+am%C3%A9ricaine%2C+notamment+les+familles+Kennedy%2C+Pulitzer+et+Trump.+Selon+l%E2%80%99office+de+tourisme+des+%C3%89tats-Unis%2C+Palm+Beach+serait+le+lieu+de+rencontre+des+vedettes+et+des+milliardaires%2C+et+%C2%AB+les+paillettes+de+la+ville%2C+son+ambiance+festive+et+le+vent+chaud+de+l%E2%80%99oc%C3%A9an+vous+assureront+le+d%C3%A9paysement+%C2%BB.+L%E2%80%99H%C3%89BERGEMENT+Les+choix+d%E2%80%99h%C3%A9bergement+sont+multiples%2C+mais+pour+un+s%C3%A9jour+inoubliable+au+coeur+de+ce+paradis+de+vill%C3%A9giature+l%E2%80%99h%C3%B4tel+The+Breakers+Palm+Beach+s%E2%80%99impose+sans+conteste.+Cr%C3%A9%C3%A9e+dans+le+style+de+la+renaissance+italienne+et+inspir%C3%A9e+des+somptueuses+villas+italiennes+du+15e+si%C3%A8cle%2C+cette+luxueuse+station+baln%C3%A9aire+est+devenue+l%E2%80%99une+des+destinations+insulaires+les+plus+pris%C3%A9es+aux+%C3%89tats-Unis%2C+entre+autres+pour+les+mariages+et+les+%C3%A9v%C3%A9nements+sociaux+de+grande+classe.+Son+architecture+europ%C3%A9enne%2C+ses+allures+%5B%26hellip%3B%5D', 'sharer', 'toolbar=0,status=0,width=620,height=280');\">\n\t\t\t\t\t<span class=\"edgtf-social-network-icon social_facebook\"><\/span>\n\t\t\t<\/a>\n<\/li><li class=\"edgtf-twitter-share\">\n\t<a class=\"edgtf-share-link\" href=\"#\" onclick=\"window.open('http:\/\/twitter.com\/home?status=Au+sud-ouest+de+la+c%C3%B4te+floridienne+se+trouve+une+%C3%AEle+r%C3%A9put%C3%A9e+%C3%AAtre+%C2%AB+le+meilleur+endroit+pour+vivre+aux+%C3%89tats-Unis+%C2%BB%2C+https:\/\/magazineluxe.com\/fr\/the-breakers-palm-beach\/', 'popupwindow', 'scrollbars=yes,width=800,height=400');\">\n\t\t\t\t\t<span class=\"edgtf-social-network-icon social_twitter\"><\/span>\n\t\t\t<\/a>\n<\/li><li class=\"edgtf-linkedin-share\">\n\t<a class=\"edgtf-share-link\" href=\"#\" onclick=\"popUp=window.open('http:\/\/linkedin.com\/shareArticle?mini=true&amp;url=https%3A%2F%2Fmagazineluxe.com%2Ffr%2Fthe-breakers-palm-beach%2F&amp;title=The+Breakers+Palm+Beach+en+Floride', 'popupwindow', 'scrollbars=yes,width=800,height=400');popUp.focus();return false;\">\n\t\t\t\t\t<span class=\"edgtf-social-network-icon social_linkedin\"><\/span>\n\t\t\t<\/a>\n<\/li><li class=\"edgtf-pinterest-share\">\n\t<a class=\"edgtf-share-link\" href=\"#\" onclick=\"popUp=window.open('http:\/\/pinterest.com\/pin\/create\/button\/?url=https%3A%2F%2Fmagazineluxe.com%2Ffr%2Fthe-breakers-palm-beach%2F&amp;description=The Breakers Palm Beach en Floride&amp;media=https%3A%2F%2Fmagazineluxe.com%2Fwp-content%2Fuploads%2F2013%2F02%2FMAINDR-.jpg', 'popupwindow', 'scrollbars=yes,width=800,height=400');popUp.focus();return false;\">\n\t\t\t\t\t<span class=\"edgtf-social-network-icon social_pinterest\"><\/span>\n\t\t\t<\/a>\n<\/li>\t\t<\/ul>\n\t<\/div>\n<\/div><\/div>\n        <\/div>\n    <\/div>\n<\/div><div class=\"edgtf-post-example-item-three-item edgtf-post-item\">\n        <div class=\"edgtf-post-example-item-three-image-holder\">\n                <div class=\"edgtf-post-example-item-three-image-inner-holder\">\n            <img loading=\"lazy\" decoding=\"async\" src=\"https:\/\/magazineluxe.com\/wp-content\/uploads\/2013\/02\/Manoir-Richelieu-410x230.jpg\" alt=\"\" width=\"410\" height=\"230\" \/>        <\/div>\n        <a itemprop=\"url\" class=\"edgtf-post-example-item-three-slide-link\" href=\"https:\/\/magazineluxe.com\/fr\/le-fairmont-manoir-richelieu\/\" target=\"_self\"><\/a>\n    <\/div>\n        <div class=\"edgtf-post-example-item-three-content-holder\">\n        <div class=\"edgtf-post-example-item-three-title-holder\">\n            <h3 class=\"edgtf-post-example-item-three-title\">\n                <a itemprop=\"url\" href=\"https:\/\/magazineluxe.com\/fr\/le-fairmont-manoir-richelieu\/\" target=\"_self\">\n                    Le Fairmont Manoir Richelieu                <\/a>\n            <\/h3>\n        <\/div>\n                    <div class=\"edgtf-post-example-item-three-excerpt\">\n                <p class=\"edgtf-post-excerpt\">S\u2019il est un endroit au Qu\u00e9bec o\u00f9 l\u2019hiver est g\u00e9n\u00e9reux et attrayant, c\u2019est bien la r\u00e9gion de Charlevoix! Au-del\u00e0 de son panorama grandiose, le coin est un v\u00e9ritable paradis pour les amateurs de sports d\u2019hiver et de plaisirs divers. Dans cet \u00e9crin merveilleux se dresse le Fairmont Manoir Richelieu, un<\/p>            <\/div>\n                <div class=\"edgtf-post-example-item-three-info-section\">\n                        <div class=\"edgtf-post-info-comments-holder\">\n    <a itemprop=\"url\" class=\"edgtf-post-info-comments edgtf-comments-with-icon\" href=\"https:\/\/magazineluxe.com\/fr\/le-fairmont-manoir-richelieu\/#respond\" target=\"_self\">\n        0     <\/a>\n<\/div>            <div class=\"edgtf-blog-like\">\n\t<a href=\"#\" class=\"edgtf-like\" id=\"edgtf-like-4670-542\" title=\"Like this\" data-post-id=\"4670\"><span>0<\/span><input type=\"hidden\" id=\"edgtf_like_nonce_4670\" name=\"edgtf_like_nonce_4670\" value=\"c145bd1ee3\" \/><input type=\"hidden\" name=\"_wp_http_referer\" value=\"\/fr\/wp-json\/wp\/v2\/pages\/13743\" \/><\/a><\/div>\n            <div class=\"edgtf-blog-share\">\n\t<div class=\"edgtf-social-share-holder edgtf-dropdown \">\n\t<a href=\"javascript:void(0)\" target=\"_self\" class=\"edgtf-social-share-dropdown-opener\">\n\t\t<span class=\"edgtf-social-share-title\">PARTAGER<\/span>\n\t<\/a>\n\t<div class=\"edgtf-social-share-dropdown\">\n\t\t<ul>\n\t\t\t<li class=\"edgtf-facebook-share\">\n\t<a class=\"edgtf-share-link\" href=\"#\" onclick=\"window.open('http:\/\/www.facebook.com\/sharer.php?s=100&amp;p[title]=Le+Fairmont+Manoir+Richelieu&amp;p[url]=https%3A%2F%2Fmagazineluxe.com%2Ffr%2Fle-fairmont-manoir-richelieu%2F&amp;p[images][0]=https:\/\/magazineluxe.com\/wp-content\/uploads\/2013\/02\/Manoir-Richelieu.jpg&amp;p[summary]=S%E2%80%99il+est+un+endroit+au+Qu%C3%A9bec+o%C3%B9+l%E2%80%99hiver+est+g%C3%A9n%C3%A9reux+et+attrayant%2C+c%E2%80%99est+bien+la+r%C3%A9gion+de+Charlevoix%21+Au-del%C3%A0+de+son+panorama+grandiose%2C+le+coin+est+un+v%C3%A9ritable+paradis+pour+les+amateurs+de+sports+d%E2%80%99hiver+et+de+plaisirs+divers.+Dans+cet+%C3%A9crin+merveilleux+se+dresse+le+Fairmont+Manoir+Richelieu%2C+un+joyau+de+luxe+internationalement+r%C3%A9put%C3%A9.+Adoss%C3%A9+aux+montagnes+et+surplombant+le+fleuve%2C+l%E2%80%99imposant+b%C3%A2timent+de+La+Malbaie+rappelle+l%E2%80%99%C3%A9poque+des+riches+vacanciers+et+croisi%C3%A9ristes+venus+du+canada+et+des+%C3%89tats-unis.+Inaugur%C3%A9+en+1899%2C+le+Manoir+compte+aujourd%E2%80%99hui+405+chambres+et+suites+et%E2%80%A6+un+ambassadeur+canin%2C+Jordy%21+entra%C3%AEn%C3%A9+comme+chien+guide%2C+ce+labrador+re%C3%A7oit+les+clients+de+l%26rsquo%3Bh%C3%B4tel%2C+et+leurs+c%C3%A2lins%2C+et+les+accompagne+en+randonn%C3%A9e+sur+les+sentiers+p%C3%A9destres+environnants.+Vous+venez%3F+LES+PLAISIRS+DE+L%E2%80%99HIVER%E2%80%A6+Pour+vous%2C+motoneigistes+d%E2%80%99ici+ou+d%E2%80%99ailleurs%2C+un+forfait+sur+mesure+a+%C3%A9t%C3%A9+pens%C3%A9%2C+incluant+une+place+de+stationnement+int%C3%A9rieur+et+des+tarifs+de+location+avantageux.+un+guide+peut+vous+accompagner+sur+les+sentiers+enneig%C3%A9s+et+vous+faire+d%C3%A9couvrir+la+r%C3%A9gion.+La+p%C3%AAche+blanche%2C+quant+%C3%A0+elle%2C+ravira+les+amateurs+de+truite.+Pour+les+contemplatifs+ou+les+romantiques%2C+on+propose+des+randonn%C3%A9es+en+carriole+ou+en+cal%C3%A8che.+D%E2%80%99autre+part%2C+les+amoureux+sont+attendus+au+Manoir+%5B%26hellip%3B%5D', 'sharer', 'toolbar=0,status=0,width=620,height=280');\">\n\t\t\t\t\t<span class=\"edgtf-social-network-icon social_facebook\"><\/span>\n\t\t\t<\/a>\n<\/li><li class=\"edgtf-twitter-share\">\n\t<a class=\"edgtf-share-link\" href=\"#\" onclick=\"window.open('http:\/\/twitter.com\/home?status=S%E2%80%99il+est+un+endroit+au+Qu%C3%A9bec+o%C3%B9+l%E2%80%99hiver+est+g%C3%A9n%C3%A9reux+et+attrayant%2C+c%E2%80%99est+bien+la+r%C3%A9gion+de+Charlevoix%21+Au-del%C3%A0+de+https:\/\/magazineluxe.com\/fr\/le-fairmont-manoir-richelieu\/', 'popupwindow', 'scrollbars=yes,width=800,height=400');\">\n\t\t\t\t\t<span class=\"edgtf-social-network-icon social_twitter\"><\/span>\n\t\t\t<\/a>\n<\/li><li class=\"edgtf-linkedin-share\">\n\t<a class=\"edgtf-share-link\" href=\"#\" onclick=\"popUp=window.open('http:\/\/linkedin.com\/shareArticle?mini=true&amp;url=https%3A%2F%2Fmagazineluxe.com%2Ffr%2Fle-fairmont-manoir-richelieu%2F&amp;title=Le+Fairmont+Manoir+Richelieu', 'popupwindow', 'scrollbars=yes,width=800,height=400');popUp.focus();return false;\">\n\t\t\t\t\t<span class=\"edgtf-social-network-icon social_linkedin\"><\/span>\n\t\t\t<\/a>\n<\/li><li class=\"edgtf-pinterest-share\">\n\t<a class=\"edgtf-share-link\" href=\"#\" onclick=\"popUp=window.open('http:\/\/pinterest.com\/pin\/create\/button\/?url=https%3A%2F%2Fmagazineluxe.com%2Ffr%2Fle-fairmont-manoir-richelieu%2F&amp;description=Le Fairmont Manoir Richelieu&amp;media=https%3A%2F%2Fmagazineluxe.com%2Fwp-content%2Fuploads%2F2013%2F02%2FManoir-Richelieu.jpg', 'popupwindow', 'scrollbars=yes,width=800,height=400');popUp.focus();return false;\">\n\t\t\t\t\t<span class=\"edgtf-social-network-icon social_pinterest\"><\/span>\n\t\t\t<\/a>\n<\/li>\t\t<\/ul>\n\t<\/div>\n<\/div><\/div>\n        <\/div>\n    <\/div>\n<\/div><div class=\"edgtf-post-example-item-three-item edgtf-post-item\">\n        <div class=\"edgtf-post-example-item-three-image-holder\">\n                <div class=\"edgtf-post-example-item-three-image-inner-holder\">\n            <img loading=\"lazy\" decoding=\"async\" src=\"https:\/\/magazineluxe.com\/wp-content\/uploads\/2013\/02\/Richelieu-410x230.jpg\" alt=\"\" width=\"410\" height=\"230\" \/>        <\/div>\n        <a itemprop=\"url\" class=\"edgtf-post-example-item-three-slide-link\" href=\"https:\/\/magazineluxe.com\/fr\/hotels-de-luxe-evasion-de-premiere-classe\/\" target=\"_self\"><\/a>\n    <\/div>\n        <div class=\"edgtf-post-example-item-three-content-holder\">\n        <div class=\"edgtf-post-example-item-three-title-holder\">\n            <h3 class=\"edgtf-post-example-item-three-title\">\n                <a itemprop=\"url\" href=\"https:\/\/magazineluxe.com\/fr\/hotels-de-luxe-evasion-de-premiere-classe\/\" target=\"_self\">\n                    H\u00f4tels de luxe &#8211; \u00c9vasions de premi\u00e8re classe                <\/a>\n            <\/h3>\n        <\/div>\n                    <div class=\"edgtf-post-example-item-three-excerpt\">\n                <p class=\"edgtf-post-excerpt\">L\u2019ann\u00e9e 2013 qui s\u2019amorce avec son lot d\u2019incertitudes vous sape le moral? Besoin d\u2019un peu d\u2019\u00e9vasion? Que diriez-vous d\u2019un petit s\u00e9jour dans un h\u00f4tel luxueux pr\u00e8s de chez vous ou, encore mieux, loin de chez vous? Si votre conscience vous tiraille, rappelez-vous que vous avez \u00e9chapp\u00e9 \u00e0 la fin du<\/p>            <\/div>\n                <div class=\"edgtf-post-example-item-three-info-section\">\n                        <div class=\"edgtf-post-info-comments-holder\">\n    <a itemprop=\"url\" class=\"edgtf-post-info-comments edgtf-comments-with-icon\" href=\"https:\/\/magazineluxe.com\/fr\/hotels-de-luxe-evasion-de-premiere-classe\/#respond\" target=\"_self\">\n        0     <\/a>\n<\/div>            <div class=\"edgtf-blog-like\">\n\t<a href=\"#\" class=\"edgtf-like\" id=\"edgtf-like-4665-727\" title=\"Like this\" data-post-id=\"4665\"><span>0<\/span><input type=\"hidden\" id=\"edgtf_like_nonce_4665\" name=\"edgtf_like_nonce_4665\" value=\"d0c4ffc0bf\" \/><input type=\"hidden\" name=\"_wp_http_referer\" value=\"\/fr\/wp-json\/wp\/v2\/pages\/13743\" \/><\/a><\/div>\n            <div class=\"edgtf-blog-share\">\n\t<div class=\"edgtf-social-share-holder edgtf-dropdown \">\n\t<a href=\"javascript:void(0)\" target=\"_self\" class=\"edgtf-social-share-dropdown-opener\">\n\t\t<span class=\"edgtf-social-share-title\">PARTAGER<\/span>\n\t<\/a>\n\t<div class=\"edgtf-social-share-dropdown\">\n\t\t<ul>\n\t\t\t<li class=\"edgtf-facebook-share\">\n\t<a class=\"edgtf-share-link\" href=\"#\" onclick=\"window.open('http:\/\/www.facebook.com\/sharer.php?s=100&amp;p[title]=H%C3%B4tels+de+luxe+%26%238211%3B+%C3%89vasions+de+premi%C3%A8re+classe&amp;p[url]=https%3A%2F%2Fmagazineluxe.com%2Ffr%2Fhotels-de-luxe-evasion-de-premiere-classe%2F&amp;p[images][0]=https:\/\/magazineluxe.com\/wp-content\/uploads\/2013\/02\/Richelieu.jpg&amp;p[summary]=L%E2%80%99ann%C3%A9e+2013+qui+s%E2%80%99amorce+avec+son+lot+d%E2%80%99incertitudes+vous+sape+le+moral%3F+Besoin+d%E2%80%99un+peu+d%E2%80%99%C3%A9vasion%3F+Que+diriez-vous+d%E2%80%99un+petit+s%C3%A9jour+dans+un+h%C3%B4tel+luxueux+pr%C3%A8s+de+chez+vous+ou%2C+encore+mieux%2C+loin+de+chez+vous%3F+Si+votre+conscience+vous+tiraille%2C+rappelez-vous+que+vous+avez+%C3%A9chapp%C3%A9+%C3%A0+la+fin+du+monde.+%C3%87a+se+f%C3%AAte%21+Sinon%2C+la+Saint-Valentin+%C3%A0+venir+vous+fournira+le+pr%C3%A9texte+id%C3%A9al+pour+gratifier+l%E2%80%99%C3%AAtre+aim%C3%A9+d%E2%80%99une+escapade+romantique+et+profiter+des+retomb%C3%A9es%E2%80%A6+ENTRE+QU%C3%89BEC+ET+MONTR%C3%89AL%2C+MON+COEUR+BALANCE+Pour+les+tenants+du+genre+classique+ou+les+nostalgiques%2C+le+Ritz-Carlton+Montr%C3%A9al%2C+qui+f%C3%AAtera+son+centenaire+cette+ann%C3%A9e%2C+est+l%E2%80%99endroit+par+excellence+pour+retrouver+l%E2%80%99atmosph%C3%A8re+du+d%C3%A9but+du+si%C3%A8cle.+Situ%C3%A9+dans+le+quartier+du+mus%C3%A9e%2C+%C3%A0+proximit%C3%A9+des+boutiques+haut+de+gamme%2C+des+galeries+et+des+mus%C3%A9es+de+Montr%C3%A9al%2C+cet+%C3%A9tablissement+mythique%2C+avec+son+d%C3%A9cor+somptueux%2C+%C3%A9voque+l%E2%80%99ambiance+et+l%E2%80%99opulence+du+Titanic+%28naufrage+en+moins%21%29.+Dans+cette+m%C3%AAme+veine%2C+Le+Fairmont+Ch%C3%A2teau+Frontenac+charmera+les+amants+du+Vieux-Qu%C3%A9bec%2C+au+coeur+duquel+il+d%C3%A9ploie+toute+sa+magnificence%2C+son+charme+et+son+romantisme.+Toute+une+gamme+d%E2%80%99activit%C3%A9s+sportives%2C+culturelles+ou+touristiques%2C+s%E2%80%99offre+aux+r%C3%A9sidents+de+cet+embl%C3%A9matique+h%C3%B4tel%2C+sans+oublier+la+cuisine+gastronomique+r%C3%A9put%C3%A9e.+Aux+amateurs+d%E2%80%99histoire%2C+l%E2%80%99Auberge+Saint-Antoine%2C+%C3%A9galement+%5B%26hellip%3B%5D', 'sharer', 'toolbar=0,status=0,width=620,height=280');\">\n\t\t\t\t\t<span class=\"edgtf-social-network-icon social_facebook\"><\/span>\n\t\t\t<\/a>\n<\/li><li class=\"edgtf-twitter-share\">\n\t<a class=\"edgtf-share-link\" href=\"#\" onclick=\"window.open('http:\/\/twitter.com\/home?status=L%E2%80%99ann%C3%A9e+2013+qui+s%E2%80%99amorce+avec+son+lot+d%E2%80%99incertitudes+vous+sape+le+moral%3F+Besoin+d%E2%80%99un+peu+d%E2%80%99%C3%A9vasion%3F+Que+diriez-vous+https:\/\/magazineluxe.com\/fr\/hotels-de-luxe-evasion-de-premiere-classe\/', 'popupwindow', 'scrollbars=yes,width=800,height=400');\">\n\t\t\t\t\t<span class=\"edgtf-social-network-icon social_twitter\"><\/span>\n\t\t\t<\/a>\n<\/li><li class=\"edgtf-linkedin-share\">\n\t<a class=\"edgtf-share-link\" href=\"#\" onclick=\"popUp=window.open('http:\/\/linkedin.com\/shareArticle?mini=true&amp;url=https%3A%2F%2Fmagazineluxe.com%2Ffr%2Fhotels-de-luxe-evasion-de-premiere-classe%2F&amp;title=H%C3%B4tels+de+luxe+%26%238211%3B+%C3%89vasions+de+premi%C3%A8re+classe', 'popupwindow', 'scrollbars=yes,width=800,height=400');popUp.focus();return false;\">\n\t\t\t\t\t<span class=\"edgtf-social-network-icon social_linkedin\"><\/span>\n\t\t\t<\/a>\n<\/li><li class=\"edgtf-pinterest-share\">\n\t<a class=\"edgtf-share-link\" href=\"#\" onclick=\"popUp=window.open('http:\/\/pinterest.com\/pin\/create\/button\/?url=https%3A%2F%2Fmagazineluxe.com%2Ffr%2Fhotels-de-luxe-evasion-de-premiere-classe%2F&amp;description=H\u00f4tels de luxe &#8211; \u00c9vasions de premi\u00e8re classe&amp;media=https%3A%2F%2Fmagazineluxe.com%2Fwp-content%2Fuploads%2F2013%2F02%2FRichelieu.jpg', 'popupwindow', 'scrollbars=yes,width=800,height=400');popUp.focus();return false;\">\n\t\t\t\t\t<span class=\"edgtf-social-network-icon social_pinterest\"><\/span>\n\t\t\t<\/a>\n<\/li>\t\t<\/ul>\n\t<\/div>\n<\/div><\/div>\n        <\/div>\n    <\/div>\n<\/div><div class=\"edgtf-post-example-item-three-item edgtf-post-item\">\n        <div class=\"edgtf-post-example-item-three-image-holder\">\n                <div class=\"edgtf-post-example-item-three-image-inner-holder\">\n            <img loading=\"lazy\" decoding=\"async\" src=\"https:\/\/magazineluxe.com\/wp-content\/uploads\/2012\/07\/Untitled-12-410x230.jpg\" alt=\"\" width=\"410\" height=\"230\" \/>        <\/div>\n        <a itemprop=\"url\" class=\"edgtf-post-example-item-three-slide-link\" href=\"https:\/\/magazineluxe.com\/fr\/vivez-le-luxe-ultime-en-croisiere\/\" target=\"_self\"><\/a>\n    <\/div>\n        <div class=\"edgtf-post-example-item-three-content-holder\">\n        <div class=\"edgtf-post-example-item-three-title-holder\">\n            <h3 class=\"edgtf-post-example-item-three-title\">\n                <a itemprop=\"url\" href=\"https:\/\/magazineluxe.com\/fr\/vivez-le-luxe-ultime-en-croisiere\/\" target=\"_self\">\n                    Vivez le luxe ultime en croisi\u00e8re!                <\/a>\n            <\/h3>\n        <\/div>\n                    <div class=\"edgtf-post-example-item-three-excerpt\">\n                <p class=\"edgtf-post-excerpt\">Embarquez \u00e0 bord du Seven Seas Voyager, navire 6* de Regent Seven Seas Cruises pour une exp\u00e9rience extraordinaire \u00e0 l\u2019autre bout du monde. Naviguez en Malaisie, au Cambodge, au Sri Lanka et en Inde au c\u0153ur de paysages exotiques et magnifiques, dans des r\u00e9gions aux patrimoines culturels hors du commun.\r\n\r\nLE<\/p>            <\/div>\n                <div class=\"edgtf-post-example-item-three-info-section\">\n                        <div class=\"edgtf-post-info-comments-holder\">\n    <a itemprop=\"url\" class=\"edgtf-post-info-comments edgtf-comments-with-icon\" href=\"https:\/\/magazineluxe.com\/fr\/vivez-le-luxe-ultime-en-croisiere\/#respond\" target=\"_self\">\n        0     <\/a>\n<\/div>            <div class=\"edgtf-blog-like\">\n\t<a href=\"#\" class=\"edgtf-like\" id=\"edgtf-like-3783-493\" title=\"Like this\" data-post-id=\"3783\"><span>0<\/span><input type=\"hidden\" id=\"edgtf_like_nonce_3783\" name=\"edgtf_like_nonce_3783\" value=\"856f1459c2\" \/><input type=\"hidden\" name=\"_wp_http_referer\" value=\"\/fr\/wp-json\/wp\/v2\/pages\/13743\" \/><\/a><\/div>\n            <div class=\"edgtf-blog-share\">\n\t<div class=\"edgtf-social-share-holder edgtf-dropdown \">\n\t<a href=\"javascript:void(0)\" target=\"_self\" class=\"edgtf-social-share-dropdown-opener\">\n\t\t<span class=\"edgtf-social-share-title\">PARTAGER<\/span>\n\t<\/a>\n\t<div class=\"edgtf-social-share-dropdown\">\n\t\t<ul>\n\t\t\t<li class=\"edgtf-facebook-share\">\n\t<a class=\"edgtf-share-link\" href=\"#\" onclick=\"window.open('http:\/\/www.facebook.com\/sharer.php?s=100&amp;p[title]=Vivez+le+luxe+ultime+en+croisi%C3%A8re%21&amp;p[url]=https%3A%2F%2Fmagazineluxe.com%2Ffr%2Fvivez-le-luxe-ultime-en-croisiere%2F&amp;p[images][0]=https:\/\/magazineluxe.com\/wp-content\/uploads\/2012\/07\/Untitled-12.jpg&amp;p[summary]=Embarquez+%C3%A0+bord+du+Seven+Seas+Voyager%2C+navire+6%2A+de+Regent+Seven+Seas+Cruises+pour+une+exp%C3%A9rience+extraordinaire+%C3%A0+l%E2%80%99autre+bout+du+monde.+Naviguez+en+Malaisie%2C+au+Cambodge%2C+au+Sri+Lanka+et+en+Inde+au+c%C5%93ur+de+paysages+exotiques+et+magnifiques%2C+dans+des+r%C3%A9gions+aux+patrimoines+culturels+hors+du+commun.+LE+GRAND+TOUR+DE+L%E2%80%99ASIE+Les+navires+%C3%A9l%C3%A9gants+et+luxueux+de+la+compagnie+de+croisi%C3%A8re+Regent+Seven+Seas+Cruises+sont+de+petite+taille+et+offrent+ainsi+aux+passagers+une+ambiance+intime+et+raffin%C3%A9e.+Admirez+les+rivages+asiatiques+depuis+le+balcon+priv%C3%A9+de+votre+suite+en+sirotant+votre+cocktail+pr%C3%A9f%C3%A9r%C3%A9%3B+g%C3%A2tez-vous%2C+les+boissons+sont+incluses+%C3%A0+bord%21+Savourez+la+cuisine+exquise+pr%C3%A9par%C3%A9e+par+des+chefs+r%C3%A9put%C3%A9s+dans+l%E2%80%99un+des+5+restaurants+du+navire%21+Profitez+de+toutes+les+installations+n%C3%A9cessaires+pour+agr%C3%A9menter+vos+moments+de+d%C3%A9tente+%3A+piscine%2C+pratique+de+golf%2C+salon+de+beaut%C3%A9%2C+spa+%28Canyon+Ranch+Spa+Club%C2%AE%29+et+bien+plus+encore.+En+soir%C3%A9e%2C+appr%C3%A9ciez+des+spectacles+de+grande+qualit%C3%A9%21+Avec+votre+accompagnateur+d%E2%80%99Incursion+Voyages+et+une+proportion+de+plus+d%E2%80%99un+membre+d%E2%80%99%C3%A9quipage+par+passager%2C+vous+b%C3%A9n%C3%A9ficierez+%C3%A0+bord+d%E2%80%99un+service+sublime+et+personnalis%C3%A9%2C+de+sourires+sinc%C3%A8res+et+de+petites+attentions%2C+dans+le+confort+et+la+s%C3%A9curit%C3%A9+de+votre+h%C3%B4tel+sur+%5B%26hellip%3B%5D', 'sharer', 'toolbar=0,status=0,width=620,height=280');\">\n\t\t\t\t\t<span class=\"edgtf-social-network-icon social_facebook\"><\/span>\n\t\t\t<\/a>\n<\/li><li class=\"edgtf-twitter-share\">\n\t<a class=\"edgtf-share-link\" href=\"#\" onclick=\"window.open('http:\/\/twitter.com\/home?status=Embarquez+%C3%A0+bord+du+Seven+Seas+Voyager%2C+navire+6%2A+de+Regent+Seven+Seas+Cruises+pour+une+exp%C3%A9rience+extraordinaire+%C3%A0+https:\/\/magazineluxe.com\/fr\/vivez-le-luxe-ultime-en-croisiere\/', 'popupwindow', 'scrollbars=yes,width=800,height=400');\">\n\t\t\t\t\t<span class=\"edgtf-social-network-icon social_twitter\"><\/span>\n\t\t\t<\/a>\n<\/li><li class=\"edgtf-linkedin-share\">\n\t<a class=\"edgtf-share-link\" href=\"#\" onclick=\"popUp=window.open('http:\/\/linkedin.com\/shareArticle?mini=true&amp;url=https%3A%2F%2Fmagazineluxe.com%2Ffr%2Fvivez-le-luxe-ultime-en-croisiere%2F&amp;title=Vivez+le+luxe+ultime+en+croisi%C3%A8re%21', 'popupwindow', 'scrollbars=yes,width=800,height=400');popUp.focus();return false;\">\n\t\t\t\t\t<span class=\"edgtf-social-network-icon social_linkedin\"><\/span>\n\t\t\t<\/a>\n<\/li><li class=\"edgtf-pinterest-share\">\n\t<a class=\"edgtf-share-link\" href=\"#\" onclick=\"popUp=window.open('http:\/\/pinterest.com\/pin\/create\/button\/?url=https%3A%2F%2Fmagazineluxe.com%2Ffr%2Fvivez-le-luxe-ultime-en-croisiere%2F&amp;description=Vivez le luxe ultime en croisi\u00e8re!&amp;media=https%3A%2F%2Fmagazineluxe.com%2Fwp-content%2Fuploads%2F2012%2F07%2FUntitled-12.jpg', 'popupwindow', 'scrollbars=yes,width=800,height=400');popUp.focus();return false;\">\n\t\t\t\t\t<span class=\"edgtf-social-network-icon social_pinterest\"><\/span>\n\t\t\t<\/a>\n<\/li>\t\t<\/ul>\n\t<\/div>\n<\/div><\/div>\n        <\/div>\n    <\/div>\n<\/div><div class=\"edgtf-post-example-item-three-item edgtf-post-item\">\n        <div class=\"edgtf-post-example-item-three-image-holder\">\n                <div class=\"edgtf-post-example-item-three-image-inner-holder\">\n            <img loading=\"lazy\" decoding=\"async\" src=\"https:\/\/magazineluxe.com\/wp-content\/uploads\/2012\/05\/PAR_195web-410x230.jpg\" alt=\"\" width=\"410\" height=\"230\" \/>        <\/div>\n        <a itemprop=\"url\" class=\"edgtf-post-example-item-three-slide-link\" href=\"https:\/\/magazineluxe.com\/fr\/le-four-seasons-georges-v\/\" target=\"_self\"><\/a>\n    <\/div>\n        <div class=\"edgtf-post-example-item-three-content-holder\">\n        <div class=\"edgtf-post-example-item-three-title-holder\">\n            <h3 class=\"edgtf-post-example-item-three-title\">\n                <a itemprop=\"url\" href=\"https:\/\/magazineluxe.com\/fr\/le-four-seasons-georges-v\/\" target=\"_self\">\n                    Le Four Seasons George V : une l\u00e9gende parisienne                <\/a>\n            <\/h3>\n        <\/div>\n                    <div class=\"edgtf-post-example-item-three-excerpt\">\n                <p class=\"edgtf-post-excerpt\">UNE L\u00c9GENDE PARISIENNE\r\n\r\nSitu\u00e9 \u00e0 deux pas des Champs-\u00c9lys\u00e9es, le Four Seasons H\u00f4tel George V est consid\u00e9r\u00e9 comme l\u2019un des meilleurs au monde. Son restaurant, ses d\u00e9corations florales, sa cave, son spa : tous jouissent d\u2019une r\u00e9putation exceptionnelle. Mais son secret r\u00e9side surtout dans une v\u00e9ritable philosophie du service \u00e0 la<\/p>            <\/div>\n                <div class=\"edgtf-post-example-item-three-info-section\">\n                        <div class=\"edgtf-post-info-comments-holder\">\n    <a itemprop=\"url\" class=\"edgtf-post-info-comments edgtf-comments-with-icon\" href=\"https:\/\/magazineluxe.com\/fr\/le-four-seasons-georges-v\/#respond\" target=\"_self\">\n        0     <\/a>\n<\/div>            <div class=\"edgtf-blog-like\">\n\t<a href=\"#\" class=\"edgtf-like\" id=\"edgtf-like-2858-436\" title=\"Like this\" data-post-id=\"2858\"><span>1<\/span><input type=\"hidden\" id=\"edgtf_like_nonce_2858\" name=\"edgtf_like_nonce_2858\" value=\"fda461de7c\" \/><input type=\"hidden\" name=\"_wp_http_referer\" value=\"\/fr\/wp-json\/wp\/v2\/pages\/13743\" \/><\/a><\/div>\n            <div class=\"edgtf-blog-share\">\n\t<div class=\"edgtf-social-share-holder edgtf-dropdown \">\n\t<a href=\"javascript:void(0)\" target=\"_self\" class=\"edgtf-social-share-dropdown-opener\">\n\t\t<span class=\"edgtf-social-share-title\">PARTAGER<\/span>\n\t<\/a>\n\t<div class=\"edgtf-social-share-dropdown\">\n\t\t<ul>\n\t\t\t<li class=\"edgtf-facebook-share\">\n\t<a class=\"edgtf-share-link\" href=\"#\" onclick=\"window.open('http:\/\/www.facebook.com\/sharer.php?s=100&amp;p[title]=Le+Four+Seasons+George+V+%3A+une+l%C3%A9gende+parisienne&amp;p[url]=https%3A%2F%2Fmagazineluxe.com%2Ffr%2Fle-four-seasons-georges-v%2F&amp;p[images][0]=https:\/\/magazineluxe.com\/wp-content\/uploads\/2012\/05\/PAR_195web.jpg&amp;p[summary]=UNE+L%C3%89GENDE+PARISIENNE+Situ%C3%A9+%C3%A0+deux+pas+des+Champs-%C3%89lys%C3%A9es%2C+le+Four+Seasons+H%C3%B4tel+George+V+est+consid%C3%A9r%C3%A9+comme+l%E2%80%99un+des+meilleurs+au+monde.+Son+restaurant%2C+ses+d%C3%A9corations+florales%2C+sa+cave%2C+son+spa+%3A+tous+jouissent+d%E2%80%99une+r%C3%A9putation+exceptionnelle.+Mais+son+secret+r%C3%A9side+surtout+dans+une+v%C3%A9ritable+philosophie+du+service+%C3%A0+la+client%C3%A8le+qui+continue+de+faire+la+diff%C3%A9rence.+La+porte+du+palace+%C3%A0+peine+franchie%2C+l%E2%80%99%C3%A9merveillement+s%E2%80%99installe+imm%C3%A9diatement+devant+l%E2%80%99une+des+somptueuses+compositions+florales+de+Jeff+Leatham%2C+qui+orne+le+hall+d%E2%80%99entr%C3%A9e.+Orchid%C3%A9es%2C+dahlias%2C+roses+%3A+tous+les+quinze+jours%2C+le+designer+floral+am%C3%A9ricain+cr%C3%A9e+un+nouveau+th%C3%A8me+et+apporte+couleur%2C+raffinement+et+modernit%C3%A9+au+lieu%2C+d%C3%A9j%C3%A0+si+envo%C3%BBtant.+Jouissant+d%E2%80%99une+renomm%C3%A9e+internationale%2C+il+a+notamment+r%C3%A9alis%C3%A9+toute+la+d%C3%A9coration+du+mariage+de+Chelsea+Clinton.+Dans+toutes+les+pi%C3%A8ces+communes%2C+la+combinaison+de+ces+tableaux+floraux+avec+l%E2%80%99%C3%A9l%C3%A9gant+mobilier+fran%C3%A7ais+est+parfaitement+r%C3%A9ussie.+Il+faut+dire+que+l%E2%80%99h%C3%B4tel+a+su+garder+sa+magnificence+et+s%E2%80%99ajuster+%C3%A0+la+modernit%C3%A9+d%E2%80%99aujourd%E2%80%99hui+gr%C3%A2ce+%C3%A0+deux+ann%C3%A9es+de+travaux+de+r%C3%A9novation+entrepris+apr%C3%A8s+son+acquisition+en+1997+par+le+Prince+Alwaleed.+L%E2%80%99ALLIANCE+DU+LUXE+%C3%80+LA+FRAN%C3%87AISE+ET+DE+LA+MODERNIT%C3%89+C%E2%80%99est+l%E2%80%99architecte+de+renom+Pierre-Yves+Rochon+qui+s%E2%80%99est+vu+confier+cet+exigeant+mandat.+%5B%26hellip%3B%5D', 'sharer', 'toolbar=0,status=0,width=620,height=280');\">\n\t\t\t\t\t<span class=\"edgtf-social-network-icon social_facebook\"><\/span>\n\t\t\t<\/a>\n<\/li><li class=\"edgtf-twitter-share\">\n\t<a class=\"edgtf-share-link\" href=\"#\" onclick=\"window.open('http:\/\/twitter.com\/home?status=UNE+L%C3%89GENDE+PARISIENNE+Situ%C3%A9+%C3%A0+deux+pas+des+Champs-%C3%89lys%C3%A9es%2C+le+Four+Seasons+H%C3%B4tel+George+V+est+consid%C3%A9r%C3%A9+comme+l%E2%80%99un+https:\/\/magazineluxe.com\/fr\/le-four-seasons-georges-v\/', 'popupwindow', 'scrollbars=yes,width=800,height=400');\">\n\t\t\t\t\t<span class=\"edgtf-social-network-icon social_twitter\"><\/span>\n\t\t\t<\/a>\n<\/li><li class=\"edgtf-linkedin-share\">\n\t<a class=\"edgtf-share-link\" href=\"#\" onclick=\"popUp=window.open('http:\/\/linkedin.com\/shareArticle?mini=true&amp;url=https%3A%2F%2Fmagazineluxe.com%2Ffr%2Fle-four-seasons-georges-v%2F&amp;title=Le+Four+Seasons+George+V+%3A+une+l%C3%A9gende+parisienne', 'popupwindow', 'scrollbars=yes,width=800,height=400');popUp.focus();return false;\">\n\t\t\t\t\t<span class=\"edgtf-social-network-icon social_linkedin\"><\/span>\n\t\t\t<\/a>\n<\/li><li class=\"edgtf-pinterest-share\">\n\t<a class=\"edgtf-share-link\" href=\"#\" onclick=\"popUp=window.open('http:\/\/pinterest.com\/pin\/create\/button\/?url=https%3A%2F%2Fmagazineluxe.com%2Ffr%2Fle-four-seasons-georges-v%2F&amp;description=Le Four Seasons George V : une l\u00e9gende parisienne&amp;media=https%3A%2F%2Fmagazineluxe.com%2Fwp-content%2Fuploads%2F2012%2F05%2FPAR_195web.jpg', 'popupwindow', 'scrollbars=yes,width=800,height=400');popUp.focus();return false;\">\n\t\t\t\t\t<span class=\"edgtf-social-network-icon social_pinterest\"><\/span>\n\t\t\t<\/a>\n<\/li>\t\t<\/ul>\n\t<\/div>\n<\/div><\/div>\n        <\/div>\n    <\/div>\n<\/div><div class=\"edgtf-post-example-item-three-item edgtf-post-item\">\n        <div class=\"edgtf-post-example-item-three-image-holder\">\n                <div class=\"edgtf-post-example-item-three-image-inner-holder\">\n            <img loading=\"lazy\" decoding=\"async\" src=\"https:\/\/magazineluxe.com\/wp-content\/uploads\/2012\/05\/web-410x230.jpg\" alt=\"\" width=\"410\" height=\"230\" \/>        <\/div>\n        <a itemprop=\"url\" class=\"edgtf-post-example-item-three-slide-link\" href=\"https:\/\/magazineluxe.com\/fr\/ralphs\/\" target=\"_self\"><\/a>\n    <\/div>\n        <div class=\"edgtf-post-example-item-three-content-holder\">\n        <div class=\"edgtf-post-example-item-three-title-holder\">\n            <h3 class=\"edgtf-post-example-item-three-title\">\n                <a itemprop=\"url\" href=\"https:\/\/magazineluxe.com\/fr\/ralphs\/\" target=\"_self\">\n                    Le Ralph&rsquo;s : une ambiance informelle et glamour                <\/a>\n            <\/h3>\n        <\/div>\n                    <div class=\"edgtf-post-example-item-three-excerpt\">\n                <p class=\"edgtf-post-excerpt\">\u00ab Je veux que ce soit le meilleur restaurant de Paris dans son genre, proposant une cuisine am\u00e9ricaine de qualit\u00e9 dans le cadre le plus beau et le plus romantique. Cet \u00e9tablissement se caract\u00e9risera par son hospitalit\u00e9 raffin\u00e9e teint\u00e9e d'une note de sophistication \u00e0 la fois glamour et informelle \u00bb.<\/p>            <\/div>\n                <div class=\"edgtf-post-example-item-three-info-section\">\n                        <div class=\"edgtf-post-info-comments-holder\">\n    <a itemprop=\"url\" class=\"edgtf-post-info-comments edgtf-comments-with-icon\" href=\"https:\/\/magazineluxe.com\/fr\/ralphs\/#respond\" target=\"_self\">\n        0     <\/a>\n<\/div>            <div class=\"edgtf-blog-like\">\n\t<a href=\"#\" class=\"edgtf-like\" id=\"edgtf-like-2846-833\" title=\"Like this\" data-post-id=\"2846\"><span>0<\/span><input type=\"hidden\" id=\"edgtf_like_nonce_2846\" name=\"edgtf_like_nonce_2846\" value=\"2e3c9a3d1e\" \/><input type=\"hidden\" name=\"_wp_http_referer\" value=\"\/fr\/wp-json\/wp\/v2\/pages\/13743\" \/><\/a><\/div>\n            <div class=\"edgtf-blog-share\">\n\t<div class=\"edgtf-social-share-holder edgtf-dropdown \">\n\t<a href=\"javascript:void(0)\" target=\"_self\" class=\"edgtf-social-share-dropdown-opener\">\n\t\t<span class=\"edgtf-social-share-title\">PARTAGER<\/span>\n\t<\/a>\n\t<div class=\"edgtf-social-share-dropdown\">\n\t\t<ul>\n\t\t\t<li class=\"edgtf-facebook-share\">\n\t<a class=\"edgtf-share-link\" href=\"#\" onclick=\"window.open('http:\/\/www.facebook.com\/sharer.php?s=100&amp;p[title]=Le+Ralph%26rsquo%3Bs+%3A+une+ambiance+informelle+et+glamour&amp;p[url]=https%3A%2F%2Fmagazineluxe.com%2Ffr%2Fralphs%2F&amp;p[images][0]=https:\/\/magazineluxe.com\/wp-content\/uploads\/2012\/05\/web.jpg&amp;p[summary]=%C2%AB+Je+veux+que+ce+soit+le+meilleur+restaurant+de+Paris+dans+son+genre%2C+proposant+une+cuisine+am%C3%A9ricaine+de+qualit%C3%A9+dans+le+cadre+le+plus+beau+et+le+plus+romantique.+Cet+%C3%A9tablissement+se+caract%C3%A9risera+par+son+hospitalit%C3%A9+raffin%C3%A9e+teint%C3%A9e+d%26rsquo%3Bune+note+de+sophistication+%C3%A0+la+fois+glamour+et+informelle+%C2%BB.+Ralph+Lauren+L%26rsquo%3BESPACE+HISTORIQUE+Install%C3%A9+dans+un+ancien+h%C3%B4tel+particulier%2C+le+Ralph%E2%80%99s+allie+le+caract%C3%A8re+typiquement+am%C3%A9ricain+%C3%A0+l%26rsquo%3Besprit+de+la+Rive+Gauche.+Le+prestige+du+173%2C+boulevard+Saint-Germain+rena%C3%AEt+%C3%A0+travers+l%26rsquo%3Balliance+r%C3%A9ussie+d%26rsquo%3Bun+d%C3%A9cor+de+style+parisien%2C+d%26rsquo%3Bune+mode%C2%A0am%C3%A9ricaine+raffin%C3%A9e+et+d%26rsquo%3Bune+cuisine+originale.+Pour+compl%C3%A9ter+la+nouvelle+boutique+phare+Ralph+Lauren%2C+ce+restaurant+met+%C3%A0+l%26rsquo%3Bhonneur+l%26rsquo%3Bhospitalit%C3%A9+et+la+cuisine+dans+la+pure+tradition+am%C3%A9ricaine.+Cet+h%C3%B4tel+particulier+construit+en+1683%2C+mettait+%C3%A0+la+disposition+de+son+propri%C3%A9taire+une+cour+spacieuse+comprenant+six+grandes+%C3%A9curies+jouxtant+le+b%C3%A2timent.+Amoureux+de+cette+architecture+classique%2C+symbolique+du+patrimoine+parisien%2C+Ralph+Lauren+a+souhait%C3%A9+jouer+la+carte+du+romantisme+et+de+la+modernit%C3%A9+sans+tomber+dans+la+nostalgie+ni+l%E2%80%99exc%C3%A8s.+Il+redonne+%C3%A0+la+cour+int%C3%A9rieure+sa+fonction+originelle+d%E2%80%99accueil+r%C3%A9serv%C3%A9+aux+h%C3%B4tes+de+qualit%C3%A9+et+requalifie+les+anciennes+%C3%A9curies+attenantes+o%C3%B9+jadis%2C+chevaux+et+carrosses+%C3%A9taient+abrit%C3%A9s.+En+ma%C3%AEtre+%5B%26hellip%3B%5D', 'sharer', 'toolbar=0,status=0,width=620,height=280');\">\n\t\t\t\t\t<span class=\"edgtf-social-network-icon social_facebook\"><\/span>\n\t\t\t<\/a>\n<\/li><li class=\"edgtf-twitter-share\">\n\t<a class=\"edgtf-share-link\" href=\"#\" onclick=\"window.open('http:\/\/twitter.com\/home?status=%C2%AB+Je+veux+que+ce+soit+le+meilleur+restaurant+de+Paris+dans+son+genre%2C+proposant+une+cuisine+am%C3%A9ricaine+de+qualit%C3%A9+https:\/\/magazineluxe.com\/fr\/ralphs\/', 'popupwindow', 'scrollbars=yes,width=800,height=400');\">\n\t\t\t\t\t<span class=\"edgtf-social-network-icon social_twitter\"><\/span>\n\t\t\t<\/a>\n<\/li><li class=\"edgtf-linkedin-share\">\n\t<a class=\"edgtf-share-link\" href=\"#\" onclick=\"popUp=window.open('http:\/\/linkedin.com\/shareArticle?mini=true&amp;url=https%3A%2F%2Fmagazineluxe.com%2Ffr%2Fralphs%2F&amp;title=Le+Ralph%26rsquo%3Bs+%3A+une+ambiance+informelle+et+glamour', 'popupwindow', 'scrollbars=yes,width=800,height=400');popUp.focus();return false;\">\n\t\t\t\t\t<span class=\"edgtf-social-network-icon social_linkedin\"><\/span>\n\t\t\t<\/a>\n<\/li><li class=\"edgtf-pinterest-share\">\n\t<a class=\"edgtf-share-link\" href=\"#\" onclick=\"popUp=window.open('http:\/\/pinterest.com\/pin\/create\/button\/?url=https%3A%2F%2Fmagazineluxe.com%2Ffr%2Fralphs%2F&amp;description=Le Ralph&rsquo;s : une ambiance informelle et glamour&amp;media=https%3A%2F%2Fmagazineluxe.com%2Fwp-content%2Fuploads%2F2012%2F05%2Fweb.jpg', 'popupwindow', 'scrollbars=yes,width=800,height=400');popUp.focus();return false;\">\n\t\t\t\t\t<span class=\"edgtf-social-network-icon social_pinterest\"><\/span>\n\t\t\t<\/a>\n<\/li>\t\t<\/ul>\n\t<\/div>\n<\/div><\/div>\n        <\/div>\n    <\/div>\n<\/div><div class=\"edgtf-post-example-item-three-item edgtf-post-item\">\n        <div class=\"edgtf-post-example-item-three-image-holder\">\n                <div class=\"edgtf-post-example-item-three-image-inner-holder\">\n            <img loading=\"lazy\" decoding=\"async\" src=\"https:\/\/magazineluxe.com\/wp-content\/uploads\/2012\/04\/paris1-410x230.jpg\" alt=\"\" width=\"410\" height=\"230\" \/>        <\/div>\n        <a itemprop=\"url\" class=\"edgtf-post-example-item-three-slide-link\" href=\"https:\/\/magazineluxe.com\/fr\/vacances-a-paris\/\" target=\"_self\"><\/a>\n    <\/div>\n        <div class=\"edgtf-post-example-item-three-content-holder\">\n        <div class=\"edgtf-post-example-item-three-title-holder\">\n            <h3 class=\"edgtf-post-example-item-three-title\">\n                <a itemprop=\"url\" href=\"https:\/\/magazineluxe.com\/fr\/vacances-a-paris\/\" target=\"_self\">\n                    Vacances \u00e0 Paris                <\/a>\n            <\/h3>\n        <\/div>\n                    <div class=\"edgtf-post-example-item-three-excerpt\">\n                <p class=\"edgtf-post-excerpt\">Paris, capitale de la mode, ville des arts et des cr\u00e9ateurs, ville gourmande\u2026 La destination fait r\u00eaver aux quatre coins de la plan\u00e8te. D\u00e9coup\u00e9e en grands quartiers, elle est constitu\u00e9e de petits villages qui poss\u00e8dent tous une \u00e2me bien \u00e0 eux. La richesse de la ville est telle qu\u2019il est<\/p>            <\/div>\n                <div class=\"edgtf-post-example-item-three-info-section\">\n                        <div class=\"edgtf-post-info-comments-holder\">\n    <a itemprop=\"url\" class=\"edgtf-post-info-comments edgtf-comments-with-icon\" href=\"https:\/\/magazineluxe.com\/fr\/vacances-a-paris\/#respond\" target=\"_self\">\n        0     <\/a>\n<\/div>            <div class=\"edgtf-blog-like\">\n\t<a href=\"#\" class=\"edgtf-like\" id=\"edgtf-like-2515-559\" title=\"Like this\" data-post-id=\"2515\"><span>0<\/span><input type=\"hidden\" id=\"edgtf_like_nonce_2515\" name=\"edgtf_like_nonce_2515\" value=\"40414f89d9\" \/><input type=\"hidden\" name=\"_wp_http_referer\" value=\"\/fr\/wp-json\/wp\/v2\/pages\/13743\" \/><\/a><\/div>\n            <div class=\"edgtf-blog-share\">\n\t<div class=\"edgtf-social-share-holder edgtf-dropdown \">\n\t<a href=\"javascript:void(0)\" target=\"_self\" class=\"edgtf-social-share-dropdown-opener\">\n\t\t<span class=\"edgtf-social-share-title\">PARTAGER<\/span>\n\t<\/a>\n\t<div class=\"edgtf-social-share-dropdown\">\n\t\t<ul>\n\t\t\t<li class=\"edgtf-facebook-share\">\n\t<a class=\"edgtf-share-link\" href=\"#\" onclick=\"window.open('http:\/\/www.facebook.com\/sharer.php?s=100&amp;p[title]=Vacances+%C3%A0+Paris&amp;p[url]=https%3A%2F%2Fmagazineluxe.com%2Ffr%2Fvacances-a-paris%2F&amp;p[images][0]=https:\/\/magazineluxe.com\/wp-content\/uploads\/2012\/04\/paris1.jpg&amp;p[summary]=Paris%2C+capitale+de+la+mode%2C+ville+des+arts+et+des+cr%C3%A9ateurs%2C+ville+gourmande%E2%80%A6+La+destination+fait+r%C3%AAver+aux+quatre+coins+de+la+plan%C3%A8te.+D%C3%A9coup%C3%A9e+en+grands+quartiers%2C+elle+est+constitu%C3%A9e+de+petits+villages+qui+poss%C3%A8dent+tous+une+%C3%A2me+bien+%C3%A0+eux.+La+richesse+de+la+ville+est+telle+qu%E2%80%99il+est+impossible+de+tout+voir+en+quelques+jours.+Visiter+Paris%2C+c%E2%80%99est+partir+%C3%A0+la+rencontre+de+ses+monuments+prestigieux%2C+de+ses+restaurants%2C+boutiques+et+caf%C3%A9s%2C+mais+c%E2%80%99est+aussi+d%C3%A9couvrir+des+endroits+insolites+et+insoup%C3%A7onn%C3%A9s+qui+font+tout+le+charme+de+la+Ville+lumi%C3%A8re.+C%E2%80%99est+ce+que+LUXE+MAGAZINE+vous+propose+au+travers+de+ce+carnet+d%E2%80%99adresses.+SE+LOGER+DANS+UN+PARIS+CHIC+Paris+regorge+de+palaces+tous+plus+beaux+les+uns+que+les+autres%2C+dont+les+murs+sont+souvent+charg%C3%A9s+d%E2%80%99histoire.+Suites+avec+vue+imprenable+sur+Paris%2C+d%C3%A9cor+raffin%C3%A9%2C+service+%C3%A0+la+client%C3%A8le+hors+pair%2C+restaurant+gastronomique%2C+h%C3%B4tes+de+marque%E2%80%A6+%3A+ils+cumulent+tous+les+atouts.+En+voici+quelques-uns+%3A+Le+Crillon%2C+place+de+la+Concorde%2C+est+r%C3%A9put%C3%A9+pour+son+service+%C3%A0+la+client%C3%A8le+incomparable+en+plus+de+son+d%C3%A9cor+de+r%C3%AAve.+Non+loin+l%E2%80%99un+de+l%E2%80%99autre%2C+%C3%A0+deux+pas+des+Champs-%C3%89lys%C3%A9es%2C+le+Rapha%C3%ABl+et+le+George+V+sont+id%C3%A9alement+situ%C3%A9s+%5B%26hellip%3B%5D', 'sharer', 'toolbar=0,status=0,width=620,height=280');\">\n\t\t\t\t\t<span class=\"edgtf-social-network-icon social_facebook\"><\/span>\n\t\t\t<\/a>\n<\/li><li class=\"edgtf-twitter-share\">\n\t<a class=\"edgtf-share-link\" href=\"#\" onclick=\"window.open('http:\/\/twitter.com\/home?status=Paris%2C+capitale+de+la+mode%2C+ville+des+arts+et+des+cr%C3%A9ateurs%2C+ville+gourmande%E2%80%A6+La+destination+fait+r%C3%AAver+aux+quatre+https:\/\/magazineluxe.com\/fr\/vacances-a-paris\/', 'popupwindow', 'scrollbars=yes,width=800,height=400');\">\n\t\t\t\t\t<span class=\"edgtf-social-network-icon social_twitter\"><\/span>\n\t\t\t<\/a>\n<\/li><li class=\"edgtf-linkedin-share\">\n\t<a class=\"edgtf-share-link\" href=\"#\" onclick=\"popUp=window.open('http:\/\/linkedin.com\/shareArticle?mini=true&amp;url=https%3A%2F%2Fmagazineluxe.com%2Ffr%2Fvacances-a-paris%2F&amp;title=Vacances+%C3%A0+Paris', 'popupwindow', 'scrollbars=yes,width=800,height=400');popUp.focus();return false;\">\n\t\t\t\t\t<span class=\"edgtf-social-network-icon social_linkedin\"><\/span>\n\t\t\t<\/a>\n<\/li><li class=\"edgtf-pinterest-share\">\n\t<a class=\"edgtf-share-link\" href=\"#\" onclick=\"popUp=window.open('http:\/\/pinterest.com\/pin\/create\/button\/?url=https%3A%2F%2Fmagazineluxe.com%2Ffr%2Fvacances-a-paris%2F&amp;description=Vacances \u00e0 Paris&amp;media=https%3A%2F%2Fmagazineluxe.com%2Fwp-content%2Fuploads%2F2012%2F04%2Fparis1.jpg', 'popupwindow', 'scrollbars=yes,width=800,height=400');popUp.focus();return false;\">\n\t\t\t\t\t<span class=\"edgtf-social-network-icon social_pinterest\"><\/span>\n\t\t\t<\/a>\n<\/li>\t\t<\/ul>\n\t<\/div>\n<\/div><\/div>\n        <\/div>\n    <\/div>\n<\/div><div class=\"edgtf-post-example-item-three-item edgtf-post-item\">\n        <div class=\"edgtf-post-example-item-three-image-holder\">\n                <div class=\"edgtf-post-example-item-three-image-inner-holder\">\n            <img loading=\"lazy\" decoding=\"async\" src=\"https:\/\/magazineluxe.com\/wp-content\/uploads\/2012\/01\/who1471gweb-410x230.jpg\" alt=\"\" width=\"410\" height=\"230\" \/>        <\/div>\n        <a itemprop=\"url\" class=\"edgtf-post-example-item-three-slide-link\" href=\"https:\/\/magazineluxe.com\/fr\/l%e2%80%99hotel-w-montreal\/\" target=\"_self\"><\/a>\n    <\/div>\n        <div class=\"edgtf-post-example-item-three-content-holder\">\n        <div class=\"edgtf-post-example-item-three-title-holder\">\n            <h3 class=\"edgtf-post-example-item-three-title\">\n                <a itemprop=\"url\" href=\"https:\/\/magazineluxe.com\/fr\/l%e2%80%99hotel-w-montreal\/\" target=\"_self\">\n                    L\u2019h\u00f4tel W Montr\u00e9al                <\/a>\n            <\/h3>\n        <\/div>\n                    <div class=\"edgtf-post-example-item-three-excerpt\">\n                <p class=\"edgtf-post-excerpt\">Paris, Barcelone, Bangkok, Hong Kong, Bali, Abu Dhabi, Los Angeles, New York, Londres ne sont que quelques exemples des grandes villes du monde o\u00f9 le voyageur peut savourer l\u2019art de vivre que proposent les h\u00f4tels W r\u00e9partis sur tous les continents. Luxe c'est arr\u00eat\u00e9 \u00e0 l'h\u00f4tel W Montr\u00e9al, situ\u00e9 dans<\/p>            <\/div>\n                <div class=\"edgtf-post-example-item-three-info-section\">\n                        <div class=\"edgtf-post-info-comments-holder\">\n    <a itemprop=\"url\" class=\"edgtf-post-info-comments edgtf-comments-with-icon\" href=\"https:\/\/magazineluxe.com\/fr\/l%e2%80%99hotel-w-montreal\/#respond\" target=\"_self\">\n        0     <\/a>\n<\/div>            <div class=\"edgtf-blog-like\">\n\t<a href=\"#\" class=\"edgtf-like\" id=\"edgtf-like-2029-164\" title=\"Like this\" data-post-id=\"2029\"><span>0<\/span><input type=\"hidden\" id=\"edgtf_like_nonce_2029\" name=\"edgtf_like_nonce_2029\" value=\"408594b44a\" \/><input type=\"hidden\" name=\"_wp_http_referer\" value=\"\/fr\/wp-json\/wp\/v2\/pages\/13743\" \/><\/a><\/div>\n            <div class=\"edgtf-blog-share\">\n\t<div class=\"edgtf-social-share-holder edgtf-dropdown \">\n\t<a href=\"javascript:void(0)\" target=\"_self\" class=\"edgtf-social-share-dropdown-opener\">\n\t\t<span class=\"edgtf-social-share-title\">PARTAGER<\/span>\n\t<\/a>\n\t<div class=\"edgtf-social-share-dropdown\">\n\t\t<ul>\n\t\t\t<li class=\"edgtf-facebook-share\">\n\t<a class=\"edgtf-share-link\" href=\"#\" onclick=\"window.open('http:\/\/www.facebook.com\/sharer.php?s=100&amp;p[title]=L%E2%80%99h%C3%B4tel+W+Montr%C3%A9al&amp;p[url]=https%3A%2F%2Fmagazineluxe.com%2Ffr%2Fl%25e2%2580%2599hotel-w-montreal%2F&amp;p[images][0]=https:\/\/magazineluxe.com\/wp-content\/uploads\/2012\/01\/who1471gweb.jpg&amp;p[summary]=Paris%2C+Barcelone%2C+Bangkok%2C+Hong+Kong%2C+Bali%2C+Abu+Dhabi%2C+Los+Angeles%2C+New+York%2C+Londres+ne+sont+que+quelques+exemples+des+grandes+villes+du+monde+o%C3%B9+le+voyageur+peut+savourer+l%E2%80%99art+de+vivre+que+proposent+les+h%C3%B4tels+W+r%C3%A9partis+sur+tous+les+continents.+Luxe+c%26rsquo%3Best+arr%C3%AAt%C3%A9+%C3%A0+l%26rsquo%3Bh%C3%B4tel+W+Montr%C3%A9al%2C+situ%C3%A9+dans+le+b%C3%A2timent+qui+abritait+la+Banque+du+Canada%2C+%C3%A0+proximit%C3%A9+du+Vieux-Montr%C3%A9al+dans+le+Square+Victoria.+Bienvenue+dans+un+environnement+sensoriel+au+design+embl%C3%A9matique+et+au+luxe+contemporain%21+Un+s%C3%A9jour+%C3%A0+l%E2%80%99h%C3%B4tel+W+Montr%C3%A9al+se+veut+un+voyage+ultime+dans+l%E2%80%99univers+du+design%2C+une+escale+dans+une+atmosph%C3%A8re+enveloppante+et+envo%C3%BBtante.+D%C3%A8s+l%E2%80%99entr%C3%A9e%2C+le+charme+op%C3%A8re+instantan%C3%A9ment+dans+le+Living+room+W.+Le+regard+se+dirige+vers+la+r%C3%A9ception+feutr%C3%A9e%2C+se+l%C3%A8ve+ensuite+vers+le+plafond+illumin%C3%A9+de+sph%C3%A8res+blanches+et+a%C3%A9riennes+qui+se+multiplient+dans+le+mur+tapiss%C3%A9+de+miroirs+fum%C3%A9s%2C+et+se+perd+ensuite+dans+la+multitude+de+moelleux+canap%C3%A9s+invitants+aux+lignes+carr%C3%A9es%2C+piment%C3%A9es+de+fauteuils+rouges+en+forme+de+fleur.+En+tout+lieu%2C+l%E2%80%99ambiance+est+propice+%C3%A0+la+d%C3%A9tente+et+rejette+illico+le+stress.+Pour+les+amoureux+du+design+et+des+ambiances+branch%C3%A9es%2C+le+W+Montr%C3%A9al+est+l%E2%80%99endroit+parfait+pour+s%E2%80%99inspirer+des+tendances+de+l%E2%80%99heure+que+%5B%26hellip%3B%5D', 'sharer', 'toolbar=0,status=0,width=620,height=280');\">\n\t\t\t\t\t<span class=\"edgtf-social-network-icon social_facebook\"><\/span>\n\t\t\t<\/a>\n<\/li><li class=\"edgtf-twitter-share\">\n\t<a class=\"edgtf-share-link\" href=\"#\" onclick=\"window.open('http:\/\/twitter.com\/home?status=Paris%2C+Barcelone%2C+Bangkok%2C+Hong+Kong%2C+Bali%2C+Abu+Dhabi%2C+Los+Angeles%2C+New+York%2C+Londres+ne+sont+que+quelques+exemples+https:\/\/magazineluxe.com\/fr\/l%e2%80%99hotel-w-montreal\/', 'popupwindow', 'scrollbars=yes,width=800,height=400');\">\n\t\t\t\t\t<span class=\"edgtf-social-network-icon social_twitter\"><\/span>\n\t\t\t<\/a>\n<\/li><li class=\"edgtf-linkedin-share\">\n\t<a class=\"edgtf-share-link\" href=\"#\" onclick=\"popUp=window.open('http:\/\/linkedin.com\/shareArticle?mini=true&amp;url=https%3A%2F%2Fmagazineluxe.com%2Ffr%2Fl%25e2%2580%2599hotel-w-montreal%2F&amp;title=L%E2%80%99h%C3%B4tel+W+Montr%C3%A9al', 'popupwindow', 'scrollbars=yes,width=800,height=400');popUp.focus();return false;\">\n\t\t\t\t\t<span class=\"edgtf-social-network-icon social_linkedin\"><\/span>\n\t\t\t<\/a>\n<\/li><li class=\"edgtf-pinterest-share\">\n\t<a class=\"edgtf-share-link\" href=\"#\" onclick=\"popUp=window.open('http:\/\/pinterest.com\/pin\/create\/button\/?url=https%3A%2F%2Fmagazineluxe.com%2Ffr%2Fl%25e2%2580%2599hotel-w-montreal%2F&amp;description=L\u2019h\u00f4tel W Montr\u00e9al&amp;media=https%3A%2F%2Fmagazineluxe.com%2Fwp-content%2Fuploads%2F2012%2F01%2Fwho1471gweb.jpg', 'popupwindow', 'scrollbars=yes,width=800,height=400');popUp.focus();return false;\">\n\t\t\t\t\t<span class=\"edgtf-social-network-icon social_pinterest\"><\/span>\n\t\t\t<\/a>\n<\/li>\t\t<\/ul>\n\t<\/div>\n<\/div><\/div>\n        <\/div>\n    <\/div>\n<\/div><div class=\"edgtf-post-example-item-three-item edgtf-post-item\">\n        <div class=\"edgtf-post-example-item-three-image-holder\">\n                <div class=\"edgtf-post-example-item-three-image-inner-holder\">\n            <img loading=\"lazy\" decoding=\"async\" src=\"https:\/\/magazineluxe.com\/wp-content\/uploads\/2012\/01\/lesLaurentides-410x230.jpg\" alt=\"\" width=\"410\" height=\"230\" \/>        <\/div>\n        <a itemprop=\"url\" class=\"edgtf-post-example-item-three-slide-link\" href=\"https:\/\/magazineluxe.com\/fr\/vivre-dans-les-laurentides\/\" target=\"_self\"><\/a>\n    <\/div>\n        <div class=\"edgtf-post-example-item-three-content-holder\">\n        <div class=\"edgtf-post-example-item-three-title-holder\">\n            <h3 class=\"edgtf-post-example-item-three-title\">\n                <a itemprop=\"url\" href=\"https:\/\/magazineluxe.com\/fr\/vivre-dans-les-laurentides\/\" target=\"_self\">\n                    Les Laurentides : pour \u00e9picuriens de nature                <\/a>\n            <\/h3>\n        <\/div>\n                    <div class=\"edgtf-post-example-item-three-excerpt\">\n                <p class=\"edgtf-post-excerpt\">Plaisirs des sens\u00a0rapidement retrouv\u00e9s devant l\u2019effet de puret\u00e9 et de grandeur qui s\u2019impose \u00e0 l\u2019approche de la r\u00e9gion des Laurentides! Plaisirs d\u00e9cupl\u00e9s lors de la d\u00e9couverte des multiples ressources bienfaisantes de ce coin de pays qui a su miser, avec \u00e9quilibre, sur la beaut\u00e9 de sa nature.\r\n\r\nAu-del\u00e0 d\u2019un d\u00e9cor montagneux,<\/p>            <\/div>\n                <div class=\"edgtf-post-example-item-three-info-section\">\n                        <div class=\"edgtf-post-info-comments-holder\">\n    <a itemprop=\"url\" class=\"edgtf-post-info-comments edgtf-comments-with-icon\" href=\"https:\/\/magazineluxe.com\/fr\/vivre-dans-les-laurentides\/#respond\" target=\"_self\">\n        0     <\/a>\n<\/div>            <div class=\"edgtf-blog-like\">\n\t<a href=\"#\" class=\"edgtf-like\" id=\"edgtf-like-1995-550\" title=\"Like this\" data-post-id=\"1995\"><span>0<\/span><input type=\"hidden\" id=\"edgtf_like_nonce_1995\" name=\"edgtf_like_nonce_1995\" value=\"180db5bbce\" \/><input type=\"hidden\" name=\"_wp_http_referer\" value=\"\/fr\/wp-json\/wp\/v2\/pages\/13743\" \/><\/a><\/div>\n            <div class=\"edgtf-blog-share\">\n\t<div class=\"edgtf-social-share-holder edgtf-dropdown \">\n\t<a href=\"javascript:void(0)\" target=\"_self\" class=\"edgtf-social-share-dropdown-opener\">\n\t\t<span class=\"edgtf-social-share-title\">PARTAGER<\/span>\n\t<\/a>\n\t<div class=\"edgtf-social-share-dropdown\">\n\t\t<ul>\n\t\t\t<li class=\"edgtf-facebook-share\">\n\t<a class=\"edgtf-share-link\" href=\"#\" onclick=\"window.open('http:\/\/www.facebook.com\/sharer.php?s=100&amp;p[title]=Les+Laurentides+%3A+pour+%C3%A9picuriens+de+nature&amp;p[url]=https%3A%2F%2Fmagazineluxe.com%2Ffr%2Fvivre-dans-les-laurentides%2F&amp;p[images][0]=https:\/\/magazineluxe.com\/wp-content\/uploads\/2012\/01\/lesLaurentides.jpg&amp;p[summary]=Plaisirs+des+sens%C2%A0rapidement+retrouv%C3%A9s+devant+l%E2%80%99effet+de+puret%C3%A9+et+de+grandeur+qui+s%E2%80%99impose+%C3%A0+l%E2%80%99approche+de+la+r%C3%A9gion+des+Laurentides%21+Plaisirs+d%C3%A9cupl%C3%A9s+lors+de+la+d%C3%A9couverte+des+multiples+ressources+bienfaisantes+de+ce+coin+de+pays+qui+a+su+miser%2C+avec+%C3%A9quilibre%2C+sur+la+beaut%C3%A9+de+sa+nature.+Au-del%C3%A0+d%E2%80%99un+d%C3%A9cor+montagneux%2C+les+Laurentides+occupent+une+place+importante+dans+la+vie+de+plusieurs+citadins+de+la+ville+de+Montr%C3%A9al+et+de+ses+environs.+Certains+y+habitent+%C3%A0+l%E2%80%99ann%C3%A9e+alors+que+d%E2%80%99autres+profitent+de+leur+r%C3%A9sidence+secondaire+durant+les+week-ends+ou+pendant+les+p%C3%A9riodes+de+longues+vacances.+Situ%C3%A9e+au+nord+de+Montr%C3%A9al%2C+la+r%C3%A9gion+des+Laurentides+tient+son+nom+de+la+cha%C3%AEne+de+montagnes+qui+la+caract%C3%A9rise.+D%26rsquo%3Bailleurs%2C+cette+formation+rocheuse+sert+de+base+%C3%A0+la+majorit%C3%A9+des+activit%C3%A9s+sportives+quatre+saisons+de+ce%C2%A0territoire%C2%A0%3A+des+%C3%A9l%C3%A9vations+naturelles+vallonneuses+aux+formes+arrondies+et+des+sommets+de+pr%C3%A8s+de+800+m%C3%A8tres+de+hauteur%2C+comme+celui+de+la+montagne+du+Diable%2C+ont+cr%C3%A9%C3%A9+un+emplacement+id%C3%A9al+pour+les+milliers+de+lacs+et+de+rivi%C3%A8res+qui+se+trouvent+sur+ce+territoire+regroupant+8+municipalit%C3%A9s+r%C3%A9gionales+de+comt%C3%A9+%28MRC%29.+LES+TROIS+PARTIES+D%26rsquo%3BUN+MAGNIFIQUE+TOUT+Du+secteur+des+Basses-Laurentides+%C3%A0+celui+des+Hautes-Laurentides+en+passant+par+le+%5B%26hellip%3B%5D', 'sharer', 'toolbar=0,status=0,width=620,height=280');\">\n\t\t\t\t\t<span class=\"edgtf-social-network-icon social_facebook\"><\/span>\n\t\t\t<\/a>\n<\/li><li class=\"edgtf-twitter-share\">\n\t<a class=\"edgtf-share-link\" href=\"#\" onclick=\"window.open('http:\/\/twitter.com\/home?status=Plaisirs+des+sens%C2%A0rapidement+retrouv%C3%A9s+devant+l%E2%80%99effet+de+puret%C3%A9+et+de+grandeur+qui+s%E2%80%99impose+%C3%A0+l%E2%80%99approche+de+la+r%C3%A9gion+https:\/\/magazineluxe.com\/fr\/vivre-dans-les-laurentides\/', 'popupwindow', 'scrollbars=yes,width=800,height=400');\">\n\t\t\t\t\t<span class=\"edgtf-social-network-icon social_twitter\"><\/span>\n\t\t\t<\/a>\n<\/li><li class=\"edgtf-linkedin-share\">\n\t<a class=\"edgtf-share-link\" href=\"#\" onclick=\"popUp=window.open('http:\/\/linkedin.com\/shareArticle?mini=true&amp;url=https%3A%2F%2Fmagazineluxe.com%2Ffr%2Fvivre-dans-les-laurentides%2F&amp;title=Les+Laurentides+%3A+pour+%C3%A9picuriens+de+nature', 'popupwindow', 'scrollbars=yes,width=800,height=400');popUp.focus();return false;\">\n\t\t\t\t\t<span class=\"edgtf-social-network-icon social_linkedin\"><\/span>\n\t\t\t<\/a>\n<\/li><li class=\"edgtf-pinterest-share\">\n\t<a class=\"edgtf-share-link\" href=\"#\" onclick=\"popUp=window.open('http:\/\/pinterest.com\/pin\/create\/button\/?url=https%3A%2F%2Fmagazineluxe.com%2Ffr%2Fvivre-dans-les-laurentides%2F&amp;description=Les Laurentides : pour \u00e9picuriens de nature&amp;media=https%3A%2F%2Fmagazineluxe.com%2Fwp-content%2Fuploads%2F2012%2F01%2FlesLaurentides.jpg', 'popupwindow', 'scrollbars=yes,width=800,height=400');popUp.focus();return false;\">\n\t\t\t\t\t<span class=\"edgtf-social-network-icon social_pinterest\"><\/span>\n\t\t\t<\/a>\n<\/li>\t\t<\/ul>\n\t<\/div>\n<\/div><\/div>\n        <\/div>\n    <\/div>\n<\/div><div class=\"edgtf-post-example-item-three-item edgtf-post-item\">\n        <div class=\"edgtf-post-example-item-three-image-holder\">\n                <div class=\"edgtf-post-example-item-three-image-inner-holder\">\n            <img loading=\"lazy\" decoding=\"async\" src=\"https:\/\/magazineluxe.com\/wp-content\/uploads\/2011\/10\/lasterrenas-410x230.jpg\" alt=\"\" width=\"410\" height=\"230\" \/>        <\/div>\n        <a itemprop=\"url\" class=\"edgtf-post-example-item-three-slide-link\" href=\"https:\/\/magazineluxe.com\/fr\/las-terrenas-le-paradis-sur-terre\/\" target=\"_self\"><\/a>\n    <\/div>\n        <div class=\"edgtf-post-example-item-three-content-holder\">\n        <div class=\"edgtf-post-example-item-three-title-holder\">\n            <h3 class=\"edgtf-post-example-item-three-title\">\n                <a itemprop=\"url\" href=\"https:\/\/magazineluxe.com\/fr\/las-terrenas-le-paradis-sur-terre\/\" target=\"_self\">\n                    LAS TERRENAS &#8211; Le paradis sur Terre!                <\/a>\n            <\/h3>\n        <\/div>\n                    <div class=\"edgtf-post-example-item-three-excerpt\">\n                <p class=\"edgtf-post-excerpt\">Affectueusement surnomm\u00e9 le \u00ab village fran\u00e7ais \u00bb de la R\u00e9publique dominicaine, le splendide et fort peu connu village Las Terrenas sur la p\u00e9ninsule de Samana dans les Antilles attire de nombreux aventuriers amateurs de cocotiers, d\u2019eaux turquoise et de plages vierges au fin sable blanc.\r\n\r\nIl y a quelques ann\u00e9es encore,<\/p>            <\/div>\n                <div class=\"edgtf-post-example-item-three-info-section\">\n                        <div class=\"edgtf-post-info-comments-holder\">\n    <a itemprop=\"url\" class=\"edgtf-post-info-comments edgtf-comments-with-icon\" href=\"https:\/\/magazineluxe.com\/fr\/las-terrenas-le-paradis-sur-terre\/#respond\" target=\"_self\">\n        0     <\/a>\n<\/div>            <div class=\"edgtf-blog-like\">\n\t<a href=\"#\" class=\"edgtf-like\" id=\"edgtf-like-1481-268\" title=\"Like this\" data-post-id=\"1481\"><span>1<\/span><input type=\"hidden\" id=\"edgtf_like_nonce_1481\" name=\"edgtf_like_nonce_1481\" value=\"f67417ee2c\" \/><input type=\"hidden\" name=\"_wp_http_referer\" value=\"\/fr\/wp-json\/wp\/v2\/pages\/13743\" \/><\/a><\/div>\n            <div class=\"edgtf-blog-share\">\n\t<div class=\"edgtf-social-share-holder edgtf-dropdown \">\n\t<a href=\"javascript:void(0)\" target=\"_self\" class=\"edgtf-social-share-dropdown-opener\">\n\t\t<span class=\"edgtf-social-share-title\">PARTAGER<\/span>\n\t<\/a>\n\t<div class=\"edgtf-social-share-dropdown\">\n\t\t<ul>\n\t\t\t<li class=\"edgtf-facebook-share\">\n\t<a class=\"edgtf-share-link\" href=\"#\" onclick=\"window.open('http:\/\/www.facebook.com\/sharer.php?s=100&amp;p[title]=LAS+TERRENAS+%26%238211%3B+Le+paradis+sur+Terre%21&amp;p[url]=https%3A%2F%2Fmagazineluxe.com%2Ffr%2Flas-terrenas-le-paradis-sur-terre%2F&amp;p[images][0]=https:\/\/magazineluxe.com\/wp-content\/uploads\/2011\/10\/lasterrenas.jpg&amp;p[summary]=Affectueusement+surnomm%C3%A9+le+%C2%AB+village+fran%C3%A7ais+%C2%BB+de+la+R%C3%A9publique+dominicaine%2C+le+splendide+et+fort+peu+connu+village+Las+Terrenas+sur+la+p%C3%A9ninsule+de+Samana+dans+les+Antilles+attire+de+nombreux+aventuriers+amateurs+de+cocotiers%2C+d%E2%80%99eaux+turquoise+et+de+plages+vierges+au+fin+sable+blanc.+Il+y+a+quelques+ann%C3%A9es+encore%2C+le+d%C3%A9cor+paradisiaque+de+Las+Terrenas+ne+laissait+voir+son+extraordinaire+beaut%C3%A9+qu%E2%80%99aux+seuls+r%C3%A9sidents+et+autres+%C3%A9lus+venus+les+visiter.+Mais%2C+son+allure+d%E2%80%99%C3%AEle+au+tr%C3%A9sor%2C+son+charme+rustique+et+son+climat+tropical+dont+la+temp%C3%A9rature+varie+entre+25+%C2%B0C+et+32+%C2%B0C+%C3%A0+l%E2%80%99ann%C3%A9e+ont+fini+par+int%C3%A9resser+les+visiteurs+curieux+de+d%C3%A9couvrir+des+sites+encore+peu+exploit%C3%A9s+par+l%E2%80%99industrie+touristique.+Gr%C3%A2ce+au+nouvel+A%C3%A9roport+international+El+Catey%2C+il+est+dor%C3%A9navant+plus+accessible+que+jamais.+ENTRE+L%E2%80%99ATLANTIQUE+ET+LA+BAIE+DE+SAMANA+Situ%C3%A9+au+nord-est+de+la+R%C3%A9publique+dominicaine%2C+Las+Terrenas+flotte+%C3%A0+bord+de+la+presqu%E2%80%99%C3%AEle+Samana+dans+le+pays+des+Grandes+Antilles+pr%C3%A8s+du+continent+sud-am%C3%A9ricain+tout+en+longeant+l%E2%80%99oc%C3%A9an+Atlantique.+Dans+les+ann%C3%A9es+1990%2C+seuls+les+p%C3%AAcheurs+habitaient+ce+lieu+isol%C3%A9+et+sans+%C3%A9lectricit%C3%A9.+Aujourd%E2%80%99hui%2C+une+communaut%C3%A9+de+18+000+habitants+y+a+fait+son+nid+et+le+village+commence+%C3%A0+%C3%AAtre+un+peu+%5B%26hellip%3B%5D', 'sharer', 'toolbar=0,status=0,width=620,height=280');\">\n\t\t\t\t\t<span class=\"edgtf-social-network-icon social_facebook\"><\/span>\n\t\t\t<\/a>\n<\/li><li class=\"edgtf-twitter-share\">\n\t<a class=\"edgtf-share-link\" href=\"#\" onclick=\"window.open('http:\/\/twitter.com\/home?status=Affectueusement+surnomm%C3%A9+le+%C2%AB+village+fran%C3%A7ais+%C2%BB+de+la+R%C3%A9publique+dominicaine%2C+le+splendide+et+fort+peu+connu+village+https:\/\/magazineluxe.com\/fr\/las-terrenas-le-paradis-sur-terre\/', 'popupwindow', 'scrollbars=yes,width=800,height=400');\">\n\t\t\t\t\t<span class=\"edgtf-social-network-icon social_twitter\"><\/span>\n\t\t\t<\/a>\n<\/li><li class=\"edgtf-linkedin-share\">\n\t<a class=\"edgtf-share-link\" href=\"#\" onclick=\"popUp=window.open('http:\/\/linkedin.com\/shareArticle?mini=true&amp;url=https%3A%2F%2Fmagazineluxe.com%2Ffr%2Flas-terrenas-le-paradis-sur-terre%2F&amp;title=LAS+TERRENAS+%26%238211%3B+Le+paradis+sur+Terre%21', 'popupwindow', 'scrollbars=yes,width=800,height=400');popUp.focus();return false;\">\n\t\t\t\t\t<span class=\"edgtf-social-network-icon social_linkedin\"><\/span>\n\t\t\t<\/a>\n<\/li><li class=\"edgtf-pinterest-share\">\n\t<a class=\"edgtf-share-link\" href=\"#\" onclick=\"popUp=window.open('http:\/\/pinterest.com\/pin\/create\/button\/?url=https%3A%2F%2Fmagazineluxe.com%2Ffr%2Flas-terrenas-le-paradis-sur-terre%2F&amp;description=LAS TERRENAS &#8211; Le paradis sur Terre!&amp;media=https%3A%2F%2Fmagazineluxe.com%2Fwp-content%2Fuploads%2F2011%2F10%2Flasterrenas.jpg', 'popupwindow', 'scrollbars=yes,width=800,height=400');popUp.focus();return false;\">\n\t\t\t\t\t<span class=\"edgtf-social-network-icon social_pinterest\"><\/span>\n\t\t\t<\/a>\n<\/li>\t\t<\/ul>\n\t<\/div>\n<\/div><\/div>\n        <\/div>\n    <\/div>\n<\/div><div class=\"edgtf-post-example-item-three-item edgtf-post-item\">\n        <div class=\"edgtf-post-example-item-three-image-holder\">\n                <div class=\"edgtf-post-example-item-three-image-inner-holder\">\n            <img loading=\"lazy\" decoding=\"async\" src=\"https:\/\/magazineluxe.com\/wp-content\/uploads\/2011\/10\/luxeETE_Page_126_Image_0001-410x230.jpg\" alt=\"\" width=\"410\" height=\"230\" \/>        <\/div>\n        <a itemprop=\"url\" class=\"edgtf-post-example-item-three-slide-link\" href=\"https:\/\/magazineluxe.com\/fr\/vivre-a-montreal-hotels-retaurants-et-boutiques\/\" target=\"_self\"><\/a>\n    <\/div>\n        <div class=\"edgtf-post-example-item-three-content-holder\">\n        <div class=\"edgtf-post-example-item-three-title-holder\">\n            <h3 class=\"edgtf-post-example-item-three-title\">\n                <a itemprop=\"url\" href=\"https:\/\/magazineluxe.com\/fr\/vivre-a-montreal-hotels-retaurants-et-boutiques\/\" target=\"_self\">\n                    H\u00f4tels, restaurants et boutiques hautement prestigieux                <\/a>\n            <\/h3>\n        <\/div>\n                    <div class=\"edgtf-post-example-item-three-excerpt\">\n                <p class=\"edgtf-post-excerpt\">Des restaurants aux saveurs divines et aux d\u00e9cors fulgurants, des boutiques o\u00f9 se m\u00e9langent luxe et raffinement, des h\u00f4tels ultras hupp\u00e9s et en vogue\u2026 Montr\u00e9al n\u2019a rien \u00e0 envier aux autres grandes villes du monde! Bienvenue dans une m\u00e9tropole o\u00f9 les \u00e9tablissements de classe sup\u00e9rieure ne manquent pas\u2026\r\n\r\nDES H\u00d4TELS SOMPTUEUX<\/p>            <\/div>\n                <div class=\"edgtf-post-example-item-three-info-section\">\n                        <div class=\"edgtf-post-info-comments-holder\">\n    <a itemprop=\"url\" class=\"edgtf-post-info-comments edgtf-comments-with-icon\" href=\"https:\/\/magazineluxe.com\/fr\/vivre-a-montreal-hotels-retaurants-et-boutiques\/#respond\" target=\"_self\">\n        0     <\/a>\n<\/div>            <div class=\"edgtf-blog-like\">\n\t<a href=\"#\" class=\"edgtf-like\" id=\"edgtf-like-1038-253\" title=\"Like this\" data-post-id=\"1038\"><span>0<\/span><input type=\"hidden\" id=\"edgtf_like_nonce_1038\" name=\"edgtf_like_nonce_1038\" value=\"c496bb2147\" \/><input type=\"hidden\" name=\"_wp_http_referer\" value=\"\/fr\/wp-json\/wp\/v2\/pages\/13743\" \/><\/a><\/div>\n            <div class=\"edgtf-blog-share\">\n\t<div class=\"edgtf-social-share-holder edgtf-dropdown \">\n\t<a href=\"javascript:void(0)\" target=\"_self\" class=\"edgtf-social-share-dropdown-opener\">\n\t\t<span class=\"edgtf-social-share-title\">PARTAGER<\/span>\n\t<\/a>\n\t<div class=\"edgtf-social-share-dropdown\">\n\t\t<ul>\n\t\t\t<li class=\"edgtf-facebook-share\">\n\t<a class=\"edgtf-share-link\" href=\"#\" onclick=\"window.open('http:\/\/www.facebook.com\/sharer.php?s=100&amp;p[title]=H%C3%B4tels%2C+restaurants+et+boutiques+hautement+prestigieux&amp;p[url]=https%3A%2F%2Fmagazineluxe.com%2Ffr%2Fvivre-a-montreal-hotels-retaurants-et-boutiques%2F&amp;p[images][0]=https:\/\/magazineluxe.com\/wp-content\/uploads\/2011\/10\/luxeETE_Page_126_Image_0001.jpg&amp;p[summary]=Des+restaurants+aux+saveurs+divines+et+aux+d%C3%A9cors+fulgurants%2C+des+boutiques+o%C3%B9+se+m%C3%A9langent+luxe+et+raffinement%2C+des+h%C3%B4tels+ultras+hupp%C3%A9s+et+en+vogue%E2%80%A6+Montr%C3%A9al+n%E2%80%99a+rien+%C3%A0+envier+aux+autres+grandes+villes+du+monde%21+Bienvenue+dans+une+m%C3%A9tropole+o%C3%B9+les+%C3%A9tablissements+de+classe+sup%C3%A9rieure+ne+manquent+pas%E2%80%A6+DES+H%C3%94TELS+SOMPTUEUX+ET+S%C3%89DUISANTS+Architectures+riches+et+raffin%C3%A9es%2C+design+contemporains+et+branch%C3%A9s%2C+service+royal+et+personnalis%C3%A9%E2%80%A6+les+h%C3%B4tels+les+plus+luxueux+et+les+plus+recherch%C3%A9s+sont+%C3%A0+Montr%C3%A9al%21+Pour+un+s%C3%A9jour+exaltant%2C+sensuel+et+sous+le+signe+du+confort%2C+voici+quelques+adresses+%C3%A0+ne+pas+manquer.+H%C3%94TEL+LE+SAINT-JAMES+La+destination+par+excellence+des+c%C3%A9l%C3%A9brit%C3%A9s+et+des+diplomates%21+Dans+une+superbe+b%C3%A2tisse+historique+du+Vieux-Montr%C3%A9al+se+dresse+un+%C3%A9tablissement+de+tradition+europ%C3%A9enne+au+style+avant-gardiste.+Les+concierges+membres+Clefs+d%E2%80%99Or+sauront+r%C3%A9pondre+%C3%A0+chacune+de+vos+requ%C3%AAtes.+Juch%C3%A9+dans+une+vo%C3%BBte+datant+de+1870%2C+le+spa+de+l%E2%80%99h%C3%B4tel+Saint-James+offre+une+ambiance+feutr%C3%A9e+avec+ses+murs+de+pierres+v%C3%A9ritables%2C+partie+prenante+des+fortifications+de+la+ville+de+Montr%C3%A9al.+Gr%C3%A2ce+%C3%A0+son+chef+r%C3%A9put%C3%A9%2C+Michele+Mercuri+et+sa+cuisine+innovatrice%2C+le+restaurant+XO+de+l%E2%80%99h%C3%B4tel+est+une+institution+en+soit.+L%E2%80%99incomparable+cave+%C3%A0+vin+rec%C3%A8le+de+tr%C3%A9sors+et+de+d%C3%A9couvertes.+Vous+pouvez+%5B%26hellip%3B%5D', 'sharer', 'toolbar=0,status=0,width=620,height=280');\">\n\t\t\t\t\t<span class=\"edgtf-social-network-icon social_facebook\"><\/span>\n\t\t\t<\/a>\n<\/li><li class=\"edgtf-twitter-share\">\n\t<a class=\"edgtf-share-link\" href=\"#\" onclick=\"window.open('http:\/\/twitter.com\/home?status=Des+restaurants+aux+saveurs+divines+et+aux+d%C3%A9cors+fulgurants%2C+des+boutiques+o%C3%B9+se+m%C3%A9langent+luxe+et+raffinement%2C+des+https:\/\/magazineluxe.com\/fr\/vivre-a-montreal-hotels-retaurants-et-boutiques\/', 'popupwindow', 'scrollbars=yes,width=800,height=400');\">\n\t\t\t\t\t<span class=\"edgtf-social-network-icon social_twitter\"><\/span>\n\t\t\t<\/a>\n<\/li><li class=\"edgtf-linkedin-share\">\n\t<a class=\"edgtf-share-link\" href=\"#\" onclick=\"popUp=window.open('http:\/\/linkedin.com\/shareArticle?mini=true&amp;url=https%3A%2F%2Fmagazineluxe.com%2Ffr%2Fvivre-a-montreal-hotels-retaurants-et-boutiques%2F&amp;title=H%C3%B4tels%2C+restaurants+et+boutiques+hautement+prestigieux', 'popupwindow', 'scrollbars=yes,width=800,height=400');popUp.focus();return false;\">\n\t\t\t\t\t<span class=\"edgtf-social-network-icon social_linkedin\"><\/span>\n\t\t\t<\/a>\n<\/li><li class=\"edgtf-pinterest-share\">\n\t<a class=\"edgtf-share-link\" href=\"#\" onclick=\"popUp=window.open('http:\/\/pinterest.com\/pin\/create\/button\/?url=https%3A%2F%2Fmagazineluxe.com%2Ffr%2Fvivre-a-montreal-hotels-retaurants-et-boutiques%2F&amp;description=H\u00f4tels, restaurants et boutiques hautement prestigieux&amp;media=https%3A%2F%2Fmagazineluxe.com%2Fwp-content%2Fuploads%2F2011%2F10%2FluxeETE_Page_126_Image_0001.jpg', 'popupwindow', 'scrollbars=yes,width=800,height=400');popUp.focus();return false;\">\n\t\t\t\t\t<span class=\"edgtf-social-network-icon social_pinterest\"><\/span>\n\t\t\t<\/a>\n<\/li>\t\t<\/ul>\n\t<\/div>\n<\/div><\/div>\n        <\/div>\n    <\/div>\n<\/div><\/div><\/div>[\/vc_column][\/vc_row]<\/p>\n","protected":false},"excerpt":{"rendered":"<p>[vc_row][vc_column][\/vc_column][\/vc_row]<\/p>\n","protected":false},"author":744,"featured_media":0,"parent":0,"menu_order":0,"comment_status":"closed","ping_status":"closed","template":"","meta":{"_monsterinsights_skip_tracking":false,"_monsterinsights_sitenote_active":false,"_monsterinsights_sitenote_note":"","_monsterinsights_sitenote_category":0,"footnotes":""},"class_list":["post-13743","page","type-page","status-publish","hentry"],"yoast_head":"<!-- This site is optimized with the Yoast SEO plugin v27.4 - https:\/\/yoast.com\/product\/yoast-seo-wordpress\/ -->\n<title>Voyage - MAGAZINE LUXE - Immobilier I Design I Art de vivre<\/title>\n<meta name=\"description\" content=\"D\u00e9couvrez les articles du Magazine LUXE sur le voyage.\" \/>\n<meta name=\"robots\" content=\"index, follow, max-snippet:-1, max-image-preview:large, max-video-preview:-1\" \/>\n<link rel=\"canonical\" href=\"https:\/\/magazineluxe.com\/fr\/voyages\/\" \/>\n<meta property=\"og:locale\" content=\"fr_FR\" \/>\n<meta property=\"og:type\" content=\"article\" \/>\n<meta property=\"og:title\" content=\"Voyage - MAGAZINE LUXE - Immobilier I Design I Art de vivre\" \/>\n<meta property=\"og:description\" content=\"D\u00e9couvrez les articles du Magazine LUXE sur le voyage.\" \/>\n<meta property=\"og:url\" content=\"https:\/\/magazineluxe.com\/fr\/voyages\/\" \/>\n<meta property=\"og:site_name\" content=\"MAGAZINE LUXE - Immobilier | Design | Art de vivre\" \/>\n<meta property=\"article:modified_time\" content=\"2020-09-15T22:07:42+00:00\" \/>\n<meta property=\"og:image\" content=\"https:\/\/magazineluxe.com\/wp-content\/uploads\/2018\/02\/post-ranch-inn-1.jpg\" \/>\n\t<meta property=\"og:image:width\" content=\"1920\" \/>\n\t<meta property=\"og:image:height\" content=\"1280\" \/>\n\t<meta property=\"og:image:type\" content=\"image\/jpeg\" \/>\n<meta name=\"twitter:card\" content=\"summary_large_image\" \/>\n<script type=\"application\/ld+json\" class=\"yoast-schema-graph\">{\"@context\":\"https:\\\/\\\/schema.org\",\"@graph\":[{\"@type\":\"WebPage\",\"@id\":\"https:\\\/\\\/magazineluxe.com\\\/fr\\\/voyages\\\/\",\"url\":\"https:\\\/\\\/magazineluxe.com\\\/fr\\\/voyages\\\/\",\"name\":\"Voyage - MAGAZINE LUXE - Immobilier I Design I Art de vivre\",\"isPartOf\":{\"@id\":\"https:\\\/\\\/magazineluxe.com\\\/fr\\\/#website\"},\"datePublished\":\"2019-10-31T04:47:55+00:00\",\"dateModified\":\"2020-09-15T22:07:42+00:00\",\"description\":\"D\u00e9couvrez les articles du Magazine LUXE sur le voyage.\",\"breadcrumb\":{\"@id\":\"https:\\\/\\\/magazineluxe.com\\\/fr\\\/voyages\\\/#breadcrumb\"},\"inLanguage\":\"fr-FR\",\"potentialAction\":[{\"@type\":\"ReadAction\",\"target\":[\"https:\\\/\\\/magazineluxe.com\\\/fr\\\/voyages\\\/\"]}]},{\"@type\":\"BreadcrumbList\",\"@id\":\"https:\\\/\\\/magazineluxe.com\\\/fr\\\/voyages\\\/#breadcrumb\",\"itemListElement\":[{\"@type\":\"ListItem\",\"position\":1,\"name\":\"Accueil\",\"item\":\"https:\\\/\\\/magazineluxe.com\\\/fr\\\/\"},{\"@type\":\"ListItem\",\"position\":2,\"name\":\"Voyage\"}]},{\"@type\":\"WebSite\",\"@id\":\"https:\\\/\\\/magazineluxe.com\\\/fr\\\/#website\",\"url\":\"https:\\\/\\\/magazineluxe.com\\\/fr\\\/\",\"name\":\"MAGAZINE LUXE - Immobilier | Design | Art de vivre\",\"description\":\"MAGAZINE LUXE - Immobilier | Design | Art de vivre\",\"potentialAction\":[{\"@type\":\"SearchAction\",\"target\":{\"@type\":\"EntryPoint\",\"urlTemplate\":\"https:\\\/\\\/magazineluxe.com\\\/fr\\\/?s={search_term_string}\"},\"query-input\":{\"@type\":\"PropertyValueSpecification\",\"valueRequired\":true,\"valueName\":\"search_term_string\"}}],\"inLanguage\":\"fr-FR\"}]}<\/script>\n<!-- \/ Yoast SEO plugin. -->","yoast_head_json":{"title":"Voyage - MAGAZINE LUXE - Immobilier I Design I Art de vivre","description":"D\u00e9couvrez les articles du Magazine LUXE sur le voyage.","robots":{"index":"index","follow":"follow","max-snippet":"max-snippet:-1","max-image-preview":"max-image-preview:large","max-video-preview":"max-video-preview:-1"},"canonical":"https:\/\/magazineluxe.com\/fr\/voyages\/","og_locale":"fr_FR","og_type":"article","og_title":"Voyage - MAGAZINE LUXE - Immobilier I Design I Art de vivre","og_description":"D\u00e9couvrez les articles du Magazine LUXE sur le voyage.","og_url":"https:\/\/magazineluxe.com\/fr\/voyages\/","og_site_name":"MAGAZINE LUXE - Immobilier | Design | Art de vivre","article_modified_time":"2020-09-15T22:07:42+00:00","og_image":[{"width":1920,"height":1280,"url":"https:\/\/magazineluxe.com\/wp-content\/uploads\/2018\/02\/post-ranch-inn-1.jpg","type":"image\/jpeg"}],"twitter_card":"summary_large_image","schema":{"@context":"https:\/\/schema.org","@graph":[{"@type":"WebPage","@id":"https:\/\/magazineluxe.com\/fr\/voyages\/","url":"https:\/\/magazineluxe.com\/fr\/voyages\/","name":"Voyage - MAGAZINE LUXE - Immobilier I Design I Art de vivre","isPartOf":{"@id":"https:\/\/magazineluxe.com\/fr\/#website"},"datePublished":"2019-10-31T04:47:55+00:00","dateModified":"2020-09-15T22:07:42+00:00","description":"D\u00e9couvrez les articles du Magazine LUXE sur le voyage.","breadcrumb":{"@id":"https:\/\/magazineluxe.com\/fr\/voyages\/#breadcrumb"},"inLanguage":"fr-FR","potentialAction":[{"@type":"ReadAction","target":["https:\/\/magazineluxe.com\/fr\/voyages\/"]}]},{"@type":"BreadcrumbList","@id":"https:\/\/magazineluxe.com\/fr\/voyages\/#breadcrumb","itemListElement":[{"@type":"ListItem","position":1,"name":"Accueil","item":"https:\/\/magazineluxe.com\/fr\/"},{"@type":"ListItem","position":2,"name":"Voyage"}]},{"@type":"WebSite","@id":"https:\/\/magazineluxe.com\/fr\/#website","url":"https:\/\/magazineluxe.com\/fr\/","name":"MAGAZINE LUXE - Immobilier | Design | Art de vivre","description":"MAGAZINE LUXE - Immobilier | Design | Art de vivre","potentialAction":[{"@type":"SearchAction","target":{"@type":"EntryPoint","urlTemplate":"https:\/\/magazineluxe.com\/fr\/?s={search_term_string}"},"query-input":{"@type":"PropertyValueSpecification","valueRequired":true,"valueName":"search_term_string"}}],"inLanguage":"fr-FR"}]}},"_links":{"self":[{"href":"https:\/\/magazineluxe.com\/fr\/wp-json\/wp\/v2\/pages\/13743","targetHints":{"allow":["GET"]}}],"collection":[{"href":"https:\/\/magazineluxe.com\/fr\/wp-json\/wp\/v2\/pages"}],"about":[{"href":"https:\/\/magazineluxe.com\/fr\/wp-json\/wp\/v2\/types\/page"}],"author":[{"embeddable":true,"href":"https:\/\/magazineluxe.com\/fr\/wp-json\/wp\/v2\/users\/744"}],"replies":[{"embeddable":true,"href":"https:\/\/magazineluxe.com\/fr\/wp-json\/wp\/v2\/comments?post=13743"}],"version-history":[{"count":3,"href":"https:\/\/magazineluxe.com\/fr\/wp-json\/wp\/v2\/pages\/13743\/revisions"}],"predecessor-version":[{"id":16776,"href":"https:\/\/magazineluxe.com\/fr\/wp-json\/wp\/v2\/pages\/13743\/revisions\/16776"}],"wp:attachment":[{"href":"https:\/\/magazineluxe.com\/fr\/wp-json\/wp\/v2\/media?parent=13743"}],"curies":[{"name":"wp","href":"https:\/\/api.w.org\/{rel}","templated":true}]}}